{"id":13489,"date":"2023-01-27T13:52:32","date_gmt":"2023-01-27T12:52:32","guid":{"rendered":"https:\/\/miroir-iv.mis-amigos-los-arboles.org\/sensibilisation-a-la-nature\/festival-de-la-biodiversite\/"},"modified":"2023-02-14T15:18:39","modified_gmt":"2023-02-14T14:18:39","slug":"festival-de-la-biodiversite","status":"publish","type":"page","link":"https:\/\/miroir-iv.mis-amigos-los-arboles.org\/fr\/sensibilisation-a-la-nature\/festival-de-la-biodiversite\/","title":{"rendered":"Festival de la biodiversit\u00e9"},"content":{"rendered":"<div class=\"wpb-content-wrapper\"><p>[vc_row bg_type=\u00a0\u00bbbg_color\u00a0\u00bb bg_override=\u00a0\u00bbex-full\u00a0\u00bb bg_color_value=\u00a0\u00bb#066e04&Prime;][vc_column]<style type=\"text\/css\" data-type=\"the7_shortcodes-inline-css\">.dt-breadcrumbs-id-bccca4ed580d23acaaa643ab8c192d27 .breadcrumbs {\n  display: inline-block;\n  margin: 0;\n  padding: 2px 10px 2px 10px;\n  border: 0px solid ;\n  border-radius: 0px;\n}\n.dt-breadcrumbs-id-bccca4ed580d23acaaa643ab8c192d27 .breadcrumbs * {\n  color: #ffffff;\n}\n<\/style><div class=\"dt-breadcrumbs-shortcode dt-breadcrumbs-id-bccca4ed580d23acaaa643ab8c192d27 align-centre\"><div class=\"assistive-text\">Vous \u00eates ici :<\/div><ol class=\"breadcrumbs text-small\" itemscope itemtype=\"https:\/\/schema.org\/BreadcrumbList\"><li itemprop=\"itemListElement\" itemscope itemtype=\"https:\/\/schema.org\/ListItem\"><a itemprop=\"item\" href=\"https:\/\/miroir-iv.mis-amigos-los-arboles.org\/fr\/\" title=\"Accueil\"><span itemprop=\"name\">Accueil<\/span><\/a><meta itemprop=\"position\" content=\"1\" \/><\/li><li class=\"current\" itemprop=\"itemListElement\" itemscope itemtype=\"https:\/\/schema.org\/ListItem\"><span itemprop=\"name\">Page<\/span><meta itemprop=\"position\" content=\"2\" \/><\/li><\/ol><\/div>[\/vc_column][\/vc_row][vc_row gap=\u00a0\u00bb3&Prime;][vc_column][vc_single_image image=\u00a0\u00bb11754&Prime; img_size=\u00a0\u00bblarge\u00a0\u00bb alignment=\u00a0\u00bbcenter\u00a0\u00bb image_hovers=\u00a0\u00bbfalse\u00a0\u00bb][vc_empty_space][\/vc_column][\/vc_row][vc_row][vc_column width=\u00a0\u00bb1\/2&Prime;][vc_empty_space height=\u00a0\u00bb25px\u00a0\u00bb][vc_column_text]<\/p>\n<h3 style=\"text-align: justify;\"><span style=\"color: #008000;\">Un festival latinoamericano dedicado <\/span><span style=\"color: #008000;\">a la protecci\u00f3n <\/span><span style=\"color: #008000;\">de los bosques y de la biodiversidad.\u00a0<\/span><\/h3>\n<p>&nbsp;<\/p>\n<p style=\"text-align: justify;\">Este a\u00f1o el Festival realizar\u00e1 un recorrido por ciudades de Colombia y Per\u00fa con una programaci\u00f3n nutrida de<strong> talleres, conversatorios, conciertos, cine al aire libre, acciones culturales y espacios de conversaci\u00f3n.<\/strong><\/p>\n<p style=\"text-align: justify;\">En su novena edici\u00f3n para Colombia y su segunda para Per\u00fa, el Festival S\u00famate al Bosque estar\u00e1 centrado<strong> en fomentar h\u00e1bitos de consumo sostenibles<\/strong> y en los <strong>productos forestales no maderables<\/strong> como una estrategia de conservaci\u00f3n de bosques y de bienestar.<\/p>\n<p>[\/vc_column_text][vc_empty_space height=\u00a0\u00bb25px\u00a0\u00bb]<div class=\"standard-arrow list-divider bullet-top\"><ul>\n<li><strong>Ipiales:<\/strong> 15 al 18 de septiembre de 2022 \u05c0 Plaza 20 de Julio<\/li>\n<li><strong>Cali:<\/strong> 29 de septiembre al 02 de octubre \u05c0 Bulevar del r\u00edo<\/li>\n<li><strong>Medell\u00edn:<\/strong> 8 a 17 de octubre \u05c0 Jard\u00edn Bot\u00e1nico y Parque de los Deseos<\/li>\n<li><strong>Bogot\u00e1:<\/strong> 22 al 30 de octubre \u05c0 Parque de las Periodistas<\/li>\n<li><strong>Lima (Per\u00fa)<\/strong>: 28 al 6 de octubre \u05c0 Parque 7 de Julio<\/li>\n<\/ul>\n<\/div>[vc_column_text]<strong>Retrouvez toute l\u2019information sur <a href=\"http:\/\/www.sumatealbosque.com\">www.sumatealbosque.com<\/a>.<\/strong>[\/vc_column_text][vc_empty_space height=\u00a0\u00bb25px\u00a0\u00bb][vc_column_text]<\/p>\n<p style=\"text-align: center;\"><strong>Organizan:<\/strong><\/p>\n<p>[\/vc_column_text][vc_empty_space height=\u00a0\u00bb25px\u00a0\u00bb][vc_single_image image=\u00a0\u00bb12289&Prime; img_size=\u00a0\u00bbfull\u00a0\u00bb][vc_empty_space height=\u00a0\u00bb25px\u00a0\u00bb][\/vc_column][vc_column width=\u00a0\u00bb1\/2&Prime;][vc_single_image image=\u00a0\u00bb12286&Prime; img_size=\u00a0\u00bblarge\u00a0\u00bb alignment=\u00a0\u00bbright\u00a0\u00bb][vc_empty_space height=\u00a0\u00bb25px\u00a0\u00bb][\/vc_column][\/vc_row][vc_row gap=\u00a0\u00bb35&Prime; content_placement=\u00a0\u00bbmiddle\u00a0\u00bb][vc_column][vc_empty_space height=\u00a0\u00bb25px\u00a0\u00bb][vc_video link=\u00a0\u00bbhttps:\/\/youtu.be\/xa_CU93Th1c\u00a0\u00bb align=\u00a0\u00bbcenter\u00a0\u00bb][\/vc_column][\/vc_row][vc_row][vc_column][vc_empty_space][\/vc_column][\/vc_row][vc_row gap=\u00a0\u00bb35&Prime; content_placement=\u00a0\u00bbmiddle\u00a0\u00bb][vc_column width=\u00a0\u00bb2\/3&Prime;][vc_column_text]<\/p>\n<h3 style=\"text-align: justify;\"><span style=\"color: #008000;\">2022: Primera edici\u00f3n en Ipiales y secunda en Cali<\/span><\/h3>\n<p style=\"text-align: justify;\"><span style=\"font-weight: 400;\">Creado por la asociaci\u00f3n <\/span><a href=\"https:\/\/envol-vert.org\/es\/\"><span style=\"font-weight: 400;\">Envol Vert<\/span><\/a><span style=\"font-weight: 400;\"> en 2014 y organizado desde 2021 en conjunto con I<\/span><a href=\"https:\/\/impulsoverde.org\/\"><span style=\"font-weight: 400;\">mpulso Verde<\/span><\/a><span style=\"font-weight: 400;\">, el Festival se ha realizado en ciudades como Bogot\u00e1, Cartagena, Barranquilla, Cali y Medell\u00edn; y, en el 2021, Envol Vert Per\u00fa realiz\u00f3 la primera versi\u00f3n en su pa\u00eds: <strong>el Festival ColomBIOdiversidad pas\u00f3 a llamarse Festival S\u00famate al Bosque.<\/strong><\/span><\/p>\n<p style=\"text-align: justify;\">Su objetivo es sensibilizar al mayor n\u00famero posible de personas sobre la importancia de la biodiversidad y la protecci\u00f3n del medio ambiente en Colombia.<\/p>\n<p><span style=\"font-weight: 400;\">La <strong>novena edici\u00f3n<\/strong> del Festival S\u00famate al bosque tuvo lugar por primera vez en Ipiales, departamento de Nari\u00f1o, y por segunda vez en la ciudad de Cali bajo el tema \u201cExplora tu conexi\u00f3n con el bosque\u201d.<\/span>[\/vc_column_text][\/vc_column][vc_column width=\u00a0\u00bb1\/3&Prime;][vc_empty_space height=\u00a0\u00bb20px\u00a0\u00bb][vc_single_image image=\u00a0\u00bb12275&Prime; img_size=\u00a0\u00bbfull\u00a0\u00bb alignment=\u00a0\u00bbcenter\u00a0\u00bb onclick=\u00a0\u00bbcustom_link\u00a0\u00bb link=\u00a0\u00bbhttps:\/\/sumatealbosque.com\u00a0\u00bb][vc_empty_space height=\u00a0\u00bb20px\u00a0\u00bb][\/vc_column][\/vc_row][vc_row gap=\u00a0\u00bb35&Prime; content_placement=\u00a0\u00bbmiddle\u00a0\u00bb][vc_column][vc_empty_space height=\u00a0\u00bb20px\u00a0\u00bb]<style type=\"text\/css\" data-type=\"the7_shortcodes-inline-css\">.gallery-carousel-shortcode.gallery-carousel-shortcode-id-09f7771a9b9e99f5649ac0d5318cd587.owl-carousel .owl-nav div {\n  width: 36px;\n  height: 36px;\n  border-radius: 500px;\n}\n.dt-arrow-border-on.gallery-carousel-shortcode.gallery-carousel-shortcode-id-09f7771a9b9e99f5649ac0d5318cd587.owl-carousel .owl-nav div:not(:hover):before {\n  border-width: 0px;\n}\n.dt-arrow-hover-border-on.gallery-carousel-shortcode.gallery-carousel-shortcode-id-09f7771a9b9e99f5649ac0d5318cd587.owl-carousel .owl-nav div:hover:after {\n  border-width: 0px;\n}\n.gallery-carousel-shortcode.gallery-carousel-shortcode-id-09f7771a9b9e99f5649ac0d5318cd587.owl-carousel .owl-nav div.owl-prev {\n  top: 50%;\n  transform: translateY(calc(-50% + 0px));\n  left: -43px;\n}\n@media all and (-ms-high-contrast: none) {\n  .gallery-carousel-shortcode.gallery-carousel-shortcode-id-09f7771a9b9e99f5649ac0d5318cd587.owl-carousel .owl-nav div.owl-prev {\n    transform: translateY(-50%);\n    margin-top: 0px;\n  }\n}\n.gallery-carousel-shortcode.gallery-carousel-shortcode-id-09f7771a9b9e99f5649ac0d5318cd587.owl-carousel .owl-nav div.owl-prev i {\n  padding: 0px 0px 0px 0px;\n}\n.gallery-carousel-shortcode.gallery-carousel-shortcode-id-09f7771a9b9e99f5649ac0d5318cd587.owl-carousel .owl-nav div.owl-next {\n  top: 50%;\n  transform: translateY(calc(-50% + 0px));\n  right: -43px;\n}\n@media all and (-ms-high-contrast: none) {\n  .gallery-carousel-shortcode.gallery-carousel-shortcode-id-09f7771a9b9e99f5649ac0d5318cd587.owl-carousel .owl-nav div.owl-next {\n    transform: translateY(-50%);\n    margin-top: 0px;\n  }\n}\n.gallery-carousel-shortcode.gallery-carousel-shortcode-id-09f7771a9b9e99f5649ac0d5318cd587.owl-carousel .owl-nav div.owl-next i {\n  padding: 0px 0px 0px 0px;\n}\n.gallery-carousel-shortcode.gallery-carousel-shortcode-id-09f7771a9b9e99f5649ac0d5318cd587.owl-carousel .owl-nav i {\n  font-size: 18px;\n}\n.gallery-carousel-shortcode.gallery-carousel-shortcode-id-09f7771a9b9e99f5649ac0d5318cd587.owl-carousel .owl-nav div:not(:hover) i,\n.gallery-carousel-shortcode.gallery-carousel-shortcode-id-09f7771a9b9e99f5649ac0d5318cd587.owl-carousel .owl-nav div:not(:hover) i:before {\n  color: #ffffff;\n  background: none;\n}\n.gallery-carousel-shortcode.gallery-carousel-shortcode-id-09f7771a9b9e99f5649ac0d5318cd587.owl-carousel .owl-nav div:hover i,\n.gallery-carousel-shortcode.gallery-carousel-shortcode-id-09f7771a9b9e99f5649ac0d5318cd587.owl-carousel .owl-nav div:hover i:before {\n  color: rgba(255,255,255,0.75);\n  background: none;\n}\n.gallery-carousel-shortcode.gallery-carousel-shortcode-id-09f7771a9b9e99f5649ac0d5318cd587 .owl-dots {\n  top: calc(100% + 20px);\n  left: 50%;\n  transform: translateX(calc(-50% + 0px));\n}\n@media all and (-ms-high-contrast: none) {\n  .gallery-carousel-shortcode.gallery-carousel-shortcode-id-09f7771a9b9e99f5649ac0d5318cd587 .owl-dots {\n    transform: translateX(-50%);\n    margin-left: 0px;\n  }\n}\n.gallery-carousel-shortcode.gallery-carousel-shortcode-id-09f7771a9b9e99f5649ac0d5318cd587 .owl-dot {\n  width: 10px;\n  height: 10px;\n  margin: 0 8px;\n}\n@media screen and (max-width: 778px) {\n  .gallery-carousel-shortcode.gallery-carousel-shortcode-id-09f7771a9b9e99f5649ac0d5318cd587.hide-arrows .owl-nav a {\n    display: none;\n  }\n}\n@media screen and (max-width: 778px) {\n  .gallery-carousel-shortcode.gallery-carousel-shortcode-id-09f7771a9b9e99f5649ac0d5318cd587.reposition-arrows .owl-nav .owl-prev {\n    top: 50%;\n    transform: translateY(calc(-50% + 0px));\n    left: 10px;\n  }\n  .gallery-carousel-shortcode.gallery-carousel-shortcode-id-09f7771a9b9e99f5649ac0d5318cd587.reposition-arrows .owl-nav .owl-next {\n    top: 50%;\n    transform: translateY(calc(-50% + 0px));\n    right: 10px;\n  }\n}\n@media screen and (max-width: 778px) and all and (-ms-high-contrast: none) {\n  .gallery-carousel-shortcode.gallery-carousel-shortcode-id-09f7771a9b9e99f5649ac0d5318cd587.reposition-arrows .owl-nav .owl-prev {\n    transform: translateY(-50%);\n    margin-top: 0px;\n  }\n}\n@media screen and (max-width: 778px) and all and (-ms-high-contrast: none) {\n  .gallery-carousel-shortcode.gallery-carousel-shortcode-id-09f7771a9b9e99f5649ac0d5318cd587.reposition-arrows .owl-nav .owl-next {\n    transform: translateY(-50%);\n    margin-top: 0px;\n  }\n}\n.gallery-carousel-shortcode.gallery-carousel-shortcode-id-09f7771a9b9e99f5649ac0d5318cd587 figure,\n.gallery-carousel-shortcode.gallery-carousel-shortcode-id-09f7771a9b9e99f5649ac0d5318cd587 .rollover,\n.gallery-carousel-shortcode.gallery-carousel-shortcode-id-09f7771a9b9e99f5649ac0d5318cd587 img,\n.gallery-carousel-shortcode.gallery-carousel-shortcode-id-09f7771a9b9e99f5649ac0d5318cd587 .gallery-rollover {\n  border-radius: 0px;\n}\n.gallery-carousel-shortcode.gallery-carousel-shortcode-id-09f7771a9b9e99f5649ac0d5318cd587.enable-bg-rollover .gallery-rollover {\n  background: -webkit-linear-gradient();\n  background: linear-gradient();\n}\n.gallery-carousel-shortcode.gallery-carousel-shortcode-id-09f7771a9b9e99f5649ac0d5318cd587.enable-img-shadow .owl-stage-outer {\n  padding: 14px 0;\n}\n.gallery-carousel-shortcode.gallery-carousel-shortcode-id-09f7771a9b9e99f5649ac0d5318cd587.enable-bg-rollover.hover-scale figure .rollover:after {\n  background: -webkit-linear-gradient();\n  background: linear-gradient();\n}\n.gallery-carousel-shortcode.gallery-carousel-shortcode-id-09f7771a9b9e99f5649ac0d5318cd587.gallery-shortcode .gallery-zoom-ico {\n  width: 44px;\n  height: 44px;\n  line-height: 44px;\n  border-radius: 100px;\n  margin: -22px 0 0 -22px;\n  border-width: 0px;\n}\n.dt-icon-bg-on.gallery-carousel-shortcode.gallery-carousel-shortcode-id-09f7771a9b9e99f5649ac0d5318cd587.gallery-shortcode .gallery-zoom-ico {\n  background: rgba(255,255,255,0.3);\n  box-shadow: none;\n}\n.gallery-carousel-shortcode.gallery-carousel-shortcode-id-09f7771a9b9e99f5649ac0d5318cd587.gallery-shortcode .gallery-zoom-ico:before,\n.gallery-carousel-shortcode.gallery-carousel-shortcode-id-09f7771a9b9e99f5649ac0d5318cd587.gallery-shortcode .gallery-zoom-ico span {\n  font-size: 32px;\n  line-height: 44px;\n  color: #ffffff;\n  background: none;\n}\n<\/style><div class=\"owl-carousel gallery-carousel-shortcode gallery-shortcode  dt-gallery-container dt-owl-carousel-call gallery-carousel-shortcode-id-09f7771a9b9e99f5649ac0d5318cd587 quick-scale-img enable-bg-rollover meta-info-off dt-arrow-border-on dt-arrow-hover-border-on bullets-small-dot-stroke reposition-arrows dt-icon-bg-off arrows-bg-on disable-arrows-hover-bg arrows-hover-bg-on  hover-fade \" data-scroll-mode=\"1\" data-col-num=\"6\" data-wide-col-num=\"6\" data-laptop-col=\"5\" data-h-tablet-columns-num=\"4\" data-v-tablet-columns-num=\"3\" data-phone-columns-num=\"1\" data-col-gap=\"10\" data-stage-padding=\"0\" data-speed=\"600\" data-autoplay=\"false\" data-autoplay_speed=\"6000\" data-arrows=\"true\" data-bullet=\"false\" data-next-icon=\"icon-ar-017-r\" data-prev-icon=\"icon-ar-017-l\" data-img-shadow-size=\"12px\" data-img-shadow-spread=\"3px\"><div data-post-id=\"12295\" data-date=\"2023-01-27T12:54:46+01:00\" data-name=\"Festival-Sumate-al-Bosque-2022-Cali-1-1\"><figure class=\"post\"><a href=\"https:\/\/miroir-iv.mis-amigos-los-arboles.org\/wp-content\/uploads\/2023\/01\/Festival-Sumate-al-Bosque-2022-Cali-1-1.png\" class=\"rollover dt-pswp-item layzr-bg\" data-large_image_width=\"1600\" data-large_image_height=\"1200\" data-dt-img-description=\"\" title=\"Festival-Sumate-al-Bosque-2022-Cali-1-1\"><img fetchpriority=\"high\" decoding=\"async\" class=\"preload-me owl-lazy-load aspect\" src=\"data:image\/svg+xml,%3Csvg%20xmlns%3D&#39;http%3A%2F%2Fwww.w3.org%2F2000%2Fsvg&#39;%20viewBox%3D&#39;0%200%201200%201200&#39;%2F%3E\" data-src=\"https:\/\/miroir-iv.mis-amigos-los-arboles.org\/wp-content\/uploads\/2023\/01\/Festival-Sumate-al-Bosque-2022-Cali-1-1-1200x1200.png\" data-srcset=\"https:\/\/miroir-iv.mis-amigos-los-arboles.org\/wp-content\/uploads\/2023\/01\/Festival-Sumate-al-Bosque-2022-Cali-1-1-1200x1200.png 1200w\" loading=\"eager\" style=\"--ratio: 1200 \/ 1200\" sizes=\"(max-width: 1200px) 100vw, 1200px\" alt=\"\" width=\"1200\" height=\"1200\"  \/><span class=\"gallery-rollover\"><span class=\"gallery-zoom-ico icomoon-the7-font-the7-zoom-06\"><span><\/span><\/span><\/span><\/a><\/figure><\/div><div data-post-id=\"12298\" data-date=\"2023-01-27T12:55:16+01:00\" data-name=\"Festival-Sumate-al-Bosque-2022-Cali-2\"><figure class=\"post\"><a href=\"https:\/\/miroir-iv.mis-amigos-los-arboles.org\/wp-content\/uploads\/2023\/01\/Festival-Sumate-al-Bosque-2022-Cali-2.png\" class=\"rollover dt-pswp-item layzr-bg\" data-large_image_width=\"1600\" data-large_image_height=\"1200\" data-dt-img-description=\"\" title=\"Festival-Sumate-al-Bosque-2022-Cali-2\"><img decoding=\"async\" class=\"preload-me owl-lazy-load aspect\" src=\"data:image\/svg+xml,%3Csvg%20xmlns%3D&#39;http%3A%2F%2Fwww.w3.org%2F2000%2Fsvg&#39;%20viewBox%3D&#39;0%200%201200%201200&#39;%2F%3E\" data-src=\"https:\/\/miroir-iv.mis-amigos-los-arboles.org\/wp-content\/uploads\/2023\/01\/Festival-Sumate-al-Bosque-2022-Cali-2-1200x1200.png\" data-srcset=\"https:\/\/miroir-iv.mis-amigos-los-arboles.org\/wp-content\/uploads\/2023\/01\/Festival-Sumate-al-Bosque-2022-Cali-2-1200x1200.png 1200w\" loading=\"eager\" style=\"--ratio: 1200 \/ 1200\" sizes=\"(max-width: 1200px) 100vw, 1200px\" alt=\"\" width=\"1200\" height=\"1200\"  \/><span class=\"gallery-rollover\"><span class=\"gallery-zoom-ico icomoon-the7-font-the7-zoom-06\"><span><\/span><\/span><\/span><\/a><\/figure><\/div><div data-post-id=\"12301\" data-date=\"2023-01-27T12:55:20+01:00\" data-name=\"Festival-Sumate-al-Bosque-2022-Cali-3\"><figure class=\"post\"><a href=\"https:\/\/miroir-iv.mis-amigos-los-arboles.org\/wp-content\/uploads\/2023\/01\/Festival-Sumate-al-Bosque-2022-Cali-3.png\" class=\"rollover dt-pswp-item layzr-bg\" data-large_image_width=\"1600\" data-large_image_height=\"1200\" data-dt-img-description=\"\" title=\"Festival-Sumate-al-Bosque-2022-Cali-3\"><img decoding=\"async\" class=\"preload-me owl-lazy-load aspect\" src=\"data:image\/svg+xml,%3Csvg%20xmlns%3D&#39;http%3A%2F%2Fwww.w3.org%2F2000%2Fsvg&#39;%20viewBox%3D&#39;0%200%201200%201200&#39;%2F%3E\" data-src=\"https:\/\/miroir-iv.mis-amigos-los-arboles.org\/wp-content\/uploads\/2023\/01\/Festival-Sumate-al-Bosque-2022-Cali-3-1200x1200.png\" data-srcset=\"https:\/\/miroir-iv.mis-amigos-los-arboles.org\/wp-content\/uploads\/2023\/01\/Festival-Sumate-al-Bosque-2022-Cali-3-1200x1200.png 1200w\" loading=\"eager\" style=\"--ratio: 1200 \/ 1200\" sizes=\"(max-width: 1200px) 100vw, 1200px\" alt=\"\" width=\"1200\" height=\"1200\"  \/><span class=\"gallery-rollover\"><span class=\"gallery-zoom-ico icomoon-the7-font-the7-zoom-06\"><span><\/span><\/span><\/span><\/a><\/figure><\/div><div data-post-id=\"12304\" data-date=\"2023-01-27T12:55:24+01:00\" data-name=\"Festival-Sumate-al-Bosque-2022-Cali-4\"><figure class=\"post\"><a href=\"https:\/\/miroir-iv.mis-amigos-los-arboles.org\/wp-content\/uploads\/2023\/01\/Festival-Sumate-al-Bosque-2022-Cali-4.png\" class=\"rollover dt-pswp-item layzr-bg\" data-large_image_width=\"1600\" data-large_image_height=\"1200\" data-dt-img-description=\"\" title=\"Festival-Sumate-al-Bosque-2022-Cali-4\"><img decoding=\"async\" class=\"preload-me owl-lazy-load aspect\" src=\"data:image\/svg+xml,%3Csvg%20xmlns%3D&#39;http%3A%2F%2Fwww.w3.org%2F2000%2Fsvg&#39;%20viewBox%3D&#39;0%200%201200%201200&#39;%2F%3E\" data-src=\"https:\/\/miroir-iv.mis-amigos-los-arboles.org\/wp-content\/uploads\/2023\/01\/Festival-Sumate-al-Bosque-2022-Cali-4-1200x1200.png\" data-srcset=\"https:\/\/miroir-iv.mis-amigos-los-arboles.org\/wp-content\/uploads\/2023\/01\/Festival-Sumate-al-Bosque-2022-Cali-4-1200x1200.png 1200w\" loading=\"eager\" style=\"--ratio: 1200 \/ 1200\" sizes=\"(max-width: 1200px) 100vw, 1200px\" alt=\"\" width=\"1200\" height=\"1200\"  \/><span class=\"gallery-rollover\"><span class=\"gallery-zoom-ico icomoon-the7-font-the7-zoom-06\"><span><\/span><\/span><\/span><\/a><\/figure><\/div><div data-post-id=\"12307\" data-date=\"2023-01-27T12:55:28+01:00\" data-name=\"Festival-Sumate-al-Bosque-2022-Cali-5\"><figure class=\"post\"><a href=\"https:\/\/miroir-iv.mis-amigos-los-arboles.org\/wp-content\/uploads\/2023\/01\/Festival-Sumate-al-Bosque-2022-Cali-5.png\" class=\"rollover dt-pswp-item layzr-bg\" data-large_image_width=\"1600\" data-large_image_height=\"1200\" data-dt-img-description=\"\" title=\"Festival-Sumate-al-Bosque-2022-Cali-5\"><img decoding=\"async\" class=\"preload-me owl-lazy-load aspect\" src=\"data:image\/svg+xml,%3Csvg%20xmlns%3D&#39;http%3A%2F%2Fwww.w3.org%2F2000%2Fsvg&#39;%20viewBox%3D&#39;0%200%201200%201200&#39;%2F%3E\" data-src=\"https:\/\/miroir-iv.mis-amigos-los-arboles.org\/wp-content\/uploads\/2023\/01\/Festival-Sumate-al-Bosque-2022-Cali-5-1200x1200.png\" data-srcset=\"https:\/\/miroir-iv.mis-amigos-los-arboles.org\/wp-content\/uploads\/2023\/01\/Festival-Sumate-al-Bosque-2022-Cali-5-1200x1200.png 1200w\" loading=\"eager\" style=\"--ratio: 1200 \/ 1200\" sizes=\"(max-width: 1200px) 100vw, 1200px\" alt=\"\" width=\"1200\" height=\"1200\"  \/><span class=\"gallery-rollover\"><span class=\"gallery-zoom-ico icomoon-the7-font-the7-zoom-06\"><span><\/span><\/span><\/span><\/a><\/figure><\/div><div data-post-id=\"12310\" data-date=\"2023-01-27T12:55:32+01:00\" data-name=\"Festival-Sumate-al-Bosque-2022-Cali-6\"><figure class=\"post\"><a href=\"https:\/\/miroir-iv.mis-amigos-los-arboles.org\/wp-content\/uploads\/2023\/01\/Festival-Sumate-al-Bosque-2022-Cali-6.png\" class=\"rollover dt-pswp-item layzr-bg\" data-large_image_width=\"1600\" data-large_image_height=\"1200\" data-dt-img-description=\"\" title=\"Festival-Sumate-al-Bosque-2022-Cali-6\"><img decoding=\"async\" class=\"preload-me owl-lazy-load aspect\" src=\"data:image\/svg+xml,%3Csvg%20xmlns%3D&#39;http%3A%2F%2Fwww.w3.org%2F2000%2Fsvg&#39;%20viewBox%3D&#39;0%200%201200%201200&#39;%2F%3E\" data-src=\"https:\/\/miroir-iv.mis-amigos-los-arboles.org\/wp-content\/uploads\/2023\/01\/Festival-Sumate-al-Bosque-2022-Cali-6-1200x1200.png\" data-srcset=\"https:\/\/miroir-iv.mis-amigos-los-arboles.org\/wp-content\/uploads\/2023\/01\/Festival-Sumate-al-Bosque-2022-Cali-6-1200x1200.png 1200w\" loading=\"eager\" style=\"--ratio: 1200 \/ 1200\" sizes=\"(max-width: 1200px) 100vw, 1200px\" alt=\"\" width=\"1200\" height=\"1200\"  \/><span class=\"gallery-rollover\"><span class=\"gallery-zoom-ico icomoon-the7-font-the7-zoom-06\"><span><\/span><\/span><\/span><\/a><\/figure><\/div><div data-post-id=\"12313\" data-date=\"2023-01-27T12:55:37+01:00\" data-name=\"Festival-Sumate-al-Bosque-2022-Cali-7\"><figure class=\"post\"><a href=\"https:\/\/miroir-iv.mis-amigos-los-arboles.org\/wp-content\/uploads\/2023\/01\/Festival-Sumate-al-Bosque-2022-Cali-7.png\" class=\"rollover dt-pswp-item layzr-bg\" data-large_image_width=\"1600\" data-large_image_height=\"1200\" data-dt-img-description=\"\" title=\"Festival-Sumate-al-Bosque-2022-Cali-7\"><img decoding=\"async\" class=\"preload-me owl-lazy-load aspect\" src=\"data:image\/svg+xml,%3Csvg%20xmlns%3D&#39;http%3A%2F%2Fwww.w3.org%2F2000%2Fsvg&#39;%20viewBox%3D&#39;0%200%201200%201200&#39;%2F%3E\" data-src=\"https:\/\/miroir-iv.mis-amigos-los-arboles.org\/wp-content\/uploads\/2023\/01\/Festival-Sumate-al-Bosque-2022-Cali-7-1200x1200.png\" data-srcset=\"https:\/\/miroir-iv.mis-amigos-los-arboles.org\/wp-content\/uploads\/2023\/01\/Festival-Sumate-al-Bosque-2022-Cali-7-1200x1200.png 1200w\" loading=\"eager\" style=\"--ratio: 1200 \/ 1200\" sizes=\"(max-width: 1200px) 100vw, 1200px\" alt=\"\" width=\"1200\" height=\"1200\"  \/><span class=\"gallery-rollover\"><span class=\"gallery-zoom-ico icomoon-the7-font-the7-zoom-06\"><span><\/span><\/span><\/span><\/a><\/figure><\/div><div data-post-id=\"12340\" data-date=\"2023-01-27T12:56:13+01:00\" data-name=\"Festival-Sumate-al-Bosque-2022-Cali-17\"><figure class=\"post\"><a href=\"https:\/\/miroir-iv.mis-amigos-los-arboles.org\/wp-content\/uploads\/2023\/01\/Festival-Sumate-al-Bosque-2022-Cali-17.png\" class=\"rollover dt-pswp-item layzr-bg\" data-large_image_width=\"1600\" data-large_image_height=\"1200\" data-dt-img-description=\"\" title=\"Festival-Sumate-al-Bosque-2022-Cali-17\"><img decoding=\"async\" class=\"preload-me owl-lazy-load aspect\" src=\"data:image\/svg+xml,%3Csvg%20xmlns%3D&#39;http%3A%2F%2Fwww.w3.org%2F2000%2Fsvg&#39;%20viewBox%3D&#39;0%200%201200%201200&#39;%2F%3E\" data-src=\"https:\/\/miroir-iv.mis-amigos-los-arboles.org\/wp-content\/uploads\/2023\/01\/Festival-Sumate-al-Bosque-2022-Cali-17-1200x1200.png\" data-srcset=\"https:\/\/miroir-iv.mis-amigos-los-arboles.org\/wp-content\/uploads\/2023\/01\/Festival-Sumate-al-Bosque-2022-Cali-17-1200x1200.png 1200w\" loading=\"eager\" style=\"--ratio: 1200 \/ 1200\" sizes=\"(max-width: 1200px) 100vw, 1200px\" alt=\"\" width=\"1200\" height=\"1200\"  \/><span class=\"gallery-rollover\"><span class=\"gallery-zoom-ico icomoon-the7-font-the7-zoom-06\"><span><\/span><\/span><\/span><\/a><\/figure><\/div><div data-post-id=\"12337\" data-date=\"2023-01-27T12:56:08+01:00\" data-name=\"Festival-Sumate-al-Bosque-2022-Cali-16\"><figure class=\"post\"><a href=\"https:\/\/miroir-iv.mis-amigos-los-arboles.org\/wp-content\/uploads\/2023\/01\/Festival-Sumate-al-Bosque-2022-Cali-16.png\" class=\"rollover dt-pswp-item layzr-bg\" data-large_image_width=\"1600\" data-large_image_height=\"1200\" data-dt-img-description=\"\" title=\"Festival-Sumate-al-Bosque-2022-Cali-16\"><img decoding=\"async\" class=\"preload-me owl-lazy-load aspect\" src=\"data:image\/svg+xml,%3Csvg%20xmlns%3D&#39;http%3A%2F%2Fwww.w3.org%2F2000%2Fsvg&#39;%20viewBox%3D&#39;0%200%201200%201200&#39;%2F%3E\" data-src=\"https:\/\/miroir-iv.mis-amigos-los-arboles.org\/wp-content\/uploads\/2023\/01\/Festival-Sumate-al-Bosque-2022-Cali-16-1200x1200.png\" data-srcset=\"https:\/\/miroir-iv.mis-amigos-los-arboles.org\/wp-content\/uploads\/2023\/01\/Festival-Sumate-al-Bosque-2022-Cali-16-1200x1200.png 1200w\" loading=\"eager\" style=\"--ratio: 1200 \/ 1200\" sizes=\"(max-width: 1200px) 100vw, 1200px\" alt=\"\" width=\"1200\" height=\"1200\"  \/><span class=\"gallery-rollover\"><span class=\"gallery-zoom-ico icomoon-the7-font-the7-zoom-06\"><span><\/span><\/span><\/span><\/a><\/figure><\/div><div data-post-id=\"12334\" data-date=\"2023-01-27T12:56:04+01:00\" data-name=\"Festival-Sumate-al-Bosque-2022-Cali-15\"><figure class=\"post\"><a href=\"https:\/\/miroir-iv.mis-amigos-los-arboles.org\/wp-content\/uploads\/2023\/01\/Festival-Sumate-al-Bosque-2022-Cali-15.png\" class=\"rollover dt-pswp-item layzr-bg\" data-large_image_width=\"1600\" data-large_image_height=\"1200\" data-dt-img-description=\"\" title=\"Festival-Sumate-al-Bosque-2022-Cali-15\"><img decoding=\"async\" class=\"preload-me owl-lazy-load aspect\" src=\"data:image\/svg+xml,%3Csvg%20xmlns%3D&#39;http%3A%2F%2Fwww.w3.org%2F2000%2Fsvg&#39;%20viewBox%3D&#39;0%200%201200%201200&#39;%2F%3E\" data-src=\"https:\/\/miroir-iv.mis-amigos-los-arboles.org\/wp-content\/uploads\/2023\/01\/Festival-Sumate-al-Bosque-2022-Cali-15-1200x1200.png\" data-srcset=\"https:\/\/miroir-iv.mis-amigos-los-arboles.org\/wp-content\/uploads\/2023\/01\/Festival-Sumate-al-Bosque-2022-Cali-15-1200x1200.png 1200w\" loading=\"eager\" style=\"--ratio: 1200 \/ 1200\" sizes=\"(max-width: 1200px) 100vw, 1200px\" alt=\"\" width=\"1200\" height=\"1200\"  \/><span class=\"gallery-rollover\"><span class=\"gallery-zoom-ico icomoon-the7-font-the7-zoom-06\"><span><\/span><\/span><\/span><\/a><\/figure><\/div><div data-post-id=\"12331\" data-date=\"2023-01-27T12:56:00+01:00\" data-name=\"Festival-Sumate-al-Bosque-2022-Cali-14\"><figure class=\"post\"><a href=\"https:\/\/miroir-iv.mis-amigos-los-arboles.org\/wp-content\/uploads\/2023\/01\/Festival-Sumate-al-Bosque-2022-Cali-14.png\" class=\"rollover dt-pswp-item layzr-bg\" data-large_image_width=\"1600\" data-large_image_height=\"1200\" data-dt-img-description=\"\" title=\"Festival-Sumate-al-Bosque-2022-Cali-14\"><img decoding=\"async\" class=\"preload-me owl-lazy-load aspect\" src=\"data:image\/svg+xml,%3Csvg%20xmlns%3D&#39;http%3A%2F%2Fwww.w3.org%2F2000%2Fsvg&#39;%20viewBox%3D&#39;0%200%201200%201200&#39;%2F%3E\" data-src=\"https:\/\/miroir-iv.mis-amigos-los-arboles.org\/wp-content\/uploads\/2023\/01\/Festival-Sumate-al-Bosque-2022-Cali-14-1200x1200.png\" data-srcset=\"https:\/\/miroir-iv.mis-amigos-los-arboles.org\/wp-content\/uploads\/2023\/01\/Festival-Sumate-al-Bosque-2022-Cali-14-1200x1200.png 1200w\" loading=\"eager\" style=\"--ratio: 1200 \/ 1200\" sizes=\"(max-width: 1200px) 100vw, 1200px\" alt=\"\" width=\"1200\" height=\"1200\"  \/><span class=\"gallery-rollover\"><span class=\"gallery-zoom-ico icomoon-the7-font-the7-zoom-06\"><span><\/span><\/span><\/span><\/a><\/figure><\/div><div data-post-id=\"12328\" data-date=\"2023-01-27T12:55:56+01:00\" data-name=\"Festival-Sumate-al-Bosque-2022-Cali-13\"><figure class=\"post\"><a href=\"https:\/\/miroir-iv.mis-amigos-los-arboles.org\/wp-content\/uploads\/2023\/01\/Festival-Sumate-al-Bosque-2022-Cali-13.png\" class=\"rollover dt-pswp-item layzr-bg\" data-large_image_width=\"1600\" data-large_image_height=\"1200\" data-dt-img-description=\"\" title=\"Festival-Sumate-al-Bosque-2022-Cali-13\"><img decoding=\"async\" class=\"preload-me owl-lazy-load aspect\" src=\"data:image\/svg+xml,%3Csvg%20xmlns%3D&#39;http%3A%2F%2Fwww.w3.org%2F2000%2Fsvg&#39;%20viewBox%3D&#39;0%200%201200%201200&#39;%2F%3E\" data-src=\"https:\/\/miroir-iv.mis-amigos-los-arboles.org\/wp-content\/uploads\/2023\/01\/Festival-Sumate-al-Bosque-2022-Cali-13-1200x1200.png\" data-srcset=\"https:\/\/miroir-iv.mis-amigos-los-arboles.org\/wp-content\/uploads\/2023\/01\/Festival-Sumate-al-Bosque-2022-Cali-13-1200x1200.png 1200w\" loading=\"eager\" style=\"--ratio: 1200 \/ 1200\" sizes=\"(max-width: 1200px) 100vw, 1200px\" alt=\"\" width=\"1200\" height=\"1200\"  \/><span class=\"gallery-rollover\"><span class=\"gallery-zoom-ico icomoon-the7-font-the7-zoom-06\"><span><\/span><\/span><\/span><\/a><\/figure><\/div><div data-post-id=\"12325\" data-date=\"2023-01-27T12:55:52+01:00\" data-name=\"Festival-Sumate-al-Bosque-2022-Cali-12\"><figure class=\"post\"><a href=\"https:\/\/miroir-iv.mis-amigos-los-arboles.org\/wp-content\/uploads\/2023\/01\/Festival-Sumate-al-Bosque-2022-Cali-12.png\" class=\"rollover dt-pswp-item layzr-bg\" data-large_image_width=\"1600\" data-large_image_height=\"1200\" data-dt-img-description=\"\" title=\"Festival-Sumate-al-Bosque-2022-Cali-12\"><img decoding=\"async\" class=\"preload-me owl-lazy-load aspect\" src=\"data:image\/svg+xml,%3Csvg%20xmlns%3D&#39;http%3A%2F%2Fwww.w3.org%2F2000%2Fsvg&#39;%20viewBox%3D&#39;0%200%201200%201200&#39;%2F%3E\" data-src=\"https:\/\/miroir-iv.mis-amigos-los-arboles.org\/wp-content\/uploads\/2023\/01\/Festival-Sumate-al-Bosque-2022-Cali-12-1200x1200.png\" data-srcset=\"https:\/\/miroir-iv.mis-amigos-los-arboles.org\/wp-content\/uploads\/2023\/01\/Festival-Sumate-al-Bosque-2022-Cali-12-1200x1200.png 1200w\" loading=\"eager\" style=\"--ratio: 1200 \/ 1200\" sizes=\"(max-width: 1200px) 100vw, 1200px\" alt=\"\" width=\"1200\" height=\"1200\"  \/><span class=\"gallery-rollover\"><span class=\"gallery-zoom-ico icomoon-the7-font-the7-zoom-06\"><span><\/span><\/span><\/span><\/a><\/figure><\/div><div data-post-id=\"12322\" data-date=\"2023-01-27T12:55:48+01:00\" data-name=\"Festival-Sumate-al-Bosque-2022-Cali-11\"><figure class=\"post\"><a href=\"https:\/\/miroir-iv.mis-amigos-los-arboles.org\/wp-content\/uploads\/2023\/01\/Festival-Sumate-al-Bosque-2022-Cali-11.png\" class=\"rollover dt-pswp-item layzr-bg\" data-large_image_width=\"1600\" data-large_image_height=\"1200\" data-dt-img-description=\"\" title=\"Festival-Sumate-al-Bosque-2022-Cali-11\"><img decoding=\"async\" class=\"preload-me owl-lazy-load aspect\" src=\"data:image\/svg+xml,%3Csvg%20xmlns%3D&#39;http%3A%2F%2Fwww.w3.org%2F2000%2Fsvg&#39;%20viewBox%3D&#39;0%200%201200%201200&#39;%2F%3E\" data-src=\"https:\/\/miroir-iv.mis-amigos-los-arboles.org\/wp-content\/uploads\/2023\/01\/Festival-Sumate-al-Bosque-2022-Cali-11-1200x1200.png\" data-srcset=\"https:\/\/miroir-iv.mis-amigos-los-arboles.org\/wp-content\/uploads\/2023\/01\/Festival-Sumate-al-Bosque-2022-Cali-11-1200x1200.png 1200w\" loading=\"eager\" style=\"--ratio: 1200 \/ 1200\" sizes=\"(max-width: 1200px) 100vw, 1200px\" alt=\"\" width=\"1200\" height=\"1200\"  \/><span class=\"gallery-rollover\"><span class=\"gallery-zoom-ico icomoon-the7-font-the7-zoom-06\"><span><\/span><\/span><\/span><\/a><\/figure><\/div><div data-post-id=\"12319\" data-date=\"2023-01-27T12:55:44+01:00\" data-name=\"Festival-Sumate-al-Bosque-2022-Cali-10\"><figure class=\"post\"><a href=\"https:\/\/miroir-iv.mis-amigos-los-arboles.org\/wp-content\/uploads\/2023\/01\/Festival-Sumate-al-Bosque-2022-Cali-10.png\" class=\"rollover dt-pswp-item layzr-bg\" data-large_image_width=\"1600\" data-large_image_height=\"1200\" data-dt-img-description=\"\" title=\"Festival-Sumate-al-Bosque-2022-Cali-10\"><img decoding=\"async\" class=\"preload-me owl-lazy-load aspect\" src=\"data:image\/svg+xml,%3Csvg%20xmlns%3D&#39;http%3A%2F%2Fwww.w3.org%2F2000%2Fsvg&#39;%20viewBox%3D&#39;0%200%201200%201200&#39;%2F%3E\" data-src=\"https:\/\/miroir-iv.mis-amigos-los-arboles.org\/wp-content\/uploads\/2023\/01\/Festival-Sumate-al-Bosque-2022-Cali-10-1200x1200.png\" data-srcset=\"https:\/\/miroir-iv.mis-amigos-los-arboles.org\/wp-content\/uploads\/2023\/01\/Festival-Sumate-al-Bosque-2022-Cali-10-1200x1200.png 1200w\" loading=\"eager\" style=\"--ratio: 1200 \/ 1200\" sizes=\"(max-width: 1200px) 100vw, 1200px\" alt=\"\" width=\"1200\" height=\"1200\"  \/><span class=\"gallery-rollover\"><span class=\"gallery-zoom-ico icomoon-the7-font-the7-zoom-06\"><span><\/span><\/span><\/span><\/a><\/figure><\/div><div data-post-id=\"12316\" data-date=\"2023-01-27T12:55:41+01:00\" data-name=\"Festival-Sumate-al-Bosque-2022-Cali-8\"><figure class=\"post\"><a href=\"https:\/\/miroir-iv.mis-amigos-los-arboles.org\/wp-content\/uploads\/2023\/01\/Festival-Sumate-al-Bosque-2022-Cali-8.png\" class=\"rollover dt-pswp-item layzr-bg\" data-large_image_width=\"1600\" data-large_image_height=\"1200\" data-dt-img-description=\"\" title=\"Festival-Sumate-al-Bosque-2022-Cali-8\"><img decoding=\"async\" class=\"preload-me owl-lazy-load aspect\" src=\"data:image\/svg+xml,%3Csvg%20xmlns%3D&#39;http%3A%2F%2Fwww.w3.org%2F2000%2Fsvg&#39;%20viewBox%3D&#39;0%200%201200%201200&#39;%2F%3E\" data-src=\"https:\/\/miroir-iv.mis-amigos-los-arboles.org\/wp-content\/uploads\/2023\/01\/Festival-Sumate-al-Bosque-2022-Cali-8-1200x1200.png\" data-srcset=\"https:\/\/miroir-iv.mis-amigos-los-arboles.org\/wp-content\/uploads\/2023\/01\/Festival-Sumate-al-Bosque-2022-Cali-8-1200x1200.png 1200w\" loading=\"eager\" style=\"--ratio: 1200 \/ 1200\" sizes=\"(max-width: 1200px) 100vw, 1200px\" alt=\"\" width=\"1200\" height=\"1200\"  \/><span class=\"gallery-rollover\"><span class=\"gallery-zoom-ico icomoon-the7-font-the7-zoom-06\"><span><\/span><\/span><\/span><\/a><\/figure><\/div><div data-post-id=\"12343\" data-date=\"2023-01-27T12:56:17+01:00\" data-name=\"Festival-Sumate-al-Bosque-2022-Cali-18\"><figure class=\"post\"><a href=\"https:\/\/miroir-iv.mis-amigos-los-arboles.org\/wp-content\/uploads\/2023\/01\/Festival-Sumate-al-Bosque-2022-Cali-18.png\" class=\"rollover dt-pswp-item layzr-bg\" data-large_image_width=\"1600\" data-large_image_height=\"1200\" data-dt-img-description=\"\" title=\"Festival-Sumate-al-Bosque-2022-Cali-18\"><img decoding=\"async\" class=\"preload-me owl-lazy-load aspect\" src=\"data:image\/svg+xml,%3Csvg%20xmlns%3D&#39;http%3A%2F%2Fwww.w3.org%2F2000%2Fsvg&#39;%20viewBox%3D&#39;0%200%201200%201200&#39;%2F%3E\" data-src=\"https:\/\/miroir-iv.mis-amigos-los-arboles.org\/wp-content\/uploads\/2023\/01\/Festival-Sumate-al-Bosque-2022-Cali-18-1200x1200.png\" data-srcset=\"https:\/\/miroir-iv.mis-amigos-los-arboles.org\/wp-content\/uploads\/2023\/01\/Festival-Sumate-al-Bosque-2022-Cali-18-1200x1200.png 1200w\" loading=\"eager\" style=\"--ratio: 1200 \/ 1200\" sizes=\"(max-width: 1200px) 100vw, 1200px\" alt=\"\" width=\"1200\" height=\"1200\"  \/><span class=\"gallery-rollover\"><span class=\"gallery-zoom-ico icomoon-the7-font-the7-zoom-06\"><span><\/span><\/span><\/span><\/a><\/figure><\/div><div data-post-id=\"12346\" data-date=\"2023-01-27T12:56:22+01:00\" data-name=\"Festival-Sumate-al-Bosque-2022-Cali-19\"><figure class=\"post\"><a href=\"https:\/\/miroir-iv.mis-amigos-los-arboles.org\/wp-content\/uploads\/2023\/01\/Festival-Sumate-al-Bosque-2022-Cali-19.png\" class=\"rollover dt-pswp-item layzr-bg\" data-large_image_width=\"1600\" data-large_image_height=\"1200\" data-dt-img-description=\"\" title=\"Festival-Sumate-al-Bosque-2022-Cali-19\"><img decoding=\"async\" class=\"preload-me owl-lazy-load aspect\" src=\"data:image\/svg+xml,%3Csvg%20xmlns%3D&#39;http%3A%2F%2Fwww.w3.org%2F2000%2Fsvg&#39;%20viewBox%3D&#39;0%200%201200%201200&#39;%2F%3E\" data-src=\"https:\/\/miroir-iv.mis-amigos-los-arboles.org\/wp-content\/uploads\/2023\/01\/Festival-Sumate-al-Bosque-2022-Cali-19-1200x1200.png\" data-srcset=\"https:\/\/miroir-iv.mis-amigos-los-arboles.org\/wp-content\/uploads\/2023\/01\/Festival-Sumate-al-Bosque-2022-Cali-19-1200x1200.png 1200w\" loading=\"eager\" style=\"--ratio: 1200 \/ 1200\" sizes=\"(max-width: 1200px) 100vw, 1200px\" alt=\"\" width=\"1200\" height=\"1200\"  \/><span class=\"gallery-rollover\"><span class=\"gallery-zoom-ico icomoon-the7-font-the7-zoom-06\"><span><\/span><\/span><\/span><\/a><\/figure><\/div><div data-post-id=\"12349\" data-date=\"2023-01-27T12:56:26+01:00\" data-name=\"Festival-Sumate-al-Bosque-2022-Cali-20\"><figure class=\"post\"><a href=\"https:\/\/miroir-iv.mis-amigos-los-arboles.org\/wp-content\/uploads\/2023\/01\/Festival-Sumate-al-Bosque-2022-Cali-20.png\" class=\"rollover dt-pswp-item layzr-bg\" data-large_image_width=\"1600\" data-large_image_height=\"1200\" data-dt-img-description=\"\" title=\"Festival-Sumate-al-Bosque-2022-Cali-20\"><img decoding=\"async\" class=\"preload-me owl-lazy-load aspect\" src=\"data:image\/svg+xml,%3Csvg%20xmlns%3D&#39;http%3A%2F%2Fwww.w3.org%2F2000%2Fsvg&#39;%20viewBox%3D&#39;0%200%201200%201200&#39;%2F%3E\" data-src=\"https:\/\/miroir-iv.mis-amigos-los-arboles.org\/wp-content\/uploads\/2023\/01\/Festival-Sumate-al-Bosque-2022-Cali-20-1200x1200.png\" data-srcset=\"https:\/\/miroir-iv.mis-amigos-los-arboles.org\/wp-content\/uploads\/2023\/01\/Festival-Sumate-al-Bosque-2022-Cali-20-1200x1200.png 1200w\" loading=\"eager\" style=\"--ratio: 1200 \/ 1200\" sizes=\"(max-width: 1200px) 100vw, 1200px\" alt=\"\" width=\"1200\" height=\"1200\"  \/><span class=\"gallery-rollover\"><span class=\"gallery-zoom-ico icomoon-the7-font-the7-zoom-06\"><span><\/span><\/span><\/span><\/a><\/figure><\/div><div data-post-id=\"12352\" data-date=\"2023-01-27T12:56:31+01:00\" data-name=\"Festival-Sumate-al-Bosque-2022-Cali-21\"><figure class=\"post\"><a href=\"https:\/\/miroir-iv.mis-amigos-los-arboles.org\/wp-content\/uploads\/2023\/01\/Festival-Sumate-al-Bosque-2022-Cali-21.png\" class=\"rollover dt-pswp-item layzr-bg\" data-large_image_width=\"1600\" data-large_image_height=\"1200\" data-dt-img-description=\"\" title=\"Festival-Sumate-al-Bosque-2022-Cali-21\"><img decoding=\"async\" class=\"preload-me owl-lazy-load aspect\" src=\"data:image\/svg+xml,%3Csvg%20xmlns%3D&#39;http%3A%2F%2Fwww.w3.org%2F2000%2Fsvg&#39;%20viewBox%3D&#39;0%200%201200%201200&#39;%2F%3E\" data-src=\"https:\/\/miroir-iv.mis-amigos-los-arboles.org\/wp-content\/uploads\/2023\/01\/Festival-Sumate-al-Bosque-2022-Cali-21-1200x1200.png\" data-srcset=\"https:\/\/miroir-iv.mis-amigos-los-arboles.org\/wp-content\/uploads\/2023\/01\/Festival-Sumate-al-Bosque-2022-Cali-21-1200x1200.png 1200w\" loading=\"eager\" style=\"--ratio: 1200 \/ 1200\" sizes=\"(max-width: 1200px) 100vw, 1200px\" alt=\"\" width=\"1200\" height=\"1200\"  \/><span class=\"gallery-rollover\"><span class=\"gallery-zoom-ico icomoon-the7-font-the7-zoom-06\"><span><\/span><\/span><\/span><\/a><\/figure><\/div><div data-post-id=\"12355\" data-date=\"2023-01-27T12:56:35+01:00\" data-name=\"Festival-Sumate-al-Bosque-2022-Cali-22\"><figure class=\"post\"><a href=\"https:\/\/miroir-iv.mis-amigos-los-arboles.org\/wp-content\/uploads\/2023\/01\/Festival-Sumate-al-Bosque-2022-Cali-22.png\" class=\"rollover dt-pswp-item layzr-bg\" data-large_image_width=\"1600\" data-large_image_height=\"1200\" data-dt-img-description=\"\" title=\"Festival-Sumate-al-Bosque-2022-Cali-22\"><img decoding=\"async\" class=\"preload-me owl-lazy-load aspect\" src=\"data:image\/svg+xml,%3Csvg%20xmlns%3D&#39;http%3A%2F%2Fwww.w3.org%2F2000%2Fsvg&#39;%20viewBox%3D&#39;0%200%201200%201200&#39;%2F%3E\" data-src=\"https:\/\/miroir-iv.mis-amigos-los-arboles.org\/wp-content\/uploads\/2023\/01\/Festival-Sumate-al-Bosque-2022-Cali-22-1200x1200.png\" data-srcset=\"https:\/\/miroir-iv.mis-amigos-los-arboles.org\/wp-content\/uploads\/2023\/01\/Festival-Sumate-al-Bosque-2022-Cali-22-1200x1200.png 1200w\" loading=\"eager\" style=\"--ratio: 1200 \/ 1200\" sizes=\"(max-width: 1200px) 100vw, 1200px\" alt=\"\" width=\"1200\" height=\"1200\"  \/><span class=\"gallery-rollover\"><span class=\"gallery-zoom-ico icomoon-the7-font-the7-zoom-06\"><span><\/span><\/span><\/span><\/a><\/figure><\/div><div data-post-id=\"12358\" data-date=\"2023-01-27T12:56:40+01:00\" data-name=\"Festival-Sumate-al-Bosque-2022-Cali-23\"><figure class=\"post\"><a href=\"https:\/\/miroir-iv.mis-amigos-los-arboles.org\/wp-content\/uploads\/2023\/01\/Festival-Sumate-al-Bosque-2022-Cali-23.png\" class=\"rollover dt-pswp-item layzr-bg\" data-large_image_width=\"1600\" data-large_image_height=\"1200\" data-dt-img-description=\"\" title=\"Festival-Sumate-al-Bosque-2022-Cali-23\"><img decoding=\"async\" class=\"preload-me owl-lazy-load aspect\" src=\"data:image\/svg+xml,%3Csvg%20xmlns%3D&#39;http%3A%2F%2Fwww.w3.org%2F2000%2Fsvg&#39;%20viewBox%3D&#39;0%200%201200%201200&#39;%2F%3E\" data-src=\"https:\/\/miroir-iv.mis-amigos-los-arboles.org\/wp-content\/uploads\/2023\/01\/Festival-Sumate-al-Bosque-2022-Cali-23-1200x1200.png\" data-srcset=\"https:\/\/miroir-iv.mis-amigos-los-arboles.org\/wp-content\/uploads\/2023\/01\/Festival-Sumate-al-Bosque-2022-Cali-23-1200x1200.png 1200w\" loading=\"eager\" style=\"--ratio: 1200 \/ 1200\" sizes=\"(max-width: 1200px) 100vw, 1200px\" alt=\"\" width=\"1200\" height=\"1200\"  \/><span class=\"gallery-rollover\"><span class=\"gallery-zoom-ico icomoon-the7-font-the7-zoom-06\"><span><\/span><\/span><\/span><\/a><\/figure><\/div><div data-post-id=\"12361\" data-date=\"2023-01-27T12:56:43+01:00\" data-name=\"Festival-Sumate-al-Bosque-2022-Cali-24\"><figure class=\"post\"><a href=\"https:\/\/miroir-iv.mis-amigos-los-arboles.org\/wp-content\/uploads\/2023\/01\/Festival-Sumate-al-Bosque-2022-Cali-24.png\" class=\"rollover dt-pswp-item layzr-bg\" data-large_image_width=\"1600\" data-large_image_height=\"1200\" data-dt-img-description=\"\" title=\"Festival-Sumate-al-Bosque-2022-Cali-24\"><img decoding=\"async\" class=\"preload-me owl-lazy-load aspect\" src=\"data:image\/svg+xml,%3Csvg%20xmlns%3D&#39;http%3A%2F%2Fwww.w3.org%2F2000%2Fsvg&#39;%20viewBox%3D&#39;0%200%201200%201200&#39;%2F%3E\" data-src=\"https:\/\/miroir-iv.mis-amigos-los-arboles.org\/wp-content\/uploads\/2023\/01\/Festival-Sumate-al-Bosque-2022-Cali-24-1200x1200.png\" data-srcset=\"https:\/\/miroir-iv.mis-amigos-los-arboles.org\/wp-content\/uploads\/2023\/01\/Festival-Sumate-al-Bosque-2022-Cali-24-1200x1200.png 1200w\" loading=\"eager\" style=\"--ratio: 1200 \/ 1200\" sizes=\"(max-width: 1200px) 100vw, 1200px\" alt=\"\" width=\"1200\" height=\"1200\"  \/><span class=\"gallery-rollover\"><span class=\"gallery-zoom-ico icomoon-the7-font-the7-zoom-06\"><span><\/span><\/span><\/span><\/a><\/figure><\/div><div data-post-id=\"12364\" data-date=\"2023-01-27T12:56:48+01:00\" data-name=\"Festival-Sumate-al-Bosque-2022-Cali-28\"><figure class=\"post\"><a href=\"https:\/\/miroir-iv.mis-amigos-los-arboles.org\/wp-content\/uploads\/2023\/01\/Festival-Sumate-al-Bosque-2022-Cali-28.png\" class=\"rollover dt-pswp-item layzr-bg\" data-large_image_width=\"1600\" data-large_image_height=\"1200\" data-dt-img-description=\"\" title=\"Festival-Sumate-al-Bosque-2022-Cali-28\"><img decoding=\"async\" class=\"preload-me owl-lazy-load aspect\" src=\"data:image\/svg+xml,%3Csvg%20xmlns%3D&#39;http%3A%2F%2Fwww.w3.org%2F2000%2Fsvg&#39;%20viewBox%3D&#39;0%200%201200%201200&#39;%2F%3E\" data-src=\"https:\/\/miroir-iv.mis-amigos-los-arboles.org\/wp-content\/uploads\/2023\/01\/Festival-Sumate-al-Bosque-2022-Cali-28-1200x1200.png\" data-srcset=\"https:\/\/miroir-iv.mis-amigos-los-arboles.org\/wp-content\/uploads\/2023\/01\/Festival-Sumate-al-Bosque-2022-Cali-28-1200x1200.png 1200w\" loading=\"eager\" style=\"--ratio: 1200 \/ 1200\" sizes=\"(max-width: 1200px) 100vw, 1200px\" alt=\"\" width=\"1200\" height=\"1200\"  \/><span class=\"gallery-rollover\"><span class=\"gallery-zoom-ico icomoon-the7-font-the7-zoom-06\"><span><\/span><\/span><\/span><\/a><\/figure><\/div><div data-post-id=\"12367\" data-date=\"2023-01-27T12:56:51+01:00\" data-name=\"Festival-Sumate-al-Bosque-2022-Cali-29\"><figure class=\"post\"><a href=\"https:\/\/miroir-iv.mis-amigos-los-arboles.org\/wp-content\/uploads\/2023\/01\/Festival-Sumate-al-Bosque-2022-Cali-29.png\" class=\"rollover dt-pswp-item layzr-bg\" data-large_image_width=\"1600\" data-large_image_height=\"1200\" data-dt-img-description=\"\" title=\"Festival-Sumate-al-Bosque-2022-Cali-29\"><img decoding=\"async\" class=\"preload-me owl-lazy-load aspect\" src=\"data:image\/svg+xml,%3Csvg%20xmlns%3D&#39;http%3A%2F%2Fwww.w3.org%2F2000%2Fsvg&#39;%20viewBox%3D&#39;0%200%201200%201200&#39;%2F%3E\" data-src=\"https:\/\/miroir-iv.mis-amigos-los-arboles.org\/wp-content\/uploads\/2023\/01\/Festival-Sumate-al-Bosque-2022-Cali-29-1200x1200.png\" data-srcset=\"https:\/\/miroir-iv.mis-amigos-los-arboles.org\/wp-content\/uploads\/2023\/01\/Festival-Sumate-al-Bosque-2022-Cali-29-1200x1200.png 1200w\" loading=\"eager\" style=\"--ratio: 1200 \/ 1200\" sizes=\"(max-width: 1200px) 100vw, 1200px\" alt=\"\" width=\"1200\" height=\"1200\"  \/><span class=\"gallery-rollover\"><span class=\"gallery-zoom-ico icomoon-the7-font-the7-zoom-06\"><span><\/span><\/span><\/span><\/a><\/figure><\/div><div data-post-id=\"12370\" data-date=\"2023-01-27T12:56:56+01:00\" data-name=\"Festival-Sumate-al-Bosque-2022-Cali-30\"><figure class=\"post\"><a href=\"https:\/\/miroir-iv.mis-amigos-los-arboles.org\/wp-content\/uploads\/2023\/01\/Festival-Sumate-al-Bosque-2022-Cali-30.png\" class=\"rollover dt-pswp-item layzr-bg\" data-large_image_width=\"1600\" data-large_image_height=\"1200\" data-dt-img-description=\"\" title=\"Festival-Sumate-al-Bosque-2022-Cali-30\"><img decoding=\"async\" class=\"preload-me owl-lazy-load aspect\" src=\"data:image\/svg+xml,%3Csvg%20xmlns%3D&#39;http%3A%2F%2Fwww.w3.org%2F2000%2Fsvg&#39;%20viewBox%3D&#39;0%200%201200%201200&#39;%2F%3E\" data-src=\"https:\/\/miroir-iv.mis-amigos-los-arboles.org\/wp-content\/uploads\/2023\/01\/Festival-Sumate-al-Bosque-2022-Cali-30-1200x1200.png\" data-srcset=\"https:\/\/miroir-iv.mis-amigos-los-arboles.org\/wp-content\/uploads\/2023\/01\/Festival-Sumate-al-Bosque-2022-Cali-30-1200x1200.png 1200w\" loading=\"eager\" style=\"--ratio: 1200 \/ 1200\" sizes=\"(max-width: 1200px) 100vw, 1200px\" alt=\"\" width=\"1200\" height=\"1200\"  \/><span class=\"gallery-rollover\"><span class=\"gallery-zoom-ico icomoon-the7-font-the7-zoom-06\"><span><\/span><\/span><\/span><\/a><\/figure><\/div><div data-post-id=\"12373\" data-date=\"2023-01-27T12:57:00+01:00\" data-name=\"Festival-Sumate-al-Bosque-2022-Cali-31\"><figure class=\"post\"><a href=\"https:\/\/miroir-iv.mis-amigos-los-arboles.org\/wp-content\/uploads\/2023\/01\/Festival-Sumate-al-Bosque-2022-Cali-31.png\" class=\"rollover dt-pswp-item layzr-bg\" data-large_image_width=\"1600\" data-large_image_height=\"1200\" data-dt-img-description=\"\" title=\"Festival-Sumate-al-Bosque-2022-Cali-31\"><img decoding=\"async\" class=\"preload-me owl-lazy-load aspect\" src=\"data:image\/svg+xml,%3Csvg%20xmlns%3D&#39;http%3A%2F%2Fwww.w3.org%2F2000%2Fsvg&#39;%20viewBox%3D&#39;0%200%201200%201200&#39;%2F%3E\" data-src=\"https:\/\/miroir-iv.mis-amigos-los-arboles.org\/wp-content\/uploads\/2023\/01\/Festival-Sumate-al-Bosque-2022-Cali-31-1200x1200.png\" data-srcset=\"https:\/\/miroir-iv.mis-amigos-los-arboles.org\/wp-content\/uploads\/2023\/01\/Festival-Sumate-al-Bosque-2022-Cali-31-1200x1200.png 1200w\" loading=\"eager\" style=\"--ratio: 1200 \/ 1200\" sizes=\"(max-width: 1200px) 100vw, 1200px\" alt=\"\" width=\"1200\" height=\"1200\"  \/><span class=\"gallery-rollover\"><span class=\"gallery-zoom-ico icomoon-the7-font-the7-zoom-06\"><span><\/span><\/span><\/span><\/a><\/figure><\/div><div data-post-id=\"12376\" data-date=\"2023-01-27T13:00:33+01:00\" data-name=\"Festival-Sumate-al-Bosque-2022-Cali-10\"><figure class=\"post\"><a href=\"https:\/\/miroir-iv.mis-amigos-los-arboles.org\/wp-content\/uploads\/2023\/01\/Festival-Sumate-al-Bosque-2022-Cali-10-1.png\" class=\"rollover dt-pswp-item layzr-bg\" data-large_image_width=\"1600\" data-large_image_height=\"1200\" data-dt-img-description=\"\" title=\"Festival-Sumate-al-Bosque-2022-Cali-10\"><img decoding=\"async\" class=\"preload-me owl-lazy-load aspect\" src=\"data:image\/svg+xml,%3Csvg%20xmlns%3D&#39;http%3A%2F%2Fwww.w3.org%2F2000%2Fsvg&#39;%20viewBox%3D&#39;0%200%201200%201200&#39;%2F%3E\" data-src=\"https:\/\/miroir-iv.mis-amigos-los-arboles.org\/wp-content\/uploads\/2023\/01\/Festival-Sumate-al-Bosque-2022-Cali-10-1-1200x1200.png\" data-srcset=\"https:\/\/miroir-iv.mis-amigos-los-arboles.org\/wp-content\/uploads\/2023\/01\/Festival-Sumate-al-Bosque-2022-Cali-10-1-1200x1200.png 1200w\" loading=\"eager\" style=\"--ratio: 1200 \/ 1200\" sizes=\"(max-width: 1200px) 100vw, 1200px\" alt=\"\" width=\"1200\" height=\"1200\"  \/><span class=\"gallery-rollover\"><span class=\"gallery-zoom-ico icomoon-the7-font-the7-zoom-06\"><span><\/span><\/span><\/span><\/a><\/figure><\/div><div data-post-id=\"12379\" data-date=\"2023-01-27T13:07:14+01:00\" data-name=\"Festival-Sumate-al-Bosque-2022-Cali-32\"><figure class=\"post\"><a href=\"https:\/\/miroir-iv.mis-amigos-los-arboles.org\/wp-content\/uploads\/2023\/01\/Festival-Sumate-al-Bosque-2022-Cali-32.png\" class=\"rollover dt-pswp-item layzr-bg\" data-large_image_width=\"1600\" data-large_image_height=\"1200\" data-dt-img-description=\"\" title=\"Festival-Sumate-al-Bosque-2022-Cali-32\"><img decoding=\"async\" class=\"preload-me owl-lazy-load aspect\" src=\"data:image\/svg+xml,%3Csvg%20xmlns%3D&#39;http%3A%2F%2Fwww.w3.org%2F2000%2Fsvg&#39;%20viewBox%3D&#39;0%200%201200%201200&#39;%2F%3E\" data-src=\"https:\/\/miroir-iv.mis-amigos-los-arboles.org\/wp-content\/uploads\/2023\/01\/Festival-Sumate-al-Bosque-2022-Cali-32-1200x1200.png\" data-srcset=\"https:\/\/miroir-iv.mis-amigos-los-arboles.org\/wp-content\/uploads\/2023\/01\/Festival-Sumate-al-Bosque-2022-Cali-32-1200x1200.png 1200w\" loading=\"eager\" style=\"--ratio: 1200 \/ 1200\" sizes=\"(max-width: 1200px) 100vw, 1200px\" alt=\"\" width=\"1200\" height=\"1200\"  \/><span class=\"gallery-rollover\"><span class=\"gallery-zoom-ico icomoon-the7-font-the7-zoom-06\"><span><\/span><\/span><\/span><\/a><\/figure><\/div><div data-post-id=\"12382\" data-date=\"2023-01-27T13:07:18+01:00\" data-name=\"Festival-Sumate-al-Bosque-2022-Cali-33\"><figure class=\"post\"><a href=\"https:\/\/miroir-iv.mis-amigos-los-arboles.org\/wp-content\/uploads\/2023\/01\/Festival-Sumate-al-Bosque-2022-Cali-33.png\" class=\"rollover dt-pswp-item layzr-bg\" data-large_image_width=\"1600\" data-large_image_height=\"1200\" data-dt-img-description=\"\" title=\"Festival-Sumate-al-Bosque-2022-Cali-33\"><img decoding=\"async\" class=\"preload-me owl-lazy-load aspect\" src=\"data:image\/svg+xml,%3Csvg%20xmlns%3D&#39;http%3A%2F%2Fwww.w3.org%2F2000%2Fsvg&#39;%20viewBox%3D&#39;0%200%201200%201200&#39;%2F%3E\" data-src=\"https:\/\/miroir-iv.mis-amigos-los-arboles.org\/wp-content\/uploads\/2023\/01\/Festival-Sumate-al-Bosque-2022-Cali-33-1200x1200.png\" data-srcset=\"https:\/\/miroir-iv.mis-amigos-los-arboles.org\/wp-content\/uploads\/2023\/01\/Festival-Sumate-al-Bosque-2022-Cali-33-1200x1200.png 1200w\" loading=\"eager\" style=\"--ratio: 1200 \/ 1200\" sizes=\"(max-width: 1200px) 100vw, 1200px\" alt=\"\" width=\"1200\" height=\"1200\"  \/><span class=\"gallery-rollover\"><span class=\"gallery-zoom-ico icomoon-the7-font-the7-zoom-06\"><span><\/span><\/span><\/span><\/a><\/figure><\/div><div data-post-id=\"12385\" data-date=\"2023-01-27T13:07:22+01:00\" data-name=\"Festival-Sumate-al-Bosque-2022-Ipiales-1\"><figure class=\"post\"><a href=\"https:\/\/miroir-iv.mis-amigos-los-arboles.org\/wp-content\/uploads\/2023\/01\/Festival-Sumate-al-Bosque-2022-Ipiales-1.png\" class=\"rollover dt-pswp-item layzr-bg\" data-large_image_width=\"1600\" data-large_image_height=\"1200\" data-dt-img-description=\"\" title=\"Festival-Sumate-al-Bosque-2022-Ipiales-1\"><img decoding=\"async\" class=\"preload-me owl-lazy-load aspect\" src=\"data:image\/svg+xml,%3Csvg%20xmlns%3D&#39;http%3A%2F%2Fwww.w3.org%2F2000%2Fsvg&#39;%20viewBox%3D&#39;0%200%201200%201200&#39;%2F%3E\" data-src=\"https:\/\/miroir-iv.mis-amigos-los-arboles.org\/wp-content\/uploads\/2023\/01\/Festival-Sumate-al-Bosque-2022-Ipiales-1-1200x1200.png\" data-srcset=\"https:\/\/miroir-iv.mis-amigos-los-arboles.org\/wp-content\/uploads\/2023\/01\/Festival-Sumate-al-Bosque-2022-Ipiales-1-1200x1200.png 1200w\" loading=\"eager\" style=\"--ratio: 1200 \/ 1200\" sizes=\"(max-width: 1200px) 100vw, 1200px\" alt=\"\" width=\"1200\" height=\"1200\"  \/><span class=\"gallery-rollover\"><span class=\"gallery-zoom-ico icomoon-the7-font-the7-zoom-06\"><span><\/span><\/span><\/span><\/a><\/figure><\/div><div data-post-id=\"12388\" data-date=\"2023-01-27T13:07:25+01:00\" data-name=\"Festival-Sumate-al-Bosque-2022-Ipiales-2\"><figure class=\"post\"><a href=\"https:\/\/miroir-iv.mis-amigos-los-arboles.org\/wp-content\/uploads\/2023\/01\/Festival-Sumate-al-Bosque-2022-Ipiales-2.png\" class=\"rollover dt-pswp-item layzr-bg\" data-large_image_width=\"1600\" data-large_image_height=\"1200\" data-dt-img-description=\"\" title=\"Festival-Sumate-al-Bosque-2022-Ipiales-2\"><img decoding=\"async\" class=\"preload-me owl-lazy-load aspect\" src=\"data:image\/svg+xml,%3Csvg%20xmlns%3D&#39;http%3A%2F%2Fwww.w3.org%2F2000%2Fsvg&#39;%20viewBox%3D&#39;0%200%201200%201200&#39;%2F%3E\" data-src=\"https:\/\/miroir-iv.mis-amigos-los-arboles.org\/wp-content\/uploads\/2023\/01\/Festival-Sumate-al-Bosque-2022-Ipiales-2-1200x1200.png\" data-srcset=\"https:\/\/miroir-iv.mis-amigos-los-arboles.org\/wp-content\/uploads\/2023\/01\/Festival-Sumate-al-Bosque-2022-Ipiales-2-1200x1200.png 1200w\" loading=\"eager\" style=\"--ratio: 1200 \/ 1200\" sizes=\"(max-width: 1200px) 100vw, 1200px\" alt=\"\" width=\"1200\" height=\"1200\"  \/><span class=\"gallery-rollover\"><span class=\"gallery-zoom-ico icomoon-the7-font-the7-zoom-06\"><span><\/span><\/span><\/span><\/a><\/figure><\/div><div data-post-id=\"12391\" data-date=\"2023-01-27T13:07:29+01:00\" data-name=\"Festival-Sumate-al-Bosque-2022-Ipiales-3\"><figure class=\"post\"><a href=\"https:\/\/miroir-iv.mis-amigos-los-arboles.org\/wp-content\/uploads\/2023\/01\/Festival-Sumate-al-Bosque-2022-Ipiales-3.png\" class=\"rollover dt-pswp-item layzr-bg\" data-large_image_width=\"1600\" data-large_image_height=\"1200\" data-dt-img-description=\"\" title=\"Festival-Sumate-al-Bosque-2022-Ipiales-3\"><img decoding=\"async\" class=\"preload-me owl-lazy-load aspect\" src=\"data:image\/svg+xml,%3Csvg%20xmlns%3D&#39;http%3A%2F%2Fwww.w3.org%2F2000%2Fsvg&#39;%20viewBox%3D&#39;0%200%201200%201200&#39;%2F%3E\" data-src=\"https:\/\/miroir-iv.mis-amigos-los-arboles.org\/wp-content\/uploads\/2023\/01\/Festival-Sumate-al-Bosque-2022-Ipiales-3-1200x1200.png\" data-srcset=\"https:\/\/miroir-iv.mis-amigos-los-arboles.org\/wp-content\/uploads\/2023\/01\/Festival-Sumate-al-Bosque-2022-Ipiales-3-1200x1200.png 1200w\" loading=\"eager\" style=\"--ratio: 1200 \/ 1200\" sizes=\"(max-width: 1200px) 100vw, 1200px\" alt=\"\" width=\"1200\" height=\"1200\"  \/><span class=\"gallery-rollover\"><span class=\"gallery-zoom-ico icomoon-the7-font-the7-zoom-06\"><span><\/span><\/span><\/span><\/a><\/figure><\/div><div data-post-id=\"12394\" data-date=\"2023-01-27T13:07:34+01:00\" data-name=\"Festival-Sumate-al-Bosque-2022-Ipiales-4\"><figure class=\"post\"><a href=\"https:\/\/miroir-iv.mis-amigos-los-arboles.org\/wp-content\/uploads\/2023\/01\/Festival-Sumate-al-Bosque-2022-Ipiales-4.png\" class=\"rollover dt-pswp-item layzr-bg\" data-large_image_width=\"1600\" data-large_image_height=\"1200\" data-dt-img-description=\"\" title=\"Festival-Sumate-al-Bosque-2022-Ipiales-4\"><img decoding=\"async\" class=\"preload-me owl-lazy-load aspect\" src=\"data:image\/svg+xml,%3Csvg%20xmlns%3D&#39;http%3A%2F%2Fwww.w3.org%2F2000%2Fsvg&#39;%20viewBox%3D&#39;0%200%201200%201200&#39;%2F%3E\" data-src=\"https:\/\/miroir-iv.mis-amigos-los-arboles.org\/wp-content\/uploads\/2023\/01\/Festival-Sumate-al-Bosque-2022-Ipiales-4-1200x1200.png\" data-srcset=\"https:\/\/miroir-iv.mis-amigos-los-arboles.org\/wp-content\/uploads\/2023\/01\/Festival-Sumate-al-Bosque-2022-Ipiales-4-1200x1200.png 1200w\" loading=\"eager\" style=\"--ratio: 1200 \/ 1200\" sizes=\"(max-width: 1200px) 100vw, 1200px\" alt=\"\" width=\"1200\" height=\"1200\"  \/><span class=\"gallery-rollover\"><span class=\"gallery-zoom-ico icomoon-the7-font-the7-zoom-06\"><span><\/span><\/span><\/span><\/a><\/figure><\/div><div data-post-id=\"12397\" data-date=\"2023-01-27T13:07:38+01:00\" data-name=\"Festival-Sumate-al-Bosque-2022-Ipiales-5\"><figure class=\"post\"><a href=\"https:\/\/miroir-iv.mis-amigos-los-arboles.org\/wp-content\/uploads\/2023\/01\/Festival-Sumate-al-Bosque-2022-Ipiales-5.png\" class=\"rollover dt-pswp-item layzr-bg\" data-large_image_width=\"1600\" data-large_image_height=\"1200\" data-dt-img-description=\"\" title=\"Festival-Sumate-al-Bosque-2022-Ipiales-5\"><img decoding=\"async\" class=\"preload-me owl-lazy-load aspect\" src=\"data:image\/svg+xml,%3Csvg%20xmlns%3D&#39;http%3A%2F%2Fwww.w3.org%2F2000%2Fsvg&#39;%20viewBox%3D&#39;0%200%201200%201200&#39;%2F%3E\" data-src=\"https:\/\/miroir-iv.mis-amigos-los-arboles.org\/wp-content\/uploads\/2023\/01\/Festival-Sumate-al-Bosque-2022-Ipiales-5-1200x1200.png\" data-srcset=\"https:\/\/miroir-iv.mis-amigos-los-arboles.org\/wp-content\/uploads\/2023\/01\/Festival-Sumate-al-Bosque-2022-Ipiales-5-1200x1200.png 1200w\" loading=\"eager\" style=\"--ratio: 1200 \/ 1200\" sizes=\"(max-width: 1200px) 100vw, 1200px\" alt=\"\" width=\"1200\" height=\"1200\"  \/><span class=\"gallery-rollover\"><span class=\"gallery-zoom-ico icomoon-the7-font-the7-zoom-06\"><span><\/span><\/span><\/span><\/a><\/figure><\/div><div data-post-id=\"12400\" data-date=\"2023-01-27T13:07:42+01:00\" data-name=\"Festival-Sumate-al-Bosque-2022-Ipiales-6\"><figure class=\"post\"><a href=\"https:\/\/miroir-iv.mis-amigos-los-arboles.org\/wp-content\/uploads\/2023\/01\/Festival-Sumate-al-Bosque-2022-Ipiales-6.png\" class=\"rollover dt-pswp-item layzr-bg\" data-large_image_width=\"1600\" data-large_image_height=\"1200\" data-dt-img-description=\"\" title=\"Festival-Sumate-al-Bosque-2022-Ipiales-6\"><img decoding=\"async\" class=\"preload-me owl-lazy-load aspect\" src=\"data:image\/svg+xml,%3Csvg%20xmlns%3D&#39;http%3A%2F%2Fwww.w3.org%2F2000%2Fsvg&#39;%20viewBox%3D&#39;0%200%201200%201200&#39;%2F%3E\" data-src=\"https:\/\/miroir-iv.mis-amigos-los-arboles.org\/wp-content\/uploads\/2023\/01\/Festival-Sumate-al-Bosque-2022-Ipiales-6-1200x1200.png\" data-srcset=\"https:\/\/miroir-iv.mis-amigos-los-arboles.org\/wp-content\/uploads\/2023\/01\/Festival-Sumate-al-Bosque-2022-Ipiales-6-1200x1200.png 1200w\" loading=\"eager\" style=\"--ratio: 1200 \/ 1200\" sizes=\"(max-width: 1200px) 100vw, 1200px\" alt=\"\" width=\"1200\" height=\"1200\"  \/><span class=\"gallery-rollover\"><span class=\"gallery-zoom-ico icomoon-the7-font-the7-zoom-06\"><span><\/span><\/span><\/span><\/a><\/figure><\/div><div data-post-id=\"12403\" data-date=\"2023-01-27T13:07:46+01:00\" data-name=\"Festival-Sumate-al-Bosque-2022-Ipiales-7\"><figure class=\"post\"><a href=\"https:\/\/miroir-iv.mis-amigos-los-arboles.org\/wp-content\/uploads\/2023\/01\/Festival-Sumate-al-Bosque-2022-Ipiales-7.png\" class=\"rollover dt-pswp-item layzr-bg\" data-large_image_width=\"1600\" data-large_image_height=\"1200\" data-dt-img-description=\"\" title=\"Festival-Sumate-al-Bosque-2022-Ipiales-7\"><img decoding=\"async\" class=\"preload-me owl-lazy-load aspect\" src=\"data:image\/svg+xml,%3Csvg%20xmlns%3D&#39;http%3A%2F%2Fwww.w3.org%2F2000%2Fsvg&#39;%20viewBox%3D&#39;0%200%201200%201200&#39;%2F%3E\" data-src=\"https:\/\/miroir-iv.mis-amigos-los-arboles.org\/wp-content\/uploads\/2023\/01\/Festival-Sumate-al-Bosque-2022-Ipiales-7-1200x1200.png\" data-srcset=\"https:\/\/miroir-iv.mis-amigos-los-arboles.org\/wp-content\/uploads\/2023\/01\/Festival-Sumate-al-Bosque-2022-Ipiales-7-1200x1200.png 1200w\" loading=\"eager\" style=\"--ratio: 1200 \/ 1200\" sizes=\"(max-width: 1200px) 100vw, 1200px\" alt=\"\" width=\"1200\" height=\"1200\"  \/><span class=\"gallery-rollover\"><span class=\"gallery-zoom-ico icomoon-the7-font-the7-zoom-06\"><span><\/span><\/span><\/span><\/a><\/figure><\/div><\/div>[vc_empty_space height=\u00a0\u00bb20px\u00a0\u00bb][\/vc_column][\/vc_row][vc_row][vc_column][vc_empty_space height=\u00a0\u00bb50px\u00a0\u00bb][vc_column_text]<\/p>\n<h3 style=\"text-align: center;\"><strong><span style=\"color: #008000;\">Aliados<\/span><\/strong><\/h3>\n<p>[\/vc_column_text][vc_empty_space]<div id=\"ult-carousel-213960908269f4fff3ed128\" class=\"ult-carousel-wrapper   ult_horizontal\" data-gutter=\"15\" data-rtl=\"false\" ><div class=\"ult-carousel-253272414969f4fff3eceb1 \" >[vc_single_image image=\u00a0\u00bb12410&Prime; img_size=\u00a0\u00bbmedium\u00a0\u00bb alignment=\u00a0\u00bbcenter\u00a0\u00bb image_hovers=\u00a0\u00bbfalse\u00a0\u00bb][vc_single_image image=\u00a0\u00bb12413&Prime; img_size=\u00a0\u00bbmedium\u00a0\u00bb onclick=\u00a0\u00bbcustom_link\u00a0\u00bb img_link_target=\u00a0\u00bb_blank\u00a0\u00bb link=\u00a0\u00bbhttp:\/\/festivalfincali.com\/\u00a0\u00bb][vc_single_image image=\u00a0\u00bb12416&Prime; img_size=\u00a0\u00bbmedium\u00a0\u00bb onclick=\u00a0\u00bbcustom_link\u00a0\u00bb img_link_target=\u00a0\u00bb_blank\u00a0\u00bb link=\u00a0\u00bbhttps:\/\/www.icesi.edu.co\/es\/\u00a0\u00bb][vc_single_image image=\u00a0\u00bb12419&Prime; img_size=\u00a0\u00bbmedium\u00a0\u00bb onclick=\u00a0\u00bbcustom_link\u00a0\u00bb img_link_target=\u00a0\u00bb_blank\u00a0\u00bb link=\u00a0\u00bbhttps:\/\/www.facebook.com\/mercadorganicosanantonio\u00a0\u00bb][vc_single_image image=\u00a0\u00bb12422&Prime; img_size=\u00a0\u00bbmedium\u00a0\u00bb onclick=\u00a0\u00bbcustom_link\u00a0\u00bb img_link_target=\u00a0\u00bb_blank\u00a0\u00bb][vc_single_image image=\u00a0\u00bb12425&Prime; img_size=\u00a0\u00bbmedium\u00a0\u00bb onclick=\u00a0\u00bbcustom_link\u00a0\u00bb img_link_target=\u00a0\u00bb_blank\u00a0\u00bb][vc_single_image image=\u00a0\u00bb12428&Prime; img_size=\u00a0\u00bbmedium\u00a0\u00bb onclick=\u00a0\u00bbcustom_link\u00a0\u00bb img_link_target=\u00a0\u00bb_blank\u00a0\u00bb][vc_single_image image=\u00a0\u00bb12190&Prime; img_size=\u00a0\u00bbmedium\u00a0\u00bb onclick=\u00a0\u00bbcustom_link\u00a0\u00bb link=\u00a0\u00bbhttps:\/\/www.facebook.com\/mercadorganicosanantonio\u00a0\u00bb][vc_single_image image=\u00a0\u00bb12431&Prime; img_size=\u00a0\u00bbmedium\u00a0\u00bb onclick=\u00a0\u00bbcustom_link\u00a0\u00bb img_link_target=\u00a0\u00bb_blank\u00a0\u00bb][vc_single_image image=\u00a0\u00bb12434&Prime; img_size=\u00a0\u00bbmedium\u00a0\u00bb onclick=\u00a0\u00bbcustom_link\u00a0\u00bb img_link_target=\u00a0\u00bb_blank\u00a0\u00bb][vc_single_image image=\u00a0\u00bb12437&Prime; img_size=\u00a0\u00bbmedium\u00a0\u00bb onclick=\u00a0\u00bbcustom_link\u00a0\u00bb img_link_target=\u00a0\u00bb_blank\u00a0\u00bb][vc_single_image image=\u00a0\u00bb12440&Prime; img_size=\u00a0\u00bbmedium\u00a0\u00bb onclick=\u00a0\u00bbcustom_link\u00a0\u00bb img_link_target=\u00a0\u00bb_blank\u00a0\u00bb][vc_single_image image=\u00a0\u00bb12443&Prime; img_size=\u00a0\u00bbmedium\u00a0\u00bb onclick=\u00a0\u00bbcustom_link\u00a0\u00bb link=\u00a0\u00bbhttps:\/\/www.facebook.com\/mercadorganicosanantonio\u00a0\u00bb][vc_single_image image=\u00a0\u00bb12446&Prime; img_size=\u00a0\u00bbmedium\u00a0\u00bb onclick=\u00a0\u00bbcustom_link\u00a0\u00bb link=\u00a0\u00bbhttps:\/\/www.facebook.com\/mercadorganicosanantonio\u00a0\u00bb][vc_single_image image=\u00a0\u00bb12449&Prime; img_size=\u00a0\u00bbmedium\u00a0\u00bb onclick=\u00a0\u00bbcustom_link\u00a0\u00bb img_link_target=\u00a0\u00bb_blank\u00a0\u00bb][vc_single_image image=\u00a0\u00bb12452&Prime; img_size=\u00a0\u00bbmedium\u00a0\u00bb onclick=\u00a0\u00bbcustom_link\u00a0\u00bb img_link_target=\u00a0\u00bb_blank\u00a0\u00bb][vc_single_image image=\u00a0\u00bb12196&Prime; img_size=\u00a0\u00bbmedium\u00a0\u00bb onclick=\u00a0\u00bbcustom_link\u00a0\u00bb img_link_target=\u00a0\u00bb_blank\u00a0\u00bb][vc_single_image image=\u00a0\u00bb12455&Prime; img_size=\u00a0\u00bbmedium\u00a0\u00bb onclick=\u00a0\u00bbcustom_link\u00a0\u00bb img_link_target=\u00a0\u00bb_blank\u00a0\u00bb][vc_single_image image=\u00a0\u00bb12458&Prime; img_size=\u00a0\u00bbmedium\u00a0\u00bb onclick=\u00a0\u00bbcustom_link\u00a0\u00bb img_link_target=\u00a0\u00bb_blank\u00a0\u00bb][vc_single_image image=\u00a0\u00bb12461&Prime; img_size=\u00a0\u00bbmedium\u00a0\u00bb onclick=\u00a0\u00bbcustom_link\u00a0\u00bb img_link_target=\u00a0\u00bb_blank\u00a0\u00bb][vc_single_image image=\u00a0\u00bb12464&Prime; img_size=\u00a0\u00bbmedium\u00a0\u00bb onclick=\u00a0\u00bbcustom_link\u00a0\u00bb img_link_target=\u00a0\u00bb_blank\u00a0\u00bb][vc_single_image image=\u00a0\u00bb12467&Prime; img_size=\u00a0\u00bbmedium\u00a0\u00bb onclick=\u00a0\u00bbcustom_link\u00a0\u00bb img_link_target=\u00a0\u00bb_blank\u00a0\u00bb][vc_single_image image=\u00a0\u00bb12473&Prime; img_size=\u00a0\u00bbmedium\u00a0\u00bb onclick=\u00a0\u00bbcustom_link\u00a0\u00bb img_link_target=\u00a0\u00bb_blank\u00a0\u00bb][vc_single_image image=\u00a0\u00bb12476&Prime; img_size=\u00a0\u00bbmedium\u00a0\u00bb onclick=\u00a0\u00bbcustom_link\u00a0\u00bb img_link_target=\u00a0\u00bb_blank\u00a0\u00bb][vc_single_image image=\u00a0\u00bb12479&Prime; img_size=\u00a0\u00bbmedium\u00a0\u00bb onclick=\u00a0\u00bbcustom_link\u00a0\u00bb img_link_target=\u00a0\u00bb_blank\u00a0\u00bb][vc_single_image image=\u00a0\u00bb12482&Prime; img_size=\u00a0\u00bbmedium\u00a0\u00bb onclick=\u00a0\u00bbcustom_link\u00a0\u00bb img_link_target=\u00a0\u00bb_blank\u00a0\u00bb][vc_single_image image=\u00a0\u00bb12485&Prime; img_size=\u00a0\u00bbmedium\u00a0\u00bb onclick=\u00a0\u00bbcustom_link\u00a0\u00bb img_link_target=\u00a0\u00bb_blank\u00a0\u00bb][vc_single_image image=\u00a0\u00bb12488&Prime; img_size=\u00a0\u00bbmedium\u00a0\u00bb onclick=\u00a0\u00bbcustom_link\u00a0\u00bb img_link_target=\u00a0\u00bb_blank\u00a0\u00bb][vc_single_image image=\u00a0\u00bb12491&Prime; img_size=\u00a0\u00bbmedium\u00a0\u00bb onclick=\u00a0\u00bbcustom_link\u00a0\u00bb img_link_target=\u00a0\u00bb_blank\u00a0\u00bb][vc_single_image image=\u00a0\u00bb12494&Prime; img_size=\u00a0\u00bbmedium\u00a0\u00bb onclick=\u00a0\u00bbcustom_link\u00a0\u00bb img_link_target=\u00a0\u00bb_blank\u00a0\u00bb][vc_single_image image=\u00a0\u00bb12187&Prime; img_size=\u00a0\u00bbmedium\u00a0\u00bb onclick=\u00a0\u00bbcustom_link\u00a0\u00bb img_link_target=\u00a0\u00bb_blank\u00a0\u00bb]<\/div><\/div>\t\t\t<script type=\"text\/javascript\">\n\t\t\t\tjQuery(document).ready(function ($) {\n\t\t\t\t\tif( typeof jQuery('.ult-carousel-253272414969f4fff3eceb1').slick == \"function\"){\n\t\t\t\t\t\t$('.ult-carousel-253272414969f4fff3eceb1').slick({dots: true,autoplay: true,autoplaySpeed: \"5000\",speed: \"300\",infinite: true,arrows: true,nextArrow: '<button type=\"button\" role=\"button\" aria-label=\"Next\" style=\"color:#333333; font-size:20px;\" class=\"slick-next default\"><i class=\"ultsl-arrow-right4\"><\/i><\/button>',prevArrow: '<button type=\"button\" role=\"button\" aria-label=\"Previous\" style=\"color:#333333; font-size:20px;\" class=\"slick-prev default\"><i class=\"ultsl-arrow-left4\"><\/i><\/button>',slidesToScroll:3,slidesToShow:3,swipe: true,draggable: true,touchMove: true,pauseOnHover: true,pauseOnFocus: false,responsive: [\n\t\t\t\t\t\t\t{\n\t\t\t\t\t\t\t  breakpoint: 1026,\n\t\t\t\t\t\t\t  settings: {\n\t\t\t\t\t\t\t\tslidesToShow: 3,\n\t\t\t\t\t\t\t\tslidesToScroll: 3,  \n\t\t\t\t\t\t\t  }\n\t\t\t\t\t\t\t},\n\t\t\t\t\t\t\t{\n\t\t\t\t\t\t\t  breakpoint: 1025,\n\t\t\t\t\t\t\t  settings: {\n\t\t\t\t\t\t\t\tslidesToShow: 3,\n\t\t\t\t\t\t\t\tslidesToScroll: 3\n\t\t\t\t\t\t\t  }\n\t\t\t\t\t\t\t},\n\t\t\t\t\t\t\t{\n\t\t\t\t\t\t\t  breakpoint: 760,\n\t\t\t\t\t\t\t  settings: {\n\t\t\t\t\t\t\t\tslidesToShow: 2,\n\t\t\t\t\t\t\t\tslidesToScroll: 2\n\t\t\t\t\t\t\t  }\n\t\t\t\t\t\t\t}\n\t\t\t\t\t\t],pauseOnDotsHover: true,customPaging: function(slider, i) {\n                   return '<i type=\"button\" style= \"color:#333333;\" class=\"ultsl-record\" data-role=\"none\"><\/i>';\n                },});\n\t\t\t\t\t}\n\t\t\t\t});\n\t\t\t<\/script>\n\t\t\t[\/vc_column][\/vc_row]<\/p>\n<\/div>","protected":false},"excerpt":{"rendered":"<p>[vc_row bg_type=\u00a0\u00bbbg_color\u00a0\u00bb bg_override=\u00a0\u00bbex-full\u00a0\u00bb bg_color_value=\u00a0\u00bb#066e04&Prime;][vc_column][\/vc_column][\/vc_row][vc_row gap=\u00a0\u00bb3&Prime;][vc_column][vc_single_image image=\u00a0\u00bb11754&Prime; img_size=\u00a0\u00bblarge\u00a0\u00bb alignment=\u00a0\u00bbcenter\u00a0\u00bb image_hovers=\u00a0\u00bbfalse\u00a0\u00bb][vc_empty_space][\/vc_column][\/vc_row][vc_row][vc_column width=\u00a0\u00bb1\/2&Prime;][vc_empty_space height=\u00a0\u00bb25px\u00a0\u00bb][vc_column_text] Un festival latinoamericano dedicado a la protecci\u00f3n de los bosques y de la biodiversidad.\u00a0 &nbsp; Este a\u00f1o el Festival realizar\u00e1 un recorrido por ciudades de Colombia y Per\u00fa con una programaci\u00f3n nutrida de talleres, conversatorios, conciertos, cine al aire libre, acciones culturales y espacios&hellip;<\/p>\n","protected":false},"author":1,"featured_media":12283,"parent":13481,"menu_order":0,"comment_status":"closed","ping_status":"closed","template":"","meta":{"footnotes":""},"class_list":["post-13489","page","type-page","status-publish","has-post-thumbnail","hentry","description-off"],"yoast_head":"<!-- This site is optimized with the Yoast SEO plugin v27.5 - https:\/\/yoast.com\/product\/yoast-seo-wordpress\/ -->\n<title>Festival de la biodiversit\u00e9 - Impulsoverde.org - Miroir IV<\/title>\n<meta name=\"description\" content=\"Le Festival S\u00famate al Bosc est un \u00e9v\u00e9nement organis\u00e9 par l&#039;association Envol Vert depuis 2014. Elle vise \u00e0 sensibiliser le plus grand nombre possible de...\" \/>\n<meta name=\"robots\" content=\"noindex, follow, max-snippet:-1, max-image-preview:large, max-video-preview:-1\" \/>\n<meta property=\"og:locale\" content=\"fr_FR\" \/>\n<meta property=\"og:type\" content=\"article\" \/>\n<meta property=\"og:title\" content=\"Festival de la biodiversit\u00e9 - Impulsoverde.org - Miroir IV\" \/>\n<meta property=\"og:description\" content=\"Le Festival S\u00famate al Bosc est un \u00e9v\u00e9nement organis\u00e9 par l&#039;association Envol Vert depuis 2014. Elle vise \u00e0 sensibiliser le plus grand nombre possible de...\" \/>\n<meta property=\"og:url\" content=\"https:\/\/miroir-iv.mis-amigos-los-arboles.org\/fr\/sensibilisation-a-la-nature\/festival-de-la-biodiversite\/\" \/>\n<meta property=\"og:site_name\" content=\"Impulsoverde.org - Miroir IV\" \/>\n<meta property=\"article:modified_time\" content=\"2023-02-14T14:18:39+00:00\" \/>\n<meta property=\"og:image\" content=\"https:\/\/miroir-iv.mis-amigos-los-arboles.org\/wp-content\/uploads\/2023\/01\/Festival-Sumate-al-Bosque-2022-scaled-1.jpg\" \/>\n\t<meta property=\"og:image:width\" content=\"2560\" \/>\n\t<meta property=\"og:image:height\" content=\"732\" \/>\n\t<meta property=\"og:image:type\" content=\"image\/jpeg\" \/>\n<meta name=\"twitter:card\" content=\"summary_large_image\" \/>\n<meta name=\"twitter:label1\" content=\"Dur\u00e9e de lecture estim\u00e9e\" \/>\n\t<meta name=\"twitter:data1\" content=\"3 minutes\" \/>\n<script type=\"application\/ld+json\" class=\"yoast-schema-graph\">{\"@context\":\"https:\\\/\\\/schema.org\",\"@graph\":[{\"@type\":\"WebPage\",\"@id\":\"https:\\\/\\\/miroir-iv.mis-amigos-los-arboles.org\\\/fr\\\/sensibilisation-a-la-nature\\\/festival-de-la-biodiversite\\\/\",\"url\":\"https:\\\/\\\/miroir-iv.mis-amigos-los-arboles.org\\\/fr\\\/sensibilisation-a-la-nature\\\/festival-de-la-biodiversite\\\/\",\"name\":\"Festival de la biodiversit\u00e9 - Impulsoverde.org - Miroir IV\",\"isPartOf\":{\"@id\":\"https:\\\/\\\/miroir-iv.mis-amigos-los-arboles.org\\\/#website\"},\"primaryImageOfPage\":{\"@id\":\"https:\\\/\\\/miroir-iv.mis-amigos-los-arboles.org\\\/fr\\\/sensibilisation-a-la-nature\\\/festival-de-la-biodiversite\\\/#primaryimage\"},\"image\":{\"@id\":\"https:\\\/\\\/miroir-iv.mis-amigos-los-arboles.org\\\/fr\\\/sensibilisation-a-la-nature\\\/festival-de-la-biodiversite\\\/#primaryimage\"},\"thumbnailUrl\":\"https:\\\/\\\/miroir-iv.mis-amigos-los-arboles.org\\\/wp-content\\\/uploads\\\/2023\\\/01\\\/Festival-Sumate-al-Bosque-2022-scaled-1.jpg\",\"datePublished\":\"2023-01-27T12:52:32+00:00\",\"dateModified\":\"2023-02-14T14:18:39+00:00\",\"description\":\"Le Festival S\u00famate al Bosc est un \u00e9v\u00e9nement organis\u00e9 par l'association Envol Vert depuis 2014. Elle vise \u00e0 sensibiliser le plus grand nombre possible de...\",\"breadcrumb\":{\"@id\":\"https:\\\/\\\/miroir-iv.mis-amigos-los-arboles.org\\\/fr\\\/sensibilisation-a-la-nature\\\/festival-de-la-biodiversite\\\/#breadcrumb\"},\"inLanguage\":\"fr-FR\",\"potentialAction\":[{\"@type\":\"ReadAction\",\"target\":[\"https:\\\/\\\/miroir-iv.mis-amigos-los-arboles.org\\\/fr\\\/sensibilisation-a-la-nature\\\/festival-de-la-biodiversite\\\/\"]}]},{\"@type\":\"ImageObject\",\"inLanguage\":\"fr-FR\",\"@id\":\"https:\\\/\\\/miroir-iv.mis-amigos-los-arboles.org\\\/fr\\\/sensibilisation-a-la-nature\\\/festival-de-la-biodiversite\\\/#primaryimage\",\"url\":\"https:\\\/\\\/miroir-iv.mis-amigos-los-arboles.org\\\/wp-content\\\/uploads\\\/2023\\\/01\\\/Festival-Sumate-al-Bosque-2022-scaled-1.jpg\",\"contentUrl\":\"https:\\\/\\\/miroir-iv.mis-amigos-los-arboles.org\\\/wp-content\\\/uploads\\\/2023\\\/01\\\/Festival-Sumate-al-Bosque-2022-scaled-1.jpg\",\"width\":2560,\"height\":732},{\"@type\":\"BreadcrumbList\",\"@id\":\"https:\\\/\\\/miroir-iv.mis-amigos-los-arboles.org\\\/fr\\\/sensibilisation-a-la-nature\\\/festival-de-la-biodiversite\\\/#breadcrumb\",\"itemListElement\":[{\"@type\":\"ListItem\",\"position\":1,\"name\":\"Portada\",\"item\":\"https:\\\/\\\/miroir-iv.mis-amigos-los-arboles.org\\\/fr\\\/la-fondation\\\/\"},{\"@type\":\"ListItem\",\"position\":2,\"name\":\"Sensibilisation \u00e0 la nature\",\"item\":\"https:\\\/\\\/miroir-iv.mis-amigos-los-arboles.org\\\/fr\\\/sensibilisation-a-la-nature\\\/\"},{\"@type\":\"ListItem\",\"position\":3,\"name\":\"Festival de la biodiversit\u00e9\"}]},{\"@type\":\"WebSite\",\"@id\":\"https:\\\/\\\/miroir-iv.mis-amigos-los-arboles.org\\\/#website\",\"url\":\"https:\\\/\\\/miroir-iv.mis-amigos-los-arboles.org\\\/\",\"name\":\"Impulsoverde.org - Miroir IV\",\"description\":\"Site miroir -Impulsoverde.org \",\"potentialAction\":[{\"@type\":\"SearchAction\",\"target\":{\"@type\":\"EntryPoint\",\"urlTemplate\":\"https:\\\/\\\/miroir-iv.mis-amigos-los-arboles.org\\\/?s={search_term_string}\"},\"query-input\":{\"@type\":\"PropertyValueSpecification\",\"valueRequired\":true,\"valueName\":\"search_term_string\"}}],\"inLanguage\":\"fr-FR\"}]}<\/script>\n<!-- \/ Yoast SEO plugin. -->","yoast_head_json":{"title":"Festival de la biodiversit\u00e9 - Impulsoverde.org - Miroir IV","description":"Le Festival S\u00famate al Bosc est un \u00e9v\u00e9nement organis\u00e9 par l'association Envol Vert depuis 2014. Elle vise \u00e0 sensibiliser le plus grand nombre possible de...","robots":{"index":"noindex","follow":"follow","max-snippet":"max-snippet:-1","max-image-preview":"max-image-preview:large","max-video-preview":"max-video-preview:-1"},"og_locale":"fr_FR","og_type":"article","og_title":"Festival de la biodiversit\u00e9 - Impulsoverde.org - Miroir IV","og_description":"Le Festival S\u00famate al Bosc est un \u00e9v\u00e9nement organis\u00e9 par l'association Envol Vert depuis 2014. Elle vise \u00e0 sensibiliser le plus grand nombre possible de...","og_url":"https:\/\/miroir-iv.mis-amigos-los-arboles.org\/fr\/sensibilisation-a-la-nature\/festival-de-la-biodiversite\/","og_site_name":"Impulsoverde.org - Miroir IV","article_modified_time":"2023-02-14T14:18:39+00:00","og_image":[{"width":2560,"height":732,"url":"https:\/\/miroir-iv.mis-amigos-los-arboles.org\/wp-content\/uploads\/2023\/01\/Festival-Sumate-al-Bosque-2022-scaled-1.jpg","type":"image\/jpeg"}],"twitter_card":"summary_large_image","twitter_misc":{"Dur\u00e9e de lecture estim\u00e9e":"3 minutes"},"schema":{"@context":"https:\/\/schema.org","@graph":[{"@type":"WebPage","@id":"https:\/\/miroir-iv.mis-amigos-los-arboles.org\/fr\/sensibilisation-a-la-nature\/festival-de-la-biodiversite\/","url":"https:\/\/miroir-iv.mis-amigos-los-arboles.org\/fr\/sensibilisation-a-la-nature\/festival-de-la-biodiversite\/","name":"Festival de la biodiversit\u00e9 - Impulsoverde.org - Miroir IV","isPartOf":{"@id":"https:\/\/miroir-iv.mis-amigos-los-arboles.org\/#website"},"primaryImageOfPage":{"@id":"https:\/\/miroir-iv.mis-amigos-los-arboles.org\/fr\/sensibilisation-a-la-nature\/festival-de-la-biodiversite\/#primaryimage"},"image":{"@id":"https:\/\/miroir-iv.mis-amigos-los-arboles.org\/fr\/sensibilisation-a-la-nature\/festival-de-la-biodiversite\/#primaryimage"},"thumbnailUrl":"https:\/\/miroir-iv.mis-amigos-los-arboles.org\/wp-content\/uploads\/2023\/01\/Festival-Sumate-al-Bosque-2022-scaled-1.jpg","datePublished":"2023-01-27T12:52:32+00:00","dateModified":"2023-02-14T14:18:39+00:00","description":"Le Festival S\u00famate al Bosc est un \u00e9v\u00e9nement organis\u00e9 par l'association Envol Vert depuis 2014. Elle vise \u00e0 sensibiliser le plus grand nombre possible de...","breadcrumb":{"@id":"https:\/\/miroir-iv.mis-amigos-los-arboles.org\/fr\/sensibilisation-a-la-nature\/festival-de-la-biodiversite\/#breadcrumb"},"inLanguage":"fr-FR","potentialAction":[{"@type":"ReadAction","target":["https:\/\/miroir-iv.mis-amigos-los-arboles.org\/fr\/sensibilisation-a-la-nature\/festival-de-la-biodiversite\/"]}]},{"@type":"ImageObject","inLanguage":"fr-FR","@id":"https:\/\/miroir-iv.mis-amigos-los-arboles.org\/fr\/sensibilisation-a-la-nature\/festival-de-la-biodiversite\/#primaryimage","url":"https:\/\/miroir-iv.mis-amigos-los-arboles.org\/wp-content\/uploads\/2023\/01\/Festival-Sumate-al-Bosque-2022-scaled-1.jpg","contentUrl":"https:\/\/miroir-iv.mis-amigos-los-arboles.org\/wp-content\/uploads\/2023\/01\/Festival-Sumate-al-Bosque-2022-scaled-1.jpg","width":2560,"height":732},{"@type":"BreadcrumbList","@id":"https:\/\/miroir-iv.mis-amigos-los-arboles.org\/fr\/sensibilisation-a-la-nature\/festival-de-la-biodiversite\/#breadcrumb","itemListElement":[{"@type":"ListItem","position":1,"name":"Portada","item":"https:\/\/miroir-iv.mis-amigos-los-arboles.org\/fr\/la-fondation\/"},{"@type":"ListItem","position":2,"name":"Sensibilisation \u00e0 la nature","item":"https:\/\/miroir-iv.mis-amigos-los-arboles.org\/fr\/sensibilisation-a-la-nature\/"},{"@type":"ListItem","position":3,"name":"Festival de la biodiversit\u00e9"}]},{"@type":"WebSite","@id":"https:\/\/miroir-iv.mis-amigos-los-arboles.org\/#website","url":"https:\/\/miroir-iv.mis-amigos-los-arboles.org\/","name":"Impulsoverde.org - Miroir IV","description":"Site miroir -Impulsoverde.org ","potentialAction":[{"@type":"SearchAction","target":{"@type":"EntryPoint","urlTemplate":"https:\/\/miroir-iv.mis-amigos-los-arboles.org\/?s={search_term_string}"},"query-input":{"@type":"PropertyValueSpecification","valueRequired":true,"valueName":"search_term_string"}}],"inLanguage":"fr-FR"}]}},"_links":{"self":[{"href":"https:\/\/miroir-iv.mis-amigos-los-arboles.org\/fr\/wp-json\/wp\/v2\/pages\/13489","targetHints":{"allow":["GET"]}}],"collection":[{"href":"https:\/\/miroir-iv.mis-amigos-los-arboles.org\/fr\/wp-json\/wp\/v2\/pages"}],"about":[{"href":"https:\/\/miroir-iv.mis-amigos-los-arboles.org\/fr\/wp-json\/wp\/v2\/types\/page"}],"author":[{"embeddable":true,"href":"https:\/\/miroir-iv.mis-amigos-los-arboles.org\/fr\/wp-json\/wp\/v2\/users\/1"}],"replies":[{"embeddable":true,"href":"https:\/\/miroir-iv.mis-amigos-los-arboles.org\/fr\/wp-json\/wp\/v2\/comments?post=13489"}],"version-history":[{"count":6,"href":"https:\/\/miroir-iv.mis-amigos-los-arboles.org\/fr\/wp-json\/wp\/v2\/pages\/13489\/revisions"}],"predecessor-version":[{"id":13829,"href":"https:\/\/miroir-iv.mis-amigos-los-arboles.org\/fr\/wp-json\/wp\/v2\/pages\/13489\/revisions\/13829"}],"up":[{"embeddable":true,"href":"https:\/\/miroir-iv.mis-amigos-los-arboles.org\/fr\/wp-json\/wp\/v2\/pages\/13481"}],"wp:featuredmedia":[{"embeddable":true,"href":"https:\/\/miroir-iv.mis-amigos-los-arboles.org\/fr\/wp-json\/wp\/v2\/media\/12283"}],"wp:attachment":[{"href":"https:\/\/miroir-iv.mis-amigos-los-arboles.org\/fr\/wp-json\/wp\/v2\/media?parent=13489"}],"curies":[{"name":"wp","href":"https:\/\/api.w.org\/{rel}","templated":true}]}}