{"id":13481,"date":"2023-01-27T14:42:49","date_gmt":"2023-01-27T13:42:49","guid":{"rendered":"https:\/\/miroir-iv.mis-amigos-los-arboles.org\/sensibilisation-a-la-nature\/"},"modified":"2023-02-14T15:03:54","modified_gmt":"2023-02-14T14:03:54","slug":"sensibilisation-a-la-nature","status":"publish","type":"page","link":"https:\/\/miroir-iv.mis-amigos-los-arboles.org\/fr\/sensibilisation-a-la-nature\/","title":{"rendered":"Sensibilisation \u00e0 la nature"},"content":{"rendered":"<div class=\"wpb-content-wrapper\"><p>[vc_row bg_type=\u00a0\u00bbbg_color\u00a0\u00bb bg_override=\u00a0\u00bbex-full\u00a0\u00bb bg_color_value=\u00a0\u00bb#066e04&Prime;][vc_column]<style type=\"text\/css\" data-type=\"the7_shortcodes-inline-css\">.dt-breadcrumbs-id-6ca108f121cf2a3b184ecf737aea0f06 .breadcrumbs {\n  display: inline-block;\n  margin: 0;\n  padding: 2px 10px 2px 10px;\n  background: #056e04;\n  border: 0px solid ;\n  border-radius: 0px;\n}\n.dt-breadcrumbs-id-6ca108f121cf2a3b184ecf737aea0f06 .breadcrumbs * {\n  color: #ffffff;\n}\n<\/style><div class=\"dt-breadcrumbs-shortcode dt-breadcrumbs-id-6ca108f121cf2a3b184ecf737aea0f06 align-centre\"><div class=\"assistive-text\">Vous \u00eates ici :<\/div><ol class=\"breadcrumbs text-small\" itemscope itemtype=\"https:\/\/schema.org\/BreadcrumbList\"><li itemprop=\"itemListElement\" itemscope itemtype=\"https:\/\/schema.org\/ListItem\"><a itemprop=\"item\" href=\"https:\/\/miroir-iv.mis-amigos-los-arboles.org\/fr\/\" title=\"Accueil\"><span itemprop=\"name\">Accueil<\/span><\/a><meta itemprop=\"position\" content=\"1\" \/><\/li><li class=\"current\" itemprop=\"itemListElement\" itemscope itemtype=\"https:\/\/schema.org\/ListItem\"><span itemprop=\"name\">Page<\/span><meta itemprop=\"position\" content=\"2\" \/><\/li><\/ol><\/div>[\/vc_column][\/vc_row][vc_row][vc_column][vc_empty_space height=\u00a0\u00bb2px\u00a0\u00bb][vc_single_image image=\u00a0\u00bb11754&Prime; img_size=\u00a0\u00bbfull\u00a0\u00bb alignment=\u00a0\u00bbcenter\u00a0\u00bb image_hovers=\u00a0\u00bbfalse\u00a0\u00bb][vc_empty_space][\/vc_column][\/vc_row][vc_row el_id=\u00a0\u00bbmiala\u00a0\u00bb][vc_column][vc_row_inner content_placement=\u00a0\u00bbmiddle\u00a0\u00bb gap=\u00a0\u00bb35&Prime; el_id=\u00a0\u00bbmiala\u00a0\u00bb][vc_column_inner width=\u00a0\u00bb1\/2&Prime;][vc_single_image image=\u00a0\u00bb12266&Prime; img_size=\u00a0\u00bb600&#215;600&Prime; alignment=\u00a0\u00bbcenter\u00a0\u00bb][\/vc_column_inner][vc_column_inner width=\u00a0\u00bb1\/2&Prime;][vc_column_text el_id=\u00a0\u00bbmiala\u00a0\u00bb]<\/p>\n<h4 class=\"_04xlpA direction-ltr align-justify para-style-body\" style=\"text-align: center;\"><span class=\"JsGRdQ\" style=\"color: #066e04;\"><strong>Projet p\u00e9dagogique<br \/>\n<\/strong><\/span><span class=\"JsGRdQ\" style=\"color: #066e04;\"><strong> \u00a0\u00bb Mes amis les arbres\u00a0\u00bb<\/strong><\/span><\/h4>\n<p>&nbsp;<\/p>\n<p class=\"_04xlpA direction-ltr align-justify para-style-body\" style=\"text-align: justify;\"><span class=\"JsGRdQ\">Il est essentiel de <strong>sensibiliser \u00e0 l\u2019importance des \u00e9cosyst\u00e8mes,<\/strong> non seulement les communaut\u00e9s rurales et autochtones, mais aussi les <strong>enfants<\/strong> qui feront partie du monde de demain.<\/span><\/p>\n<p class=\"_04xlpA direction-ltr align-justify para-style-body\" style=\"text-align: justify;\"><span class=\"JsGRdQ\">\u00ab <strong>Mes amis les arbres<\/strong> \u00bb est un projet qui vise \u00e0 sensibiliser les enfants de 6 \u00e0 11 ans \u00e0 l\u2019importance des arbres et des for\u00eats.<\/span><\/p>\n<p>[\/vc_column_text][vc_empty_space height=\u00a0\u00bb50px\u00a0\u00bb][vc_single_image image=\u00a0\u00bb12272&Prime; img_size=\u00a0\u00bb366&#215;218&Prime; alignment=\u00a0\u00bbcenter\u00a0\u00bb onclick=\u00a0\u00bbcustom_link\u00a0\u00bb img_link_target=\u00a0\u00bb_blank\u00a0\u00bb link=\u00a0\u00bbhttps:\/\/mis-amigos-los-arboles.org\/\u00a0\u00bb][\/vc_column_inner][\/vc_row_inner][vc_empty_space height=\u00a0\u00bb30px\u00a0\u00bb][\/vc_column][\/vc_row][vc_row gap=\u00a0\u00bb35&Prime; content_placement=\u00a0\u00bbmiddle\u00a0\u00bb el_id=\u00a0\u00bbfestival\u00a0\u00bb][vc_column width=\u00a0\u00bb1\/2&Prime;][vc_single_image image=\u00a0\u00bb12275&Prime; img_size=\u00a0\u00bblarge\u00a0\u00bb alignment=\u00a0\u00bbcenter\u00a0\u00bb onclick=\u00a0\u00bbcustom_link\u00a0\u00bb img_link_target=\u00a0\u00bb_blank\u00a0\u00bb link=\u00a0\u00bbhttps:\/\/sumatealbosque.com\/\u00a0\u00bb][\/vc_column][vc_column width=\u00a0\u00bb1\/2&Prime;][vc_column_text]<\/p>\n<h4 class=\"_04xlpA direction-ltr align-justify para-style-body\" style=\"text-align: center;\"><span class=\"JsGRdQ\" style=\"color: #066e04;\"><strong>Festival de la biodiversit\u00e9<\/strong><\/span><\/h4>\n<p>&nbsp;<\/p>\n<p style=\"text-align: justify;\"><span class=\"JsGRdQ\">Le festival S\u00famate al Bosque est un \u00e9v\u00e9nement<\/span> <span class=\"JsGRdQ\"><strong>visant \u00e0 sensibiliser<\/strong> \u00e0 l<strong>\u2019importance des for\u00eats<\/strong> et de leur biodiversit\u00e9.<\/span> <span class=\"JsGRdQ\">Il a \u00e9t\u00e9 cr\u00e9\u00e9 en 2014 par la fondation<\/span> <a href=\"https:\/\/envol-vert.org\/\"><span class=\"JsGRdQ\">Envol Vert Colombia<\/span><\/a> <span class=\"JsGRdQ\">et s\u2019est tenu principalement dans les villes de Bogota et Medell\u00edn. En 2022, la <span style=\"color: #066e04;\">fondation Impulso Verde<\/span> a organis\u00e9 la <\/span><span class=\"JsGRdQ\"><strong>premi\u00e8re \u00e9dition du festival<\/strong> dans la ville d\u2019Ipiales et la <strong>deuxi\u00e8me \u00e9dition<\/strong> dans la ville de Cali<\/span> <span class=\"JsGRdQ\">sous le th\u00e8me \u00ab Explorez votre lien avec la for\u00eat \u00bb.<\/span><\/p>\n<p>[\/vc_column_text][vc_empty_space height=\u00a0\u00bb30px\u00a0\u00bb]<style type=\"text\/css\" data-type=\"the7_shortcodes-inline-css\">#default-btn-47981e44bfe801e139b3a0ec177666f4 {\n  border-radius: 0px;\n  font-size: 17px;\n  line-height: 19px;\n}\n.btn-shadow#default-btn-47981e44bfe801e139b3a0ec177666f4 {\n  box-shadow: 0 1px 6px rgba(0,0,0,0.12);\n  transition: box-shadow 0.2s ease-out, opacity 0.45s;\n}\n.btn-shadow#default-btn-47981e44bfe801e139b3a0ec177666f4:hover {\n  box-shadow: 0 5px 11px 0 rgba(0,0,0,0.18), 0 4px 15px 0 rgba(0,0,0,0.15);\n}\n.btn-3d#default-btn-47981e44bfe801e139b3a0ec177666f4:hover {\n  box-shadow: 0px 2px 0px 0px #e0e0e0;\n}\n.btn-flat#default-btn-47981e44bfe801e139b3a0ec177666f4 {\n  box-shadow: none;\n}\n.btn-flat#default-btn-47981e44bfe801e139b3a0ec177666f4:hover {\n  box-shadow: none;\n}\n#default-btn-47981e44bfe801e139b3a0ec177666f4.ico-right-side > i {\n  margin-right: 0px;\n  margin-left: 8px;\n}\n#default-btn-47981e44bfe801e139b3a0ec177666f4 > i {\n  margin-right: 8px;\n  font-size: 18px;\n}\n#default-btn-47981e44bfe801e139b3a0ec177666f4:not(:hover) {\n  border-width: 2px;\n  border-color: #61a103 !important;\n  color: #61a103;\n  background: none !important;\n  padding: 12px 14px 12px 14px;\n}\n#default-btn-47981e44bfe801e139b3a0ec177666f4:not(:hover) * {\n  color: #61a103;\n}\n#default-btn-47981e44bfe801e139b3a0ec177666f4:hover {\n  border-width: 2px;\n  border-color: #ff9900 !important;\n  color: #ff9900;\n  background: #ffffff !important;\n  padding: 12px 14px 12px 14px;\n}\n#default-btn-47981e44bfe801e139b3a0ec177666f4:hover * {\n  color: #ff9900;\n}\n#default-btn-47981e44bfe801e139b3a0ec177666f4.ico-right-side > i {\n  margin-right: 0px;\n  margin-left: 8px;\n}\n#default-btn-47981e44bfe801e139b3a0ec177666f4 > i {\n  margin-right: 8px;\n}\n<\/style><div class=\"btn-align-center\"><a href=\"https:\/\/miroir-iv.mis-amigos-los-arboles.org\/sensibilizacion-ambiental\/festival-sumate-al-bosque\/\" class=\"default-btn-shortcode dt-btn link-hover-off btn-flat  vc_custom_1675179013276\" target=\"_blank\" id=\"default-btn-47981e44bfe801e139b3a0ec177666f4\" style=\"width:200px;\" title=\"Festival S\u00famate al Bosque\" rel=\"noopener\"><span>Seguir leyendo<\/span><\/a><\/div>[\/vc_column][\/vc_row][vc_row][vc_column][vc_empty_space height=\u00a0\u00bb30px\u00a0\u00bb][vc_video link=\u00a0\u00bbhttps:\/\/youtu.be\/4kWvBVkRT6M\u00a0\u00bb el_width=\u00a0\u00bb60&Prime; align=\u00a0\u00bbcenter\u00a0\u00bb][vc_empty_space height=\u00a0\u00bb30px\u00a0\u00bb][\/vc_column][\/vc_row][vc_row gap=\u00a0\u00bb35&Prime; content_placement=\u00a0\u00bbmiddle\u00a0\u00bb el_id=\u00a0\u00bbconservation\u00a0\u00bb][vc_column width=\u00a0\u00bb1\/2&Prime;][vc_single_image image=\u00a0\u00bb12269&Prime; img_size=\u00a0\u00bb600&#215;600&Prime; alignment=\u00a0\u00bbcenter\u00a0\u00bb][\/vc_column][vc_column width=\u00a0\u00bb1\/2&Prime;][vc_column_text]<\/p>\n<h4 class=\"_04xlpA direction-ltr align-justify para-style-body\" style=\"text-align: center;\"><span style=\"color: #066e04;\">Conservation des<br \/>\nabeilles sans dard<\/span><\/h4>\n<p>&nbsp;<\/p>\n<p class=\"_04xlpA direction-ltr align-justify para-style-body\" style=\"text-align: justify;\">La m\u00e9liponiculture, aussi connu sous le nom d\u2019<strong>\u00e9levage d\u2019abeilles sans dard,<\/strong> est une pratique connue depuis plusieurs si\u00e8cles par les Am\u00e9rindiens.<\/p>\n<p style=\"text-align: justify;\">Le projet \u00ab Gardiens des abeilles Meliponini en Colombie \u00bb vise \u00e0 d\u00e9velopper une <strong>m\u00e9liponiculture globale<\/strong> au profit des \u00e9cosyst\u00e8mes naturels, des agro\u00e9cosyst\u00e8mes et \u00e0 fournir des services \u00e9cosyst\u00e9miques pour les abeilles dans le corregimiento de La Leonera, Pichinde et les Andes.<\/p>\n<p>[\/vc_column_text][vc_empty_space height=\u00a0\u00bb30px\u00a0\u00bb]<style type=\"text\/css\" data-type=\"the7_shortcodes-inline-css\">#default-btn-78cd697d73a254afdb6be5b38a18c2f5 {\n  border-radius: 0px;\n  font-size: 17px;\n  line-height: 19px;\n}\n.btn-shadow#default-btn-78cd697d73a254afdb6be5b38a18c2f5 {\n  box-shadow: 0 1px 6px rgba(0,0,0,0.12);\n  transition: box-shadow 0.2s ease-out, opacity 0.45s;\n}\n.btn-shadow#default-btn-78cd697d73a254afdb6be5b38a18c2f5:hover {\n  box-shadow: 0 5px 11px 0 rgba(0,0,0,0.18), 0 4px 15px 0 rgba(0,0,0,0.15);\n}\n.btn-3d#default-btn-78cd697d73a254afdb6be5b38a18c2f5:hover {\n  box-shadow: 0px 2px 0px 0px #e0e0e0;\n}\n.btn-flat#default-btn-78cd697d73a254afdb6be5b38a18c2f5 {\n  box-shadow: none;\n}\n.btn-flat#default-btn-78cd697d73a254afdb6be5b38a18c2f5:hover {\n  box-shadow: none;\n}\n#default-btn-78cd697d73a254afdb6be5b38a18c2f5.ico-right-side > i {\n  margin-right: 0px;\n  margin-left: 8px;\n}\n#default-btn-78cd697d73a254afdb6be5b38a18c2f5 > i {\n  margin-right: 8px;\n  font-size: 18px;\n}\n#default-btn-78cd697d73a254afdb6be5b38a18c2f5:not(:hover) {\n  border-width: 2px;\n  border-color: #61a103 !important;\n  color: #61a103;\n  background: none !important;\n  padding: 12px 14px 12px 14px;\n}\n#default-btn-78cd697d73a254afdb6be5b38a18c2f5:not(:hover) * {\n  color: #61a103;\n}\n#default-btn-78cd697d73a254afdb6be5b38a18c2f5:hover {\n  border-width: 2px;\n  border-color: #ff9900 !important;\n  color: #ff9900;\n  background: #ffffff !important;\n  padding: 12px 14px 12px 14px;\n}\n#default-btn-78cd697d73a254afdb6be5b38a18c2f5:hover * {\n  color: #ff9900;\n}\n#default-btn-78cd697d73a254afdb6be5b38a18c2f5.ico-right-side > i {\n  margin-right: 0px;\n  margin-left: 8px;\n}\n#default-btn-78cd697d73a254afdb6be5b38a18c2f5 > i {\n  margin-right: 8px;\n}\n<\/style><div class=\"btn-align-center\"><a href=\"https:\/\/miroir-iv.mis-amigos-los-arboles.org\/sensibilizacion-ambiental\/conservacion-de-las-abejas-sin-aguijon\/\" class=\"default-btn-shortcode dt-btn link-hover-off btn-flat  vc_custom_1675179064172\" id=\"default-btn-78cd697d73a254afdb6be5b38a18c2f5\" style=\"width:200px;\" title=\"Conservaci\u00f3n de abejas sin aguij\u00f3n\"><span>Seguir leyendo<\/span><\/a><\/div>[\/vc_column][\/vc_row]<\/p>\n<\/div>","protected":false},"excerpt":{"rendered":"<p>[vc_row bg_type=\u00a0\u00bbbg_color\u00a0\u00bb bg_override=\u00a0\u00bbex-full\u00a0\u00bb bg_color_value=\u00a0\u00bb#066e04&Prime;][vc_column][\/vc_column][\/vc_row][vc_row][vc_column][vc_empty_space height=\u00a0\u00bb2px\u00a0\u00bb][vc_single_image image=\u00a0\u00bb11754&Prime; img_size=\u00a0\u00bbfull\u00a0\u00bb alignment=\u00a0\u00bbcenter\u00a0\u00bb image_hovers=\u00a0\u00bbfalse\u00a0\u00bb][vc_empty_space][\/vc_column][\/vc_row][vc_row el_id=\u00a0\u00bbmiala\u00a0\u00bb][vc_column][vc_row_inner content_placement=\u00a0\u00bbmiddle\u00a0\u00bb gap=\u00a0\u00bb35&Prime; el_id=\u00a0\u00bbmiala\u00a0\u00bb][vc_column_inner width=\u00a0\u00bb1\/2&Prime;][vc_single_image image=\u00a0\u00bb12266&Prime; img_size=\u00a0\u00bb600&#215;600&Prime; alignment=\u00a0\u00bbcenter\u00a0\u00bb][\/vc_column_inner][vc_column_inner width=\u00a0\u00bb1\/2&Prime;][vc_column_text el_id=\u00a0\u00bbmiala\u00a0\u00bb] Projet p\u00e9dagogique \u00a0\u00bb Mes amis les arbres\u00a0\u00bb &nbsp; Il est essentiel de sensibiliser \u00e0 l\u2019importance des \u00e9cosyst\u00e8mes, non seulement les communaut\u00e9s rurales et autochtones, mais aussi les enfants qui feront partie du monde de demain. \u00ab&hellip;<\/p>\n","protected":false},"author":1,"featured_media":12278,"parent":0,"menu_order":0,"comment_status":"closed","ping_status":"closed","template":"","meta":{"footnotes":""},"class_list":["post-13481","page","type-page","status-publish","has-post-thumbnail","hentry","description-off"],"yoast_head":"<!-- This site is optimized with the Yoast SEO plugin v27.5 - https:\/\/yoast.com\/product\/yoast-seo-wordpress\/ -->\n<title>Sensibilisation \u00e0 la nature - Impulsoverde.org - Miroir IV<\/title>\n<meta name=\"description\" content=\"Il est essentiel de sensibiliser \u00e0 l\u2019importance des \u00e9cosyst\u00e8mes, non seulement les communaut\u00e9s rurales et autochtones, mais aussi les enfants qui feront partie du monde de demain.\" \/>\n<meta name=\"robots\" content=\"noindex, follow, max-snippet:-1, max-image-preview:large, max-video-preview:-1\" \/>\n<meta property=\"og:locale\" content=\"fr_FR\" \/>\n<meta property=\"og:type\" content=\"article\" \/>\n<meta property=\"og:title\" content=\"Sensibilisation \u00e0 la nature - Impulsoverde.org - Miroir IV\" \/>\n<meta property=\"og:description\" content=\"Il est essentiel de sensibiliser \u00e0 l\u2019importance des \u00e9cosyst\u00e8mes, non seulement les communaut\u00e9s rurales et autochtones, mais aussi les enfants qui feront partie du monde de demain.\" \/>\n<meta property=\"og:url\" content=\"https:\/\/miroir-iv.mis-amigos-los-arboles.org\/fr\/sensibilisation-a-la-nature\/\" \/>\n<meta property=\"og:site_name\" content=\"Impulsoverde.org - Miroir IV\" \/>\n<meta property=\"article:modified_time\" content=\"2023-02-14T14:03:54+00:00\" \/>\n<meta property=\"og:image\" content=\"https:\/\/miroir-iv.mis-amigos-los-arboles.org\/wp-content\/uploads\/2023\/01\/sensibilizacion_naturaleza_impulso-verde-03.jpg\" \/>\n\t<meta property=\"og:image:width\" content=\"1920\" \/>\n\t<meta property=\"og:image:height\" content=\"800\" \/>\n\t<meta property=\"og:image:type\" content=\"image\/jpeg\" \/>\n<meta name=\"twitter:card\" content=\"summary_large_image\" \/>\n<meta name=\"twitter:label1\" content=\"Dur\u00e9e de lecture estim\u00e9e\" \/>\n\t<meta name=\"twitter:data1\" content=\"2 minutes\" \/>\n<script type=\"application\/ld+json\" class=\"yoast-schema-graph\">{\"@context\":\"https:\\\/\\\/schema.org\",\"@graph\":[{\"@type\":\"WebPage\",\"@id\":\"https:\\\/\\\/miroir-iv.mis-amigos-los-arboles.org\\\/fr\\\/sensibilisation-a-la-nature\\\/\",\"url\":\"https:\\\/\\\/miroir-iv.mis-amigos-los-arboles.org\\\/fr\\\/sensibilisation-a-la-nature\\\/\",\"name\":\"Sensibilisation \u00e0 la nature - Impulsoverde.org - Miroir IV\",\"isPartOf\":{\"@id\":\"https:\\\/\\\/miroir-iv.mis-amigos-los-arboles.org\\\/#website\"},\"primaryImageOfPage\":{\"@id\":\"https:\\\/\\\/miroir-iv.mis-amigos-los-arboles.org\\\/fr\\\/sensibilisation-a-la-nature\\\/#primaryimage\"},\"image\":{\"@id\":\"https:\\\/\\\/miroir-iv.mis-amigos-los-arboles.org\\\/fr\\\/sensibilisation-a-la-nature\\\/#primaryimage\"},\"thumbnailUrl\":\"https:\\\/\\\/miroir-iv.mis-amigos-los-arboles.org\\\/wp-content\\\/uploads\\\/2023\\\/01\\\/sensibilizacion_naturaleza_impulso-verde-03.jpg\",\"datePublished\":\"2023-01-27T13:42:49+00:00\",\"dateModified\":\"2023-02-14T14:03:54+00:00\",\"description\":\"Il est essentiel de sensibiliser \u00e0 l\u2019importance des \u00e9cosyst\u00e8mes, non seulement les communaut\u00e9s rurales et autochtones, mais aussi les enfants qui feront partie du monde de demain.\",\"breadcrumb\":{\"@id\":\"https:\\\/\\\/miroir-iv.mis-amigos-los-arboles.org\\\/fr\\\/sensibilisation-a-la-nature\\\/#breadcrumb\"},\"inLanguage\":\"fr-FR\",\"potentialAction\":[{\"@type\":\"ReadAction\",\"target\":[\"https:\\\/\\\/miroir-iv.mis-amigos-los-arboles.org\\\/fr\\\/sensibilisation-a-la-nature\\\/\"]}]},{\"@type\":\"ImageObject\",\"inLanguage\":\"fr-FR\",\"@id\":\"https:\\\/\\\/miroir-iv.mis-amigos-los-arboles.org\\\/fr\\\/sensibilisation-a-la-nature\\\/#primaryimage\",\"url\":\"https:\\\/\\\/miroir-iv.mis-amigos-los-arboles.org\\\/wp-content\\\/uploads\\\/2023\\\/01\\\/sensibilizacion_naturaleza_impulso-verde-03.jpg\",\"contentUrl\":\"https:\\\/\\\/miroir-iv.mis-amigos-los-arboles.org\\\/wp-content\\\/uploads\\\/2023\\\/01\\\/sensibilizacion_naturaleza_impulso-verde-03.jpg\",\"width\":1920,\"height\":800},{\"@type\":\"BreadcrumbList\",\"@id\":\"https:\\\/\\\/miroir-iv.mis-amigos-los-arboles.org\\\/fr\\\/sensibilisation-a-la-nature\\\/#breadcrumb\",\"itemListElement\":[{\"@type\":\"ListItem\",\"position\":1,\"name\":\"Portada\",\"item\":\"https:\\\/\\\/miroir-iv.mis-amigos-los-arboles.org\\\/fr\\\/la-fondation\\\/\"},{\"@type\":\"ListItem\",\"position\":2,\"name\":\"Sensibilisation \u00e0 la nature\"}]},{\"@type\":\"WebSite\",\"@id\":\"https:\\\/\\\/miroir-iv.mis-amigos-los-arboles.org\\\/#website\",\"url\":\"https:\\\/\\\/miroir-iv.mis-amigos-los-arboles.org\\\/\",\"name\":\"Impulsoverde.org - Miroir IV\",\"description\":\"Site miroir -Impulsoverde.org \",\"potentialAction\":[{\"@type\":\"SearchAction\",\"target\":{\"@type\":\"EntryPoint\",\"urlTemplate\":\"https:\\\/\\\/miroir-iv.mis-amigos-los-arboles.org\\\/?s={search_term_string}\"},\"query-input\":{\"@type\":\"PropertyValueSpecification\",\"valueRequired\":true,\"valueName\":\"search_term_string\"}}],\"inLanguage\":\"fr-FR\"}]}<\/script>\n<!-- \/ Yoast SEO plugin. -->","yoast_head_json":{"title":"Sensibilisation \u00e0 la nature - Impulsoverde.org - Miroir IV","description":"Il est essentiel de sensibiliser \u00e0 l\u2019importance des \u00e9cosyst\u00e8mes, non seulement les communaut\u00e9s rurales et autochtones, mais aussi les enfants qui feront partie du monde de demain.","robots":{"index":"noindex","follow":"follow","max-snippet":"max-snippet:-1","max-image-preview":"max-image-preview:large","max-video-preview":"max-video-preview:-1"},"og_locale":"fr_FR","og_type":"article","og_title":"Sensibilisation \u00e0 la nature - Impulsoverde.org - Miroir IV","og_description":"Il est essentiel de sensibiliser \u00e0 l\u2019importance des \u00e9cosyst\u00e8mes, non seulement les communaut\u00e9s rurales et autochtones, mais aussi les enfants qui feront partie du monde de demain.","og_url":"https:\/\/miroir-iv.mis-amigos-los-arboles.org\/fr\/sensibilisation-a-la-nature\/","og_site_name":"Impulsoverde.org - Miroir IV","article_modified_time":"2023-02-14T14:03:54+00:00","og_image":[{"width":1920,"height":800,"url":"https:\/\/miroir-iv.mis-amigos-los-arboles.org\/wp-content\/uploads\/2023\/01\/sensibilizacion_naturaleza_impulso-verde-03.jpg","type":"image\/jpeg"}],"twitter_card":"summary_large_image","twitter_misc":{"Dur\u00e9e de lecture estim\u00e9e":"2 minutes"},"schema":{"@context":"https:\/\/schema.org","@graph":[{"@type":"WebPage","@id":"https:\/\/miroir-iv.mis-amigos-los-arboles.org\/fr\/sensibilisation-a-la-nature\/","url":"https:\/\/miroir-iv.mis-amigos-los-arboles.org\/fr\/sensibilisation-a-la-nature\/","name":"Sensibilisation \u00e0 la nature - Impulsoverde.org - Miroir IV","isPartOf":{"@id":"https:\/\/miroir-iv.mis-amigos-los-arboles.org\/#website"},"primaryImageOfPage":{"@id":"https:\/\/miroir-iv.mis-amigos-los-arboles.org\/fr\/sensibilisation-a-la-nature\/#primaryimage"},"image":{"@id":"https:\/\/miroir-iv.mis-amigos-los-arboles.org\/fr\/sensibilisation-a-la-nature\/#primaryimage"},"thumbnailUrl":"https:\/\/miroir-iv.mis-amigos-los-arboles.org\/wp-content\/uploads\/2023\/01\/sensibilizacion_naturaleza_impulso-verde-03.jpg","datePublished":"2023-01-27T13:42:49+00:00","dateModified":"2023-02-14T14:03:54+00:00","description":"Il est essentiel de sensibiliser \u00e0 l\u2019importance des \u00e9cosyst\u00e8mes, non seulement les communaut\u00e9s rurales et autochtones, mais aussi les enfants qui feront partie du monde de demain.","breadcrumb":{"@id":"https:\/\/miroir-iv.mis-amigos-los-arboles.org\/fr\/sensibilisation-a-la-nature\/#breadcrumb"},"inLanguage":"fr-FR","potentialAction":[{"@type":"ReadAction","target":["https:\/\/miroir-iv.mis-amigos-los-arboles.org\/fr\/sensibilisation-a-la-nature\/"]}]},{"@type":"ImageObject","inLanguage":"fr-FR","@id":"https:\/\/miroir-iv.mis-amigos-los-arboles.org\/fr\/sensibilisation-a-la-nature\/#primaryimage","url":"https:\/\/miroir-iv.mis-amigos-los-arboles.org\/wp-content\/uploads\/2023\/01\/sensibilizacion_naturaleza_impulso-verde-03.jpg","contentUrl":"https:\/\/miroir-iv.mis-amigos-los-arboles.org\/wp-content\/uploads\/2023\/01\/sensibilizacion_naturaleza_impulso-verde-03.jpg","width":1920,"height":800},{"@type":"BreadcrumbList","@id":"https:\/\/miroir-iv.mis-amigos-los-arboles.org\/fr\/sensibilisation-a-la-nature\/#breadcrumb","itemListElement":[{"@type":"ListItem","position":1,"name":"Portada","item":"https:\/\/miroir-iv.mis-amigos-los-arboles.org\/fr\/la-fondation\/"},{"@type":"ListItem","position":2,"name":"Sensibilisation \u00e0 la nature"}]},{"@type":"WebSite","@id":"https:\/\/miroir-iv.mis-amigos-los-arboles.org\/#website","url":"https:\/\/miroir-iv.mis-amigos-los-arboles.org\/","name":"Impulsoverde.org - Miroir IV","description":"Site miroir -Impulsoverde.org ","potentialAction":[{"@type":"SearchAction","target":{"@type":"EntryPoint","urlTemplate":"https:\/\/miroir-iv.mis-amigos-los-arboles.org\/?s={search_term_string}"},"query-input":{"@type":"PropertyValueSpecification","valueRequired":true,"valueName":"search_term_string"}}],"inLanguage":"fr-FR"}]}},"_links":{"self":[{"href":"https:\/\/miroir-iv.mis-amigos-los-arboles.org\/fr\/wp-json\/wp\/v2\/pages\/13481","targetHints":{"allow":["GET"]}}],"collection":[{"href":"https:\/\/miroir-iv.mis-amigos-los-arboles.org\/fr\/wp-json\/wp\/v2\/pages"}],"about":[{"href":"https:\/\/miroir-iv.mis-amigos-los-arboles.org\/fr\/wp-json\/wp\/v2\/types\/page"}],"author":[{"embeddable":true,"href":"https:\/\/miroir-iv.mis-amigos-los-arboles.org\/fr\/wp-json\/wp\/v2\/users\/1"}],"replies":[{"embeddable":true,"href":"https:\/\/miroir-iv.mis-amigos-los-arboles.org\/fr\/wp-json\/wp\/v2\/comments?post=13481"}],"version-history":[{"count":7,"href":"https:\/\/miroir-iv.mis-amigos-los-arboles.org\/fr\/wp-json\/wp\/v2\/pages\/13481\/revisions"}],"predecessor-version":[{"id":13822,"href":"https:\/\/miroir-iv.mis-amigos-los-arboles.org\/fr\/wp-json\/wp\/v2\/pages\/13481\/revisions\/13822"}],"wp:featuredmedia":[{"embeddable":true,"href":"https:\/\/miroir-iv.mis-amigos-los-arboles.org\/fr\/wp-json\/wp\/v2\/media\/12278"}],"wp:attachment":[{"href":"https:\/\/miroir-iv.mis-amigos-los-arboles.org\/fr\/wp-json\/wp\/v2\/media?parent=13481"}],"curies":[{"name":"wp","href":"https:\/\/api.w.org\/{rel}","templated":true}]}}