{"id":13470,"date":"2023-01-31T15:50:57","date_gmt":"2023-01-31T14:50:57","guid":{"rendered":"https:\/\/miroir-iv.mis-amigos-los-arboles.org\/restauration\/plantes-aromatiques-et-medicinales\/"},"modified":"2023-02-14T12:02:25","modified_gmt":"2023-02-14T11:02:25","slug":"plantes-aromatiques-et-medicinales","status":"publish","type":"page","link":"https:\/\/miroir-iv.mis-amigos-los-arboles.org\/fr\/restauration\/plantes-aromatiques-et-medicinales\/","title":{"rendered":"Plantes aromatiques et m\u00e9dicinales"},"content":{"rendered":"<div class=\"wpb-content-wrapper\"><p>[vc_row bg_type=\u00a0\u00bbbg_color\u00a0\u00bb bg_override=\u00a0\u00bbex-full\u00a0\u00bb bg_color_value=\u00a0\u00bb#056e04&Prime; el_class=\u00a0\u00bblien-piste\u00a0\u00bb][vc_column]<style type=\"text\/css\" data-type=\"the7_shortcodes-inline-css\">.dt-breadcrumbs-id-6ca108f121cf2a3b184ecf737aea0f06 .breadcrumbs {\n  display: inline-block;\n  margin: 0;\n  padding: 2px 10px 2px 10px;\n  background: #056e04;\n  border: 0px solid ;\n  border-radius: 0px;\n}\n.dt-breadcrumbs-id-6ca108f121cf2a3b184ecf737aea0f06 .breadcrumbs * {\n  color: #ffffff;\n}\n<\/style><div class=\"dt-breadcrumbs-shortcode dt-breadcrumbs-id-6ca108f121cf2a3b184ecf737aea0f06 align-centre\"><div class=\"assistive-text\">Vous \u00eates ici :<\/div><ol class=\"breadcrumbs text-small\" itemscope itemtype=\"https:\/\/schema.org\/BreadcrumbList\"><li itemprop=\"itemListElement\" itemscope itemtype=\"https:\/\/schema.org\/ListItem\"><a itemprop=\"item\" href=\"https:\/\/miroir-iv.mis-amigos-los-arboles.org\/fr\/\" title=\"Accueil\"><span itemprop=\"name\">Accueil<\/span><\/a><meta itemprop=\"position\" content=\"1\" \/><\/li><li class=\"current\" itemprop=\"itemListElement\" itemscope itemtype=\"https:\/\/schema.org\/ListItem\"><span itemprop=\"name\">Page<\/span><meta itemprop=\"position\" content=\"2\" \/><\/li><\/ol><\/div>[\/vc_column][\/vc_row][vc_row][vc_column][vc_single_image image=\u00a0\u00bb11754&Prime; img_size=\u00a0\u00bblarge\u00a0\u00bb alignment=\u00a0\u00bbcenter\u00a0\u00bb image_hovers=\u00a0\u00bbfalse\u00a0\u00bb][vc_empty_space height=\u00a0\u00bb70px\u00a0\u00bb][\/vc_column][\/vc_row][vc_row gap=\u00a0\u00bb3&Prime; content_placement=\u00a0\u00bbtop\u00a0\u00bb][vc_column width=\u00a0\u00bb1\/2&Prime;][vc_column_text]<\/p>\n<h2 style=\"text-align: center;\"><span style=\"color: #008000;\">Plantes aromatiques et m\u00e9dicinales<\/span><\/h2>\n<p>&nbsp;<\/p>\n<p style=\"text-align: justify;\"><span style=\"font-weight: 400;\">Les trois associations communautaires ont choisi le traitement des plantes par mac\u00e9ration avec le<\/span> <b>calendula<\/b> <i><span style=\"font-weight: 400;\">(Calendula oficinallis l.)<\/span><\/i><span style=\"font-weight: 400;\">, reconnu pour ses vertus dans le traitement, entre autres, des douleurs <\/span><b>musculaires ou des inflammations,<\/b> <span style=\"font-weight: 400;\">et avec la<\/span> <b>camomille<\/b> <i><span style=\"font-weight: 400;\">(Matricaria chamomilla, M.recutita),<\/span><\/i> <span style=\"font-weight: 400;\">reconnue comme<\/span> <b>cicatrisante<\/b><span style=\"font-weight: 400;\">.<\/span><\/p>\n<p>[\/vc_column_text][vc_empty_space height=\u00a0\u00bb20px\u00a0\u00bb]<section class=\"logos-grid wf-container\" data-width=\"180px\" data-columns=\"3\"><div class=\"wf-cell\"><div><\/div><\/div><div class=\"wf-cell\"><div><\/div><\/div><div class=\"wf-cell\"><div><\/div><\/div><\/section>[vc_empty_space height=\u00a0\u00bb40px\u00a0\u00bb][vc_column_text]<\/p>\n<p style=\"text-align: justify;\"><span style=\"font-weight: 400;\">La mac\u00e9ration consiste \u00e0 infuser la plante dont on veut extraire les principes actifs et m\u00e9dicinaux dans une huile de base ou de support. Ces huiles mac\u00e9r\u00e9es permettent de fabriquer des produits cosm\u00e9tiques tels que <\/span>du savon, du shampoing, des pommades et des lotions.<\/p>\n<p style=\"text-align: justify;\"><span style=\"font-weight: 400;\">Impulso Verde dispense une <strong>formation th\u00e9orique et pratique<\/strong> \u00e0 la production <strong>d\u2019huiles mac\u00e9r\u00e9es, de savons et de cosm\u00e9tiques artisanaux<\/strong> et a am\u00e9nag\u00e9 trois terrains d\u2019\u00e9cole pour exp\u00e9rimenter la culture de plantes comme mati\u00e8re premi\u00e8re \u00e0 grande \u00e9chelle.<\/span><\/p>\n<p>[\/vc_column_text][vc_empty_space height=\u00a0\u00bb40px\u00a0\u00bb][vc_row_inner][vc_column_inner width=\u00a0\u00bb1\/2&Prime;][vc_column_text]<\/p>\n<p style=\"text-align: justify;\"><span style=\"font-weight: 400;\">Le processus de commercialisation du miel, des cr\u00e8mes hydratantes, des huiles mac\u00e9r\u00e9es et du dentifrice a commenc\u00e9 en 2022, directement sur les march\u00e9s de producteurs locaux et avec nos partenaires commerciaux <a href=\"https:\/\/www.facebook.com\/isis.pora\"><strong>Pora Conciente<\/strong><\/a> et <strong><a href=\"https:\/\/samana.com.co\/?fbclid=IwAR0k1XZwSXGctlK_vk9PkxMen4pvOjPKgKWrTZVKQs3YKb5xt4vqKbU4uzY\">Saman\u00e1.<\/a><\/strong><\/span><\/p>\n<p>[\/vc_column_text][\/vc_column_inner][vc_column_inner width=\u00a0\u00bb1\/2&Prime;][vc_single_image image=\u00a0\u00bb13147&Prime; img_size=\u00a0\u00bblarge\u00a0\u00bb alignment=\u00a0\u00bbcenter\u00a0\u00bb][\/vc_column_inner][\/vc_row_inner][vc_empty_space height=\u00a0\u00bb70px\u00a0\u00bb][vc_row_inner el_class=\u00a0\u00bbtext-centered\u00a0\u00bb][vc_column_inner width=\u00a0\u00bb1\/2&Prime;]<div class=\"stats-block stats-top  \"><div class=\"aio-icon-top\"><div class=\"ult-just-icon-wrapper  \"><div class=\"align-icon\" style=\"text-align:center;\"><\/div><\/div><\/div><div class=\"stats-desc\" id=\"counter-responsv-wrap-4934\"><div id=\"counter_219463201269f53b64a375b\" data-id=\"counter_219463201269f53b64a375b\"  data-ultimate-target='#counter-responsv-wrap-4934 .stats-number'  data-responsive-json-new='{\"font-size\":\"desktop:40px;\",\"line-height\":\"\"}'  class=\"stats-number ult-responsive\" style=\"  font-family:&#039;Open Sans&#039;;font-weight:800;color:#7dc53c;\" data-speed=\"3\" data-counter-value=\"54\" data-separator=\".\" data-decimal=\".\">0<\/div><div id=\"title-counter_219463201269f53b64a375b\"  data-ultimate-target='#counter-responsv-wrap-4934 .stats-text'  data-responsive-json-new='{\"font-size\":\"\",\"line-height\":\"\"}'  class=\"stats-text ult-responsive\" style=\"font-size:18px;  \">Journ\u00e9es de formation r\u00e9alis\u00e9es<\/div><\/div><\/div>[\/vc_column_inner][vc_column_inner width=\u00a0\u00bb1\/2&Prime;]<div class=\"stats-block stats-top  \"><div class=\"aio-icon-top\"><div class=\"ult-just-icon-wrapper  \"><div class=\"align-icon\" style=\"text-align:center;\"><\/div><\/div><\/div><div class=\"stats-desc\" id=\"counter-responsv-wrap-8598\"><div id=\"counter_426859335869f53b64a3856\" data-id=\"counter_426859335869f53b64a3856\"  data-ultimate-target='#counter-responsv-wrap-8598 .stats-number'  data-responsive-json-new='{\"font-size\":\"desktop:40px;\",\"line-height\":\"\"}'  class=\"stats-number ult-responsive\" style=\"  font-family:&#039;Open Sans&#039;;font-weight:800;color:#7dc53c;\" data-speed=\"3\" data-counter-value=\"5\" data-separator=\".\" data-decimal=\".\">0<\/div><div id=\"title-counter_426859335869f53b64a3856\"  data-ultimate-target='#counter-responsv-wrap-8598 .stats-text'  data-responsive-json-new='{\"font-size\":\"\",\"line-height\":\"\"}'  class=\"stats-text ult-responsive\" style=\"font-size:18px;  \">Formules approuv\u00e9es<\/div><\/div><\/div>[\/vc_column_inner][\/vc_row_inner][\/vc_column][vc_column width=\u00a0\u00bb1\/2&Prime;][vc_single_image image=\u00a0\u00bb13168&Prime; img_size=\u00a0\u00bblarge\u00a0\u00bb alignment=\u00a0\u00bbcenter\u00a0\u00bb][vc_empty_space height=\u00a0\u00bb15px\u00a0\u00bb][vc_single_image image=\u00a0\u00bb13171&Prime; img_size=\u00a0\u00bblarge\u00a0\u00bb alignment=\u00a0\u00bbcenter\u00a0\u00bb][vc_empty_space height=\u00a0\u00bb15px\u00a0\u00bb][vc_single_image image=\u00a0\u00bb13174&Prime; img_size=\u00a0\u00bblarge\u00a0\u00bb alignment=\u00a0\u00bbcenter\u00a0\u00bb][\/vc_column][\/vc_row][vc_row][vc_column][vc_empty_space height=\u00a0\u00bb70px\u00a0\u00bb]<style type=\"text\/css\" data-type=\"the7_shortcodes-inline-css\">.gallery-carousel-shortcode.gallery-carousel-shortcode-id-c31f6a8933ccf601e499b9cdd2fb6413.owl-carousel .owl-nav div {\n  width: 36px;\n  height: 36px;\n  border-radius: 500px;\n}\n.dt-arrow-border-on.gallery-carousel-shortcode.gallery-carousel-shortcode-id-c31f6a8933ccf601e499b9cdd2fb6413.owl-carousel .owl-nav div:not(:hover):before {\n  border-width: 0px;\n}\n.dt-arrow-hover-border-on.gallery-carousel-shortcode.gallery-carousel-shortcode-id-c31f6a8933ccf601e499b9cdd2fb6413.owl-carousel .owl-nav div:hover:after {\n  border-width: 0px;\n}\n.gallery-carousel-shortcode.gallery-carousel-shortcode-id-c31f6a8933ccf601e499b9cdd2fb6413.owl-carousel .owl-nav div.owl-prev {\n  top: 50%;\n  transform: translateY(calc(-50% + 0px));\n  left: -43px;\n}\n@media all and (-ms-high-contrast: none) {\n  .gallery-carousel-shortcode.gallery-carousel-shortcode-id-c31f6a8933ccf601e499b9cdd2fb6413.owl-carousel .owl-nav div.owl-prev {\n    transform: translateY(-50%);\n    margin-top: 0px;\n  }\n}\n.gallery-carousel-shortcode.gallery-carousel-shortcode-id-c31f6a8933ccf601e499b9cdd2fb6413.owl-carousel .owl-nav div.owl-prev i {\n  padding: 0px 0px 0px 0px;\n}\n.gallery-carousel-shortcode.gallery-carousel-shortcode-id-c31f6a8933ccf601e499b9cdd2fb6413.owl-carousel .owl-nav div.owl-next {\n  top: 50%;\n  transform: translateY(calc(-50% + 0px));\n  right: -43px;\n}\n@media all and (-ms-high-contrast: none) {\n  .gallery-carousel-shortcode.gallery-carousel-shortcode-id-c31f6a8933ccf601e499b9cdd2fb6413.owl-carousel .owl-nav div.owl-next {\n    transform: translateY(-50%);\n    margin-top: 0px;\n  }\n}\n.gallery-carousel-shortcode.gallery-carousel-shortcode-id-c31f6a8933ccf601e499b9cdd2fb6413.owl-carousel .owl-nav div.owl-next i {\n  padding: 0px 0px 0px 0px;\n}\n.gallery-carousel-shortcode.gallery-carousel-shortcode-id-c31f6a8933ccf601e499b9cdd2fb6413.owl-carousel .owl-nav i {\n  font-size: 18px;\n}\n.gallery-carousel-shortcode.gallery-carousel-shortcode-id-c31f6a8933ccf601e499b9cdd2fb6413.owl-carousel .owl-nav div:not(:hover) i,\n.gallery-carousel-shortcode.gallery-carousel-shortcode-id-c31f6a8933ccf601e499b9cdd2fb6413.owl-carousel .owl-nav div:not(:hover) i:before {\n  color: #ffffff;\n  background: none;\n}\n.gallery-carousel-shortcode.gallery-carousel-shortcode-id-c31f6a8933ccf601e499b9cdd2fb6413.owl-carousel .owl-nav div:hover i,\n.gallery-carousel-shortcode.gallery-carousel-shortcode-id-c31f6a8933ccf601e499b9cdd2fb6413.owl-carousel .owl-nav div:hover i:before {\n  color: rgba(255,255,255,0.75);\n  background: none;\n}\n.gallery-carousel-shortcode.gallery-carousel-shortcode-id-c31f6a8933ccf601e499b9cdd2fb6413 .owl-dots {\n  top: calc(100% + 20px);\n  left: 50%;\n  transform: translateX(calc(-50% + 0px));\n}\n@media all and (-ms-high-contrast: none) {\n  .gallery-carousel-shortcode.gallery-carousel-shortcode-id-c31f6a8933ccf601e499b9cdd2fb6413 .owl-dots {\n    transform: translateX(-50%);\n    margin-left: 0px;\n  }\n}\n.gallery-carousel-shortcode.gallery-carousel-shortcode-id-c31f6a8933ccf601e499b9cdd2fb6413 .owl-dot {\n  width: 10px;\n  height: 10px;\n  margin: 0 8px;\n}\n@media screen and (max-width: 778px) {\n  .gallery-carousel-shortcode.gallery-carousel-shortcode-id-c31f6a8933ccf601e499b9cdd2fb6413.hide-arrows .owl-nav a {\n    display: none;\n  }\n}\n@media screen and (max-width: 778px) {\n  .gallery-carousel-shortcode.gallery-carousel-shortcode-id-c31f6a8933ccf601e499b9cdd2fb6413.reposition-arrows .owl-nav .owl-prev {\n    top: 50%;\n    transform: translateY(calc(-50% + 0px));\n    left: 10px;\n  }\n  .gallery-carousel-shortcode.gallery-carousel-shortcode-id-c31f6a8933ccf601e499b9cdd2fb6413.reposition-arrows .owl-nav .owl-next {\n    top: 50%;\n    transform: translateY(calc(-50% + 0px));\n    right: 10px;\n  }\n}\n@media screen and (max-width: 778px) and all and (-ms-high-contrast: none) {\n  .gallery-carousel-shortcode.gallery-carousel-shortcode-id-c31f6a8933ccf601e499b9cdd2fb6413.reposition-arrows .owl-nav .owl-prev {\n    transform: translateY(-50%);\n    margin-top: 0px;\n  }\n}\n@media screen and (max-width: 778px) and all and (-ms-high-contrast: none) {\n  .gallery-carousel-shortcode.gallery-carousel-shortcode-id-c31f6a8933ccf601e499b9cdd2fb6413.reposition-arrows .owl-nav .owl-next {\n    transform: translateY(-50%);\n    margin-top: 0px;\n  }\n}\n.gallery-carousel-shortcode.gallery-carousel-shortcode-id-c31f6a8933ccf601e499b9cdd2fb6413 figure,\n.gallery-carousel-shortcode.gallery-carousel-shortcode-id-c31f6a8933ccf601e499b9cdd2fb6413 .rollover,\n.gallery-carousel-shortcode.gallery-carousel-shortcode-id-c31f6a8933ccf601e499b9cdd2fb6413 img,\n.gallery-carousel-shortcode.gallery-carousel-shortcode-id-c31f6a8933ccf601e499b9cdd2fb6413 .gallery-rollover {\n  border-radius: 0px;\n}\n.gallery-carousel-shortcode.gallery-carousel-shortcode-id-c31f6a8933ccf601e499b9cdd2fb6413.enable-bg-rollover .gallery-rollover {\n  background: -webkit-linear-gradient();\n  background: linear-gradient();\n}\n.gallery-carousel-shortcode.gallery-carousel-shortcode-id-c31f6a8933ccf601e499b9cdd2fb6413.enable-img-shadow .owl-stage-outer {\n  padding: 14px 0;\n}\n.gallery-carousel-shortcode.gallery-carousel-shortcode-id-c31f6a8933ccf601e499b9cdd2fb6413.enable-bg-rollover.hover-scale figure .rollover:after {\n  background: -webkit-linear-gradient();\n  background: linear-gradient();\n}\n.gallery-carousel-shortcode.gallery-carousel-shortcode-id-c31f6a8933ccf601e499b9cdd2fb6413.gallery-shortcode .gallery-zoom-ico {\n  width: 44px;\n  height: 44px;\n  line-height: 44px;\n  border-radius: 100px;\n  margin: -22px 0 0 -22px;\n  border-width: 0px;\n}\n.dt-icon-bg-on.gallery-carousel-shortcode.gallery-carousel-shortcode-id-c31f6a8933ccf601e499b9cdd2fb6413.gallery-shortcode .gallery-zoom-ico {\n  background: rgba(255,255,255,0.3);\n  box-shadow: none;\n}\n.gallery-carousel-shortcode.gallery-carousel-shortcode-id-c31f6a8933ccf601e499b9cdd2fb6413.gallery-shortcode .gallery-zoom-ico:before,\n.gallery-carousel-shortcode.gallery-carousel-shortcode-id-c31f6a8933ccf601e499b9cdd2fb6413.gallery-shortcode .gallery-zoom-ico span {\n  font-size: 32px;\n  line-height: 44px;\n  color: #ffffff;\n  background: none;\n}\n<\/style><div class=\"owl-carousel gallery-carousel-shortcode gallery-shortcode  dt-gallery-container dt-owl-carousel-call gallery-carousel-shortcode-id-c31f6a8933ccf601e499b9cdd2fb6413 quick-scale-img enable-bg-rollover meta-info-off dt-arrow-border-on dt-arrow-hover-border-on bullets-small-dot-stroke reposition-arrows dt-icon-bg-off arrows-bg-on disable-arrows-hover-bg arrows-hover-bg-on  hover-fade \" data-scroll-mode=\"1\" data-col-num=\"6\" data-wide-col-num=\"6\" data-laptop-col=\"5\" data-h-tablet-columns-num=\"4\" data-v-tablet-columns-num=\"3\" data-phone-columns-num=\"1\" data-col-gap=\"10\" data-stage-padding=\"0\" data-speed=\"600\" data-autoplay=\"false\" data-autoplay_speed=\"6000\" data-arrows=\"true\" data-bullet=\"false\" data-next-icon=\"icon-ar-017-r\" data-prev-icon=\"icon-ar-017-l\" data-img-shadow-size=\"12px\" data-img-shadow-spread=\"3px\"><div data-post-id=\"12857\" data-date=\"2023-01-27T17:31:29+01:00\" data-name=\"capacitacion-aceite-Cumbal1-1\"><figure class=\"post\"><a href=\"https:\/\/miroir-iv.mis-amigos-los-arboles.org\/wp-content\/uploads\/2023\/01\/capacitacion-aceite-Cumbal1-1.jpg\" class=\"rollover dt-pswp-item layzr-bg\" data-large_image_width=\"2000\" data-large_image_height=\"2245\" data-dt-img-description=\"\" title=\"capacitacion-aceite-Cumbal1-1\"><img fetchpriority=\"high\" decoding=\"async\" class=\"preload-me owl-lazy-load aspect\" src=\"data:image\/svg+xml,%3Csvg%20xmlns%3D&#39;http%3A%2F%2Fwww.w3.org%2F2000%2Fsvg&#39;%20viewBox%3D&#39;0%200%202000%202000&#39;%2F%3E\" data-src=\"https:\/\/miroir-iv.mis-amigos-los-arboles.org\/wp-content\/uploads\/2023\/01\/capacitacion-aceite-Cumbal1-1-2000x2000.jpg\" data-srcset=\"https:\/\/miroir-iv.mis-amigos-los-arboles.org\/wp-content\/uploads\/2023\/01\/capacitacion-aceite-Cumbal1-1-2000x2000.jpg 2000w\" loading=\"eager\" style=\"--ratio: 2000 \/ 2000\" sizes=\"(max-width: 2000px) 100vw, 2000px\" alt=\"Transformaci\u00f3n de plantas arom\u00e1ticas y medicinales - Impulso Verde\" width=\"2000\" height=\"2000\"  \/><span class=\"gallery-rollover\"><span class=\"gallery-zoom-ico icomoon-the7-font-the7-zoom-06\"><span><\/span><\/span><\/span><\/a><\/figure><\/div><div data-post-id=\"13158\" data-date=\"2023-01-31T15:55:42+01:00\" data-name=\"IMG_20210414_173841737-1\"><figure class=\"post\"><a href=\"https:\/\/miroir-iv.mis-amigos-los-arboles.org\/wp-content\/uploads\/2023\/01\/IMG_20210414_173841737-1.jpg\" class=\"rollover dt-pswp-item layzr-bg\" data-large_image_width=\"1280\" data-large_image_height=\"960\" data-dt-img-description=\"\" title=\"IMG_20210414_173841737-1\"><img decoding=\"async\" class=\"preload-me owl-lazy-load aspect\" src=\"data:image\/svg+xml,%3Csvg%20xmlns%3D&#39;http%3A%2F%2Fwww.w3.org%2F2000%2Fsvg&#39;%20viewBox%3D&#39;0%200%20960%20960&#39;%2F%3E\" data-src=\"https:\/\/miroir-iv.mis-amigos-los-arboles.org\/wp-content\/uploads\/2023\/01\/IMG_20210414_173841737-1-960x960.jpg\" data-srcset=\"https:\/\/miroir-iv.mis-amigos-los-arboles.org\/wp-content\/uploads\/2023\/01\/IMG_20210414_173841737-1-960x960.jpg 960w\" loading=\"eager\" style=\"--ratio: 960 \/ 960\" sizes=\"(max-width: 960px) 100vw, 960px\" alt=\"Transformaci\u00f3n de plantas arom\u00e1ticas y medicinales - Impulso Verde\" width=\"960\" height=\"960\"  \/><span class=\"gallery-rollover\"><span class=\"gallery-zoom-ico icomoon-the7-font-the7-zoom-06\"><span><\/span><\/span><\/span><\/a><\/figure><\/div><div data-post-id=\"13155\" data-date=\"2023-01-31T15:55:39+01:00\" data-name=\"IMG_20210414_154745777-copie-scaled\"><figure class=\"post\"><a href=\"https:\/\/miroir-iv.mis-amigos-los-arboles.org\/wp-content\/uploads\/2023\/01\/IMG_20210414_154745777-copie-scaled-1.jpg\" class=\"rollover dt-pswp-item layzr-bg\" data-large_image_width=\"2560\" data-large_image_height=\"1920\" data-dt-img-description=\"\" title=\"IMG_20210414_154745777-copie-scaled\"><img decoding=\"async\" class=\"preload-me owl-lazy-load aspect\" src=\"data:image\/svg+xml,%3Csvg%20xmlns%3D&#39;http%3A%2F%2Fwww.w3.org%2F2000%2Fsvg&#39;%20viewBox%3D&#39;0%200%201920%201920&#39;%2F%3E\" data-src=\"https:\/\/miroir-iv.mis-amigos-los-arboles.org\/wp-content\/uploads\/2023\/01\/IMG_20210414_154745777-copie-scaled-1-1920x1920.jpg\" data-srcset=\"https:\/\/miroir-iv.mis-amigos-los-arboles.org\/wp-content\/uploads\/2023\/01\/IMG_20210414_154745777-copie-scaled-1-1920x1920.jpg 1920w\" loading=\"eager\" style=\"--ratio: 1920 \/ 1920\" sizes=\"(max-width: 1920px) 100vw, 1920px\" alt=\"Transformaci\u00f3n de plantas arom\u00e1ticas y medicinales - Impulso Verde\" width=\"1920\" height=\"1920\"  \/><span class=\"gallery-rollover\"><span class=\"gallery-zoom-ico icomoon-the7-font-the7-zoom-06\"><span><\/span><\/span><\/span><\/a><\/figure><\/div><div data-post-id=\"12848\" data-date=\"2023-01-27T17:31:24+01:00\" data-name=\"aceites_vegetales_prensa-con-tornillo\"><figure class=\"post\"><a href=\"https:\/\/miroir-iv.mis-amigos-los-arboles.org\/wp-content\/uploads\/2023\/01\/aceites_vegetales_prensa-con-tornillo.jpg\" class=\"rollover dt-pswp-item layzr-bg\" data-large_image_width=\"2000\" data-large_image_height=\"1500\" data-dt-img-description=\"\" title=\"aceites_vegetales_prensa-con-tornillo\"><img decoding=\"async\" class=\"preload-me owl-lazy-load aspect\" src=\"data:image\/svg+xml,%3Csvg%20xmlns%3D&#39;http%3A%2F%2Fwww.w3.org%2F2000%2Fsvg&#39;%20viewBox%3D&#39;0%200%201500%201500&#39;%2F%3E\" data-src=\"https:\/\/miroir-iv.mis-amigos-los-arboles.org\/wp-content\/uploads\/2023\/01\/aceites_vegetales_prensa-con-tornillo-1500x1500.jpg\" data-srcset=\"https:\/\/miroir-iv.mis-amigos-los-arboles.org\/wp-content\/uploads\/2023\/01\/aceites_vegetales_prensa-con-tornillo-1500x1500.jpg 1500w\" loading=\"eager\" style=\"--ratio: 1500 \/ 1500\" sizes=\"(max-width: 1500px) 100vw, 1500px\" alt=\"Transformaci\u00f3n de plantas arom\u00e1ticas y medicinales - Impulso Verde\" width=\"1500\" height=\"1500\"  \/><span class=\"gallery-rollover\"><span class=\"gallery-zoom-ico icomoon-the7-font-the7-zoom-06\"><span><\/span><\/span><\/span><\/a><\/figure><\/div><div data-post-id=\"12869\" data-date=\"2023-01-27T17:31:38+01:00\" data-name=\"taller_aceites_vegetales_maceracion\"><figure class=\"post\"><a href=\"https:\/\/miroir-iv.mis-amigos-los-arboles.org\/wp-content\/uploads\/2023\/01\/taller_aceites_vegetales_maceracion.jpg\" class=\"rollover dt-pswp-item layzr-bg\" data-large_image_width=\"2090\" data-large_image_height=\"2090\" data-dt-img-description=\"\" title=\"taller_aceites_vegetales_maceracion\"><img decoding=\"async\" class=\"preload-me owl-lazy-load aspect\" src=\"data:image\/svg+xml,%3Csvg%20xmlns%3D&#39;http%3A%2F%2Fwww.w3.org%2F2000%2Fsvg&#39;%20viewBox%3D&#39;0%200%202090%202090&#39;%2F%3E\" data-src=\"https:\/\/miroir-iv.mis-amigos-los-arboles.org\/wp-content\/uploads\/2023\/01\/taller_aceites_vegetales_maceracion.jpg\" data-srcset=\"https:\/\/miroir-iv.mis-amigos-los-arboles.org\/wp-content\/uploads\/2023\/01\/taller_aceites_vegetales_maceracion.jpg 2090w\" loading=\"eager\" style=\"--ratio: 2090 \/ 2090\" sizes=\"(max-width: 2090px) 100vw, 2090px\" alt=\"Transformaci\u00f3n de plantas arom\u00e1ticas y medicinales - Impulso Verde\" width=\"2090\" height=\"2090\"  \/><span class=\"gallery-rollover\"><span class=\"gallery-zoom-ico icomoon-the7-font-the7-zoom-06\"><span><\/span><\/span><\/span><\/a><\/figure><\/div><div data-post-id=\"12866\" data-date=\"2023-01-27T17:31:35+01:00\" data-name=\"materia-prima\"><figure class=\"post\"><a href=\"https:\/\/miroir-iv.mis-amigos-los-arboles.org\/wp-content\/uploads\/2023\/01\/materia-prima.jpg\" class=\"rollover dt-pswp-item layzr-bg\" data-large_image_width=\"2000\" data-large_image_height=\"2067\" data-dt-img-description=\"\" title=\"materia-prima\"><img decoding=\"async\" class=\"preload-me owl-lazy-load aspect\" src=\"data:image\/svg+xml,%3Csvg%20xmlns%3D&#39;http%3A%2F%2Fwww.w3.org%2F2000%2Fsvg&#39;%20viewBox%3D&#39;0%200%202000%202000&#39;%2F%3E\" data-src=\"https:\/\/miroir-iv.mis-amigos-los-arboles.org\/wp-content\/uploads\/2023\/01\/materia-prima-2000x2000.jpg\" data-srcset=\"https:\/\/miroir-iv.mis-amigos-los-arboles.org\/wp-content\/uploads\/2023\/01\/materia-prima-2000x2000.jpg 2000w\" loading=\"eager\" style=\"--ratio: 2000 \/ 2000\" sizes=\"(max-width: 2000px) 100vw, 2000px\" alt=\"Transformaci\u00f3n de plantas arom\u00e1ticas y medicinales - Impulso Verde\" width=\"2000\" height=\"2000\"  \/><span class=\"gallery-rollover\"><span class=\"gallery-zoom-ico icomoon-the7-font-the7-zoom-06\"><span><\/span><\/span><\/span><\/a><\/figure><\/div><div data-post-id=\"12854\" data-date=\"2023-01-27T17:31:28+01:00\" data-name=\"Capacitacio\u0301n_aceites_vegetales-1024x498\"><figure class=\"post\"><a href=\"https:\/\/miroir-iv.mis-amigos-los-arboles.org\/wp-content\/uploads\/2023\/01\/Capacitacion_aceites_vegetales-1024x498-1.jpg\" class=\"rollover dt-pswp-item layzr-bg\" data-large_image_width=\"1024\" data-large_image_height=\"498\" data-dt-img-description=\"\" title=\"Capacitacio\u0301n_aceites_vegetales-1024&#215;498\"><img decoding=\"async\" class=\"preload-me owl-lazy-load aspect\" src=\"data:image\/svg+xml,%3Csvg%20xmlns%3D&#39;http%3A%2F%2Fwww.w3.org%2F2000%2Fsvg&#39;%20viewBox%3D&#39;0%200%20498%20498&#39;%2F%3E\" data-src=\"https:\/\/miroir-iv.mis-amigos-los-arboles.org\/wp-content\/uploads\/2023\/01\/Capacitacion_aceites_vegetales-1024x498-1-498x498.jpg\" data-srcset=\"https:\/\/miroir-iv.mis-amigos-los-arboles.org\/wp-content\/uploads\/2023\/01\/Capacitacion_aceites_vegetales-1024x498-1-498x498.jpg 498w\" loading=\"eager\" style=\"--ratio: 498 \/ 498\" sizes=\"(max-width: 498px) 100vw, 498px\" alt=\"Transformaci\u00f3n de plantas arom\u00e1ticas y medicinales - Impulso Verde\" width=\"498\" height=\"498\"  \/><span class=\"gallery-rollover\"><span class=\"gallery-zoom-ico icomoon-the7-font-the7-zoom-06\"><span><\/span><\/span><\/span><\/a><\/figure><\/div><div data-post-id=\"12860\" data-date=\"2023-01-27T17:31:32+01:00\" data-name=\"Grupo_capacitacio\u0301n_aceites_vegetales-1024x498\"><figure class=\"post\"><a href=\"https:\/\/miroir-iv.mis-amigos-los-arboles.org\/wp-content\/uploads\/2023\/01\/Grupo_capacitacion_aceites_vegetales-1024x498-1.jpg\" class=\"rollover dt-pswp-item layzr-bg\" data-large_image_width=\"1024\" data-large_image_height=\"498\" data-dt-img-description=\"\" title=\"Grupo_capacitacio\u0301n_aceites_vegetales-1024&#215;498\"><img decoding=\"async\" class=\"preload-me owl-lazy-load aspect\" src=\"data:image\/svg+xml,%3Csvg%20xmlns%3D&#39;http%3A%2F%2Fwww.w3.org%2F2000%2Fsvg&#39;%20viewBox%3D&#39;0%200%20498%20498&#39;%2F%3E\" data-src=\"https:\/\/miroir-iv.mis-amigos-los-arboles.org\/wp-content\/uploads\/2023\/01\/Grupo_capacitacion_aceites_vegetales-1024x498-1-498x498.jpg\" data-srcset=\"https:\/\/miroir-iv.mis-amigos-los-arboles.org\/wp-content\/uploads\/2023\/01\/Grupo_capacitacion_aceites_vegetales-1024x498-1-498x498.jpg 498w\" loading=\"eager\" style=\"--ratio: 498 \/ 498\" sizes=\"(max-width: 498px) 100vw, 498px\" alt=\"Transformaci\u00f3n de plantas arom\u00e1ticas y medicinales - Impulso Verde\" width=\"498\" height=\"498\"  \/><span class=\"gallery-rollover\"><span class=\"gallery-zoom-ico icomoon-the7-font-the7-zoom-06\"><span><\/span><\/span><\/span><\/a><\/figure><\/div><div data-post-id=\"13152\" data-date=\"2023-01-31T15:55:37+01:00\" data-name=\"20201012_170151-scaled\"><figure class=\"post\"><a href=\"https:\/\/miroir-iv.mis-amigos-los-arboles.org\/wp-content\/uploads\/2023\/01\/20201012_170151-scaled-1.jpg\" class=\"rollover dt-pswp-item layzr-bg\" data-large_image_width=\"2560\" data-large_image_height=\"1244\" data-dt-img-description=\"\" title=\"20201012_170151-scaled\"><img decoding=\"async\" class=\"preload-me owl-lazy-load aspect\" src=\"data:image\/svg+xml,%3Csvg%20xmlns%3D&#39;http%3A%2F%2Fwww.w3.org%2F2000%2Fsvg&#39;%20viewBox%3D&#39;0%200%201244%201244&#39;%2F%3E\" data-src=\"https:\/\/miroir-iv.mis-amigos-los-arboles.org\/wp-content\/uploads\/2023\/01\/20201012_170151-scaled-1-1244x1244.jpg\" data-srcset=\"https:\/\/miroir-iv.mis-amigos-los-arboles.org\/wp-content\/uploads\/2023\/01\/20201012_170151-scaled-1-1244x1244.jpg 1244w\" loading=\"eager\" style=\"--ratio: 1244 \/ 1244\" sizes=\"(max-width: 1244px) 100vw, 1244px\" alt=\"Transformaci\u00f3n de plantas arom\u00e1ticas y medicinales - Impulso Verde\" width=\"1244\" height=\"1244\"  \/><span class=\"gallery-rollover\"><span class=\"gallery-zoom-ico icomoon-the7-font-the7-zoom-06\"><span><\/span><\/span><\/span><\/a><\/figure><\/div><div data-post-id=\"13161\" data-date=\"2023-01-31T15:55:43+01:00\" data-name=\"impulso-verde-alternativas-aconomicas-afd--scaled\"><figure class=\"post\"><a href=\"https:\/\/miroir-iv.mis-amigos-los-arboles.org\/wp-content\/uploads\/2023\/01\/impulso-verde-alternativas-aconomicas-afd-scaled-1.jpg\" class=\"rollover dt-pswp-item layzr-bg\" data-large_image_width=\"2560\" data-large_image_height=\"1244\" data-dt-img-description=\"\" title=\"impulso-verde-alternativas-aconomicas-afd&#8211;scaled\"><img decoding=\"async\" class=\"preload-me owl-lazy-load aspect\" src=\"data:image\/svg+xml,%3Csvg%20xmlns%3D&#39;http%3A%2F%2Fwww.w3.org%2F2000%2Fsvg&#39;%20viewBox%3D&#39;0%200%201244%201244&#39;%2F%3E\" data-src=\"https:\/\/miroir-iv.mis-amigos-los-arboles.org\/wp-content\/uploads\/2023\/01\/impulso-verde-alternativas-aconomicas-afd-scaled-1-1244x1244.jpg\" data-srcset=\"https:\/\/miroir-iv.mis-amigos-los-arboles.org\/wp-content\/uploads\/2023\/01\/impulso-verde-alternativas-aconomicas-afd-scaled-1-1244x1244.jpg 1244w\" loading=\"eager\" style=\"--ratio: 1244 \/ 1244\" sizes=\"(max-width: 1244px) 100vw, 1244px\" alt=\"Transformaci\u00f3n de plantas arom\u00e1ticas y medicinales - Impulso Verde\" width=\"1244\" height=\"1244\"  \/><span class=\"gallery-rollover\"><span class=\"gallery-zoom-ico icomoon-the7-font-the7-zoom-06\"><span><\/span><\/span><\/span><\/a><\/figure><\/div><\/div>[\/vc_column][\/vc_row]<\/p>\n<\/div>","protected":false},"excerpt":{"rendered":"<p>[vc_row bg_type=\u00a0\u00bbbg_color\u00a0\u00bb bg_override=\u00a0\u00bbex-full\u00a0\u00bb bg_color_value=\u00a0\u00bb#056e04&Prime; el_class=\u00a0\u00bblien-piste\u00a0\u00bb][vc_column][\/vc_column][\/vc_row][vc_row][vc_column][vc_single_image image=\u00a0\u00bb11754&Prime; img_size=\u00a0\u00bblarge\u00a0\u00bb alignment=\u00a0\u00bbcenter\u00a0\u00bb image_hovers=\u00a0\u00bbfalse\u00a0\u00bb][vc_empty_space height=\u00a0\u00bb70px\u00a0\u00bb][\/vc_column][\/vc_row][vc_row gap=\u00a0\u00bb3&Prime; content_placement=\u00a0\u00bbtop\u00a0\u00bb][vc_column width=\u00a0\u00bb1\/2&Prime;][vc_column_text] Plantes aromatiques et m\u00e9dicinales &nbsp; Les trois associations communautaires ont choisi le traitement des plantes par mac\u00e9ration avec le calendula (Calendula oficinallis l.), reconnu pour ses vertus dans le traitement, entre autres, des douleurs musculaires ou des inflammations, et avec la camomille&hellip;<\/p>\n","protected":false},"author":1,"featured_media":13164,"parent":13224,"menu_order":0,"comment_status":"closed","ping_status":"closed","template":"","meta":{"footnotes":""},"class_list":["post-13470","page","type-page","status-publish","has-post-thumbnail","hentry","description-off"],"yoast_head":"<!-- This site is optimized with the Yoast SEO plugin v27.5 - https:\/\/yoast.com\/product\/yoast-seo-wordpress\/ -->\n<title>Plantes aromatiques et m\u00e9dicinales - Impulsoverde.org - Miroir IV<\/title>\n<meta name=\"description\" content=\"Les trois associations communautaires ont choisi le traitement des plantes par mac\u00e9ration avec le calendula (Calendula oficinallis l.), reconnu pour ses vertus dans le traitement, entre autres, des douleurs musculaires ou des inflammations, et avec la camomille (Matricaria chamomilla, M.recutita), reconnue comme cicatrisante.\" \/>\n<meta name=\"robots\" content=\"noindex, follow, max-snippet:-1, max-image-preview:large, max-video-preview:-1\" \/>\n<meta property=\"og:locale\" content=\"fr_FR\" \/>\n<meta property=\"og:type\" content=\"article\" \/>\n<meta property=\"og:title\" content=\"Plantes aromatiques et m\u00e9dicinales - Impulsoverde.org - Miroir IV\" \/>\n<meta property=\"og:description\" content=\"Les trois associations communautaires ont choisi le traitement des plantes par mac\u00e9ration avec le calendula (Calendula oficinallis l.), reconnu pour ses vertus dans le traitement, entre autres, des douleurs musculaires ou des inflammations, et avec la camomille (Matricaria chamomilla, M.recutita), reconnue comme cicatrisante.\" \/>\n<meta property=\"og:url\" content=\"https:\/\/miroir-iv.mis-amigos-los-arboles.org\/fr\/restauration\/plantes-aromatiques-et-medicinales\/\" \/>\n<meta property=\"og:site_name\" content=\"Impulsoverde.org - Miroir IV\" \/>\n<meta property=\"article:modified_time\" content=\"2023-02-14T11:02:25+00:00\" \/>\n<meta property=\"og:image\" content=\"https:\/\/miroir-iv.mis-amigos-los-arboles.org\/wp-content\/uploads\/2023\/01\/Cultivo-de-calendula-Sinchimaki.jpg\" \/>\n\t<meta property=\"og:image:width\" content=\"1920\" \/>\n\t<meta property=\"og:image:height\" content=\"800\" \/>\n\t<meta property=\"og:image:type\" content=\"image\/jpeg\" \/>\n<meta name=\"twitter:card\" content=\"summary_large_image\" \/>\n<meta name=\"twitter:label1\" content=\"Dur\u00e9e de lecture estim\u00e9e\" \/>\n\t<meta name=\"twitter:data1\" content=\"2 minutes\" \/>\n<script type=\"application\/ld+json\" class=\"yoast-schema-graph\">{\"@context\":\"https:\\\/\\\/schema.org\",\"@graph\":[{\"@type\":\"WebPage\",\"@id\":\"https:\\\/\\\/miroir-iv.mis-amigos-los-arboles.org\\\/fr\\\/restauration\\\/plantes-aromatiques-et-medicinales\\\/\",\"url\":\"https:\\\/\\\/miroir-iv.mis-amigos-los-arboles.org\\\/fr\\\/restauration\\\/plantes-aromatiques-et-medicinales\\\/\",\"name\":\"Plantes aromatiques et m\u00e9dicinales - Impulsoverde.org - Miroir IV\",\"isPartOf\":{\"@id\":\"https:\\\/\\\/miroir-iv.mis-amigos-los-arboles.org\\\/#website\"},\"primaryImageOfPage\":{\"@id\":\"https:\\\/\\\/miroir-iv.mis-amigos-los-arboles.org\\\/fr\\\/restauration\\\/plantes-aromatiques-et-medicinales\\\/#primaryimage\"},\"image\":{\"@id\":\"https:\\\/\\\/miroir-iv.mis-amigos-los-arboles.org\\\/fr\\\/restauration\\\/plantes-aromatiques-et-medicinales\\\/#primaryimage\"},\"thumbnailUrl\":\"https:\\\/\\\/miroir-iv.mis-amigos-los-arboles.org\\\/wp-content\\\/uploads\\\/2023\\\/01\\\/Cultivo-de-calendula-Sinchimaki.jpg\",\"datePublished\":\"2023-01-31T14:50:57+00:00\",\"dateModified\":\"2023-02-14T11:02:25+00:00\",\"description\":\"Les trois associations communautaires ont choisi le traitement des plantes par mac\u00e9ration avec le calendula (Calendula oficinallis l.), reconnu pour ses vertus dans le traitement, entre autres, des douleurs musculaires ou des inflammations, et avec la camomille (Matricaria chamomilla, M.recutita), reconnue comme cicatrisante.\",\"breadcrumb\":{\"@id\":\"https:\\\/\\\/miroir-iv.mis-amigos-los-arboles.org\\\/fr\\\/restauration\\\/plantes-aromatiques-et-medicinales\\\/#breadcrumb\"},\"inLanguage\":\"fr-FR\",\"potentialAction\":[{\"@type\":\"ReadAction\",\"target\":[\"https:\\\/\\\/miroir-iv.mis-amigos-los-arboles.org\\\/fr\\\/restauration\\\/plantes-aromatiques-et-medicinales\\\/\"]}]},{\"@type\":\"ImageObject\",\"inLanguage\":\"fr-FR\",\"@id\":\"https:\\\/\\\/miroir-iv.mis-amigos-los-arboles.org\\\/fr\\\/restauration\\\/plantes-aromatiques-et-medicinales\\\/#primaryimage\",\"url\":\"https:\\\/\\\/miroir-iv.mis-amigos-los-arboles.org\\\/wp-content\\\/uploads\\\/2023\\\/01\\\/Cultivo-de-calendula-Sinchimaki.jpg\",\"contentUrl\":\"https:\\\/\\\/miroir-iv.mis-amigos-los-arboles.org\\\/wp-content\\\/uploads\\\/2023\\\/01\\\/Cultivo-de-calendula-Sinchimaki.jpg\",\"width\":1920,\"height\":800},{\"@type\":\"BreadcrumbList\",\"@id\":\"https:\\\/\\\/miroir-iv.mis-amigos-los-arboles.org\\\/fr\\\/restauration\\\/plantes-aromatiques-et-medicinales\\\/#breadcrumb\",\"itemListElement\":[{\"@type\":\"ListItem\",\"position\":1,\"name\":\"Portada\",\"item\":\"https:\\\/\\\/miroir-iv.mis-amigos-los-arboles.org\\\/fr\\\/la-fondation\\\/\"},{\"@type\":\"ListItem\",\"position\":2,\"name\":\"Restauration\",\"item\":\"https:\\\/\\\/miroir-iv.mis-amigos-los-arboles.org\\\/fr\\\/restauration\\\/\"},{\"@type\":\"ListItem\",\"position\":3,\"name\":\"Plantes aromatiques et m\u00e9dicinales\"}]},{\"@type\":\"WebSite\",\"@id\":\"https:\\\/\\\/miroir-iv.mis-amigos-los-arboles.org\\\/#website\",\"url\":\"https:\\\/\\\/miroir-iv.mis-amigos-los-arboles.org\\\/\",\"name\":\"Impulsoverde.org - Miroir IV\",\"description\":\"Site miroir -Impulsoverde.org \",\"potentialAction\":[{\"@type\":\"SearchAction\",\"target\":{\"@type\":\"EntryPoint\",\"urlTemplate\":\"https:\\\/\\\/miroir-iv.mis-amigos-los-arboles.org\\\/?s={search_term_string}\"},\"query-input\":{\"@type\":\"PropertyValueSpecification\",\"valueRequired\":true,\"valueName\":\"search_term_string\"}}],\"inLanguage\":\"fr-FR\"}]}<\/script>\n<!-- \/ Yoast SEO plugin. -->","yoast_head_json":{"title":"Plantes aromatiques et m\u00e9dicinales - Impulsoverde.org - Miroir IV","description":"Les trois associations communautaires ont choisi le traitement des plantes par mac\u00e9ration avec le calendula (Calendula oficinallis l.), reconnu pour ses vertus dans le traitement, entre autres, des douleurs musculaires ou des inflammations, et avec la camomille (Matricaria chamomilla, M.recutita), reconnue comme cicatrisante.","robots":{"index":"noindex","follow":"follow","max-snippet":"max-snippet:-1","max-image-preview":"max-image-preview:large","max-video-preview":"max-video-preview:-1"},"og_locale":"fr_FR","og_type":"article","og_title":"Plantes aromatiques et m\u00e9dicinales - Impulsoverde.org - Miroir IV","og_description":"Les trois associations communautaires ont choisi le traitement des plantes par mac\u00e9ration avec le calendula (Calendula oficinallis l.), reconnu pour ses vertus dans le traitement, entre autres, des douleurs musculaires ou des inflammations, et avec la camomille (Matricaria chamomilla, M.recutita), reconnue comme cicatrisante.","og_url":"https:\/\/miroir-iv.mis-amigos-los-arboles.org\/fr\/restauration\/plantes-aromatiques-et-medicinales\/","og_site_name":"Impulsoverde.org - Miroir IV","article_modified_time":"2023-02-14T11:02:25+00:00","og_image":[{"width":1920,"height":800,"url":"https:\/\/miroir-iv.mis-amigos-los-arboles.org\/wp-content\/uploads\/2023\/01\/Cultivo-de-calendula-Sinchimaki.jpg","type":"image\/jpeg"}],"twitter_card":"summary_large_image","twitter_misc":{"Dur\u00e9e de lecture estim\u00e9e":"2 minutes"},"schema":{"@context":"https:\/\/schema.org","@graph":[{"@type":"WebPage","@id":"https:\/\/miroir-iv.mis-amigos-los-arboles.org\/fr\/restauration\/plantes-aromatiques-et-medicinales\/","url":"https:\/\/miroir-iv.mis-amigos-los-arboles.org\/fr\/restauration\/plantes-aromatiques-et-medicinales\/","name":"Plantes aromatiques et m\u00e9dicinales - Impulsoverde.org - Miroir IV","isPartOf":{"@id":"https:\/\/miroir-iv.mis-amigos-los-arboles.org\/#website"},"primaryImageOfPage":{"@id":"https:\/\/miroir-iv.mis-amigos-los-arboles.org\/fr\/restauration\/plantes-aromatiques-et-medicinales\/#primaryimage"},"image":{"@id":"https:\/\/miroir-iv.mis-amigos-los-arboles.org\/fr\/restauration\/plantes-aromatiques-et-medicinales\/#primaryimage"},"thumbnailUrl":"https:\/\/miroir-iv.mis-amigos-los-arboles.org\/wp-content\/uploads\/2023\/01\/Cultivo-de-calendula-Sinchimaki.jpg","datePublished":"2023-01-31T14:50:57+00:00","dateModified":"2023-02-14T11:02:25+00:00","description":"Les trois associations communautaires ont choisi le traitement des plantes par mac\u00e9ration avec le calendula (Calendula oficinallis l.), reconnu pour ses vertus dans le traitement, entre autres, des douleurs musculaires ou des inflammations, et avec la camomille (Matricaria chamomilla, M.recutita), reconnue comme cicatrisante.","breadcrumb":{"@id":"https:\/\/miroir-iv.mis-amigos-los-arboles.org\/fr\/restauration\/plantes-aromatiques-et-medicinales\/#breadcrumb"},"inLanguage":"fr-FR","potentialAction":[{"@type":"ReadAction","target":["https:\/\/miroir-iv.mis-amigos-los-arboles.org\/fr\/restauration\/plantes-aromatiques-et-medicinales\/"]}]},{"@type":"ImageObject","inLanguage":"fr-FR","@id":"https:\/\/miroir-iv.mis-amigos-los-arboles.org\/fr\/restauration\/plantes-aromatiques-et-medicinales\/#primaryimage","url":"https:\/\/miroir-iv.mis-amigos-los-arboles.org\/wp-content\/uploads\/2023\/01\/Cultivo-de-calendula-Sinchimaki.jpg","contentUrl":"https:\/\/miroir-iv.mis-amigos-los-arboles.org\/wp-content\/uploads\/2023\/01\/Cultivo-de-calendula-Sinchimaki.jpg","width":1920,"height":800},{"@type":"BreadcrumbList","@id":"https:\/\/miroir-iv.mis-amigos-los-arboles.org\/fr\/restauration\/plantes-aromatiques-et-medicinales\/#breadcrumb","itemListElement":[{"@type":"ListItem","position":1,"name":"Portada","item":"https:\/\/miroir-iv.mis-amigos-los-arboles.org\/fr\/la-fondation\/"},{"@type":"ListItem","position":2,"name":"Restauration","item":"https:\/\/miroir-iv.mis-amigos-los-arboles.org\/fr\/restauration\/"},{"@type":"ListItem","position":3,"name":"Plantes aromatiques et m\u00e9dicinales"}]},{"@type":"WebSite","@id":"https:\/\/miroir-iv.mis-amigos-los-arboles.org\/#website","url":"https:\/\/miroir-iv.mis-amigos-los-arboles.org\/","name":"Impulsoverde.org - Miroir IV","description":"Site miroir -Impulsoverde.org ","potentialAction":[{"@type":"SearchAction","target":{"@type":"EntryPoint","urlTemplate":"https:\/\/miroir-iv.mis-amigos-los-arboles.org\/?s={search_term_string}"},"query-input":{"@type":"PropertyValueSpecification","valueRequired":true,"valueName":"search_term_string"}}],"inLanguage":"fr-FR"}]}},"_links":{"self":[{"href":"https:\/\/miroir-iv.mis-amigos-los-arboles.org\/fr\/wp-json\/wp\/v2\/pages\/13470","targetHints":{"allow":["GET"]}}],"collection":[{"href":"https:\/\/miroir-iv.mis-amigos-los-arboles.org\/fr\/wp-json\/wp\/v2\/pages"}],"about":[{"href":"https:\/\/miroir-iv.mis-amigos-los-arboles.org\/fr\/wp-json\/wp\/v2\/types\/page"}],"author":[{"embeddable":true,"href":"https:\/\/miroir-iv.mis-amigos-los-arboles.org\/fr\/wp-json\/wp\/v2\/users\/1"}],"replies":[{"embeddable":true,"href":"https:\/\/miroir-iv.mis-amigos-los-arboles.org\/fr\/wp-json\/wp\/v2\/comments?post=13470"}],"version-history":[{"count":5,"href":"https:\/\/miroir-iv.mis-amigos-los-arboles.org\/fr\/wp-json\/wp\/v2\/pages\/13470\/revisions"}],"predecessor-version":[{"id":13776,"href":"https:\/\/miroir-iv.mis-amigos-los-arboles.org\/fr\/wp-json\/wp\/v2\/pages\/13470\/revisions\/13776"}],"up":[{"embeddable":true,"href":"https:\/\/miroir-iv.mis-amigos-los-arboles.org\/fr\/wp-json\/wp\/v2\/pages\/13224"}],"wp:featuredmedia":[{"embeddable":true,"href":"https:\/\/miroir-iv.mis-amigos-los-arboles.org\/fr\/wp-json\/wp\/v2\/media\/13164"}],"wp:attachment":[{"href":"https:\/\/miroir-iv.mis-amigos-los-arboles.org\/fr\/wp-json\/wp\/v2\/media?parent=13470"}],"curies":[{"name":"wp","href":"https:\/\/api.w.org\/{rel}","templated":true}]}}