{"id":13433,"date":"2023-01-27T15:22:08","date_gmt":"2023-01-27T14:22:08","guid":{"rendered":"https:\/\/miroir-iv.mis-amigos-los-arboles.org\/actualites\/"},"modified":"2023-02-14T12:48:07","modified_gmt":"2023-02-14T11:48:07","slug":"actualites","status":"publish","type":"page","link":"https:\/\/miroir-iv.mis-amigos-los-arboles.org\/fr\/actualites\/","title":{"rendered":"Actualit\u00e9s"},"content":{"rendered":"<div class=\"wpb-content-wrapper\"><p>[vc_row bg_type=\u00a0\u00bbbg_color\u00a0\u00bb bg_override=\u00a0\u00bbex-full\u00a0\u00bb bg_color_value=\u00a0\u00bb#056e04&Prime; el_class=\u00a0\u00bblien-piste\u00a0\u00bb][vc_column]<style type=\"text\/css\" data-type=\"the7_shortcodes-inline-css\">.dt-breadcrumbs-id-6ca108f121cf2a3b184ecf737aea0f06 .breadcrumbs {\n  display: inline-block;\n  margin: 0;\n  padding: 2px 10px 2px 10px;\n  background: #056e04;\n  border: 0px solid ;\n  border-radius: 0px;\n}\n.dt-breadcrumbs-id-6ca108f121cf2a3b184ecf737aea0f06 .breadcrumbs * {\n  color: #ffffff;\n}\n<\/style><div class=\"dt-breadcrumbs-shortcode dt-breadcrumbs-id-6ca108f121cf2a3b184ecf737aea0f06 align-centre\"><div class=\"assistive-text\">Vous \u00eates ici :<\/div><ol class=\"breadcrumbs text-small\" itemscope itemtype=\"https:\/\/schema.org\/BreadcrumbList\"><li itemprop=\"itemListElement\" itemscope itemtype=\"https:\/\/schema.org\/ListItem\"><a itemprop=\"item\" href=\"https:\/\/miroir-iv.mis-amigos-los-arboles.org\/fr\/\" title=\"Accueil\"><span itemprop=\"name\">Accueil<\/span><\/a><meta itemprop=\"position\" content=\"1\" \/><\/li><li class=\"current\" itemprop=\"itemListElement\" itemscope itemtype=\"https:\/\/schema.org\/ListItem\"><span itemprop=\"name\">Page<\/span><meta itemprop=\"position\" content=\"2\" \/><\/li><\/ol><\/div>[\/vc_column][\/vc_row][vc_row gap=\u00a0\u00bb3&Prime;][vc_column][vc_single_image image=\u00a0\u00bb11754&Prime; img_size=\u00a0\u00bblarge\u00a0\u00bb alignment=\u00a0\u00bbcenter\u00a0\u00bb image_hovers=\u00a0\u00bbfalse\u00a0\u00bb][\/vc_column][\/vc_row][vc_row content_placement=\u00a0\u00bbtop\u00a0\u00bb el_class=\u00a0\u00bbnoticia \u00ab\u00a0][vc_column width=\u00a0\u00bb2\/3\u00a0\u00bb]<style type=\"text\/css\" data-type=\"the7_shortcodes-inline-css\">.blog-shortcode.blog-list-shortcode-id-b03878a0aae05a5f37bb64fc25625850.side-overlap-layout-list .post-thumbnail-wrap {\n  width: 70%;\n}\n.blog-shortcode.blog-list-shortcode-id-b03878a0aae05a5f37bb64fc25625850.side-overlap-layout-list .post-entry-content {\n  width: calc(100% - 70% + 100px);\n  margin-top: 50px;\n}\n.blog-shortcode.blog-list-shortcode-id-b03878a0aae05a5f37bb64fc25625850.side-overlap-layout-list .no-img .post-entry-content {\n  width: 100%;\n  margin-top: 0;\n}\n.blog-shortcode.blog-list-shortcode-id-b03878a0aae05a5f37bb64fc25625850.side-overlap-layout-list .project-odd .post-entry-content {\n  margin-left: -100px;\n}\n.rtl .blog-shortcode.blog-list-shortcode-id-b03878a0aae05a5f37bb64fc25625850.side-overlap-layout-list .project-odd .post-entry-content {\n  margin-right: -100px;\n  margin-left: 0;\n}\n.blog-shortcode.blog-list-shortcode-id-b03878a0aae05a5f37bb64fc25625850.side-overlap-layout-list .no-img.project-odd .post-entry-content {\n  margin-left: 0;\n}\n.rtl .blog-shortcode.blog-list-shortcode-id-b03878a0aae05a5f37bb64fc25625850.side-overlap-layout-list .no-img.project-odd .post-entry-content {\n  margin-right: 0;\n  margin-left: 0;\n}\n.blog-shortcode.blog-list-shortcode-id-b03878a0aae05a5f37bb64fc25625850.side-overlap-layout-list .project-even .post-entry-content {\n  margin-right: -100px;\n}\n.rtl .blog-shortcode.blog-list-shortcode-id-b03878a0aae05a5f37bb64fc25625850.side-overlap-layout-list .project-even .post-entry-content {\n  margin-left: -100px;\n  margin-right: 0;\n}\n.blog-shortcode.blog-list-shortcode-id-b03878a0aae05a5f37bb64fc25625850.side-overlap-layout-list .no-img.project-even .post-entry-content {\n  margin-right: 0;\n}\n.rtl .blog-shortcode.blog-list-shortcode-id-b03878a0aae05a5f37bb64fc25625850.side-overlap-layout-list .no-img.project-even .post-entry-content {\n  margin-left: 0;\n  margin-right: 0;\n}\n@media screen and (max-width: 990px) {\n  #page .blog-shortcode.blog-list-shortcode-id-b03878a0aae05a5f37bb64fc25625850.side-overlap-layout-list .project-odd .post-entry-content {\n    left: 0;\n  }\n  #page .blog-shortcode.blog-list-shortcode-id-b03878a0aae05a5f37bb64fc25625850.side-overlap-layout-list .project-even .post-entry-content {\n    right: 0;\n  }\n}\n.blog-shortcode.blog-list-shortcode-id-b03878a0aae05a5f37bb64fc25625850 .paginator {\n  margin-top: 30px;\n}\n.blog-shortcode.blog-list-shortcode-id-b03878a0aae05a5f37bb64fc25625850 .filter {\n  margin-bottom: 30px;\n}\n.blog-shortcode.blog-list-shortcode-id-b03878a0aae05a5f37bb64fc25625850 .filter a,\n.blog-shortcode.blog-list-shortcode-id-b03878a0aae05a5f37bb64fc25625850 .filter a * {\n  color: #056e04;\n}\n.blog-shortcode.blog-list-shortcode-id-b03878a0aae05a5f37bb64fc25625850 .paginator a,\n.blog-shortcode.blog-list-shortcode-id-b03878a0aae05a5f37bb64fc25625850 .paginator a * {\n  color: #056e04;\n}\n.blog-shortcode.blog-list-shortcode-id-b03878a0aae05a5f37bb64fc25625850 .paginator .button-load-more {\n  border-color: rgba(5,110,4,0.1);\n}\n.blog-shortcode.blog-list-shortcode-id-b03878a0aae05a5f37bb64fc25625850 .paginator .button-load-more:hover {\n  border-color: rgba(5,110,4,0.21);\n}\n.blog-shortcode.blog-list-shortcode-id-b03878a0aae05a5f37bb64fc25625850 .filter-bg-decoration .filter-categories a.act {\n  color: #fff;\n}\n.blog-shortcode.blog-list-shortcode-id-b03878a0aae05a5f37bb64fc25625850:not(.mode-masonry) article {\n  margin-top: 50px;\n}\n.blog-shortcode.blog-list-shortcode-id-b03878a0aae05a5f37bb64fc25625850:not(.mode-masonry) article:first-of-type,\n.blog-shortcode.blog-list-shortcode-id-b03878a0aae05a5f37bb64fc25625850:not(.mode-masonry) article.visible.first:not(.product) {\n  margin-top: 0;\n}\n.blog-shortcode.blog-list-shortcode-id-b03878a0aae05a5f37bb64fc25625850.dividers-on:not(.mode-masonry) article {\n  margin-top: 0;\n  padding-top: 50px;\n}\n.blog-shortcode.blog-list-shortcode-id-b03878a0aae05a5f37bb64fc25625850.dividers-on:not(.mode-masonry) article:first-of-type,\n.blog-shortcode.blog-list-shortcode-id-b03878a0aae05a5f37bb64fc25625850.dividers-on:not(.mode-masonry) article.visible.first:not(.product) {\n  margin-top: 0;\n  padding-top: 0;\n}\n.blog-shortcode.blog-list-shortcode-id-b03878a0aae05a5f37bb64fc25625850 .post-thumbnail-wrap {\n  padding: 0px 0px 0px 0px;\n}\n.blog-shortcode.blog-list-shortcode-id-b03878a0aae05a5f37bb64fc25625850.enable-bg-rollover .post-thumbnail-rollover:after {\n  background: -webkit-linear-gradient();\n  background: linear-gradient();\n}\n.blog-shortcode.blog-list-shortcode-id-b03878a0aae05a5f37bb64fc25625850 .gallery-zoom-ico {\n  width: 64px;\n  height: 64px;\n  line-height: 64px;\n  border-radius: 100px;\n  margin: -32px 0 0 -32px;\n  border-width: 0px;\n  color: #ffffff;\n}\n.bottom-overlap-layout-list.blog-shortcode.blog-list-shortcode-id-b03878a0aae05a5f37bb64fc25625850 .gallery-zoom-ico {\n  margin-top: -57px;\n}\n.gradient-overlay-layout-list.blog-shortcode.blog-list-shortcode-id-b03878a0aae05a5f37bb64fc25625850 .gallery-zoom-ico,\n.content-rollover-layout-list.blog-shortcode.blog-list-shortcode-id-b03878a0aae05a5f37bb64fc25625850 .gallery-zoom-ico {\n  margin: 0 0 10px;\n}\n.content-align-center.gradient-overlay-layout-list.blog-shortcode.blog-list-shortcode-id-b03878a0aae05a5f37bb64fc25625850 .gallery-zoom-ico,\n.content-align-center.content-rollover-layout-list.blog-shortcode.blog-list-shortcode-id-b03878a0aae05a5f37bb64fc25625850 .gallery-zoom-ico {\n  margin: 0 auto 10px;\n}\n.dt-icon-bg-on.blog-shortcode.blog-list-shortcode-id-b03878a0aae05a5f37bb64fc25625850 .gallery-zoom-ico {\n  background: rgba(255,255,255,0.3);\n  box-shadow: none;\n}\n.blog-shortcode.blog-list-shortcode-id-b03878a0aae05a5f37bb64fc25625850 .gallery-zoom-ico > span,\n.blog-shortcode.blog-list-shortcode-id-b03878a0aae05a5f37bb64fc25625850 .gallery-zoom-ico:before {\n  font-size: 64px;\n  line-height: 64px;\n}\n.blog-shortcode.blog-list-shortcode-id-b03878a0aae05a5f37bb64fc25625850 .gallery-zoom-ico > span,\n.blog-shortcode.blog-list-shortcode-id-b03878a0aae05a5f37bb64fc25625850 .gallery-zoom-ico:before {\n  color: #ffffff;\n}\n.blog-shortcode.blog-list-shortcode-id-b03878a0aae05a5f37bb64fc25625850 .fancy-date a {\n  background: #ffffff;\n  box-shadow: none;\n}\n.blog-shortcode.blog-list-shortcode-id-b03878a0aae05a5f37bb64fc25625850 .fancy-date a * {\n  color: #056e04;\n}\n.blog-shortcode.blog-list-shortcode-id-b03878a0aae05a5f37bb64fc25625850 .fancy-date a .entry-month:after,\n.blog-shortcode.blog-list-shortcode-id-b03878a0aae05a5f37bb64fc25625850 .fancy-date a .entry-date:after {\n  background: #056e04;\n  box-shadow: none;\n}\n.blog-shortcode.blog-list-shortcode-id-b03878a0aae05a5f37bb64fc25625850 .entry-title,\n.blog-shortcode.blog-list-shortcode-id-b03878a0aae05a5f37bb64fc25625850.owl-carousel .entry-title {\n  margin-bottom: 12px;\n  font-size: 20px;\n  font-weight: bold;\n  text-transform: uppercase;\n}\n.blog-shortcode.blog-list-shortcode-id-b03878a0aae05a5f37bb64fc25625850 .entry-title a,\n.blog-shortcode.blog-list-shortcode-id-b03878a0aae05a5f37bb64fc25625850.owl-carousel .entry-title a {\n  color: #056e04;\n}\n.blog-shortcode.blog-list-shortcode-id-b03878a0aae05a5f37bb64fc25625850 .entry-meta {\n  margin-bottom: 15px;\n}\n.blog-shortcode.blog-list-shortcode-id-b03878a0aae05a5f37bb64fc25625850 .entry-meta * {\n  font-size: 12px;\n}\n.blog-shortcode.blog-list-shortcode-id-b03878a0aae05a5f37bb64fc25625850 .portfolio-categories {\n  margin-bottom: 15px;\n}\n.blog-shortcode.blog-list-shortcode-id-b03878a0aae05a5f37bb64fc25625850 .entry-excerpt {\n  margin-bottom: 10px;\n  font-size: 15px;\n}\n.blog-shortcode.blog-list-shortcode-id-b03878a0aae05a5f37bb64fc25625850 .entry-excerpt * {\n  color: #8c95a2;\n}\n.blog-shortcode.blog-list-shortcode-id-b03878a0aae05a5f37bb64fc25625850:not(.centered-layout-list) .post-entry-content {\n  padding: 30px 30px 30px 30px;\n}\n.blog-shortcode.blog-list-shortcode-id-b03878a0aae05a5f37bb64fc25625850:not(.centered-layout-list):not(.content-bg-on):not(.mode-list) .no-img .post-entry-content {\n  padding: 0;\n}\n.blog-shortcode.blog-list-shortcode-id-b03878a0aae05a5f37bb64fc25625850.content-bg-on:not(.classic-layout-list):not(.centered-layout-list) .post-entry-content {\n  background: #ffffff;\n  box-shadow: none;\n}\n.blog-shortcode.blog-list-shortcode-id-b03878a0aae05a5f37bb64fc25625850 .post-details.details-type-link,\n.blog-shortcode.blog-list-shortcode-id-b03878a0aae05a5f37bb64fc25625850 .post-details.details-type-link * {\n  color: #056e04;\n}\n@media screen and (max-width: 990px) {\n  .blog-shortcode.blog-list-shortcode-id-b03878a0aae05a5f37bb64fc25625850 article {\n    -ms-flex-flow: column nowrap;\n    flex-flow: column nowrap;\n    margin-top: 20px;\n  }\n  .blog-shortcode.blog-list-shortcode-id-b03878a0aae05a5f37bb64fc25625850.dividers-on article {\n    border: none;\n  }\n  .blog-shortcode.blog-list-shortcode-id-b03878a0aae05a5f37bb64fc25625850.content-bg-on.centered-layout-list article {\n    padding: 0;\n  }\n  .blog-shortcode.blog-list-shortcode-id-b03878a0aae05a5f37bb64fc25625850.blog-shortcode.dividers-on article,\n  .blog-shortcode.blog-list-shortcode-id-b03878a0aae05a5f37bb64fc25625850.dividers-on.classic-layout-list article {\n    margin-top: 20px;\n    padding: 0;\n  }\n  .blog-shortcode.blog-list-shortcode-id-b03878a0aae05a5f37bb64fc25625850.blog-shortcode.dividers-on article:first-of-type,\n  .blog-shortcode.blog-list-shortcode-id-b03878a0aae05a5f37bb64fc25625850.dividers-on.classic-layout-list article:first-of-type {\n    padding: 0;\n  }\n  #page .blog-shortcode.blog-list-shortcode-id-b03878a0aae05a5f37bb64fc25625850 .post-thumbnail-wrap,\n  #page .blog-shortcode.blog-list-shortcode-id-b03878a0aae05a5f37bb64fc25625850 .post-entry-content {\n    width: 100%;\n    margin: 0;\n    top: 0;\n  }\n  #page .blog-shortcode.blog-list-shortcode-id-b03878a0aae05a5f37bb64fc25625850 .post-thumbnail-wrap {\n    padding: 0;\n  }\n  #page .blog-shortcode.blog-list-shortcode-id-b03878a0aae05a5f37bb64fc25625850 .post-entry-content:after {\n    display: none;\n  }\n  #page .blog-shortcode.blog-list-shortcode-id-b03878a0aae05a5f37bb64fc25625850 .project-even .post-thumbnail-wrap,\n  #page .blog-shortcode.blog-list-shortcode-id-b03878a0aae05a5f37bb64fc25625850.centered-layout-list .post-thumbnail-wrap {\n    -ms-flex-order: 0;\n    order: 0;\n  }\n  #page .blog-shortcode.blog-list-shortcode-id-b03878a0aae05a5f37bb64fc25625850.centered-layout-list .post-entry-title-content {\n    -ms-flex-order: 1;\n    order: 1;\n    width: 100%;\n    padding: 20px 20px 0;\n  }\n  #page .blog-shortcode.blog-list-shortcode-id-b03878a0aae05a5f37bb64fc25625850.centered-layout-list .post-entry-content {\n    -ms-flex-order: 2;\n    order: 2;\n    padding-top: 0;\n  }\n  #page .blog-shortcode.blog-list-shortcode-id-b03878a0aae05a5f37bb64fc25625850 .fancy-categories {\n    top: 10px;\n    left: 10px;\n    bottom: auto;\n    right: auto;\n  }\n  #page .blog-shortcode.blog-list-shortcode-id-b03878a0aae05a5f37bb64fc25625850 .fancy-date a {\n    top: 10px;\n    right: 10px;\n    left: auto;\n    bottom: auto;\n  }\n  #page .blog-shortcode.blog-list-shortcode-id-b03878a0aae05a5f37bb64fc25625850 .post-entry-content {\n    padding: 20px;\n  }\n  #page .blog-shortcode.blog-list-shortcode-id-b03878a0aae05a5f37bb64fc25625850 .entry-title {\n    margin: 3px 0 5px;\n    font-size: 20px;\n    line-height: 26px;\n  }\n  #page .blog-shortcode.blog-list-shortcode-id-b03878a0aae05a5f37bb64fc25625850 .entry-meta {\n    margin: 5px 0 5px;\n  }\n  #page .blog-shortcode.blog-list-shortcode-id-b03878a0aae05a5f37bb64fc25625850 .entry-excerpt {\n    margin: 15px 0 0;\n  }\n  #page .blog-shortcode.blog-list-shortcode-id-b03878a0aae05a5f37bb64fc25625850 .post-details {\n    margin: 5px 0 10px;\n  }\n  #page .blog-shortcode.blog-list-shortcode-id-b03878a0aae05a5f37bb64fc25625850 .post-details.details-type-link {\n    margin-bottom: 2px;\n  }\n}\n<\/style><div class=\"articles-list blog-shortcode mode-list blog-list-shortcode-id-b03878a0aae05a5f37bb64fc25625850 side-overlap-layout-list content-bg-on jquery-filter scale-img dt-icon-bg-off horizontal-fancy-style loading-effect-fade-in\" data-cur-page=\"1\" data-post-limit=\"6\" data-pagination-mode=\"load-more\"><div class=\"filter\"><div class=\"filter-categories\" data-default-order=\"desc\" data-default-orderby=\"date\"><a href=\"https:\/\/miroir-iv.mis-amigos-los-arboles.org\/fr\/actualites\/?orderby=date&#038;order=desc\" class=\"show-all act\" data-filter=\"*\">Tout voir<\/a><a href=\"https:\/\/miroir-iv.mis-amigos-los-arboles.org\/fr\/actualites\/?term=54&#038;orderby=date&#038;order=desc\" class=\"actualites-fr\" data-filter=\".category-54\">Actualit\u00e9s<\/a><a href=\"https:\/\/miroir-iv.mis-amigos-los-arboles.org\/fr\/actualites\/?term=55&#038;orderby=date&#038;order=desc\" class=\"actualites\" data-filter=\".category-55\">Actualit\u00e9s<\/a><a href=\"https:\/\/miroir-iv.mis-amigos-los-arboles.org\/fr\/actualites\/?term=56&#038;orderby=date&#038;order=desc\" class=\"ressources\" data-filter=\".category-56\">Ressources<\/a><\/div><div class=\"filter-extras\"><div class=\"filter-by\"><a href=\"https:\/\/miroir-iv.mis-amigos-los-arboles.org\/fr\/actualites\/?orderby=date&#038;order=desc\" class=\"sort-by-date act\" data-by=\"date\"><svg version=\"1.1\" id=\"Layer_1\" xmlns=\"http:\/\/www.w3.org\/2000\/svg\" xmlns:xlink=\"http:\/\/www.w3.org\/1999\/xlink\" x=\"0px\" y=\"0px\" viewBox=\"0 0 16 16\" style=\"enable-background:new 0 0 16 16;\" xml:space=\"preserve\"><path d=\"M11,6.5C11,6.2,11.2,6,11.5,6h1C12.8,6,13,6.2,13,6.5v1C13,7.8,12.8,8,12.5,8h-1C11.2,8,11,7.8,11,7.5V6.5z M8,6.5C8,6.2,8.2,6,8.5,6h1C9.8,6,10,6.2,10,6.5v1C10,7.8,9.8,8,9.5,8h-1C8.2,8,8,7.8,8,7.5V6.5z M3,9.5C3,9.2,3.2,9,3.5,9h1C4.8,9,5,9.2,5,9.5v1C5,10.8,4.8,11,4.5,11h-1C3.2,11,3,10.8,3,10.5V9.5z M6,9.5C6,9.2,6.2,9,6.5,9h1C7.8,9,8,9.2,8,9.5v1C8,10.8,7.8,11,7.5,11h-1C6.2,11,6,10.8,6,10.5V9.5z\"\/><path d=\"M3.5,0C3.8,0,4,0.2,4,0.5V1h8V0.5C12,0.2,12.2,0,12.5,0S13,0.2,13,0.5V1h1c1.1,0,2,0.9,2,2v11c0,1.1-0.9,2-2,2H2c-1.1,0-2-0.9-2-2V3c0-1.1,0.9-2,2-2h1V0.5C3,0.2,3.2,0,3.5,0z M1,4v10c0,0.6,0.4,1,1,1h12c0.6,0,1-0.4,1-1V4H1z\"\/><\/svg><span class=\"filter-popup\">Trier par date<\/span><\/a><span class=\"filter-switch\"><\/span><a href=\"https:\/\/miroir-iv.mis-amigos-los-arboles.org\/fr\/actualites\/?orderby=name&#038;order=desc\" class=\"sort-by-name\" data-by=\"name\"><svg version=\"1.1\" id=\"Layer_1\" xmlns=\"http:\/\/www.w3.org\/2000\/svg\" xmlns:xlink=\"http:\/\/www.w3.org\/1999\/xlink\" x=\"0px\" y=\"0px\" viewBox=\"0 0 16 16\" style=\"enable-background:new 0 0 16 16;\" xml:space=\"preserve\"><path d=\"M2.2,13.1l0.9-2.8h3.5l0.9,2.8h1.3L5.5,3.8H4.3L1,13.1H2.2z M4.9,5.2l1.4,4.2H3.5L4.9,5.2C4.9,5.2,4.9,5.2,4.9,5.2z\"\/><g><path d=\"M10,12.4l2.8-3.6c0.3-0.3,0.5-0.6,0.8-1v0h-3.3V6.9h4.7l0,0.7l-2.7,3.6c-0.3,0.3-0.5,0.6-0.8,1v0H15v0.9h-5V12.4z\"\/><\/g><\/svg><span class=\"filter-popup\">Trier par nom<\/span><\/a><\/div><div class=\"filter-sorting\"><a href=\"https:\/\/miroir-iv.mis-amigos-los-arboles.org\/fr\/actualites\/?orderby=date&#038;order=desc\" class=\"sort-by-desc act\" data-sort=\"desc\"><svg version=\"1.1\" id=\"Layer_1\" xmlns=\"http:\/\/www.w3.org\/2000\/svg\" xmlns:xlink=\"http:\/\/www.w3.org\/1999\/xlink\" x=\"0px\" y=\"0px\"viewBox=\"0 0 16 16\" style=\"enable-background:new 0 0 16 16;\" xml:space=\"preserve\"><path d=\"M3.5,2.5C3.5,2.2,3.3,2,3,2S2.5,2.2,2.5,2.5v8.8l-1.1-1.1c-0.2-0.2-0.5-0.2-0.7,0s-0.2,0.5,0,0.7l0,0l2,2l0,0c0.2,0.2,0.5,0.2,0.7,0l2-2c0.2-0.2,0.2-0.5,0-0.7c-0.2-0.2-0.5-0.2-0.7,0l-1.1,1.1V2.5z M7,3.5C7,3.2,7.2,3,7.5,3h7C14.8,3,15,3.2,15,3.5S14.8,4,14.5,4h-7C7.2,4,7,3.8,7,3.5z M7.5,6C7.2,6,7,6.2,7,6.5S7.2,7,7.5,7h5C12.8,7,13,6.8,13,6.5S12.8,6,12.5,6H7.5z M7.5,9C7.2,9,7,9.2,7,9.5S7.2,10,7.5,10h3c0.3,0,0.5-0.2,0.5-0.5S10.8,9,10.5,9H7.5z M7.5,12C7.2,12,7,12.2,7,12.5S7.2,13,7.5,13h1C8.8,13,9,12.8,9,12.5S8.8,12,8.5,12H7.5z\"\/><\/svg><span class=\"filter-popup\">Descendant <\/span><\/a><span class=\"filter-switch\"><\/span><a href=\"https:\/\/miroir-iv.mis-amigos-los-arboles.org\/fr\/actualites\/?orderby=date&#038;order=asc\" class=\"sort-by-asc\" data-sort=\"asc\"><svg version=\"1.1\" id=\"Layer_1\" xmlns=\"http:\/\/www.w3.org\/2000\/svg\" xmlns:xlink=\"http:\/\/www.w3.org\/1999\/xlink\" x=\"0px\" y=\"0px\" viewBox=\"0 0 16 16\" style=\"enable-background:new 0 0 16 16;\" xml:space=\"preserve\"><path d=\"M3.5,12.5C3.5,12.8,3.3,13,3,13s-0.5-0.2-0.5-0.5V3.7L1.4,4.9C1.2,5,0.8,5,0.6,4.9s-0.2-0.5,0-0.7l2-2l0,0C2.8,2,3.2,2,3.4,2.1l2,2c0.2,0.2,0.2,0.5,0,0.7S4.8,5,4.6,4.9L3.5,3.7V12.5z M7,3.5C7,3.2,7.2,3,7.5,3h7C14.8,3,15,3.2,15,3.5S14.8,4,14.5,4h-7C7.2,4,7,3.8,7,3.5z M7.5,6C7.2,6,7,6.2,7,6.5S7.2,7,7.5,7h5C12.8,7,13,6.8,13,6.5S12.8,6,12.5,6H7.5z M7.5,9C7.2,9,7,9.2,7,9.5S7.2,10,7.5,10h3c0.3,0,0.5-0.2,0.5-0.5S10.8,9,10.5,9H7.5z M7.5,12C7.2,12,7,12.2,7,12.5S7.2,13,7.5,13h1C8.8,13,9,12.8,9,12.5S8.8,12,8.5,12H7.5z\"\/><\/svg><span class=\"filter-popup\">Ascendant<\/span><\/a><\/div><\/div><\/div><article class=\"post project-odd visible post-13614 type-post status-publish format-standard has-post-thumbnail hentry category-actualites-fr category-54 description-off\" data-name=\"Ecosyst\u00e8me du p\u00e1ramo et de la for\u00eat andine\" data-date=\"2022-11-29T16:58:48+01:00\">\n\n<div class=\"post-thumbnail-wrap\">\n\t<div class=\"post-thumbnail\">\n\n\t\t\n\t\t\n\t\t<a href=\"https:\/\/miroir-iv.mis-amigos-los-arboles.org\/fr\/ecosysteme-du-paramo-et-de-la-foret-andine\/\" class=\"post-thumbnail-rollover layzr-bg layzr-bg\" ><img fetchpriority=\"high\" decoding=\"async\" class=\"blog-thumb-lazy-load preload-me lazy-load aspect\" src=\"data:image\/svg+xml,%3Csvg%20xmlns%3D&#39;http%3A%2F%2Fwww.w3.org%2F2000%2Fsvg&#39;%20viewBox%3D&#39;0%200%20990%20660&#39;%2F%3E\" data-src=\"https:\/\/miroir-iv.mis-amigos-los-arboles.org\/wp-content\/uploads\/2023\/01\/ecosistema_impulso-verde-01-2-990x660.jpg\" data-srcset=\"https:\/\/miroir-iv.mis-amigos-los-arboles.org\/wp-content\/uploads\/2023\/01\/ecosistema_impulso-verde-01-2-990x660.jpg 990w, https:\/\/miroir-iv.mis-amigos-los-arboles.org\/wp-content\/uploads\/2023\/01\/ecosistema_impulso-verde-01-2-1200x800.jpg 1200w\" loading=\"eager\" style=\"--ratio: 990 \/ 660\" sizes=\"(max-width: 990px) 100vw, 990px\" alt=\"\" title=\"ecosistema_impulso-verde-01-2\" width=\"990\" height=\"660\"  \/><span class=\"gallery-zoom-ico icomoon-the7-font-the7-plus-12\"><span><\/span><\/span><\/a>\n\t<\/div>\n<\/div>\n\n\n<div class=\"post-entry-content\">\n\n\t<h3 class=\"entry-title\">\n\t\t<a href=\"https:\/\/miroir-iv.mis-amigos-los-arboles.org\/fr\/ecosysteme-du-paramo-et-de-la-foret-andine\/\" title=\"Ecosyst\u00e8me du p\u00e1ramo et de la for\u00eat andine\" rel=\"bookmark\">Ecosyst\u00e8me du p\u00e1ramo et de la for\u00eat andine<\/a>\n\t<\/h3>\n\n\t<div class=\"entry-meta\"><span class=\"category-link\"><a href=\"https:\/\/miroir-iv.mis-amigos-los-arboles.org\/fr\/category\/actualites-fr\/\" >Actualit\u00e9s<\/a><\/span><\/div>\n\t<div class=\"entry-excerpt\"><p>[vc_row gap=\u00a0\u00bb35&Prime; bg_type=\u00a0\u00bbbg_color\u00a0\u00bb bg_override=\u00a0\u00bbex-full\u00a0\u00bb bg_color_value=\u00a0\u00bb#056e04&Prime;][vc_column][vc_empty_space height=\u00a0\u00bb15px\u00a0\u00bb][\/vc_column][\/vc_row][vc_row gap=\u00a0\u00bb3&Prime;][vc_column][vc_single_image image=\u00a0\u00bb11754&Prime; img_size=\u00a0\u00bblarge\u00a0\u00bb alignment=\u00a0\u00bbcenter\u00a0\u00bb image_hovers=\u00a0\u00bbfalse\u00a0\u00bb][vc_empty_space height=\u00a0\u00bb30px\u00a0\u00bb][vc_column_text] Ecosyst\u00e8me du p\u00e1ramo et de la for\u00eat andine [\/vc_column_text][vc_empty_space height=\u00a0\u00bb30px\u00a0\u00bb][\/vc_column][\/vc_row][vc_row gap=\u00a0\u00bb35&Prime; content_placement=\u00a0\u00bbmiddle\u00a0\u00bb][vc_column width=\u00a0\u00bb1\/3&Prime;][vc_empty_space height=\u00a0\u00bb70px\u00a0\u00bb][vc_single_image image=\u00a0\u00bb12789&Prime; img_size=\u00a0\u00bblarge\u00a0\u00bb alignment=\u00a0\u00bbcenter\u00a0\u00bb][\/vc_column][vc_column width=\u00a0\u00bb2\/3&Prime;][vc_column_text] Les p\u00e1ramos &nbsp; Le p\u00e1ramo est un \u00e9cosyst\u00e8me de haute montagne situ\u00e9 dans les Andes\u2026<\/p>\n<\/div>\n\t\n<a href=\"https:\/\/miroir-iv.mis-amigos-los-arboles.org\/fr\/ecosysteme-du-paramo-et-de-la-foret-andine\/\" class=\"post-details details-type-link\" aria-label=\"En savoir plus sur Ecosyst\u00e8me du p\u00e1ramo et de la for\u00eat andine\">M\u00e1s informaci\u00f3n<i class=\"dt-icon-the7-arrow-03\" aria-hidden=\"true\"><\/i><\/a>\n\n<\/div><\/article><article class=\"post project-even visible post-13622 type-post status-publish format-standard has-post-thumbnail hentry category-actualites-fr category-actualites category-54 category-55 description-off\" data-name=\"Rencontre autour de la reforestation en Amazonie\" data-date=\"2022-08-11T16:44:58+02:00\">\n\n<div class=\"post-thumbnail-wrap\">\n\t<div class=\"post-thumbnail\">\n\n\t\t\n\t\t\n\t\t<a href=\"https:\/\/miroir-iv.mis-amigos-los-arboles.org\/fr\/rencontre-autour-de-la-reforestation-en-amazonie\/\" class=\"post-thumbnail-rollover layzr-bg layzr-bg\" ><img decoding=\"async\" class=\"blog-thumb-lazy-load preload-me lazy-load aspect\" src=\"data:image\/svg+xml,%3Csvg%20xmlns%3D&#39;http%3A%2F%2Fwww.w3.org%2F2000%2Fsvg&#39;%20viewBox%3D&#39;0%200%20990%20660&#39;%2F%3E\" data-src=\"https:\/\/miroir-iv.mis-amigos-los-arboles.org\/wp-content\/uploads\/2023\/01\/Intercambio-Amazonas-Rio-Amazonas-1024x682-1-990x660.jpg\" data-srcset=\"https:\/\/miroir-iv.mis-amigos-los-arboles.org\/wp-content\/uploads\/2023\/01\/Intercambio-Amazonas-Rio-Amazonas-1024x682-1-990x660.jpg 990w, https:\/\/miroir-iv.mis-amigos-los-arboles.org\/wp-content\/uploads\/2023\/01\/Intercambio-Amazonas-Rio-Amazonas-1024x682-1-1022x682.jpg 1022w\" loading=\"eager\" style=\"--ratio: 990 \/ 660\" sizes=\"(max-width: 990px) 100vw, 990px\" alt=\"\" title=\"Intercambio-Amazonas-Rio-Amazonas-1024&#215;682\" width=\"990\" height=\"660\"  \/><span class=\"gallery-zoom-ico icomoon-the7-font-the7-plus-12\"><span><\/span><\/span><\/a>\n\t<\/div>\n<\/div>\n\n\n<div class=\"post-entry-content\">\n\n\t<h3 class=\"entry-title\">\n\t\t<a href=\"https:\/\/miroir-iv.mis-amigos-los-arboles.org\/fr\/rencontre-autour-de-la-reforestation-en-amazonie\/\" title=\"Rencontre autour de la reforestation en Amazonie\" rel=\"bookmark\">Rencontre autour de la reforestation en Amazonie<\/a>\n\t<\/h3>\n\n\t<div class=\"entry-meta\"><span class=\"category-link\"><a href=\"https:\/\/miroir-iv.mis-amigos-los-arboles.org\/fr\/category\/actualites-fr\/\" >Actualit\u00e9s<\/a>, <a href=\"https:\/\/miroir-iv.mis-amigos-los-arboles.org\/fr\/category\/actualites\/\" >Actualit\u00e9s<\/a><\/span><\/div>\n\t<div class=\"entry-excerpt\"><p>[vc_row gap=\u00a0\u00bb35&Prime; bg_type=\u00a0\u00bbbg_color\u00a0\u00bb bg_override=\u00a0\u00bbex-full\u00a0\u00bb bg_color_value=\u00a0\u00bb#056e04&Prime;][vc_column][vc_empty_space height=\u00a0\u00bb15px\u00a0\u00bb][\/vc_column][\/vc_row][vc_row gap=\u00a0\u00bb3&Prime;][vc_column][vc_single_image image=\u00a0\u00bb11754&Prime; img_size=\u00a0\u00bblarge\u00a0\u00bb alignment=\u00a0\u00bbcenter\u00a0\u00bb image_hovers=\u00a0\u00bbfalse\u00a0\u00bb][vc_empty_space height=\u00a0\u00bb30px\u00a0\u00bb][vc_column_text] Quand les dialogues se rencontrent : rencontre autour de la reforestation en Amazonie [\/vc_column_text][vc_empty_space height=\u00a0\u00bb30px\u00a0\u00bb][\/vc_column][\/vc_row][vc_row gap=\u00a0\u00bb35&Prime; content_placement=\u00a0\u00bbmiddle\u00a0\u00bb][vc_column width=\u00a0\u00bb3\/4&Prime;][vc_single_image image=\u00a0\u00bb12762&Prime; img_size=\u00a0\u00bblarge\u00a0\u00bb alignment=\u00a0\u00bbcenter\u00a0\u00bb][vc_empty_space height=\u00a0\u00bb15px\u00a0\u00bb][vc_column_text] Photographies : Juan Carlos Valencia M. [\/vc_column_text][vc_empty_space height=\u00a0\u00bb20px\u00a0\u00bb][\/vc_column][vc_column width=\u00a0\u00bb1\/4&Prime;][vc_column_text] En juillet\u2026<\/p>\n<\/div>\n\t\n<a href=\"https:\/\/miroir-iv.mis-amigos-los-arboles.org\/fr\/rencontre-autour-de-la-reforestation-en-amazonie\/\" class=\"post-details details-type-link\" aria-label=\"En savoir plus sur Rencontre autour de la reforestation en Amazonie\">M\u00e1s informaci\u00f3n<i class=\"dt-icon-the7-arrow-03\" aria-hidden=\"true\"><\/i><\/a>\n\n<\/div><\/article><article class=\"post project-odd visible post-13633 type-post status-publish format-standard has-post-thumbnail hentry category-actualites category-55 description-off\" data-name=\"Organisation d\u2019un s\u00e9minaire de pr\u00e9sentation du syst\u00e8me sylvopastoral \u00e0 Pupiales\" data-date=\"2021-04-08T16:40:26+02:00\">\n\n<div class=\"post-thumbnail-wrap\">\n\t<div class=\"post-thumbnail\">\n\n\t\t\n\t\t\n\t\t<a href=\"https:\/\/miroir-iv.mis-amigos-los-arboles.org\/fr\/organisation-dun-seminaire-de-presentation-du-systeme-sylvopastoral-a-pupiales\/\" class=\"post-thumbnail-rollover layzr-bg layzr-bg\" ><img decoding=\"async\" class=\"blog-thumb-lazy-load preload-me lazy-load aspect\" src=\"data:image\/svg+xml,%3Csvg%20xmlns%3D&#39;http%3A%2F%2Fwww.w3.org%2F2000%2Fsvg&#39;%20viewBox%3D&#39;0%200%20990%20660&#39;%2F%3E\" data-src=\"https:\/\/miroir-iv.mis-amigos-los-arboles.org\/wp-content\/uploads\/2021\/04\/reunion-990x660.png\" data-srcset=\"https:\/\/miroir-iv.mis-amigos-los-arboles.org\/wp-content\/uploads\/2021\/04\/reunion-990x660.png 990w, https:\/\/miroir-iv.mis-amigos-los-arboles.org\/wp-content\/uploads\/2021\/04\/reunion-1200x800.png 1200w\" loading=\"eager\" style=\"--ratio: 990 \/ 660\" sizes=\"(max-width: 990px) 100vw, 990px\" alt=\"\" title=\"reunion\" width=\"990\" height=\"660\"  \/><span class=\"gallery-zoom-ico icomoon-the7-font-the7-plus-12\"><span><\/span><\/span><\/a>\n\t<\/div>\n<\/div>\n\n\n<div class=\"post-entry-content\">\n\n\t<h3 class=\"entry-title\">\n\t\t<a href=\"https:\/\/miroir-iv.mis-amigos-los-arboles.org\/fr\/organisation-dun-seminaire-de-presentation-du-systeme-sylvopastoral-a-pupiales\/\" title=\"Organisation d\u2019un s\u00e9minaire de pr\u00e9sentation du syst\u00e8me sylvopastoral \u00e0 Pupiales\" rel=\"bookmark\">Organisation d\u2019un s\u00e9minaire de pr\u00e9sentation du syst\u00e8me sylvopastoral \u00e0 Pupiales<\/a>\n\t<\/h3>\n\n\t<div class=\"entry-meta\"><span class=\"category-link\"><a href=\"https:\/\/miroir-iv.mis-amigos-los-arboles.org\/fr\/category\/actualites\/\" >Actualit\u00e9s<\/a><\/span><\/div>\n\t<div class=\"entry-excerpt\"><p>[vc_row gap=\u00a0\u00bb35&Prime; bg_type=\u00a0\u00bbbg_color\u00a0\u00bb bg_override=\u00a0\u00bbex-full\u00a0\u00bb bg_color_value=\u00a0\u00bb#056e04&Prime;][vc_column][vc_empty_space height=\u00a0\u00bb15px\u00a0\u00bb][\/vc_column][\/vc_row][vc_row gap=\u00a0\u00bb3&Prime;][vc_column][vc_single_image image=\u00a0\u00bb11754&Prime; img_size=\u00a0\u00bblarge\u00a0\u00bb alignment=\u00a0\u00bbcenter\u00a0\u00bb image_hovers=\u00a0\u00bbfalse\u00a0\u00bb][vc_empty_space height=\u00a0\u00bb30px\u00a0\u00bb][vc_column_text] Organisation d\u2019un s\u00e9minaire de pr\u00e9sentation du syst\u00e8me sylvopastoral \u00e0 Pupiales [\/vc_column_text][vc_empty_space height=\u00a0\u00bb20px\u00a0\u00bb][\/vc_column][\/vc_row][vc_row][vc_column width=\u00a0\u00bb1\/3&Prime;][vc_single_image image=\u00a0\u00bb12735&Prime; img_size=\u00a0\u00bbmedium\u00a0\u00bb][vc_empty_space][vc_single_image image=\u00a0\u00bb12738&Prime; img_size=\u00a0\u00bbmedium\u00a0\u00bb][vc_empty_space][vc_single_image image=\u00a0\u00bb12741&Prime; img_size=\u00a0\u00bbmedium\u00a0\u00bb][vc_empty_space][vc_single_image image=\u00a0\u00bb12748&Prime; img_size=\u00a0\u00bbmedium\u00a0\u00bb][\/vc_column][vc_column width=\u00a0\u00bb2\/3&Prime;][vc_column_text] Le 25 mars dernier, la Fondation Impulso Verde Kuaspe a organis\u00e9\u2026<\/p>\n<\/div>\n\t\n<a href=\"https:\/\/miroir-iv.mis-amigos-los-arboles.org\/fr\/organisation-dun-seminaire-de-presentation-du-systeme-sylvopastoral-a-pupiales\/\" class=\"post-details details-type-link\" aria-label=\"En savoir plus sur Organisation d\u2019un s\u00e9minaire de pr\u00e9sentation du syst\u00e8me sylvopastoral \u00e0 Pupiales\">M\u00e1s informaci\u00f3n<i class=\"dt-icon-the7-arrow-03\" aria-hidden=\"true\"><\/i><\/a>\n\n<\/div><\/article><article class=\"post project-even visible post-13640 type-post status-publish format-standard has-post-thumbnail hentry category-actualites-fr category-54 description-off\" data-name=\"Participation de l\u2019\u00e9quipe d\u2019Impulso Verde et du r\u00e9seau de p\u00e9pini\u00e8res \u00e0 une minga \u2013 Reforestons le p\u00e1ramo du volcan Cumbal\" data-date=\"2020-10-28T16:22:39+01:00\">\n\n<div class=\"post-thumbnail-wrap\">\n\t<div class=\"post-thumbnail\">\n\n\t\t\n\t\t\n\t\t<a href=\"https:\/\/miroir-iv.mis-amigos-los-arboles.org\/fr\/participation-de-lequipe-dimpulso-verde-et-du-reseau-de-pepinieres-a-une-minga-reforestons-le-paramo-du-volcan-cumbal\/\" class=\"post-thumbnail-rollover layzr-bg layzr-bg\" ><img decoding=\"async\" class=\"blog-thumb-lazy-load preload-me lazy-load aspect\" src=\"data:image\/svg+xml,%3Csvg%20xmlns%3D&#39;http%3A%2F%2Fwww.w3.org%2F2000%2Fsvg&#39;%20viewBox%3D&#39;0%200%20990%20660&#39;%2F%3E\" data-src=\"https:\/\/miroir-iv.mis-amigos-los-arboles.org\/wp-content\/uploads\/2023\/01\/laguna_frailejones_impulso_verde-990x660.jpg\" data-srcset=\"https:\/\/miroir-iv.mis-amigos-los-arboles.org\/wp-content\/uploads\/2023\/01\/laguna_frailejones_impulso_verde-990x660.jpg 990w, https:\/\/miroir-iv.mis-amigos-los-arboles.org\/wp-content\/uploads\/2023\/01\/laguna_frailejones_impulso_verde-1683x1122.jpg 1683w\" loading=\"eager\" style=\"--ratio: 990 \/ 660\" sizes=\"(max-width: 990px) 100vw, 990px\" alt=\"\" title=\"DCIM105GOPROGOPR6183.JPG\" width=\"990\" height=\"660\"  \/><span class=\"gallery-zoom-ico icomoon-the7-font-the7-plus-12\"><span><\/span><\/span><\/a>\n\t<\/div>\n<\/div>\n\n\n<div class=\"post-entry-content\">\n\n\t<h3 class=\"entry-title\">\n\t\t<a href=\"https:\/\/miroir-iv.mis-amigos-los-arboles.org\/fr\/participation-de-lequipe-dimpulso-verde-et-du-reseau-de-pepinieres-a-une-minga-reforestons-le-paramo-du-volcan-cumbal\/\" title=\"Participation de l\u2019\u00e9quipe d\u2019Impulso Verde et du r\u00e9seau de p\u00e9pini\u00e8res \u00e0 une minga \u2013 Reforestons le p\u00e1ramo du volcan Cumbal\" rel=\"bookmark\">Participation de l\u2019\u00e9quipe d\u2019Impulso Verde et du r\u00e9seau de p\u00e9pini\u00e8res \u00e0 une minga \u2013 Reforestons le p\u00e1ramo du volcan Cumbal<\/a>\n\t<\/h3>\n\n\t<div class=\"entry-meta\"><span class=\"category-link\"><a href=\"https:\/\/miroir-iv.mis-amigos-los-arboles.org\/fr\/category\/actualites-fr\/\" >Actualit\u00e9s<\/a><\/span><\/div>\n\t<div class=\"entry-excerpt\"><p>[vc_row gap=\u00a0\u00bb35&Prime; bg_type=\u00a0\u00bbbg_color\u00a0\u00bb bg_override=\u00a0\u00bbex-full\u00a0\u00bb bg_color_value=\u00a0\u00bb#056e04&Prime;][vc_column][vc_empty_space height=\u00a0\u00bb15px\u00a0\u00bb][\/vc_column][\/vc_row][vc_row gap=\u00a0\u00bb3&Prime;][vc_column][vc_single_image image=\u00a0\u00bb11754&Prime; img_size=\u00a0\u00bblarge\u00a0\u00bb alignment=\u00a0\u00bbcenter\u00a0\u00bb image_hovers=\u00a0\u00bbfalse\u00a0\u00bb][vc_empty_space height=\u00a0\u00bb30px\u00a0\u00bb][vc_column_text] Participation de l\u2019\u00e9quipe d\u2019Impulso Verde et du r\u00e9seau de p\u00e9pini\u00e8res \u00e0 une minga \u2013 Reforestons le p\u00e1ramo du volcan Cumbal [\/vc_column_text][vc_empty_space height=\u00a0\u00bb30px\u00a0\u00bb][\/vc_column][\/vc_row][vc_row gap=\u00a0\u00bb35&Prime; content_placement=\u00a0\u00bbmiddle\u00a0\u00bb][vc_column width=\u00a0\u00bb1\/2&Prime;][vc_single_image image=\u00a0\u00bb12660&Prime; img_size=\u00a0\u00bblarge\u00a0\u00bb alignment=\u00a0\u00bbcenter\u00a0\u00bb][vc_empty_space height=\u00a0\u00bb20px\u00a0\u00bb][\/vc_column][vc_column width=\u00a0\u00bb1\/2&Prime;][vc_column_text] Le samedi 17\u2026<\/p>\n<\/div>\n\t\n<a href=\"https:\/\/miroir-iv.mis-amigos-los-arboles.org\/fr\/participation-de-lequipe-dimpulso-verde-et-du-reseau-de-pepinieres-a-une-minga-reforestons-le-paramo-du-volcan-cumbal\/\" class=\"post-details details-type-link\" aria-label=\"En savoir plus sur Participation de l\u2019\u00e9quipe d\u2019Impulso Verde et du r\u00e9seau de p\u00e9pini\u00e8res \u00e0 une minga \u2013 Reforestons le p\u00e1ramo du volcan Cumbal\">M\u00e1s informaci\u00f3n<i class=\"dt-icon-the7-arrow-03\" aria-hidden=\"true\"><\/i><\/a>\n\n<\/div><\/article><article class=\"post project-odd visible post-13647 type-post status-publish format-standard has-post-thumbnail hentry category-actualites-fr category-54 description-off\" data-name=\"Formation sur les huiles v\u00e9g\u00e9tales pour le R\u00e9seau de P\u00e9pini\u00e8res Impulso Verde\" data-date=\"2020-10-21T17:28:58+02:00\">\n\n<div class=\"post-thumbnail-wrap\">\n\t<div class=\"post-thumbnail\">\n\n\t\t\n\t\t\n\t\t<a href=\"https:\/\/miroir-iv.mis-amigos-los-arboles.org\/fr\/formation-sur-les-huiles-vegetales-pour-le-reseau-de-pepinieres-impulso-verde\/\" class=\"post-thumbnail-rollover layzr-bg layzr-bg\" ><img decoding=\"async\" class=\"blog-thumb-lazy-load preload-me lazy-load aspect\" src=\"data:image\/svg+xml,%3Csvg%20xmlns%3D&#39;http%3A%2F%2Fwww.w3.org%2F2000%2Fsvg&#39;%20viewBox%3D&#39;0%200%20990%20660&#39;%2F%3E\" data-src=\"https:\/\/miroir-iv.mis-amigos-los-arboles.org\/wp-content\/uploads\/2023\/01\/Aceites_vegetales_mani_ajonjoli-1-scaled-1-990x660.jpg\" data-srcset=\"https:\/\/miroir-iv.mis-amigos-los-arboles.org\/wp-content\/uploads\/2023\/01\/Aceites_vegetales_mani_ajonjoli-1-scaled-1-990x660.jpg 990w, https:\/\/miroir-iv.mis-amigos-los-arboles.org\/wp-content\/uploads\/2023\/01\/Aceites_vegetales_mani_ajonjoli-1-scaled-1-1683x1122.jpg 1683w\" loading=\"eager\" style=\"--ratio: 990 \/ 660\" sizes=\"(max-width: 990px) 100vw, 990px\" alt=\"\" title=\"Aceites_vegetales_mani\u0301_ajonjoli\u0301-1-scaled\" width=\"990\" height=\"660\"  \/><span class=\"gallery-zoom-ico icomoon-the7-font-the7-plus-12\"><span><\/span><\/span><\/a>\n\t<\/div>\n<\/div>\n\n\n<div class=\"post-entry-content\">\n\n\t<h3 class=\"entry-title\">\n\t\t<a href=\"https:\/\/miroir-iv.mis-amigos-los-arboles.org\/fr\/formation-sur-les-huiles-vegetales-pour-le-reseau-de-pepinieres-impulso-verde\/\" title=\"Formation sur les huiles v\u00e9g\u00e9tales pour le R\u00e9seau de P\u00e9pini\u00e8res Impulso Verde\" rel=\"bookmark\">Formation sur les huiles v\u00e9g\u00e9tales pour le R\u00e9seau de P\u00e9pini\u00e8res Impulso Verde<\/a>\n\t<\/h3>\n\n\t<div class=\"entry-meta\"><span class=\"category-link\"><a href=\"https:\/\/miroir-iv.mis-amigos-los-arboles.org\/fr\/category\/actualites-fr\/\" >Actualit\u00e9s<\/a><\/span><\/div>\n\t<div class=\"entry-excerpt\"><p>[vc_row gap=\u00a0\u00bb35&Prime; bg_type=\u00a0\u00bbbg_color\u00a0\u00bb bg_override=\u00a0\u00bbex-full\u00a0\u00bb bg_color_value=\u00a0\u00bb#056e04&Prime;][vc_column][vc_empty_space height=\u00a0\u00bb15px\u00a0\u00bb][\/vc_column][\/vc_row][vc_row gap=\u00a0\u00bb3&Prime;][vc_column][vc_single_image image=\u00a0\u00bb11754&Prime; img_size=\u00a0\u00bblarge\u00a0\u00bb alignment=\u00a0\u00bbcenter\u00a0\u00bb image_hovers=\u00a0\u00bbfalse\u00a0\u00bb][vc_empty_space height=\u00a0\u00bb30px\u00a0\u00bb][vc_column_text] Formation sur les huiles v\u00e9g\u00e9tales pour le R\u00e9seau de P\u00e9pini\u00e8res Impulso Verde [\/vc_column_text][vc_empty_space height=\u00a0\u00bb30px\u00a0\u00bb][\/vc_column][\/vc_row][vc_row gap=\u00a0\u00bb35&Prime; content_placement=\u00a0\u00bbmiddle\u00a0\u00bb][vc_column width=\u00a0\u00bb1\/3&Prime;][vc_empty_space height=\u00a0\u00bb20px\u00a0\u00bb][vc_single_image image=\u00a0\u00bb12854&Prime; img_size=\u00a0\u00bblarge\u00a0\u00bb alignment=\u00a0\u00bbcenter\u00a0\u00bb][vc_empty_space height=\u00a0\u00bb20px\u00a0\u00bb][\/vc_column][vc_column width=\u00a0\u00bb2\/3&Prime;][vc_column_text] L\u2019\u00e9quipe d\u2019Impulso Verde a finalement pu rendre visite au r\u00e9seau\u2026<\/p>\n<\/div>\n\t\n<a href=\"https:\/\/miroir-iv.mis-amigos-los-arboles.org\/fr\/formation-sur-les-huiles-vegetales-pour-le-reseau-de-pepinieres-impulso-verde\/\" class=\"post-details details-type-link\" aria-label=\"En savoir plus sur Formation sur les huiles v\u00e9g\u00e9tales pour le R\u00e9seau de P\u00e9pini\u00e8res Impulso Verde\">M\u00e1s informaci\u00f3n<i class=\"dt-icon-the7-arrow-03\" aria-hidden=\"true\"><\/i><\/a>\n\n<\/div><\/article><article class=\"post project-even visible post-13655 type-post status-publish format-standard has-post-thumbnail hentry category-actualites-fr category-54 description-off\" data-name=\"Installation d\u2019un syst\u00e8me d\u2019arrosage dans la p\u00e9pini\u00e8re de l\u2019association agro-\u00e9cologique Manantial de Vida\" data-date=\"2020-07-31T16:08:30+02:00\">\n\n<div class=\"post-thumbnail-wrap\">\n\t<div class=\"post-thumbnail\">\n\n\t\t\n\t\t\n\t\t<a href=\"https:\/\/miroir-iv.mis-amigos-los-arboles.org\/fr\/installation-dun-systeme-darrosage-dans-la-pepiniere-de-lassociation-agro-ecologique-manantial-de-vida\/\" class=\"post-thumbnail-rollover layzr-bg layzr-bg\" ><img decoding=\"async\" class=\"blog-thumb-lazy-load preload-me lazy-load aspect\" src=\"data:image\/svg+xml,%3Csvg%20xmlns%3D&#39;http%3A%2F%2Fwww.w3.org%2F2000%2Fsvg&#39;%20viewBox%3D&#39;0%200%20990%20660&#39;%2F%3E\" data-src=\"https:\/\/miroir-iv.mis-amigos-los-arboles.org\/wp-content\/uploads\/2020\/07\/Luisa_instalacion_sistema_de_riego_impulso_verde-1-990x660.jpeg\" data-srcset=\"https:\/\/miroir-iv.mis-amigos-los-arboles.org\/wp-content\/uploads\/2020\/07\/Luisa_instalacion_sistema_de_riego_impulso_verde-1-990x660.jpeg 990w, https:\/\/miroir-iv.mis-amigos-los-arboles.org\/wp-content\/uploads\/2020\/07\/Luisa_instalacion_sistema_de_riego_impulso_verde-1-1200x800.jpeg 1200w\" loading=\"eager\" style=\"--ratio: 990 \/ 660\" sizes=\"(max-width: 990px) 100vw, 990px\" alt=\"\" title=\"All-focus\" width=\"990\" height=\"660\"  \/><span class=\"gallery-zoom-ico icomoon-the7-font-the7-plus-12\"><span><\/span><\/span><\/a>\n\t<\/div>\n<\/div>\n\n\n<div class=\"post-entry-content\">\n\n\t<h3 class=\"entry-title\">\n\t\t<a href=\"https:\/\/miroir-iv.mis-amigos-los-arboles.org\/fr\/installation-dun-systeme-darrosage-dans-la-pepiniere-de-lassociation-agro-ecologique-manantial-de-vida\/\" title=\"Installation d\u2019un syst\u00e8me d\u2019arrosage dans la p\u00e9pini\u00e8re de l\u2019association agro-\u00e9cologique Manantial de Vida\" rel=\"bookmark\">Installation d\u2019un syst\u00e8me d\u2019arrosage dans la p\u00e9pini\u00e8re de l\u2019association agro-\u00e9cologique Manantial de Vida<\/a>\n\t<\/h3>\n\n\t<div class=\"entry-meta\"><span class=\"category-link\"><a href=\"https:\/\/miroir-iv.mis-amigos-los-arboles.org\/fr\/category\/actualites-fr\/\" >Actualit\u00e9s<\/a><\/span><\/div>\n\t<div class=\"entry-excerpt\"><p>arrosage_p\u00e9pini\u00e8re_impulso_verde L\u2019association agro-\u00e9cologique Manantial de Vida, de la municipalit\u00e9 de Potosi, travaille \u00e0 la restauration et \u00e0 la propagation du mat\u00e9riel v\u00e9g\u00e9tal indig\u00e8ne.<\/p>\n<\/div>\n\t\n<a href=\"https:\/\/miroir-iv.mis-amigos-los-arboles.org\/fr\/installation-dun-systeme-darrosage-dans-la-pepiniere-de-lassociation-agro-ecologique-manantial-de-vida\/\" class=\"post-details details-type-link\" aria-label=\"En savoir plus sur Installation d\u2019un syst\u00e8me d\u2019arrosage dans la p\u00e9pini\u00e8re de l\u2019association agro-\u00e9cologique Manantial de Vida\">M\u00e1s informaci\u00f3n<i class=\"dt-icon-the7-arrow-03\" aria-hidden=\"true\"><\/i><\/a>\n\n<\/div><\/article><article class=\"post project-odd hidden post-13663 type-post status-publish format-standard has-post-thumbnail hentry category-ressources category-56 description-off\" data-name=\"Journ\u00e9e mondiale des abeilles \u2013 20 mai\" data-date=\"2020-05-20T16:05:41+02:00\">\n\n<div class=\"post-thumbnail-wrap\">\n\t<div class=\"post-thumbnail\">\n\n\t\t\n\t\t\n\t\t<a href=\"https:\/\/miroir-iv.mis-amigos-los-arboles.org\/fr\/journee-mondiale-des-abeilles-20-mai\/\" class=\"post-thumbnail-rollover layzr-bg layzr-bg\" ><img decoding=\"async\" class=\"blog-thumb-lazy-load preload-me lazy-load aspect\" src=\"data:image\/svg+xml,%3Csvg%20xmlns%3D&#39;http%3A%2F%2Fwww.w3.org%2F2000%2Fsvg&#39;%20viewBox%3D&#39;0%200%20990%20660&#39;%2F%3E\" data-src=\"https:\/\/miroir-iv.mis-amigos-los-arboles.org\/wp-content\/uploads\/2020\/05\/abejas-990x660.jpg\" data-srcset=\"https:\/\/miroir-iv.mis-amigos-los-arboles.org\/wp-content\/uploads\/2020\/05\/abejas-990x660.jpg 990w, https:\/\/miroir-iv.mis-amigos-los-arboles.org\/wp-content\/uploads\/2020\/05\/abejas-1683x1122.jpg 1683w\" loading=\"eager\" style=\"--ratio: 990 \/ 660\" sizes=\"(max-width: 990px) 100vw, 990px\" alt=\"\" title=\"abejas\" width=\"990\" height=\"660\"  \/><span class=\"gallery-zoom-ico icomoon-the7-font-the7-plus-12\"><span><\/span><\/span><\/a>\n\t<\/div>\n<\/div>\n\n\n<div class=\"post-entry-content\">\n\n\t<h3 class=\"entry-title\">\n\t\t<a href=\"https:\/\/miroir-iv.mis-amigos-los-arboles.org\/fr\/journee-mondiale-des-abeilles-20-mai\/\" title=\"Journ\u00e9e mondiale des abeilles \u2013 20 mai\" rel=\"bookmark\">Journ\u00e9e mondiale des abeilles \u2013 20 mai<\/a>\n\t<\/h3>\n\n\t<div class=\"entry-meta\"><span class=\"category-link\"><a href=\"https:\/\/miroir-iv.mis-amigos-los-arboles.org\/fr\/category\/ressources\/\" >Ressources<\/a><\/span><\/div>\n\t<div class=\"entry-excerpt\"><p>Jour mondial des abeilles En 2018, le 20 mai a \u00e9t\u00e9 d\u00e9clar\u00e9 Journ\u00e9e mondiale des abeilles par les Nations Unies. Cette journ\u00e9e r\u00e9affirme l\u2019engagement des Objectifs de D\u00e9veloppement Durable (ODD) pris en 2015, et en particulier, l\u2019ODD 15 \u201cVie terrestre\u201d.<\/p>\n<\/div>\n\t\n<a href=\"https:\/\/miroir-iv.mis-amigos-los-arboles.org\/fr\/journee-mondiale-des-abeilles-20-mai\/\" class=\"post-details details-type-link\" aria-label=\"En savoir plus sur Journ\u00e9e mondiale des abeilles \u2013 20 mai\">M\u00e1s informaci\u00f3n<i class=\"dt-icon-the7-arrow-03\" aria-hidden=\"true\"><\/i><\/a>\n\n<\/div><\/article><article class=\"post project-even hidden post-13667 type-post status-publish format-standard has-post-thumbnail hentry category-actualites-fr category-54 description-off\" data-name=\"Participation au concours des Premios Latinoam\u00e9rica Verde (Prix Am\u00e9rique Latine Verte)\" data-date=\"2020-05-15T16:01:11+02:00\">\n\n<div class=\"post-thumbnail-wrap\">\n\t<div class=\"post-thumbnail\">\n\n\t\t\n\t\t\n\t\t<a href=\"https:\/\/miroir-iv.mis-amigos-los-arboles.org\/fr\/participation-au-concours-des-premios-latinoamerica-verde-prix-amerique-latine-verte\/\" class=\"post-thumbnail-rollover layzr-bg layzr-bg\" ><img decoding=\"async\" class=\"blog-thumb-lazy-load preload-me lazy-load aspect\" src=\"data:image\/svg+xml,%3Csvg%20xmlns%3D&#39;http%3A%2F%2Fwww.w3.org%2F2000%2Fsvg&#39;%20viewBox%3D&#39;0%200%20990%20660&#39;%2F%3E\" data-src=\"https:\/\/miroir-iv.mis-amigos-los-arboles.org\/wp-content\/uploads\/2020\/05\/latinoamerica-verde-990x660.jpg\" data-srcset=\"https:\/\/miroir-iv.mis-amigos-los-arboles.org\/wp-content\/uploads\/2020\/05\/latinoamerica-verde-990x660.jpg 990w, https:\/\/miroir-iv.mis-amigos-los-arboles.org\/wp-content\/uploads\/2020\/05\/latinoamerica-verde.jpg 1400w\" loading=\"eager\" style=\"--ratio: 990 \/ 660\" sizes=\"(max-width: 990px) 100vw, 990px\" alt=\"\" title=\"latinoamerica-verde\" width=\"990\" height=\"660\"  \/><span class=\"gallery-zoom-ico icomoon-the7-font-the7-plus-12\"><span><\/span><\/span><\/a>\n\t<\/div>\n<\/div>\n\n\n<div class=\"post-entry-content\">\n\n\t<h3 class=\"entry-title\">\n\t\t<a href=\"https:\/\/miroir-iv.mis-amigos-los-arboles.org\/fr\/participation-au-concours-des-premios-latinoamerica-verde-prix-amerique-latine-verte\/\" title=\"Participation au concours des Premios Latinoam\u00e9rica Verde (Prix Am\u00e9rique Latine Verte)\" rel=\"bookmark\">Participation au concours des Premios Latinoam\u00e9rica Verde (Prix Am\u00e9rique Latine Verte)<\/a>\n\t<\/h3>\n\n\t<div class=\"entry-meta\"><span class=\"category-link\"><a href=\"https:\/\/miroir-iv.mis-amigos-los-arboles.org\/fr\/category\/actualites-fr\/\" >Actualit\u00e9s<\/a><\/span><\/div>\n\t<div class=\"entry-excerpt\"><p>Impulso Verde Colombia a particip\u00e9 \u00e0 l\u2019\u00e9dition 2020 des Prix Am\u00e9rique Latine Verte. Le projet pr\u00e9sent\u00e9 a pour objectif de pr\u00e9server l\u2019\u00e9cosyst\u00e8me des p\u00e1ramos et les ressources en eau dans les Andes colombiennes. En effet, en Colombie, 60% de l\u2019eau potable consomm\u00e9e vient des p\u00e1ramos.<\/p>\n<\/div>\n\t\n<a href=\"https:\/\/miroir-iv.mis-amigos-los-arboles.org\/fr\/participation-au-concours-des-premios-latinoamerica-verde-prix-amerique-latine-verte\/\" class=\"post-details details-type-link\" aria-label=\"En savoir plus sur Participation au concours des Premios Latinoam\u00e9rica Verde (Prix Am\u00e9rique Latine Verte)\">M\u00e1s informaci\u00f3n<i class=\"dt-icon-the7-arrow-03\" aria-hidden=\"true\"><\/i><\/a>\n\n<\/div><\/article><article class=\"post project-odd hidden post-13671 type-post status-publish format-standard has-post-thumbnail hentry category-ressources category-56 description-off\" data-name=\"Luisa Delgado int\u00e8gre l\u2019\u00e9quipe de la Fundation Impulso Verde Colombia\" data-date=\"2020-05-05T15:59:51+02:00\">\n\n<div class=\"post-thumbnail-wrap\">\n\t<div class=\"post-thumbnail\">\n\n\t\t\n\t\t\n\t\t<a href=\"https:\/\/miroir-iv.mis-amigos-los-arboles.org\/fr\/luisa-delgado-integre-lequipe-de-la-fundation-impulso-verde-colombia\/\" class=\"post-thumbnail-rollover layzr-bg layzr-bg\" ><img decoding=\"async\" class=\"blog-thumb-lazy-load preload-me lazy-load aspect\" src=\"data:image\/svg+xml,%3Csvg%20xmlns%3D&#39;http%3A%2F%2Fwww.w3.org%2F2000%2Fsvg&#39;%20viewBox%3D&#39;0%200%20767%20511&#39;%2F%3E\" data-src=\"https:\/\/miroir-iv.mis-amigos-los-arboles.org\/wp-content\/uploads\/2023\/01\/luisa_delgado_impluso_verde-767x1024-1-767x511.jpg\" data-srcset=\"https:\/\/miroir-iv.mis-amigos-los-arboles.org\/wp-content\/uploads\/2023\/01\/luisa_delgado_impluso_verde-767x1024-1-767x511.jpg 767w\" loading=\"eager\" style=\"--ratio: 767 \/ 511\" sizes=\"(max-width: 767px) 100vw, 767px\" alt=\"\" title=\"luisa_delgado_impluso_verde-767&#215;1024\" width=\"767\" height=\"511\"  \/><span class=\"gallery-zoom-ico icomoon-the7-font-the7-plus-12\"><span><\/span><\/span><\/a>\n\t<\/div>\n<\/div>\n\n\n<div class=\"post-entry-content\">\n\n\t<h3 class=\"entry-title\">\n\t\t<a href=\"https:\/\/miroir-iv.mis-amigos-los-arboles.org\/fr\/luisa-delgado-integre-lequipe-de-la-fundation-impulso-verde-colombia\/\" title=\"Luisa Delgado int\u00e8gre l\u2019\u00e9quipe de la Fundation Impulso Verde Colombia\" rel=\"bookmark\">Luisa Delgado int\u00e8gre l\u2019\u00e9quipe de la Fundation Impulso Verde Colombia<\/a>\n\t<\/h3>\n\n\t<div class=\"entry-meta\"><span class=\"category-link\"><a href=\"https:\/\/miroir-iv.mis-amigos-los-arboles.org\/fr\/category\/ressources\/\" >Ressources<\/a><\/span><\/div>\n\t<div class=\"entry-excerpt\"><p>Depuis f\u00e9vrier 2020, Luisa Fernanda Delgado Narv\u00e1ez fait partie de l\u2019\u00e9quipe de la Fondation Impulso Verde Colombia. Luisa a grandi dans la ville de Potos\u00ed dans le d\u00e9partement de Nari\u00f1o en Colombie. Elle a pass\u00e9 son enfance dans un environnement rural et a appris \u00e0\u2026<\/p>\n<\/div>\n\t\n<a href=\"https:\/\/miroir-iv.mis-amigos-los-arboles.org\/fr\/luisa-delgado-integre-lequipe-de-la-fundation-impulso-verde-colombia\/\" class=\"post-details details-type-link\" aria-label=\"En savoir plus sur Luisa Delgado int\u00e8gre l\u2019\u00e9quipe de la Fundation Impulso Verde Colombia\">M\u00e1s informaci\u00f3n<i class=\"dt-icon-the7-arrow-03\" aria-hidden=\"true\"><\/i><\/a>\n\n<\/div><\/article><article class=\"post project-even hidden post-13675 type-post status-publish format-standard has-post-thumbnail hentry category-ressources category-56 description-off\" data-name=\"Une nouvelle association rejoint le r\u00e9seau des p\u00e9pini\u00e8res Impulso Verde : L\u2019Association indig\u00e8ne de la Femme Entrepreneure\" data-date=\"2020-02-12T15:55:14+01:00\">\n\n<div class=\"post-thumbnail-wrap\">\n\t<div class=\"post-thumbnail\">\n\n\t\t\n\t\t\n\t\t<a href=\"https:\/\/miroir-iv.mis-amigos-los-arboles.org\/fr\/une-nouvelle-association-rejoint-le-reseau-des-pepinieres-impulso-verde-lassociation-indigene-de-la-femme-entrepreneure\/\" class=\"post-thumbnail-rollover layzr-bg layzr-bg\" ><img decoding=\"async\" class=\"blog-thumb-lazy-load preload-me lazy-load aspect\" src=\"data:image\/svg+xml,%3Csvg%20xmlns%3D&#39;http%3A%2F%2Fwww.w3.org%2F2000%2Fsvg&#39;%20viewBox%3D&#39;0%200%20780%20520&#39;%2F%3E\" data-src=\"https:\/\/miroir-iv.mis-amigos-los-arboles.org\/wp-content\/uploads\/2023\/01\/mujer_emprendedora-07-780x520.jpg\" data-srcset=\"https:\/\/miroir-iv.mis-amigos-los-arboles.org\/wp-content\/uploads\/2023\/01\/mujer_emprendedora-07-780x520.jpg 780w\" loading=\"eager\" style=\"--ratio: 780 \/ 520\" sizes=\"(max-width: 780px) 100vw, 780px\" alt=\"\" title=\"mujer_emprendedora-07\" width=\"780\" height=\"520\"  \/><span class=\"gallery-zoom-ico icomoon-the7-font-the7-plus-12\"><span><\/span><\/span><\/a>\n\t<\/div>\n<\/div>\n\n\n<div class=\"post-entry-content\">\n\n\t<h3 class=\"entry-title\">\n\t\t<a href=\"https:\/\/miroir-iv.mis-amigos-los-arboles.org\/fr\/une-nouvelle-association-rejoint-le-reseau-des-pepinieres-impulso-verde-lassociation-indigene-de-la-femme-entrepreneure\/\" title=\"Une nouvelle association rejoint le r\u00e9seau des p\u00e9pini\u00e8res Impulso Verde : L\u2019Association indig\u00e8ne de la Femme Entrepreneure\" rel=\"bookmark\">Une nouvelle association rejoint le r\u00e9seau des p\u00e9pini\u00e8res Impulso Verde : L\u2019Association indig\u00e8ne de la Femme Entrepreneure<\/a>\n\t<\/h3>\n\n\t<div class=\"entry-meta\"><span class=\"category-link\"><a href=\"https:\/\/miroir-iv.mis-amigos-los-arboles.org\/fr\/category\/ressources\/\" >Ressources<\/a><\/span><\/div>\n\t<div class=\"entry-excerpt\"><p>[vc_row gap=\u00a0\u00bb35&Prime; bg_type=\u00a0\u00bbbg_color\u00a0\u00bb bg_override=\u00a0\u00bbex-full\u00a0\u00bb bg_color_value=\u00a0\u00bb#056e04&Prime;][vc_column][vc_empty_space height=\u00a0\u00bb15px\u00a0\u00bb][\/vc_column][\/vc_row][vc_row gap=\u00a0\u00bb3&Prime;][vc_column][vc_single_image image=\u00a0\u00bb11754&Prime; img_size=\u00a0\u00bblarge\u00a0\u00bb alignment=\u00a0\u00bbcenter\u00a0\u00bb image_hovers=\u00a0\u00bbfalse\u00a0\u00bb][vc_empty_space height=\u00a0\u00bb30px\u00a0\u00bb][vc_column_text] Une nouvelle association rejoint le r\u00e9seau des p\u00e9pini\u00e8res Impulso Verde : L\u2019Association indig\u00e8ne de la Femme Entrepreneure [\/vc_column_text][vc_empty_space height=\u00a0\u00bb30px\u00a0\u00bb][\/vc_column][\/vc_row][vc_row gap=\u00a0\u00bb35&Prime; content_placement=\u00a0\u00bbmiddle\u00a0\u00bb][vc_column width=\u00a0\u00bb1\/2&Prime;][vc_empty_space height=\u00a0\u00bb20&Prime;][\/vc_column][vc_column width=\u00a0\u00bb1\/2&Prime;][vc_column_text] Depuis f\u00e9vrier 2020, une nouvelle association est entr\u00e9e dans\u2026<\/p>\n<\/div>\n\t\n<a href=\"https:\/\/miroir-iv.mis-amigos-los-arboles.org\/fr\/une-nouvelle-association-rejoint-le-reseau-des-pepinieres-impulso-verde-lassociation-indigene-de-la-femme-entrepreneure\/\" class=\"post-details details-type-link\" aria-label=\"En savoir plus sur Une nouvelle association rejoint le r\u00e9seau des p\u00e9pini\u00e8res Impulso Verde : L\u2019Association indig\u00e8ne de la Femme Entrepreneure\">M\u00e1s informaci\u00f3n<i class=\"dt-icon-the7-arrow-03\" aria-hidden=\"true\"><\/i><\/a>\n\n<\/div><\/article><article class=\"post project-odd hidden post-13682 type-post status-publish format-standard has-post-thumbnail hentry category-actualites-fr category-54 description-off\" data-name=\"Installation des ruches communautaires dans les Andes\" data-date=\"2019-12-06T15:50:54+01:00\">\n\n<div class=\"post-thumbnail-wrap\">\n\t<div class=\"post-thumbnail\">\n\n\t\t\n\t\t\n\t\t<a href=\"https:\/\/miroir-iv.mis-amigos-los-arboles.org\/fr\/installation-des-ruches-communautaires-dans-les-andes\/\" class=\"post-thumbnail-rollover layzr-bg layzr-bg\" ><img decoding=\"async\" class=\"blog-thumb-lazy-load preload-me lazy-load aspect\" src=\"data:image\/svg+xml,%3Csvg%20xmlns%3D&#39;http%3A%2F%2Fwww.w3.org%2F2000%2Fsvg&#39;%20viewBox%3D&#39;0%200%20990%20660&#39;%2F%3E\" data-src=\"https:\/\/miroir-iv.mis-amigos-los-arboles.org\/wp-content\/uploads\/2019\/12\/colmenas_comunitarias_los_andes-03-990x660.jpg\" data-srcset=\"https:\/\/miroir-iv.mis-amigos-los-arboles.org\/wp-content\/uploads\/2019\/12\/colmenas_comunitarias_los_andes-03-990x660.jpg 990w, https:\/\/miroir-iv.mis-amigos-los-arboles.org\/wp-content\/uploads\/2019\/12\/colmenas_comunitarias_los_andes-03-1200x800.jpg 1200w\" loading=\"eager\" style=\"--ratio: 990 \/ 660\" sizes=\"(max-width: 990px) 100vw, 990px\" alt=\"\" title=\"colmenas_comunitarias_los_andes-03\" width=\"990\" height=\"660\"  \/><span class=\"gallery-zoom-ico icomoon-the7-font-the7-plus-12\"><span><\/span><\/span><\/a>\n\t<\/div>\n<\/div>\n\n\n<div class=\"post-entry-content\">\n\n\t<h3 class=\"entry-title\">\n\t\t<a href=\"https:\/\/miroir-iv.mis-amigos-los-arboles.org\/fr\/installation-des-ruches-communautaires-dans-les-andes\/\" title=\"Installation des ruches communautaires dans les Andes\" rel=\"bookmark\">Installation des ruches communautaires dans les Andes<\/a>\n\t<\/h3>\n\n\t<div class=\"entry-meta\"><span class=\"category-link\"><a href=\"https:\/\/miroir-iv.mis-amigos-los-arboles.org\/fr\/category\/actualites-fr\/\" >Actualit\u00e9s<\/a><\/span><\/div>\n\t<div class=\"entry-excerpt\"><p>[vc_row gap=\u00a0\u00bb35&Prime; bg_type=\u00a0\u00bbbg_color\u00a0\u00bb bg_override=\u00a0\u00bbex-full\u00a0\u00bb bg_color_value=\u00a0\u00bb#056e04&Prime;][vc_column][vc_empty_space height=\u00a0\u00bb15px\u00a0\u00bb][\/vc_column][\/vc_row][vc_row gap=\u00a0\u00bb3&Prime;][vc_column][vc_single_image image=\u00a0\u00bb11754&Prime; img_size=\u00a0\u00bblarge\u00a0\u00bb alignment=\u00a0\u00bbcenter\u00a0\u00bb][vc_empty_space height=\u00a0\u00bb30px\u00a0\u00bb][vc_column_text] Installation des ruches communautaires dans les Andes [\/vc_column_text][vc_empty_space height=\u00a0\u00bb30px\u00a0\u00bb][\/vc_column][\/vc_row][vc_row gap=\u00a0\u00bb35&Prime; content_placement=\u00a0\u00bbmiddle\u00a0\u00bb][vc_column width=\u00a0\u00bb1\/3&Prime;][vc_single_image image=\u00a0\u00bb12912&Prime; img_size=\u00a0\u00bbmedium\u00a0\u00bb alignment=\u00a0\u00bbcenter\u00a0\u00bb onclick=\u00a0\u00bblink_image\u00a0\u00bb][vc_empty_space height=\u00a0\u00bb20px\u00a0\u00bb][\/vc_column][vc_column width=\u00a0\u00bb2\/3&Prime;][vc_column_text] Le projet d&rsquo;apiculture a d\u00e9but\u00e9 en octobre 2019 avec les 4 associations communautaires d&rsquo;Aldana, Cumbal, Potos\u00ed\u2026<\/p>\n<\/div>\n\t\n<a href=\"https:\/\/miroir-iv.mis-amigos-los-arboles.org\/fr\/installation-des-ruches-communautaires-dans-les-andes\/\" class=\"post-details details-type-link\" aria-label=\"En savoir plus sur Installation des ruches communautaires dans les Andes\">M\u00e1s informaci\u00f3n<i class=\"dt-icon-the7-arrow-03\" aria-hidden=\"true\"><\/i><\/a>\n\n<\/div><\/article><article class=\"post project-even hidden post-13686 type-post status-publish format-standard has-post-thumbnail hentry category-ressources category-56 description-off\" data-name=\"Visite de l\u2019Agence Fran\u00e7aise de D\u00e9veloppement (AFD)\" data-date=\"2019-11-30T15:47:03+01:00\">\n\n<div class=\"post-thumbnail-wrap\">\n\t<div class=\"post-thumbnail\">\n\n\t\t\n\t\t\n\t\t<a href=\"https:\/\/miroir-iv.mis-amigos-los-arboles.org\/fr\/visite-de-lagence-francaise-de-developpement-afd\/\" class=\"post-thumbnail-rollover layzr-bg layzr-bg\" ><img decoding=\"async\" class=\"blog-thumb-lazy-load preload-me lazy-load aspect\" src=\"data:image\/svg+xml,%3Csvg%20xmlns%3D&#39;http%3A%2F%2Fwww.w3.org%2F2000%2Fsvg&#39;%20viewBox%3D&#39;0%200%20990%20660&#39;%2F%3E\" data-src=\"https:\/\/miroir-iv.mis-amigos-los-arboles.org\/wp-content\/uploads\/2023\/01\/visita_agencia_francesa_desarrollo_04-990x660.jpg\" data-srcset=\"https:\/\/miroir-iv.mis-amigos-los-arboles.org\/wp-content\/uploads\/2023\/01\/visita_agencia_francesa_desarrollo_04-990x660.jpg 990w, https:\/\/miroir-iv.mis-amigos-los-arboles.org\/wp-content\/uploads\/2023\/01\/visita_agencia_francesa_desarrollo_04-1200x800.jpg 1200w\" loading=\"eager\" style=\"--ratio: 990 \/ 660\" sizes=\"(max-width: 990px) 100vw, 990px\" alt=\"\" title=\"visita_agencia_francesa_desarrollo_04\" width=\"990\" height=\"660\"  \/><span class=\"gallery-zoom-ico icomoon-the7-font-the7-plus-12\"><span><\/span><\/span><\/a>\n\t<\/div>\n<\/div>\n\n\n<div class=\"post-entry-content\">\n\n\t<h3 class=\"entry-title\">\n\t\t<a href=\"https:\/\/miroir-iv.mis-amigos-los-arboles.org\/fr\/visite-de-lagence-francaise-de-developpement-afd\/\" title=\"Visite de l\u2019Agence Fran\u00e7aise de D\u00e9veloppement (AFD)\" rel=\"bookmark\">Visite de l\u2019Agence Fran\u00e7aise de D\u00e9veloppement (AFD)<\/a>\n\t<\/h3>\n\n\t<div class=\"entry-meta\"><span class=\"category-link\"><a href=\"https:\/\/miroir-iv.mis-amigos-los-arboles.org\/fr\/category\/ressources\/\" >Ressources<\/a><\/span><\/div>\n\t<div class=\"entry-excerpt\"><p>[vc_row gap=\u00a0\u00bb35&Prime; bg_type=\u00a0\u00bbbg_color\u00a0\u00bb bg_override=\u00a0\u00bbex-full\u00a0\u00bb bg_color_value=\u00a0\u00bb#056e04&Prime;][vc_column][vc_empty_space height=\u00a0\u00bb15px\u00a0\u00bb][\/vc_column][\/vc_row][vc_row gap=\u00a0\u00bb3&Prime;][vc_column][vc_single_image image=\u00a0\u00bb11754&Prime; img_size=\u00a0\u00bblarge\u00a0\u00bb alignment=\u00a0\u00bbcenter\u00a0\u00bb image_hovers=\u00a0\u00bbfalse\u00a0\u00bb][vc_empty_space height=\u00a0\u00bb30px\u00a0\u00bb][vc_column_text] Visite de l\u2019Agence Fran\u00e7aise de D\u00e9veloppement (AFD) [\/vc_column_text][vc_empty_space height=\u00a0\u00bb30px\u00a0\u00bb][\/vc_column][\/vc_row][vc_row gap=\u00a0\u00bb35&Prime; content_placement=\u00a0\u00bbmiddle\u00a0\u00bb][vc_column width=\u00a0\u00bb1\/2&Prime;][vc_column_text] Fin 2018, les trois associations fran\u00e7aises, Up2green Reforestation, Envol Vert et Forestever, ont d\u00e9cid\u00e9 de s\u2019organiser en consortium pour r\u00e9pondre \u00e0\u2026<\/p>\n<\/div>\n\t\n<a href=\"https:\/\/miroir-iv.mis-amigos-los-arboles.org\/fr\/visite-de-lagence-francaise-de-developpement-afd\/\" class=\"post-details details-type-link\" aria-label=\"En savoir plus sur Visite de l\u2019Agence Fran\u00e7aise de D\u00e9veloppement (AFD)\">M\u00e1s informaci\u00f3n<i class=\"dt-icon-the7-arrow-03\" aria-hidden=\"true\"><\/i><\/a>\n\n<\/div><\/article><article class=\"post project-odd hidden post-13690 type-post status-publish format-standard has-post-thumbnail hentry category-ressources category-56 description-off\" data-name=\"Signature d\u2019un accord-cadre avec l\u2019Universit\u00e9 Nationale Ouverte et \u00e0 Distance (UNAD)\" data-date=\"2019-10-16T15:41:59+02:00\">\n\n<div class=\"post-thumbnail-wrap\">\n\t<div class=\"post-thumbnail\">\n\n\t\t\n\t\t\n\t\t<a href=\"https:\/\/miroir-iv.mis-amigos-los-arboles.org\/fr\/signature-dun-accord-cadre-avec-luniversite-nationale-ouverte-et-a-distance-unad\/\" class=\"post-thumbnail-rollover layzr-bg layzr-bg\" ><img decoding=\"async\" class=\"blog-thumb-lazy-load preload-me lazy-load aspect\" src=\"data:image\/svg+xml,%3Csvg%20xmlns%3D&#39;http%3A%2F%2Fwww.w3.org%2F2000%2Fsvg&#39;%20viewBox%3D&#39;0%200%20990%20660&#39;%2F%3E\" data-src=\"https:\/\/miroir-iv.mis-amigos-los-arboles.org\/wp-content\/uploads\/2019\/10\/groupe_unad_impulso_verde-990x660.jpg\" data-srcset=\"https:\/\/miroir-iv.mis-amigos-los-arboles.org\/wp-content\/uploads\/2019\/10\/groupe_unad_impulso_verde-990x660.jpg 990w, https:\/\/miroir-iv.mis-amigos-los-arboles.org\/wp-content\/uploads\/2019\/10\/groupe_unad_impulso_verde-1024x682.jpg 1024w\" loading=\"eager\" style=\"--ratio: 990 \/ 660\" sizes=\"(max-width: 990px) 100vw, 990px\" alt=\"\" title=\"groupe_unad_impulso_verde\" width=\"990\" height=\"660\"  \/><span class=\"gallery-zoom-ico icomoon-the7-font-the7-plus-12\"><span><\/span><\/span><\/a>\n\t<\/div>\n<\/div>\n\n\n<div class=\"post-entry-content\">\n\n\t<h3 class=\"entry-title\">\n\t\t<a href=\"https:\/\/miroir-iv.mis-amigos-los-arboles.org\/fr\/signature-dun-accord-cadre-avec-luniversite-nationale-ouverte-et-a-distance-unad\/\" title=\"Signature d\u2019un accord-cadre avec l\u2019Universit\u00e9 Nationale Ouverte et \u00e0 Distance (UNAD)\" rel=\"bookmark\">Signature d\u2019un accord-cadre avec l\u2019Universit\u00e9 Nationale Ouverte et \u00e0 Distance (UNAD)<\/a>\n\t<\/h3>\n\n\t<div class=\"entry-meta\"><span class=\"category-link\"><a href=\"https:\/\/miroir-iv.mis-amigos-los-arboles.org\/fr\/category\/ressources\/\" >Ressources<\/a><\/span><\/div>\n\t<div class=\"entry-excerpt\"><p>[vc_row gap=\u00a0\u00bb35&Prime; bg_type=\u00a0\u00bbbg_color\u00a0\u00bb bg_override=\u00a0\u00bbex-full\u00a0\u00bb bg_color_value=\u00a0\u00bb#056e04&Prime;][vc_column][vc_empty_space height=\u00a0\u00bb15px\u00a0\u00bb][\/vc_column][\/vc_row][vc_row gap=\u00a0\u00bb3&Prime;][vc_column][vc_single_image image=\u00a0\u00bb11754&Prime; img_size=\u00a0\u00bblarge\u00a0\u00bb alignment=\u00a0\u00bbcenter\u00a0\u00bb image_hovers=\u00a0\u00bbfalse\u00a0\u00bb][vc_empty_space height=\u00a0\u00bb30px\u00a0\u00bb][vc_column_text] Signature d\u2019un accord-cadre avec l\u2019Universit\u00e9 Nationale Ouverte et \u00e0 Distance (UNAD) [\/vc_column_text][vc_empty_space height=\u00a0\u00bb30px\u00a0\u00bb][\/vc_column][\/vc_row][vc_row gap=\u00a0\u00bb35&Prime; content_placement=\u00a0\u00bbtop\u00a0\u00bb][vc_column][vc_column_text] La Fondation Impuslo Verde Colombia et l\u2019Universit\u00e9 Nationale Ouverte et \u00e0 Distance (UNAD) ont sign\u00e9 un accord-cadre de\u2026<\/p>\n<\/div>\n\t\n<a href=\"https:\/\/miroir-iv.mis-amigos-los-arboles.org\/fr\/signature-dun-accord-cadre-avec-luniversite-nationale-ouverte-et-a-distance-unad\/\" class=\"post-details details-type-link\" aria-label=\"En savoir plus sur Signature d\u2019un accord-cadre avec l\u2019Universit\u00e9 Nationale Ouverte et \u00e0 Distance (UNAD)\">M\u00e1s informaci\u00f3n<i class=\"dt-icon-the7-arrow-03\" aria-hidden=\"true\"><\/i><\/a>\n\n<\/div><\/article><div class=\"paginator paginator-more-button\">\n\t\t\t\t<a class=\"button-load-more \" href=\"javascript:void(0);\" data-dt-page=\"1\" ><span class=\"stick\"><\/span><span class=\"stick\"><\/span><span class=\"stick\"><\/span><span class=\"button-caption\">Charger la suite<\/span><\/a>\n\t\t\t<\/div><\/div>[\/vc_column][vc_column width=\u00a0\u00bb1\/3&Prime;][vc_widget_sidebar sidebar_id=\u00a0\u00bbsidebar_1&Prime;][\/vc_column][\/vc_row]<\/p>\n<\/div>","protected":false},"excerpt":{"rendered":"<p>[vc_row bg_type=\u00a0\u00bbbg_color\u00a0\u00bb bg_override=\u00a0\u00bbex-full\u00a0\u00bb bg_color_value=\u00a0\u00bb#056e04&Prime; el_class=\u00a0\u00bblien-piste\u00a0\u00bb][vc_column][\/vc_column][\/vc_row][vc_row gap=\u00a0\u00bb3&Prime;][vc_column][vc_single_image image=\u00a0\u00bb11754&Prime; img_size=\u00a0\u00bblarge\u00a0\u00bb alignment=\u00a0\u00bbcenter\u00a0\u00bb image_hovers=\u00a0\u00bbfalse\u00a0\u00bb][\/vc_column][\/vc_row][vc_row content_placement=\u00a0\u00bbtop\u00a0\u00bb el_class=\u00a0\u00bbnoticia \u00ab\u00a0][vc_column width=\u00a0\u00bb2\/3&Prime;][\/vc_column][vc_column width=\u00a0\u00bb1\/3&Prime;][vc_widget_sidebar sidebar_id=\u00a0\u00bbsidebar_1\u00a0\u00bb][\/vc_column][\/vc_row]<\/p>\n","protected":false},"author":1,"featured_media":12594,"parent":0,"menu_order":0,"comment_status":"closed","ping_status":"closed","template":"","meta":{"footnotes":""},"class_list":["post-13433","page","type-page","status-publish","has-post-thumbnail","hentry","description-off"],"yoast_head":"<!-- This site is optimized with the Yoast SEO plugin v27.5 - https:\/\/yoast.com\/product\/yoast-seo-wordpress\/ -->\n<title>Actualit\u00e9s - Impulsoverde.org - Miroir IV<\/title>\n<meta name=\"robots\" content=\"noindex, follow, max-snippet:-1, max-image-preview:large, max-video-preview:-1\" \/>\n<meta property=\"og:locale\" content=\"fr_FR\" \/>\n<meta property=\"og:type\" content=\"article\" \/>\n<meta property=\"og:title\" content=\"Actualit\u00e9s - Impulsoverde.org - Miroir IV\" \/>\n<meta property=\"og:description\" content=\"[vc_row bg_type=\u00a0\u00bbbg_color\u00a0\u00bb bg_override=\u00a0\u00bbex-full\u00a0\u00bb bg_color_value=\u00a0\u00bb#056e04&Prime; el_class=\u00a0\u00bblien-piste\u00a0\u00bb][vc_column][\/vc_column][\/vc_row][vc_row gap=\u00a0\u00bb3&Prime;][vc_column][vc_single_image image=\u00a0\u00bb11754&Prime; img_size=\u00a0\u00bblarge\u00a0\u00bb alignment=\u00a0\u00bbcenter\u00a0\u00bb image_hovers=\u00a0\u00bbfalse\u00a0\u00bb][\/vc_column][\/vc_row][vc_row content_placement=\u00a0\u00bbtop\u00a0\u00bb el_class=\u00a0\u00bbnoticia \u00ab\u00a0][vc_column width=\u00a0\u00bb2\/3&Prime;][\/vc_column][vc_column width=\u00a0\u00bb1\/3&Prime;][vc_widget_sidebar sidebar_id=\u00a0\u00bbsidebar_1\u00a0\u00bb][\/vc_column][\/vc_row]\" \/>\n<meta property=\"og:url\" content=\"https:\/\/miroir-iv.mis-amigos-los-arboles.org\/fr\/actualites\/\" \/>\n<meta property=\"og:site_name\" content=\"Impulsoverde.org - Miroir IV\" \/>\n<meta property=\"article:modified_time\" content=\"2023-02-14T11:48:07+00:00\" \/>\n<meta property=\"og:image\" content=\"https:\/\/miroir-iv.mis-amigos-los-arboles.org\/wp-content\/uploads\/2023\/01\/noticias_impulso-verde-01-02.jpg\" \/>\n\t<meta property=\"og:image:width\" content=\"1920\" \/>\n\t<meta property=\"og:image:height\" content=\"800\" \/>\n\t<meta property=\"og:image:type\" content=\"image\/jpeg\" \/>\n<meta name=\"twitter:card\" content=\"summary_large_image\" \/>\n<meta name=\"twitter:label1\" content=\"Dur\u00e9e de lecture estim\u00e9e\" \/>\n\t<meta name=\"twitter:data1\" content=\"1 minute\" \/>\n<script type=\"application\/ld+json\" class=\"yoast-schema-graph\">{\"@context\":\"https:\\\/\\\/schema.org\",\"@graph\":[{\"@type\":\"WebPage\",\"@id\":\"https:\\\/\\\/miroir-iv.mis-amigos-los-arboles.org\\\/fr\\\/actualites\\\/\",\"url\":\"https:\\\/\\\/miroir-iv.mis-amigos-los-arboles.org\\\/fr\\\/actualites\\\/\",\"name\":\"Actualit\u00e9s - Impulsoverde.org - Miroir IV\",\"isPartOf\":{\"@id\":\"https:\\\/\\\/miroir-iv.mis-amigos-los-arboles.org\\\/#website\"},\"primaryImageOfPage\":{\"@id\":\"https:\\\/\\\/miroir-iv.mis-amigos-los-arboles.org\\\/fr\\\/actualites\\\/#primaryimage\"},\"image\":{\"@id\":\"https:\\\/\\\/miroir-iv.mis-amigos-los-arboles.org\\\/fr\\\/actualites\\\/#primaryimage\"},\"thumbnailUrl\":\"https:\\\/\\\/miroir-iv.mis-amigos-los-arboles.org\\\/wp-content\\\/uploads\\\/2023\\\/01\\\/noticias_impulso-verde-01-02.jpg\",\"datePublished\":\"2023-01-27T14:22:08+00:00\",\"dateModified\":\"2023-02-14T11:48:07+00:00\",\"breadcrumb\":{\"@id\":\"https:\\\/\\\/miroir-iv.mis-amigos-los-arboles.org\\\/fr\\\/actualites\\\/#breadcrumb\"},\"inLanguage\":\"fr-FR\",\"potentialAction\":[{\"@type\":\"ReadAction\",\"target\":[\"https:\\\/\\\/miroir-iv.mis-amigos-los-arboles.org\\\/fr\\\/actualites\\\/\"]}]},{\"@type\":\"ImageObject\",\"inLanguage\":\"fr-FR\",\"@id\":\"https:\\\/\\\/miroir-iv.mis-amigos-los-arboles.org\\\/fr\\\/actualites\\\/#primaryimage\",\"url\":\"https:\\\/\\\/miroir-iv.mis-amigos-los-arboles.org\\\/wp-content\\\/uploads\\\/2023\\\/01\\\/noticias_impulso-verde-01-02.jpg\",\"contentUrl\":\"https:\\\/\\\/miroir-iv.mis-amigos-los-arboles.org\\\/wp-content\\\/uploads\\\/2023\\\/01\\\/noticias_impulso-verde-01-02.jpg\",\"width\":1920,\"height\":800},{\"@type\":\"BreadcrumbList\",\"@id\":\"https:\\\/\\\/miroir-iv.mis-amigos-los-arboles.org\\\/fr\\\/actualites\\\/#breadcrumb\",\"itemListElement\":[{\"@type\":\"ListItem\",\"position\":1,\"name\":\"Portada\",\"item\":\"https:\\\/\\\/miroir-iv.mis-amigos-los-arboles.org\\\/fr\\\/la-fondation\\\/\"},{\"@type\":\"ListItem\",\"position\":2,\"name\":\"Actualit\u00e9s\"}]},{\"@type\":\"WebSite\",\"@id\":\"https:\\\/\\\/miroir-iv.mis-amigos-los-arboles.org\\\/#website\",\"url\":\"https:\\\/\\\/miroir-iv.mis-amigos-los-arboles.org\\\/\",\"name\":\"Impulsoverde.org - Miroir IV\",\"description\":\"Site miroir -Impulsoverde.org \",\"potentialAction\":[{\"@type\":\"SearchAction\",\"target\":{\"@type\":\"EntryPoint\",\"urlTemplate\":\"https:\\\/\\\/miroir-iv.mis-amigos-los-arboles.org\\\/?s={search_term_string}\"},\"query-input\":{\"@type\":\"PropertyValueSpecification\",\"valueRequired\":true,\"valueName\":\"search_term_string\"}}],\"inLanguage\":\"fr-FR\"}]}<\/script>\n<!-- \/ Yoast SEO plugin. -->","yoast_head_json":{"title":"Actualit\u00e9s - Impulsoverde.org - Miroir IV","robots":{"index":"noindex","follow":"follow","max-snippet":"max-snippet:-1","max-image-preview":"max-image-preview:large","max-video-preview":"max-video-preview:-1"},"og_locale":"fr_FR","og_type":"article","og_title":"Actualit\u00e9s - Impulsoverde.org - Miroir IV","og_description":"[vc_row bg_type=\u00a0\u00bbbg_color\u00a0\u00bb bg_override=\u00a0\u00bbex-full\u00a0\u00bb bg_color_value=\u00a0\u00bb#056e04&Prime; el_class=\u00a0\u00bblien-piste\u00a0\u00bb][vc_column][\/vc_column][\/vc_row][vc_row gap=\u00a0\u00bb3&Prime;][vc_column][vc_single_image image=\u00a0\u00bb11754&Prime; img_size=\u00a0\u00bblarge\u00a0\u00bb alignment=\u00a0\u00bbcenter\u00a0\u00bb image_hovers=\u00a0\u00bbfalse\u00a0\u00bb][\/vc_column][\/vc_row][vc_row content_placement=\u00a0\u00bbtop\u00a0\u00bb el_class=\u00a0\u00bbnoticia \u00ab\u00a0][vc_column width=\u00a0\u00bb2\/3&Prime;][\/vc_column][vc_column width=\u00a0\u00bb1\/3&Prime;][vc_widget_sidebar sidebar_id=\u00a0\u00bbsidebar_1\u00a0\u00bb][\/vc_column][\/vc_row]","og_url":"https:\/\/miroir-iv.mis-amigos-los-arboles.org\/fr\/actualites\/","og_site_name":"Impulsoverde.org - Miroir IV","article_modified_time":"2023-02-14T11:48:07+00:00","og_image":[{"width":1920,"height":800,"url":"https:\/\/miroir-iv.mis-amigos-los-arboles.org\/wp-content\/uploads\/2023\/01\/noticias_impulso-verde-01-02.jpg","type":"image\/jpeg"}],"twitter_card":"summary_large_image","twitter_misc":{"Dur\u00e9e de lecture estim\u00e9e":"1 minute"},"schema":{"@context":"https:\/\/schema.org","@graph":[{"@type":"WebPage","@id":"https:\/\/miroir-iv.mis-amigos-los-arboles.org\/fr\/actualites\/","url":"https:\/\/miroir-iv.mis-amigos-los-arboles.org\/fr\/actualites\/","name":"Actualit\u00e9s - Impulsoverde.org - Miroir IV","isPartOf":{"@id":"https:\/\/miroir-iv.mis-amigos-los-arboles.org\/#website"},"primaryImageOfPage":{"@id":"https:\/\/miroir-iv.mis-amigos-los-arboles.org\/fr\/actualites\/#primaryimage"},"image":{"@id":"https:\/\/miroir-iv.mis-amigos-los-arboles.org\/fr\/actualites\/#primaryimage"},"thumbnailUrl":"https:\/\/miroir-iv.mis-amigos-los-arboles.org\/wp-content\/uploads\/2023\/01\/noticias_impulso-verde-01-02.jpg","datePublished":"2023-01-27T14:22:08+00:00","dateModified":"2023-02-14T11:48:07+00:00","breadcrumb":{"@id":"https:\/\/miroir-iv.mis-amigos-los-arboles.org\/fr\/actualites\/#breadcrumb"},"inLanguage":"fr-FR","potentialAction":[{"@type":"ReadAction","target":["https:\/\/miroir-iv.mis-amigos-los-arboles.org\/fr\/actualites\/"]}]},{"@type":"ImageObject","inLanguage":"fr-FR","@id":"https:\/\/miroir-iv.mis-amigos-los-arboles.org\/fr\/actualites\/#primaryimage","url":"https:\/\/miroir-iv.mis-amigos-los-arboles.org\/wp-content\/uploads\/2023\/01\/noticias_impulso-verde-01-02.jpg","contentUrl":"https:\/\/miroir-iv.mis-amigos-los-arboles.org\/wp-content\/uploads\/2023\/01\/noticias_impulso-verde-01-02.jpg","width":1920,"height":800},{"@type":"BreadcrumbList","@id":"https:\/\/miroir-iv.mis-amigos-los-arboles.org\/fr\/actualites\/#breadcrumb","itemListElement":[{"@type":"ListItem","position":1,"name":"Portada","item":"https:\/\/miroir-iv.mis-amigos-los-arboles.org\/fr\/la-fondation\/"},{"@type":"ListItem","position":2,"name":"Actualit\u00e9s"}]},{"@type":"WebSite","@id":"https:\/\/miroir-iv.mis-amigos-los-arboles.org\/#website","url":"https:\/\/miroir-iv.mis-amigos-los-arboles.org\/","name":"Impulsoverde.org - Miroir IV","description":"Site miroir -Impulsoverde.org ","potentialAction":[{"@type":"SearchAction","target":{"@type":"EntryPoint","urlTemplate":"https:\/\/miroir-iv.mis-amigos-los-arboles.org\/?s={search_term_string}"},"query-input":{"@type":"PropertyValueSpecification","valueRequired":true,"valueName":"search_term_string"}}],"inLanguage":"fr-FR"}]}},"_links":{"self":[{"href":"https:\/\/miroir-iv.mis-amigos-los-arboles.org\/fr\/wp-json\/wp\/v2\/pages\/13433","targetHints":{"allow":["GET"]}}],"collection":[{"href":"https:\/\/miroir-iv.mis-amigos-los-arboles.org\/fr\/wp-json\/wp\/v2\/pages"}],"about":[{"href":"https:\/\/miroir-iv.mis-amigos-los-arboles.org\/fr\/wp-json\/wp\/v2\/types\/page"}],"author":[{"embeddable":true,"href":"https:\/\/miroir-iv.mis-amigos-los-arboles.org\/fr\/wp-json\/wp\/v2\/users\/1"}],"replies":[{"embeddable":true,"href":"https:\/\/miroir-iv.mis-amigos-los-arboles.org\/fr\/wp-json\/wp\/v2\/comments?post=13433"}],"version-history":[{"count":7,"href":"https:\/\/miroir-iv.mis-amigos-los-arboles.org\/fr\/wp-json\/wp\/v2\/pages\/13433\/revisions"}],"predecessor-version":[{"id":13799,"href":"https:\/\/miroir-iv.mis-amigos-los-arboles.org\/fr\/wp-json\/wp\/v2\/pages\/13433\/revisions\/13799"}],"wp:featuredmedia":[{"embeddable":true,"href":"https:\/\/miroir-iv.mis-amigos-los-arboles.org\/fr\/wp-json\/wp\/v2\/media\/12594"}],"wp:attachment":[{"href":"https:\/\/miroir-iv.mis-amigos-los-arboles.org\/fr\/wp-json\/wp\/v2\/media?parent=13433"}],"curies":[{"name":"wp","href":"https:\/\/api.w.org\/{rel}","templated":true}]}}