{"id":13365,"date":"2023-01-27T15:03:14","date_gmt":"2023-01-27T14:03:14","guid":{"rendered":"https:\/\/miroir-iv.mis-amigos-los-arboles.org\/faire-un-don-annuler\/"},"modified":"2023-02-14T12:22:23","modified_gmt":"2023-02-14T11:22:23","slug":"faire-un-don-annuler","status":"publish","type":"page","link":"https:\/\/miroir-iv.mis-amigos-los-arboles.org\/fr\/engagez-vous\/faire-un-don-annuler\/","title":{"rendered":"Faire un don"},"content":{"rendered":"<div class=\"wpb-content-wrapper\"><p>[vc_row bg_type=\u00a0\u00bbbg_color\u00a0\u00bb bg_override=\u00a0\u00bbex-full\u00a0\u00bb bg_color_value=\u00a0\u00bb#066e04&Prime;][vc_column]<style type=\"text\/css\" data-type=\"the7_shortcodes-inline-css\">.dt-breadcrumbs-id-6ca108f121cf2a3b184ecf737aea0f06 .breadcrumbs {\n  display: inline-block;\n  margin: 0;\n  padding: 2px 10px 2px 10px;\n  background: #056e04;\n  border: 0px solid ;\n  border-radius: 0px;\n}\n.dt-breadcrumbs-id-6ca108f121cf2a3b184ecf737aea0f06 .breadcrumbs * {\n  color: #ffffff;\n}\n<\/style><div class=\"dt-breadcrumbs-shortcode dt-breadcrumbs-id-6ca108f121cf2a3b184ecf737aea0f06 align-centre\"><div class=\"assistive-text\">Vous \u00eates ici :<\/div><ol class=\"breadcrumbs text-small\" itemscope itemtype=\"https:\/\/schema.org\/BreadcrumbList\"><li itemprop=\"itemListElement\" itemscope itemtype=\"https:\/\/schema.org\/ListItem\"><a itemprop=\"item\" href=\"https:\/\/miroir-iv.mis-amigos-los-arboles.org\/fr\/\" title=\"Accueil\"><span itemprop=\"name\">Accueil<\/span><\/a><meta itemprop=\"position\" content=\"1\" \/><\/li><li class=\"current\" itemprop=\"itemListElement\" itemscope itemtype=\"https:\/\/schema.org\/ListItem\"><span itemprop=\"name\">Page<\/span><meta itemprop=\"position\" content=\"2\" \/><\/li><\/ol><\/div>[\/vc_column][\/vc_row][vc_row][vc_column][vc_empty_space height=\u00a0\u00bb2px\u00a0\u00bb][vc_single_image image=\u00a0\u00bb11754&Prime; img_size=\u00a0\u00bbfull\u00a0\u00bb alignment=\u00a0\u00bbcenter\u00a0\u00bb image_hovers=\u00a0\u00bbfalse\u00a0\u00bb][vc_empty_space][\/vc_column][\/vc_row][vc_row][vc_column][vc_empty_space height=\u00a0\u00bb30px\u00a0\u00bb][\/vc_column][\/vc_row][vc_row full_width=\u00a0\u00bbstretch_row_content_no_spaces\u00a0\u00bb equal_height=\u00a0\u00bbyes\u00a0\u00bb content_placement=\u00a0\u00bbmiddle\u00a0\u00bb bg_type=\u00a0\u00bbimage\u00a0\u00bb parallax_style=\u00a0\u00bbvcpb-default\u00a0\u00bb bg_image_new=\u00a0\u00bbid^12541|url^https:\/\/miroir-iv.mis-amigos-los-arboles.org\/wp-content\/uploads\/2023\/01\/donar_impulso-verde-01.jpg|caption^null|alt^null|title^donar_impulso-verde-01|description^null\u00a0\u00bb bg_image_repeat=\u00a0\u00bbno-repeat\u00a0\u00bb bg_img_attach=\u00a0\u00bbfixed\u00a0\u00bb bg_override=\u00a0\u00bbex-full\u00a0\u00bb][vc_column width=\u00a0\u00bb5\/12&Prime; css=\u00a0\u00bb.vc_custom_1591695753660{margin-top: 80px !important;margin-bottom: 80px !important;}\u00a0\u00bb offset=\u00a0\u00bbvc_col-lg-offset-2 vc_col-lg-4 vc_col-md-offset-1 vc_col-md-5 vc_col-sm-offset-1 vc_col-xs-offset-3 vc_col-xs-6&Prime;]<style type=\"text\/css\" data-type=\"the7_shortcodes-inline-css\">.shortcode-single-image-wrap.shortcode-single-image-1995d0592c57f4c3a0a2617e9fa730df.enable-bg-rollover .rollover i,\n.shortcode-single-image-wrap.shortcode-single-image-1995d0592c57f4c3a0a2617e9fa730df.enable-bg-rollover .rollover-video i {\n  background: -webkit-linear-gradient();\n  background: linear-gradient();\n}\n.shortcode-single-image-wrap.shortcode-single-image-1995d0592c57f4c3a0a2617e9fa730df .rollover-icon {\n  font-size: 32px;\n  color: #ffffff;\n  min-width: 44px;\n  min-height: 44px;\n  line-height: 44px;\n  border-radius: 100px;\n  border-style: solid;\n  border-width: 0px;\n}\n.dt-icon-bg-on.shortcode-single-image-wrap.shortcode-single-image-1995d0592c57f4c3a0a2617e9fa730df .rollover-icon {\n  background: rgba(255,255,255,0.3);\n  box-shadow: none;\n}\n<\/style><div class=\"shortcode-single-image-wrap shortcode-single-image-1995d0592c57f4c3a0a2617e9fa730df alignright  enable-bg-rollover dt-icon-bg-off\" style=\"margin-top:0px; margin-bottom:0px; margin-left:0px; margin-right:0px; width:450px;\"><div class=\"shortcode-single-image\"><div class=\"fancy-media-wrap  layzr-bg\" style=\"\"><img fetchpriority=\"high\" decoding=\"async\" class=\"preload-me lazy-load aspect\" src=\"data:image\/svg+xml,%3Csvg%20xmlns%3D&#39;http%3A%2F%2Fwww.w3.org%2F2000%2Fsvg&#39;%20viewBox%3D&#39;0%200%20450%20650&#39;%2F%3E\" data-src=\"https:\/\/miroir-iv.mis-amigos-los-arboles.org\/wp-content\/uploads\/2023\/01\/vivero_arboles_aldana_impulso_verde-830x1200-1-450x650.jpg\" data-srcset=\"https:\/\/miroir-iv.mis-amigos-los-arboles.org\/wp-content\/uploads\/2023\/01\/vivero_arboles_aldana_impulso_verde-830x1200-1-450x650.jpg 450w, https:\/\/miroir-iv.mis-amigos-los-arboles.org\/wp-content\/uploads\/2023\/01\/vivero_arboles_aldana_impulso_verde-830x1200-1-830x1198.jpg 830w\" loading=\"eager\" sizes=\"(max-width: 450px) 100vw, 450px\" width=\"450\" height=\"650\"  data-dt-location=\"https:\/\/miroir-iv.mis-amigos-los-arboles.org\/fr\/comprometete\/hacer-una-donacion\/vivero_arboles_aldana_impulso_verde-830x1200\/\" style=\"--ratio: 450 \/ 650;\" alt=\"\" \/><\/div><\/div><\/div>[\/vc_column][vc_column width=\u00a0\u00bb1\/2&Prime; css=\u00a0\u00bb.vc_custom_1593622063430{margin-left: 0px !important;padding-top: 80px !important;padding-right: 10% !important;padding-bottom: 30px !important;padding-left: 10% !important;background-color: #ffffff !important;}\u00a0\u00bb offset=\u00a0\u00bbvc_col-lg-offset-0 vc_col-lg-6 vc_col-md-offset-0 vc_col-md-6 vc_col-xs-12&Prime;][vc_column_text]<\/p>\n<h2 style=\"text-align: center;\"><span style=\"color: #008000;\">Pourquoi faire un don?<\/span><\/h2>\n<p>[\/vc_column_text][vc_empty_space height=\u00a0\u00bb30px\u00a0\u00bb][vc_column_text]<\/p>\n<p style=\"text-align: justify;\">2019 a \u00e9t\u00e9 la troisi\u00e8me ann\u00e9e la plus d\u00e9vastatrice en termes de d\u00e9forestation au cours des 20 derni\u00e8res ann\u00e9es. Environ 38 000 km2 ont \u00e9t\u00e9 d\u00e9truits l\u2019an dernier, l\u2019\u00e9quivalent d\u2019un terrain de soccer toutes les 6 secondes<span style=\"color: #99cc00;\">*<\/span>.<\/p>\n<p style=\"text-align: justify;\">L\u2019\u00e9quilibre de la nature a \u00e9t\u00e9 perturb\u00e9 par les activit\u00e9s humaines telles que la d\u00e9forestation, l\u2019invasion des habitats fauniques ou l\u2019agriculture intensive. Pour prot\u00e9ger la biodiversit\u00e9 dont nous d\u00e9pendons tous, c\u2019est maintenant qu\u2019il nous faut agir !<\/p>\n<p>[\/vc_column_text][vc_empty_space height=\u00a0\u00bb40px\u00a0\u00bb][vc_column_text]<\/p>\n<h3>Votre don sert \u00e0 :<\/h3>\n<p>[\/vc_column_text][vc_empty_space height=\u00a0\u00bb20px\u00a0\u00bb]<div class=\"standard-arrow bullet-top\"><ul>\n<li>Les p\u00e9pini\u00e8res produisent des arbres indig\u00e8nes et les communaut\u00e9s organisent des journ\u00e9es de plantation<\/li>\n<li>La fondation peut fournir du mat\u00e9riel apicole aux communaut\u00e9s participant au projet<\/li>\n<li>Le projet de reboisement et de conservation des landes est prolong\u00e9<\/li>\n<li>Une \u00e9ducation environnementale est dispens\u00e9e aux enfants en Colombie et dans le monde<\/li>\n<\/ul>\n<\/div>[vc_empty_space height=\u00a0\u00bb40px\u00a0\u00bb][vc_column_text]<\/p>\n<h3>Nous nous engageons envers vous :<\/h3>\n<p>[\/vc_column_text][vc_empty_space height=\u00a0\u00bb20px\u00a0\u00bb]<div class=\"standard-arrow bullet-top\"><ul>\n<li>Nous fournissons un rapport de gestion annuel en acc\u00e8s libre sur notre site internet<\/li>\n<li>Nous restons en contact avec notre r\u00e9seau en partageant l\u2019actualit\u00e9 de nos programmes et la vie de la fondation<\/li>\n<li>Coordination de projets<\/li>\n<\/ul>\n<\/div>[vc_empty_space height=\u00a0\u00bb40px\u00a0\u00bb][vc_row_inner el_class=\u00a0\u00bbtext-centered\u00a0\u00bb][vc_column_inner]<style type=\"text\/css\" data-type=\"the7_shortcodes-inline-css\">#default-btn-274cebcff6b4503d12d50f2e712079d7 {\n  border-radius: 0px;\n  font-size: 17px;\n  line-height: 19px;\n}\n.btn-shadow#default-btn-274cebcff6b4503d12d50f2e712079d7 {\n  box-shadow: 0 1px 6px rgba(0,0,0,0.12);\n  transition: box-shadow 0.2s ease-out, opacity 0.45s;\n}\n.btn-shadow#default-btn-274cebcff6b4503d12d50f2e712079d7:hover {\n  box-shadow: 0 5px 11px 0 rgba(0,0,0,0.18), 0 4px 15px 0 rgba(0,0,0,0.15);\n}\n.btn-flat#default-btn-274cebcff6b4503d12d50f2e712079d7 {\n  box-shadow: none;\n}\n.btn-flat#default-btn-274cebcff6b4503d12d50f2e712079d7:hover {\n  box-shadow: none;\n}\n#default-btn-274cebcff6b4503d12d50f2e712079d7.ico-right-side > i {\n  margin-right: 0px;\n  margin-left: 8px;\n}\n#default-btn-274cebcff6b4503d12d50f2e712079d7 > i {\n  margin-right: 8px;\n  font-size: 18px;\n}\n#default-btn-274cebcff6b4503d12d50f2e712079d7:not(:hover) {\n  border-width: 2px;\n  padding: 12px 14px 12px 14px;\n}\n#default-btn-274cebcff6b4503d12d50f2e712079d7:hover {\n  border-width: 2px;\n  padding: 12px 14px 12px 14px;\n}\n#default-btn-274cebcff6b4503d12d50f2e712079d7.ico-right-side > i {\n  margin-right: 0px;\n  margin-left: 8px;\n}\n#default-btn-274cebcff6b4503d12d50f2e712079d7 > i {\n  margin-right: 8px;\n}\n<\/style><a href=\"https:\/\/impulsoverde.org\/comprometete\/empresas\/\" class=\"default-btn-shortcode dt-btn link-hover-off btn-inline-left btn-flat  vc_custom_1591697622410\" id=\"default-btn-274cebcff6b4503d12d50f2e712079d7\" style=\"width:200px;\"><i class=\"IVC-foret_01\"><\/i><span>Entreprises<\/span><\/a><style type=\"text\/css\" data-type=\"the7_shortcodes-inline-css\">#default-btn-88aa97d3dd4e5ab1c43ddbcbb82f98af {\n  border-radius: 0px;\n  font-size: 17px;\n  line-height: 19px;\n}\n.btn-shadow#default-btn-88aa97d3dd4e5ab1c43ddbcbb82f98af {\n  box-shadow: 0 1px 6px rgba(0,0,0,0.12);\n  transition: box-shadow 0.2s ease-out, opacity 0.45s;\n}\n.btn-shadow#default-btn-88aa97d3dd4e5ab1c43ddbcbb82f98af:hover {\n  box-shadow: 0 5px 11px 0 rgba(0,0,0,0.18), 0 4px 15px 0 rgba(0,0,0,0.15);\n}\n.btn-flat#default-btn-88aa97d3dd4e5ab1c43ddbcbb82f98af {\n  box-shadow: none;\n}\n.btn-flat#default-btn-88aa97d3dd4e5ab1c43ddbcbb82f98af:hover {\n  box-shadow: none;\n}\n#default-btn-88aa97d3dd4e5ab1c43ddbcbb82f98af.ico-right-side > i {\n  margin-right: 0px;\n  margin-left: 8px;\n}\n#default-btn-88aa97d3dd4e5ab1c43ddbcbb82f98af > i {\n  margin-right: 8px;\n  font-size: 18px;\n}\n#default-btn-88aa97d3dd4e5ab1c43ddbcbb82f98af:not(:hover) {\n  border-width: 2px;\n  border-color: #61a103 !important;\n  color: #61a103;\n  background: none !important;\n  padding: 12px 14px 12px 14px;\n}\n#default-btn-88aa97d3dd4e5ab1c43ddbcbb82f98af:not(:hover) * {\n  color: #61a103;\n}\n#default-btn-88aa97d3dd4e5ab1c43ddbcbb82f98af:hover {\n  border-width: 2px;\n  padding: 12px 14px 12px 14px;\n}\n#default-btn-88aa97d3dd4e5ab1c43ddbcbb82f98af.ico-right-side > i {\n  margin-right: 0px;\n  margin-left: 8px;\n}\n#default-btn-88aa97d3dd4e5ab1c43ddbcbb82f98af > i {\n  margin-right: 8px;\n}\n<\/style><a href=\"https:\/\/www.paypal.com\/cgi-bin\/webscr?cmd=_s-xclick&amp;hosted_button_id=7SDHCV78BZAGG&amp;source=url\" class=\"default-btn-shortcode dt-btn link-hover-off ico-right-side btn-inline-left btn-flat  vc_custom_1592552369274\" target=\"_blank\" id=\"default-btn-88aa97d3dd4e5ab1c43ddbcbb82f98af\" style=\"width:200px;\" rel=\"noopener\"><span>Faire un don<\/span><i class=\"IVC-Don_01\"><\/i><\/a>[\/vc_column_inner][\/vc_row_inner][\/vc_column][\/vc_row][vc_row][vc_column][vc_empty_space height=\u00a0\u00bb40px\u00a0\u00bb][vc_column_text]<\/p>\n<p style=\"text-align: center;\"><span style=\"color: #99cc00;\"><strong>*<\/strong><\/span>Selon le rapport annuel de l\u2019ONG <a href=\"https:\/\/blog.globalforestwatch.org\/data-and-research\/datos-globales-de-perdida-de-cobertura-arborea-2019\" target=\"_blank\" rel=\"noopener noreferrer\">Global Forest Watch.<\/a><\/p>\n<p>[\/vc_column_text][vc_empty_space height=\u00a0\u00bb50&Prime; el_class=\u00a0\u00bbmobile-hide\u00a0\u00bb][\/vc_column][\/vc_row]<\/p>\n<\/div>","protected":false},"excerpt":{"rendered":"<p>[vc_row bg_type=\u00a0\u00bbbg_color\u00a0\u00bb bg_override=\u00a0\u00bbex-full\u00a0\u00bb bg_color_value=\u00a0\u00bb#066e04&Prime;][vc_column][\/vc_column][\/vc_row][vc_row][vc_column][vc_empty_space height=\u00a0\u00bb2px\u00a0\u00bb][vc_single_image image=\u00a0\u00bb11754&Prime; img_size=\u00a0\u00bbfull\u00a0\u00bb alignment=\u00a0\u00bbcenter\u00a0\u00bb image_hovers=\u00a0\u00bbfalse\u00a0\u00bb][vc_empty_space][\/vc_column][\/vc_row][vc_row][vc_column][vc_empty_space height=\u00a0\u00bb30px\u00a0\u00bb][\/vc_column][\/vc_row][vc_row full_width=\u00a0\u00bbstretch_row_content_no_spaces\u00a0\u00bb equal_height=\u00a0\u00bbyes\u00a0\u00bb content_placement=\u00a0\u00bbmiddle\u00a0\u00bb bg_type=\u00a0\u00bbimage\u00a0\u00bb parallax_style=\u00a0\u00bbvcpb-default\u00a0\u00bb bg_image_new=\u00a0\u00bbid^12541|url^https:\/\/miroir-iv.mis-amigos-los-arboles.org\/wp-content\/uploads\/2023\/01\/donar_impulso-verde-01.jpg|caption^null|alt^null|title^donar_impulso-verde-01|description^null\u00a0\u00bb bg_image_repeat=\u00a0\u00bbno-repeat\u00a0\u00bb bg_img_attach=\u00a0\u00bbfixed\u00a0\u00bb bg_override=\u00a0\u00bbex-full\u00a0\u00bb][vc_column width=\u00a0\u00bb5\/12&Prime; css=\u00a0\u00bb.vc_custom_1591695753660{margin-top: 80px !important;margin-bottom: 80px !important;}\u00a0\u00bb offset=\u00a0\u00bbvc_col-lg-offset-2 vc_col-lg-4 vc_col-md-offset-1 vc_col-md-5 vc_col-sm-offset-1 vc_col-xs-offset-3 vc_col-xs-6&Prime;][\/vc_column][vc_column width=\u00a0\u00bb1\/2&Prime; css=\u00a0\u00bb.vc_custom_1593622063430{margin-left: 0px !important;padding-top: 80px !important;padding-right: 10% !important;padding-bottom: 30px !important;padding-left: 10% !important;background-color: #ffffff !important;}\u00a0\u00bb offset=\u00a0\u00bbvc_col-lg-offset-0 vc_col-lg-6 vc_col-md-offset-0 vc_col-md-6 vc_col-xs-12&Prime;][vc_column_text] Pourquoi faire un don?&hellip;<\/p>\n","protected":false},"author":1,"featured_media":12537,"parent":13369,"menu_order":0,"comment_status":"closed","ping_status":"closed","template":"","meta":{"footnotes":""},"class_list":["post-13365","page","type-page","status-publish","has-post-thumbnail","hentry","description-off"],"yoast_head":"<!-- This site is optimized with the Yoast SEO plugin v27.5 - https:\/\/yoast.com\/product\/yoast-seo-wordpress\/ -->\n<title>Faire un don - Impulsoverde.org - Miroir IV<\/title>\n<meta name=\"description\" content=\"2019 a \u00e9t\u00e9 la troisi\u00e8me ann\u00e9e la plus d\u00e9vastatrice en termes de d\u00e9forestation au cours des 20 derni\u00e8res ann\u00e9es. Environ 38 000 km2 ont \u00e9t\u00e9 d\u00e9truits l\u2019an dernier, l\u2019\u00e9quivalent (...)\" \/>\n<meta name=\"robots\" content=\"noindex, follow, max-snippet:-1, max-image-preview:large, max-video-preview:-1\" \/>\n<meta property=\"og:locale\" content=\"fr_FR\" \/>\n<meta property=\"og:type\" content=\"article\" \/>\n<meta property=\"og:title\" content=\"Faire un don - Impulsoverde.org - Miroir IV\" \/>\n<meta property=\"og:description\" content=\"2019 a \u00e9t\u00e9 la troisi\u00e8me ann\u00e9e la plus d\u00e9vastatrice en termes de d\u00e9forestation au cours des 20 derni\u00e8res ann\u00e9es. Environ 38 000 km2 ont \u00e9t\u00e9 d\u00e9truits l\u2019an dernier, l\u2019\u00e9quivalent (...)\" \/>\n<meta property=\"og:url\" content=\"https:\/\/miroir-iv.mis-amigos-los-arboles.org\/fr\/engagez-vous\/faire-un-don-annuler\/\" \/>\n<meta property=\"og:site_name\" content=\"Impulsoverde.org - Miroir IV\" \/>\n<meta property=\"article:modified_time\" content=\"2023-02-14T11:22:23+00:00\" \/>\n<meta property=\"og:image\" content=\"https:\/\/miroir-iv.mis-amigos-los-arboles.org\/wp-content\/uploads\/2023\/01\/donar_impulso-verde-02.jpg\" \/>\n\t<meta property=\"og:image:width\" content=\"1920\" \/>\n\t<meta property=\"og:image:height\" content=\"800\" \/>\n\t<meta property=\"og:image:type\" content=\"image\/jpeg\" \/>\n<meta name=\"twitter:card\" content=\"summary_large_image\" \/>\n<meta name=\"twitter:label1\" content=\"Dur\u00e9e de lecture estim\u00e9e\" \/>\n\t<meta name=\"twitter:data1\" content=\"2 minutes\" \/>\n<script type=\"application\/ld+json\" class=\"yoast-schema-graph\">{\"@context\":\"https:\\\/\\\/schema.org\",\"@graph\":[{\"@type\":\"WebPage\",\"@id\":\"https:\\\/\\\/miroir-iv.mis-amigos-los-arboles.org\\\/fr\\\/engagez-vous\\\/faire-un-don-annuler\\\/\",\"url\":\"https:\\\/\\\/miroir-iv.mis-amigos-los-arboles.org\\\/fr\\\/engagez-vous\\\/faire-un-don-annuler\\\/\",\"name\":\"Faire un don - Impulsoverde.org - Miroir IV\",\"isPartOf\":{\"@id\":\"https:\\\/\\\/miroir-iv.mis-amigos-los-arboles.org\\\/#website\"},\"primaryImageOfPage\":{\"@id\":\"https:\\\/\\\/miroir-iv.mis-amigos-los-arboles.org\\\/fr\\\/engagez-vous\\\/faire-un-don-annuler\\\/#primaryimage\"},\"image\":{\"@id\":\"https:\\\/\\\/miroir-iv.mis-amigos-los-arboles.org\\\/fr\\\/engagez-vous\\\/faire-un-don-annuler\\\/#primaryimage\"},\"thumbnailUrl\":\"https:\\\/\\\/miroir-iv.mis-amigos-los-arboles.org\\\/wp-content\\\/uploads\\\/2023\\\/01\\\/donar_impulso-verde-02.jpg\",\"datePublished\":\"2023-01-27T14:03:14+00:00\",\"dateModified\":\"2023-02-14T11:22:23+00:00\",\"description\":\"2019 a \u00e9t\u00e9 la troisi\u00e8me ann\u00e9e la plus d\u00e9vastatrice en termes de d\u00e9forestation au cours des 20 derni\u00e8res ann\u00e9es. Environ 38 000 km2 ont \u00e9t\u00e9 d\u00e9truits l\u2019an dernier, l\u2019\u00e9quivalent (...)\",\"breadcrumb\":{\"@id\":\"https:\\\/\\\/miroir-iv.mis-amigos-los-arboles.org\\\/fr\\\/engagez-vous\\\/faire-un-don-annuler\\\/#breadcrumb\"},\"inLanguage\":\"fr-FR\",\"potentialAction\":[{\"@type\":\"ReadAction\",\"target\":[\"https:\\\/\\\/miroir-iv.mis-amigos-los-arboles.org\\\/fr\\\/engagez-vous\\\/faire-un-don-annuler\\\/\"]}]},{\"@type\":\"ImageObject\",\"inLanguage\":\"fr-FR\",\"@id\":\"https:\\\/\\\/miroir-iv.mis-amigos-los-arboles.org\\\/fr\\\/engagez-vous\\\/faire-un-don-annuler\\\/#primaryimage\",\"url\":\"https:\\\/\\\/miroir-iv.mis-amigos-los-arboles.org\\\/wp-content\\\/uploads\\\/2023\\\/01\\\/donar_impulso-verde-02.jpg\",\"contentUrl\":\"https:\\\/\\\/miroir-iv.mis-amigos-los-arboles.org\\\/wp-content\\\/uploads\\\/2023\\\/01\\\/donar_impulso-verde-02.jpg\",\"width\":1920,\"height\":800},{\"@type\":\"BreadcrumbList\",\"@id\":\"https:\\\/\\\/miroir-iv.mis-amigos-los-arboles.org\\\/fr\\\/engagez-vous\\\/faire-un-don-annuler\\\/#breadcrumb\",\"itemListElement\":[{\"@type\":\"ListItem\",\"position\":1,\"name\":\"Portada\",\"item\":\"https:\\\/\\\/miroir-iv.mis-amigos-los-arboles.org\\\/fr\\\/la-fondation\\\/\"},{\"@type\":\"ListItem\",\"position\":2,\"name\":\"Engagez-vous\",\"item\":\"https:\\\/\\\/miroir-iv.mis-amigos-los-arboles.org\\\/fr\\\/engagez-vous\\\/\"},{\"@type\":\"ListItem\",\"position\":3,\"name\":\"Faire un don\"}]},{\"@type\":\"WebSite\",\"@id\":\"https:\\\/\\\/miroir-iv.mis-amigos-los-arboles.org\\\/#website\",\"url\":\"https:\\\/\\\/miroir-iv.mis-amigos-los-arboles.org\\\/\",\"name\":\"Impulsoverde.org - Miroir IV\",\"description\":\"Site miroir -Impulsoverde.org \",\"potentialAction\":[{\"@type\":\"SearchAction\",\"target\":{\"@type\":\"EntryPoint\",\"urlTemplate\":\"https:\\\/\\\/miroir-iv.mis-amigos-los-arboles.org\\\/?s={search_term_string}\"},\"query-input\":{\"@type\":\"PropertyValueSpecification\",\"valueRequired\":true,\"valueName\":\"search_term_string\"}}],\"inLanguage\":\"fr-FR\"}]}<\/script>\n<!-- \/ Yoast SEO plugin. -->","yoast_head_json":{"title":"Faire un don - Impulsoverde.org - Miroir IV","description":"2019 a \u00e9t\u00e9 la troisi\u00e8me ann\u00e9e la plus d\u00e9vastatrice en termes de d\u00e9forestation au cours des 20 derni\u00e8res ann\u00e9es. Environ 38 000 km2 ont \u00e9t\u00e9 d\u00e9truits l\u2019an dernier, l\u2019\u00e9quivalent (...)","robots":{"index":"noindex","follow":"follow","max-snippet":"max-snippet:-1","max-image-preview":"max-image-preview:large","max-video-preview":"max-video-preview:-1"},"og_locale":"fr_FR","og_type":"article","og_title":"Faire un don - Impulsoverde.org - Miroir IV","og_description":"2019 a \u00e9t\u00e9 la troisi\u00e8me ann\u00e9e la plus d\u00e9vastatrice en termes de d\u00e9forestation au cours des 20 derni\u00e8res ann\u00e9es. Environ 38 000 km2 ont \u00e9t\u00e9 d\u00e9truits l\u2019an dernier, l\u2019\u00e9quivalent (...)","og_url":"https:\/\/miroir-iv.mis-amigos-los-arboles.org\/fr\/engagez-vous\/faire-un-don-annuler\/","og_site_name":"Impulsoverde.org - Miroir IV","article_modified_time":"2023-02-14T11:22:23+00:00","og_image":[{"width":1920,"height":800,"url":"https:\/\/miroir-iv.mis-amigos-los-arboles.org\/wp-content\/uploads\/2023\/01\/donar_impulso-verde-02.jpg","type":"image\/jpeg"}],"twitter_card":"summary_large_image","twitter_misc":{"Dur\u00e9e de lecture estim\u00e9e":"2 minutes"},"schema":{"@context":"https:\/\/schema.org","@graph":[{"@type":"WebPage","@id":"https:\/\/miroir-iv.mis-amigos-los-arboles.org\/fr\/engagez-vous\/faire-un-don-annuler\/","url":"https:\/\/miroir-iv.mis-amigos-los-arboles.org\/fr\/engagez-vous\/faire-un-don-annuler\/","name":"Faire un don - Impulsoverde.org - Miroir IV","isPartOf":{"@id":"https:\/\/miroir-iv.mis-amigos-los-arboles.org\/#website"},"primaryImageOfPage":{"@id":"https:\/\/miroir-iv.mis-amigos-los-arboles.org\/fr\/engagez-vous\/faire-un-don-annuler\/#primaryimage"},"image":{"@id":"https:\/\/miroir-iv.mis-amigos-los-arboles.org\/fr\/engagez-vous\/faire-un-don-annuler\/#primaryimage"},"thumbnailUrl":"https:\/\/miroir-iv.mis-amigos-los-arboles.org\/wp-content\/uploads\/2023\/01\/donar_impulso-verde-02.jpg","datePublished":"2023-01-27T14:03:14+00:00","dateModified":"2023-02-14T11:22:23+00:00","description":"2019 a \u00e9t\u00e9 la troisi\u00e8me ann\u00e9e la plus d\u00e9vastatrice en termes de d\u00e9forestation au cours des 20 derni\u00e8res ann\u00e9es. Environ 38 000 km2 ont \u00e9t\u00e9 d\u00e9truits l\u2019an dernier, l\u2019\u00e9quivalent (...)","breadcrumb":{"@id":"https:\/\/miroir-iv.mis-amigos-los-arboles.org\/fr\/engagez-vous\/faire-un-don-annuler\/#breadcrumb"},"inLanguage":"fr-FR","potentialAction":[{"@type":"ReadAction","target":["https:\/\/miroir-iv.mis-amigos-los-arboles.org\/fr\/engagez-vous\/faire-un-don-annuler\/"]}]},{"@type":"ImageObject","inLanguage":"fr-FR","@id":"https:\/\/miroir-iv.mis-amigos-los-arboles.org\/fr\/engagez-vous\/faire-un-don-annuler\/#primaryimage","url":"https:\/\/miroir-iv.mis-amigos-los-arboles.org\/wp-content\/uploads\/2023\/01\/donar_impulso-verde-02.jpg","contentUrl":"https:\/\/miroir-iv.mis-amigos-los-arboles.org\/wp-content\/uploads\/2023\/01\/donar_impulso-verde-02.jpg","width":1920,"height":800},{"@type":"BreadcrumbList","@id":"https:\/\/miroir-iv.mis-amigos-los-arboles.org\/fr\/engagez-vous\/faire-un-don-annuler\/#breadcrumb","itemListElement":[{"@type":"ListItem","position":1,"name":"Portada","item":"https:\/\/miroir-iv.mis-amigos-los-arboles.org\/fr\/la-fondation\/"},{"@type":"ListItem","position":2,"name":"Engagez-vous","item":"https:\/\/miroir-iv.mis-amigos-los-arboles.org\/fr\/engagez-vous\/"},{"@type":"ListItem","position":3,"name":"Faire un don"}]},{"@type":"WebSite","@id":"https:\/\/miroir-iv.mis-amigos-los-arboles.org\/#website","url":"https:\/\/miroir-iv.mis-amigos-los-arboles.org\/","name":"Impulsoverde.org - Miroir IV","description":"Site miroir -Impulsoverde.org ","potentialAction":[{"@type":"SearchAction","target":{"@type":"EntryPoint","urlTemplate":"https:\/\/miroir-iv.mis-amigos-los-arboles.org\/?s={search_term_string}"},"query-input":{"@type":"PropertyValueSpecification","valueRequired":true,"valueName":"search_term_string"}}],"inLanguage":"fr-FR"}]}},"_links":{"self":[{"href":"https:\/\/miroir-iv.mis-amigos-los-arboles.org\/fr\/wp-json\/wp\/v2\/pages\/13365","targetHints":{"allow":["GET"]}}],"collection":[{"href":"https:\/\/miroir-iv.mis-amigos-los-arboles.org\/fr\/wp-json\/wp\/v2\/pages"}],"about":[{"href":"https:\/\/miroir-iv.mis-amigos-los-arboles.org\/fr\/wp-json\/wp\/v2\/types\/page"}],"author":[{"embeddable":true,"href":"https:\/\/miroir-iv.mis-amigos-los-arboles.org\/fr\/wp-json\/wp\/v2\/users\/1"}],"replies":[{"embeddable":true,"href":"https:\/\/miroir-iv.mis-amigos-los-arboles.org\/fr\/wp-json\/wp\/v2\/comments?post=13365"}],"version-history":[{"count":14,"href":"https:\/\/miroir-iv.mis-amigos-los-arboles.org\/fr\/wp-json\/wp\/v2\/pages\/13365\/revisions"}],"predecessor-version":[{"id":13783,"href":"https:\/\/miroir-iv.mis-amigos-los-arboles.org\/fr\/wp-json\/wp\/v2\/pages\/13365\/revisions\/13783"}],"up":[{"embeddable":true,"href":"https:\/\/miroir-iv.mis-amigos-los-arboles.org\/fr\/wp-json\/wp\/v2\/pages\/13369"}],"wp:featuredmedia":[{"embeddable":true,"href":"https:\/\/miroir-iv.mis-amigos-los-arboles.org\/fr\/wp-json\/wp\/v2\/media\/12537"}],"wp:attachment":[{"href":"https:\/\/miroir-iv.mis-amigos-los-arboles.org\/fr\/wp-json\/wp\/v2\/media?parent=13365"}],"curies":[{"name":"wp","href":"https:\/\/api.w.org\/{rel}","templated":true}]}}