{"id":13905,"date":"2023-03-21T09:30:57","date_gmt":"2023-03-21T08:30:57","guid":{"rendered":"https:\/\/miroir-iv.mis-amigos-los-arboles.org\/?post_type=dt_team&#038;p=13905"},"modified":"2023-03-22T10:28:45","modified_gmt":"2023-03-22T09:28:45","slug":"jean-gabriel","status":"publish","type":"dt_team","link":"https:\/\/miroir-iv.mis-amigos-los-arboles.org\/fr\/dt_team\/jean-gabriel\/","title":{"rendered":"Jean Gabriel"},"content":{"rendered":"<div class=\"wpb-content-wrapper\"><p>[vc_row bg_type=\u00a0\u00bbbg_color\u00a0\u00bb bg_override=\u00a0\u00bbex-full\u00a0\u00bb bg_color_value=\u00a0\u00bb#056e04&Prime;][vc_column][vc_empty_space height=\u00a0\u00bb15px\u00a0\u00bb]<style type=\"text\/css\" data-type=\"the7_shortcodes-inline-css\">#default-btn-a68b4f73bb4a2d261562a82157876157 {\n  font-size: 14px;\n  line-height: 16px;\n  padding: 4px 0px 4px 0px;\n}\n#default-btn-a68b4f73bb4a2d261562a82157876157.ico-right-side > i {\n  margin-right: 0px;\n  margin-left: 8px;\n}\n#default-btn-a68b4f73bb4a2d261562a82157876157:after {\n  height: 2px;\n  background: #ffffff !important;\n}\n#default-btn-a68b4f73bb4a2d261562a82157876157 > i {\n  margin-right: 8px;\n  font-size: 14px;\n}\n#default-btn-a68b4f73bb4a2d261562a82157876157:not(:hover),\n#default-btn-a68b4f73bb4a2d261562a82157876157.link-hover-off:hover {\n  color: #ffffff;\n  background: none;\n}\n#default-btn-a68b4f73bb4a2d261562a82157876157:not(:hover) *,\n#default-btn-a68b4f73bb4a2d261562a82157876157.link-hover-off:hover * {\n  color: #ffffff;\n  background: none;\n}\n#default-btn-a68b4f73bb4a2d261562a82157876157:not(.link-hover-off):hover {\n  color: #ffffff;\n  background: none;\n}\n#default-btn-a68b4f73bb4a2d261562a82157876157:not(.link-hover-off):hover * {\n  color: #ffffff;\n  background: none;\n}\n#default-btn-a68b4f73bb4a2d261562a82157876157.ico-right-side > i {\n  margin-right: 0px;\n  margin-left: 8px;\n}\n#default-btn-a68b4f73bb4a2d261562a82157876157 > i {\n  margin-right: 8px;\n}\n<\/style><div class=\"btn-align-center\"><a href=\"https:\/\/miroir-iv.mis-amigos-los-arboles.org\/fr\/la-fondation\/qui-sommes-nous\/#!\/nuestro-equipo\" class=\"default-btn-shortcode dt-btn-link upwards-line \" id=\"default-btn-a68b4f73bb4a2d261562a82157876157\" title=\"Retour\"><i class=\"dt-icon-the7-misc-099\"><\/i><span>Retour<\/span><\/a><\/div>[vc_empty_space height=\u00a0\u00bb15px\u00a0\u00bb][\/vc_column][\/vc_row][vc_row gap=\u00a0\u00bb3&Prime; content_placement=\u00a0\u00bbtop\u00a0\u00bb][vc_column][vc_single_image image=\u00a0\u00bb11754&Prime; img_size=\u00a0\u00bblarge\u00a0\u00bb alignment=\u00a0\u00bbcenter\u00a0\u00bb image_hovers=\u00a0\u00bbfalse\u00a0\u00bb][vc_empty_space height=\u00a0\u00bb30px\u00a0\u00bb][vc_column_text]<\/p>\n<h2 style=\"text-align: center\"><span style=\"color: #056e04\">Jean Gabriel &#8211; Graphiste et Gladiateur<\/span><\/h2>\n<p>[\/vc_column_text][vc_empty_space height=\u00a0\u00bb30px\u00a0\u00bb][\/vc_column][\/vc_row][vc_row gap=\u00a0\u00bb35&Prime; content_placement=\u00a0\u00bbmiddle\u00a0\u00bb][vc_column width=\u00a0\u00bb2\/3&Prime;][vc_column_text]<\/p>\n<p style=\"text-align: justify\">Blablabla en fran\u00e7ais Ingeniero en \u201cIngenier\u00eda Rural, Agua y Bosques\u201d en Francia, Antoine trabaj\u00f3 hace m\u00e1s de 20 a\u00f1os en Colombia, en planes maestros de acueducto y alcantarillado. De retour en France, il int\u00e8gre une entreprise de conseil en strat\u00e9gie de croissance, marketing et efficacit\u00e9\u0301 commerciale avant de rejoindre un grand groupe fran\u00e7ais dans le domaine des services \u00e0 l\u2019environnement, o\u00f9 il contribuera notamment \u00e0 la cr\u00e9ation de la direction du d\u00e9veloppement durable quelques ann\u00e9es plus tard puis cr\u00e9era par la suite la direction marketing du groupe. En 2017, il d\u00e9cide de s\u2019installer en Colombie.<\/p>\n<p style=\"text-align: justify\">En parall\u00e8le de son activit\u00e9 professionnelle, Antoine propose \u00e0 un ami de co-fonder en 2009 une association fran\u00e7aise de reforestation. Qu\u2019il dirige de fa\u00e7on op\u00e9rationnelle pendant plus de 10 ans. Fin 2015, il cr\u00e9e le programme de reforestation communautaire dans les Andes colombiennes avec Ma\u00efkov Dumas (r\u00e9f\u00e9rent technique d\u2019Impulso Verde), puis en 2018 il cr\u00e9e un second programme de reforestation avec les communaut\u00e9s mayas au Mexique. En 2019, il d\u00e9cide de fonder la Fundaci\u00f3n Impulso Verde en Colombie et fait le choix de s\u2019y consacrer \u00e0 100%.<\/p>\n<p style=\"text-align: justify\">Pour Antoine, la protection et la restauration des \u00e9cosyst\u00e8mes sont indispensables pour faire face au changement climatique et limiter l\u2019\u00e9mergence de pand\u00e9mies ; les actions de reforestation doivent absolument impliquer les communaut\u00e9s paysannes et indig\u00e8nes en d\u00e9veloppant des activit\u00e9s \u00e9conomiques valorisant la biodiversit\u00e9 et permettre ainsi de marier sur le long terme \u00e9cologie et \u00e9conomie.<\/p>\n<p>[\/vc_column_text][\/vc_column][vc_column width=\u00a0\u00bb1\/3&Prime;][vc_single_image image=\u00a0\u00bb13585&Prime; img_size=\u00a0\u00bbmedium\u00a0\u00bb alignment=\u00a0\u00bbcenter\u00a0\u00bb image_hovers=\u00a0\u00bbfalse\u00a0\u00bb][\/vc_column][\/vc_row]<\/p>\n<\/div>","protected":false},"excerpt":{"rendered":"<p>Blablabla en fran\u00e7ais Ingeniero en \u201cIngenier\u00eda Rural, Agua y Bosques\u201d en Francia, Antoine trabaj\u00f3 hace m\u00e1s de 20 a\u00f1os en Colombia, en planes maestros de acueducto y alcantarillado (&#8230;)<\/p>\n<p><a href=\"https:\/\/miroir-iv.mis-amigos-los-arboles.org\/fr\/dt_team\/jean-gabriel\/\"><strong>En savoir plus<\/strong><\/a><\/p>\n","protected":false},"featured_media":13585,"comment_status":"closed","ping_status":"closed","template":"","dt_team_category":[52],"class_list":["post-13905","dt_team","type-dt_team","status-publish","has-post-thumbnail","hentry","dt_team_category-equipe-fr","dt_team_category-52","description-off"],"yoast_head":"<!-- This site is optimized with the Yoast SEO plugin v27.5 - https:\/\/yoast.com\/product\/yoast-seo-wordpress\/ -->\n<title>Jean Gabriel - Impulsoverde.org - Miroir IV<\/title>\n<meta name=\"description\" content=\"Blablabla en fran\u00e7ais Ingeniero en \u201cIngenier\u00eda Rural, Agua y Bosques\u201d en Francia, Antoine trabaj\u00f3 hace m\u00e1s de 20 a\u00f1os en Colombia, en planes maestros de acueducto y alcantarillado. De retour en France, il int\u00e8gre une entreprise de conseil en strat\u00e9gie de croissance, marketing et efficacit\u00e9\u0301 commerciale avant de rejoindre un grand groupe fran\u00e7ais dans le domaine des services \u00e0 l\u2019environnement, o\u00f9 il contribuera notamment \u00e0 la cr\u00e9ation de la direction du d\u00e9veloppement durable quelques ann\u00e9es plus tard puis cr\u00e9era par la suite la direction marketing du groupe. En 2017, il d\u00e9cide de s\u2019installer en Colombie.\" \/>\n<meta name=\"robots\" content=\"noindex, follow, max-snippet:-1, max-image-preview:large, max-video-preview:-1\" \/>\n<meta property=\"og:locale\" content=\"fr_FR\" \/>\n<meta property=\"og:type\" content=\"article\" \/>\n<meta property=\"og:title\" content=\"Jean Gabriel - Impulsoverde.org - Miroir IV\" \/>\n<meta property=\"og:description\" content=\"Blablabla en fran\u00e7ais Ingeniero en \u201cIngenier\u00eda Rural, Agua y Bosques\u201d en Francia, Antoine trabaj\u00f3 hace m\u00e1s de 20 a\u00f1os en Colombia, en planes maestros de acueducto y alcantarillado. De retour en France, il int\u00e8gre une entreprise de conseil en strat\u00e9gie de croissance, marketing et efficacit\u00e9\u0301 commerciale avant de rejoindre un grand groupe fran\u00e7ais dans le domaine des services \u00e0 l\u2019environnement, o\u00f9 il contribuera notamment \u00e0 la cr\u00e9ation de la direction du d\u00e9veloppement durable quelques ann\u00e9es plus tard puis cr\u00e9era par la suite la direction marketing du groupe. En 2017, il d\u00e9cide de s\u2019installer en Colombie.\" \/>\n<meta property=\"og:url\" content=\"https:\/\/miroir-iv.mis-amigos-los-arboles.org\/fr\/dt_team\/jean-gabriel\/\" \/>\n<meta property=\"og:site_name\" content=\"Impulsoverde.org - Miroir IV\" \/>\n<meta property=\"article:modified_time\" content=\"2023-03-22T09:28:45+00:00\" \/>\n<meta property=\"og:image\" content=\"https:\/\/miroir-iv.mis-amigos-los-arboles.org\/wp-content\/uploads\/2023\/02\/Florence-Danouf-300x300-1.png\" \/>\n\t<meta property=\"og:image:width\" content=\"300\" \/>\n\t<meta property=\"og:image:height\" content=\"300\" \/>\n\t<meta property=\"og:image:type\" content=\"image\/png\" \/>\n<meta name=\"twitter:card\" content=\"summary_large_image\" \/>\n<meta name=\"twitter:label1\" content=\"Dur\u00e9e de lecture estim\u00e9e\" \/>\n\t<meta name=\"twitter:data1\" content=\"2 minutes\" \/>\n<script type=\"application\/ld+json\" class=\"yoast-schema-graph\">{\"@context\":\"https:\\\/\\\/schema.org\",\"@graph\":[{\"@type\":\"WebPage\",\"@id\":\"https:\\\/\\\/miroir-iv.mis-amigos-los-arboles.org\\\/fr\\\/dt_team\\\/jean-gabriel\\\/\",\"url\":\"https:\\\/\\\/miroir-iv.mis-amigos-los-arboles.org\\\/fr\\\/dt_team\\\/jean-gabriel\\\/\",\"name\":\"Jean Gabriel - Impulsoverde.org - Miroir IV\",\"isPartOf\":{\"@id\":\"https:\\\/\\\/miroir-iv.mis-amigos-los-arboles.org\\\/#website\"},\"primaryImageOfPage\":{\"@id\":\"https:\\\/\\\/miroir-iv.mis-amigos-los-arboles.org\\\/fr\\\/dt_team\\\/jean-gabriel\\\/#primaryimage\"},\"image\":{\"@id\":\"https:\\\/\\\/miroir-iv.mis-amigos-los-arboles.org\\\/fr\\\/dt_team\\\/jean-gabriel\\\/#primaryimage\"},\"thumbnailUrl\":\"https:\\\/\\\/miroir-iv.mis-amigos-los-arboles.org\\\/wp-content\\\/uploads\\\/2023\\\/02\\\/Florence-Danouf-300x300-1.png\",\"datePublished\":\"2023-03-21T08:30:57+00:00\",\"dateModified\":\"2023-03-22T09:28:45+00:00\",\"description\":\"Blablabla en fran\u00e7ais Ingeniero en \u201cIngenier\u00eda Rural, Agua y Bosques\u201d en Francia, Antoine trabaj\u00f3 hace m\u00e1s de 20 a\u00f1os en Colombia, en planes maestros de acueducto y alcantarillado. De retour en France, il int\u00e8gre une entreprise de conseil en strat\u00e9gie de croissance, marketing et efficacit\u00e9\u0301 commerciale avant de rejoindre un grand groupe fran\u00e7ais dans le domaine des services \u00e0 l\u2019environnement, o\u00f9 il contribuera notamment \u00e0 la cr\u00e9ation de la direction du d\u00e9veloppement durable quelques ann\u00e9es plus tard puis cr\u00e9era par la suite la direction marketing du groupe. En 2017, il d\u00e9cide de s\u2019installer en Colombie.\",\"breadcrumb\":{\"@id\":\"https:\\\/\\\/miroir-iv.mis-amigos-los-arboles.org\\\/fr\\\/dt_team\\\/jean-gabriel\\\/#breadcrumb\"},\"inLanguage\":\"fr-FR\",\"potentialAction\":[{\"@type\":\"ReadAction\",\"target\":[\"https:\\\/\\\/miroir-iv.mis-amigos-los-arboles.org\\\/fr\\\/dt_team\\\/jean-gabriel\\\/\"]}]},{\"@type\":\"ImageObject\",\"inLanguage\":\"fr-FR\",\"@id\":\"https:\\\/\\\/miroir-iv.mis-amigos-los-arboles.org\\\/fr\\\/dt_team\\\/jean-gabriel\\\/#primaryimage\",\"url\":\"https:\\\/\\\/miroir-iv.mis-amigos-los-arboles.org\\\/wp-content\\\/uploads\\\/2023\\\/02\\\/Florence-Danouf-300x300-1.png\",\"contentUrl\":\"https:\\\/\\\/miroir-iv.mis-amigos-los-arboles.org\\\/wp-content\\\/uploads\\\/2023\\\/02\\\/Florence-Danouf-300x300-1.png\",\"width\":300,\"height\":300},{\"@type\":\"BreadcrumbList\",\"@id\":\"https:\\\/\\\/miroir-iv.mis-amigos-los-arboles.org\\\/fr\\\/dt_team\\\/jean-gabriel\\\/#breadcrumb\",\"itemListElement\":[{\"@type\":\"ListItem\",\"position\":1,\"name\":\"Portada\",\"item\":\"https:\\\/\\\/miroir-iv.mis-amigos-los-arboles.org\\\/fr\\\/la-fondation\\\/\"},{\"@type\":\"ListItem\",\"position\":2,\"name\":\"Equipo\",\"item\":\"https:\\\/\\\/miroir-iv.mis-amigos-los-arboles.org\\\/dt_team\\\/\"},{\"@type\":\"ListItem\",\"position\":3,\"name\":\"Jean Gabriel\"}]},{\"@type\":\"WebSite\",\"@id\":\"https:\\\/\\\/miroir-iv.mis-amigos-los-arboles.org\\\/#website\",\"url\":\"https:\\\/\\\/miroir-iv.mis-amigos-los-arboles.org\\\/\",\"name\":\"Impulsoverde.org - Miroir IV\",\"description\":\"Site miroir -Impulsoverde.org \",\"potentialAction\":[{\"@type\":\"SearchAction\",\"target\":{\"@type\":\"EntryPoint\",\"urlTemplate\":\"https:\\\/\\\/miroir-iv.mis-amigos-los-arboles.org\\\/?s={search_term_string}\"},\"query-input\":{\"@type\":\"PropertyValueSpecification\",\"valueRequired\":true,\"valueName\":\"search_term_string\"}}],\"inLanguage\":\"fr-FR\"}]}<\/script>\n<!-- \/ Yoast SEO plugin. -->","yoast_head_json":{"title":"Jean Gabriel - Impulsoverde.org - Miroir IV","description":"Blablabla en fran\u00e7ais Ingeniero en \u201cIngenier\u00eda Rural, Agua y Bosques\u201d en Francia, Antoine trabaj\u00f3 hace m\u00e1s de 20 a\u00f1os en Colombia, en planes maestros de acueducto y alcantarillado. De retour en France, il int\u00e8gre une entreprise de conseil en strat\u00e9gie de croissance, marketing et efficacit\u00e9\u0301 commerciale avant de rejoindre un grand groupe fran\u00e7ais dans le domaine des services \u00e0 l\u2019environnement, o\u00f9 il contribuera notamment \u00e0 la cr\u00e9ation de la direction du d\u00e9veloppement durable quelques ann\u00e9es plus tard puis cr\u00e9era par la suite la direction marketing du groupe. En 2017, il d\u00e9cide de s\u2019installer en Colombie.","robots":{"index":"noindex","follow":"follow","max-snippet":"max-snippet:-1","max-image-preview":"max-image-preview:large","max-video-preview":"max-video-preview:-1"},"og_locale":"fr_FR","og_type":"article","og_title":"Jean Gabriel - Impulsoverde.org - Miroir IV","og_description":"Blablabla en fran\u00e7ais Ingeniero en \u201cIngenier\u00eda Rural, Agua y Bosques\u201d en Francia, Antoine trabaj\u00f3 hace m\u00e1s de 20 a\u00f1os en Colombia, en planes maestros de acueducto y alcantarillado. De retour en France, il int\u00e8gre une entreprise de conseil en strat\u00e9gie de croissance, marketing et efficacit\u00e9\u0301 commerciale avant de rejoindre un grand groupe fran\u00e7ais dans le domaine des services \u00e0 l\u2019environnement, o\u00f9 il contribuera notamment \u00e0 la cr\u00e9ation de la direction du d\u00e9veloppement durable quelques ann\u00e9es plus tard puis cr\u00e9era par la suite la direction marketing du groupe. En 2017, il d\u00e9cide de s\u2019installer en Colombie.","og_url":"https:\/\/miroir-iv.mis-amigos-los-arboles.org\/fr\/dt_team\/jean-gabriel\/","og_site_name":"Impulsoverde.org - Miroir IV","article_modified_time":"2023-03-22T09:28:45+00:00","og_image":[{"width":300,"height":300,"url":"https:\/\/miroir-iv.mis-amigos-los-arboles.org\/wp-content\/uploads\/2023\/02\/Florence-Danouf-300x300-1.png","type":"image\/png"}],"twitter_card":"summary_large_image","twitter_misc":{"Dur\u00e9e de lecture estim\u00e9e":"2 minutes"},"schema":{"@context":"https:\/\/schema.org","@graph":[{"@type":"WebPage","@id":"https:\/\/miroir-iv.mis-amigos-los-arboles.org\/fr\/dt_team\/jean-gabriel\/","url":"https:\/\/miroir-iv.mis-amigos-los-arboles.org\/fr\/dt_team\/jean-gabriel\/","name":"Jean Gabriel - Impulsoverde.org - Miroir IV","isPartOf":{"@id":"https:\/\/miroir-iv.mis-amigos-los-arboles.org\/#website"},"primaryImageOfPage":{"@id":"https:\/\/miroir-iv.mis-amigos-los-arboles.org\/fr\/dt_team\/jean-gabriel\/#primaryimage"},"image":{"@id":"https:\/\/miroir-iv.mis-amigos-los-arboles.org\/fr\/dt_team\/jean-gabriel\/#primaryimage"},"thumbnailUrl":"https:\/\/miroir-iv.mis-amigos-los-arboles.org\/wp-content\/uploads\/2023\/02\/Florence-Danouf-300x300-1.png","datePublished":"2023-03-21T08:30:57+00:00","dateModified":"2023-03-22T09:28:45+00:00","description":"Blablabla en fran\u00e7ais Ingeniero en \u201cIngenier\u00eda Rural, Agua y Bosques\u201d en Francia, Antoine trabaj\u00f3 hace m\u00e1s de 20 a\u00f1os en Colombia, en planes maestros de acueducto y alcantarillado. De retour en France, il int\u00e8gre une entreprise de conseil en strat\u00e9gie de croissance, marketing et efficacit\u00e9\u0301 commerciale avant de rejoindre un grand groupe fran\u00e7ais dans le domaine des services \u00e0 l\u2019environnement, o\u00f9 il contribuera notamment \u00e0 la cr\u00e9ation de la direction du d\u00e9veloppement durable quelques ann\u00e9es plus tard puis cr\u00e9era par la suite la direction marketing du groupe. En 2017, il d\u00e9cide de s\u2019installer en Colombie.","breadcrumb":{"@id":"https:\/\/miroir-iv.mis-amigos-los-arboles.org\/fr\/dt_team\/jean-gabriel\/#breadcrumb"},"inLanguage":"fr-FR","potentialAction":[{"@type":"ReadAction","target":["https:\/\/miroir-iv.mis-amigos-los-arboles.org\/fr\/dt_team\/jean-gabriel\/"]}]},{"@type":"ImageObject","inLanguage":"fr-FR","@id":"https:\/\/miroir-iv.mis-amigos-los-arboles.org\/fr\/dt_team\/jean-gabriel\/#primaryimage","url":"https:\/\/miroir-iv.mis-amigos-los-arboles.org\/wp-content\/uploads\/2023\/02\/Florence-Danouf-300x300-1.png","contentUrl":"https:\/\/miroir-iv.mis-amigos-los-arboles.org\/wp-content\/uploads\/2023\/02\/Florence-Danouf-300x300-1.png","width":300,"height":300},{"@type":"BreadcrumbList","@id":"https:\/\/miroir-iv.mis-amigos-los-arboles.org\/fr\/dt_team\/jean-gabriel\/#breadcrumb","itemListElement":[{"@type":"ListItem","position":1,"name":"Portada","item":"https:\/\/miroir-iv.mis-amigos-los-arboles.org\/fr\/la-fondation\/"},{"@type":"ListItem","position":2,"name":"Equipo","item":"https:\/\/miroir-iv.mis-amigos-los-arboles.org\/dt_team\/"},{"@type":"ListItem","position":3,"name":"Jean Gabriel"}]},{"@type":"WebSite","@id":"https:\/\/miroir-iv.mis-amigos-los-arboles.org\/#website","url":"https:\/\/miroir-iv.mis-amigos-los-arboles.org\/","name":"Impulsoverde.org - Miroir IV","description":"Site miroir -Impulsoverde.org ","potentialAction":[{"@type":"SearchAction","target":{"@type":"EntryPoint","urlTemplate":"https:\/\/miroir-iv.mis-amigos-los-arboles.org\/?s={search_term_string}"},"query-input":{"@type":"PropertyValueSpecification","valueRequired":true,"valueName":"search_term_string"}}],"inLanguage":"fr-FR"}]}},"_links":{"self":[{"href":"https:\/\/miroir-iv.mis-amigos-los-arboles.org\/fr\/wp-json\/wp\/v2\/dt_team\/13905","targetHints":{"allow":["GET"]}}],"collection":[{"href":"https:\/\/miroir-iv.mis-amigos-los-arboles.org\/fr\/wp-json\/wp\/v2\/dt_team"}],"about":[{"href":"https:\/\/miroir-iv.mis-amigos-los-arboles.org\/fr\/wp-json\/wp\/v2\/types\/dt_team"}],"replies":[{"embeddable":true,"href":"https:\/\/miroir-iv.mis-amigos-los-arboles.org\/fr\/wp-json\/wp\/v2\/comments?post=13905"}],"wp:featuredmedia":[{"embeddable":true,"href":"https:\/\/miroir-iv.mis-amigos-los-arboles.org\/fr\/wp-json\/wp\/v2\/media\/13585"}],"wp:attachment":[{"href":"https:\/\/miroir-iv.mis-amigos-los-arboles.org\/fr\/wp-json\/wp\/v2\/media?parent=13905"}],"wp:term":[{"taxonomy":"dt_team_category","embeddable":true,"href":"https:\/\/miroir-iv.mis-amigos-los-arboles.org\/fr\/wp-json\/wp\/v2\/dt_team_category?post=13905"}],"curies":[{"name":"wp","href":"https:\/\/api.w.org\/{rel}","templated":true}]}}