{"id":13590,"date":"2020-01-25T12:29:29","date_gmt":"2020-01-25T11:29:29","guid":{"rendered":"https:\/\/miroir-iv.mis-amigos-los-arboles.org\/dt_team\/camilo-bohorquez\/"},"modified":"2023-02-14T17:23:28","modified_gmt":"2023-02-14T16:23:28","slug":"camilo-bohorquez","status":"publish","type":"dt_team","link":"https:\/\/miroir-iv.mis-amigos-los-arboles.org\/fr\/dt_team\/camilo-bohorquez\/","title":{"rendered":"Camilo Boh\u00f3rquez"},"content":{"rendered":"<div class=\"wpb-content-wrapper\"><p>[vc_row bg_type=\u00a0\u00bbbg_color\u00a0\u00bb bg_override=\u00a0\u00bbex-full\u00a0\u00bb bg_color_value=\u00a0\u00bb#056e04&Prime;][vc_column][vc_empty_space height=\u00a0\u00bb15px\u00a0\u00bb]<style type=\"text\/css\" data-type=\"the7_shortcodes-inline-css\">#default-btn-9dc6c692a79a7a9f86fda8ab36654ce7 {\n  font-size: 14px;\n  line-height: 16px;\n  padding: 4px 0px 4px 0px;\n}\n#default-btn-9dc6c692a79a7a9f86fda8ab36654ce7.ico-right-side > i {\n  margin-right: 0px;\n  margin-left: 8px;\n}\n#default-btn-9dc6c692a79a7a9f86fda8ab36654ce7:after {\n  height: 2px;\n  background: #ffffff !important;\n}\n#default-btn-9dc6c692a79a7a9f86fda8ab36654ce7 > i {\n  margin-right: 8px;\n  font-size: 14px;\n}\n#default-btn-9dc6c692a79a7a9f86fda8ab36654ce7:not(:hover),\n#default-btn-9dc6c692a79a7a9f86fda8ab36654ce7.link-hover-off:hover {\n  color: #ffffff;\n  background: none;\n}\n#default-btn-9dc6c692a79a7a9f86fda8ab36654ce7:not(:hover) *,\n#default-btn-9dc6c692a79a7a9f86fda8ab36654ce7.link-hover-off:hover * {\n  color: #ffffff;\n  background: none;\n}\n#default-btn-9dc6c692a79a7a9f86fda8ab36654ce7:not(.link-hover-off):hover {\n  color: #ffffff;\n  background: none;\n}\n#default-btn-9dc6c692a79a7a9f86fda8ab36654ce7:not(.link-hover-off):hover * {\n  color: #ffffff;\n  background: none;\n}\n#default-btn-9dc6c692a79a7a9f86fda8ab36654ce7.ico-right-side > i {\n  margin-right: 0px;\n  margin-left: 8px;\n}\n#default-btn-9dc6c692a79a7a9f86fda8ab36654ce7 > i {\n  margin-right: 8px;\n}\n<\/style><div class=\"btn-align-center\"><a href=\"https:\/\/miroir-iv.mis-amigos-los-arboles.org\/la-fundacion\/quienes-somos\/\" class=\"default-btn-shortcode dt-btn-link upwards-line \" id=\"default-btn-9dc6c692a79a7a9f86fda8ab36654ce7\" title=\"Regreso\"><i class=\"dt-icon-the7-misc-099\"><\/i><span>Retour<\/span><\/a><\/div>[vc_empty_space height=\u00a0\u00bb15px\u00a0\u00bb][\/vc_column][\/vc_row][vc_row gap=\u00a0\u00bb3&Prime; content_placement=\u00a0\u00bbtop\u00a0\u00bb][vc_column][vc_single_image image=\u00a0\u00bb11754&Prime; img_size=\u00a0\u00bblarge\u00a0\u00bb alignment=\u00a0\u00bbcenter\u00a0\u00bb image_hovers=\u00a0\u00bbfalse\u00a0\u00bb][vc_empty_space height=\u00a0\u00bb30px\u00a0\u00bb][vc_column_text]<\/p>\n<h2 style=\"text-align: center;\"><span style=\"color: #056e04;\">Camilo Boh\u00f3rquez &#8211; Ing\u00e9nieur agronome<\/span><\/h2>\n<p>[\/vc_column_text][vc_empty_space height=\u00a0\u00bb30px\u00a0\u00bb][\/vc_column][\/vc_row][vc_row gap=\u00a0\u00bb35&Prime; content_placement=\u00a0\u00bbmiddle\u00a0\u00bb][vc_column width=\u00a0\u00bb2\/3&Prime;][vc_column_text]Agronome dipl\u00f4m\u00e9 de l&rsquo;Universit\u00e9 nationale de Colombie, Palmira, avec une vaste exp\u00e9rience dans les cultures telles que les bananes, les plantains et les l\u00e9gumes, avec un accent sur la production biologique.<\/p>\n<p>Elle a travaill\u00e9 dans le secteur priv\u00e9 avec des organisations non gouvernementales et dans le secteur public \u00e0 l&rsquo;\u00e9laboration, la mise en \u0153uvre et l&rsquo;accompagnement de projets destin\u00e9s \u00e0 la population rurale et aux groupes de femmes rurales.<\/p>\n<p>D&rsquo;autre part, elle s&rsquo;est sp\u00e9cialis\u00e9e dans la construction de structures adapt\u00e9es au changement climatique en guadua et de mat\u00e9riaux l\u00e9gers pour la production de l\u00e9gumes et de fruits dans les zones montagneuses.<\/p>\n<p>Avec la Fondation Impulso Verde, elle coordonne le projet \u00ab\u00a0R\u00e9habilitation \u00e9cologique participative dans les Farallones de Cali\u00a0\u00bb, qui vise \u00e0 effectuer la transition vers des cultures biologiques afin d&rsquo;obtenir une alimentation saine pour la population vivant dans la zone de protection et d&rsquo;autonomiser les femmes rurales gr\u00e2ce \u00e0 la production agricole.[\/vc_column_text][\/vc_column][vc_column width=\u00a0\u00bb1\/3&Prime;][vc_single_image image=\u00a0\u00bb12071&Prime; img_size=\u00a0\u00bbmedium\u00a0\u00bb alignment=\u00a0\u00bbcenter\u00a0\u00bb image_hovers=\u00a0\u00bbfalse\u00a0\u00bb][\/vc_column][\/vc_row]<\/p>\n<\/div>","protected":false},"excerpt":{"rendered":"<p>Agronome dipl\u00f4m\u00e9 de l&rsquo;Universit\u00e9 nationale de Colombie, Palmira, avec une vaste exp\u00e9rience dans les cultures telles que les bananes, les plantains et les l\u00e9gumes, avec un accent sur la production biologique. Il a travaill\u00e9 dans le secteur priv\u00e9 avec des organisations non gouvernementales (&#8230;)<\/p>\n<p><a href=\"https:\/\/miroir-iv.mis-amigos-los-arboles.org\/dt_team\/camilo-bohorquez-c\/\"><strong>En savoir plus<\/strong><\/a><\/p>\n","protected":false},"featured_media":12071,"comment_status":"closed","ping_status":"closed","template":"","dt_team_category":[52],"class_list":["post-13590","dt_team","type-dt_team","status-publish","has-post-thumbnail","hentry","dt_team_category-equipe-fr","dt_team_category-52","description-off"],"yoast_head":"<!-- This site is optimized with the Yoast SEO plugin v27.5 - https:\/\/yoast.com\/product\/yoast-seo-wordpress\/ -->\n<title>Camilo Boh\u00f3rquez - Impulsoverde.org - Miroir IV<\/title>\n<meta name=\"description\" content=\"Agronome avec 25 ans d&#039;exp\u00e9rience dans le secteur agricole avec un accent sur l&#039;agro\u00e9cologie, le travail communautaire et la construction rurale.\" \/>\n<meta name=\"robots\" content=\"noindex, follow, max-snippet:-1, max-image-preview:large, max-video-preview:-1\" \/>\n<meta property=\"og:locale\" content=\"fr_FR\" \/>\n<meta property=\"og:type\" content=\"article\" \/>\n<meta property=\"og:title\" content=\"Camilo Boh\u00f3rquez - Impulsoverde.org - Miroir IV\" \/>\n<meta property=\"og:description\" content=\"Agronome avec 25 ans d&#039;exp\u00e9rience dans le secteur agricole avec un accent sur l&#039;agro\u00e9cologie, le travail communautaire et la construction rurale.\" \/>\n<meta property=\"og:url\" content=\"https:\/\/miroir-iv.mis-amigos-los-arboles.org\/fr\/dt_team\/camilo-bohorquez\/\" \/>\n<meta property=\"og:site_name\" content=\"Impulsoverde.org - Miroir IV\" \/>\n<meta property=\"article:modified_time\" content=\"2023-02-14T16:23:28+00:00\" \/>\n<meta property=\"og:image\" content=\"https:\/\/miroir-iv.mis-amigos-los-arboles.org\/wp-content\/uploads\/2020\/01\/Camilo-Bohorquez-300x300-1.png\" \/>\n\t<meta property=\"og:image:width\" content=\"300\" \/>\n\t<meta property=\"og:image:height\" content=\"300\" \/>\n\t<meta property=\"og:image:type\" content=\"image\/png\" \/>\n<meta name=\"twitter:card\" content=\"summary_large_image\" \/>\n<meta name=\"twitter:label1\" content=\"Dur\u00e9e de lecture estim\u00e9e\" \/>\n\t<meta name=\"twitter:data1\" content=\"1 minute\" \/>\n<script type=\"application\/ld+json\" class=\"yoast-schema-graph\">{\"@context\":\"https:\\\/\\\/schema.org\",\"@graph\":[{\"@type\":\"WebPage\",\"@id\":\"https:\\\/\\\/miroir-iv.mis-amigos-los-arboles.org\\\/fr\\\/dt_team\\\/camilo-bohorquez\\\/\",\"url\":\"https:\\\/\\\/miroir-iv.mis-amigos-los-arboles.org\\\/fr\\\/dt_team\\\/camilo-bohorquez\\\/\",\"name\":\"Camilo Boh\u00f3rquez - Impulsoverde.org - Miroir IV\",\"isPartOf\":{\"@id\":\"https:\\\/\\\/miroir-iv.mis-amigos-los-arboles.org\\\/#website\"},\"primaryImageOfPage\":{\"@id\":\"https:\\\/\\\/miroir-iv.mis-amigos-los-arboles.org\\\/fr\\\/dt_team\\\/camilo-bohorquez\\\/#primaryimage\"},\"image\":{\"@id\":\"https:\\\/\\\/miroir-iv.mis-amigos-los-arboles.org\\\/fr\\\/dt_team\\\/camilo-bohorquez\\\/#primaryimage\"},\"thumbnailUrl\":\"https:\\\/\\\/miroir-iv.mis-amigos-los-arboles.org\\\/wp-content\\\/uploads\\\/2020\\\/01\\\/Camilo-Bohorquez-300x300-1.png\",\"datePublished\":\"2020-01-25T11:29:29+00:00\",\"dateModified\":\"2023-02-14T16:23:28+00:00\",\"description\":\"Agronome avec 25 ans d'exp\u00e9rience dans le secteur agricole avec un accent sur l'agro\u00e9cologie, le travail communautaire et la construction rurale.\",\"breadcrumb\":{\"@id\":\"https:\\\/\\\/miroir-iv.mis-amigos-los-arboles.org\\\/fr\\\/dt_team\\\/camilo-bohorquez\\\/#breadcrumb\"},\"inLanguage\":\"fr-FR\",\"potentialAction\":[{\"@type\":\"ReadAction\",\"target\":[\"https:\\\/\\\/miroir-iv.mis-amigos-los-arboles.org\\\/fr\\\/dt_team\\\/camilo-bohorquez\\\/\"]}]},{\"@type\":\"ImageObject\",\"inLanguage\":\"fr-FR\",\"@id\":\"https:\\\/\\\/miroir-iv.mis-amigos-los-arboles.org\\\/fr\\\/dt_team\\\/camilo-bohorquez\\\/#primaryimage\",\"url\":\"https:\\\/\\\/miroir-iv.mis-amigos-los-arboles.org\\\/wp-content\\\/uploads\\\/2020\\\/01\\\/Camilo-Bohorquez-300x300-1.png\",\"contentUrl\":\"https:\\\/\\\/miroir-iv.mis-amigos-los-arboles.org\\\/wp-content\\\/uploads\\\/2020\\\/01\\\/Camilo-Bohorquez-300x300-1.png\",\"width\":300,\"height\":300},{\"@type\":\"BreadcrumbList\",\"@id\":\"https:\\\/\\\/miroir-iv.mis-amigos-los-arboles.org\\\/fr\\\/dt_team\\\/camilo-bohorquez\\\/#breadcrumb\",\"itemListElement\":[{\"@type\":\"ListItem\",\"position\":1,\"name\":\"Portada\",\"item\":\"https:\\\/\\\/miroir-iv.mis-amigos-los-arboles.org\\\/fr\\\/la-fondation\\\/\"},{\"@type\":\"ListItem\",\"position\":2,\"name\":\"Equipo\",\"item\":\"https:\\\/\\\/miroir-iv.mis-amigos-los-arboles.org\\\/dt_team\\\/\"},{\"@type\":\"ListItem\",\"position\":3,\"name\":\"Camilo Boh\u00f3rquez\"}]},{\"@type\":\"WebSite\",\"@id\":\"https:\\\/\\\/miroir-iv.mis-amigos-los-arboles.org\\\/#website\",\"url\":\"https:\\\/\\\/miroir-iv.mis-amigos-los-arboles.org\\\/\",\"name\":\"Impulsoverde.org - Miroir IV\",\"description\":\"Site miroir -Impulsoverde.org \",\"potentialAction\":[{\"@type\":\"SearchAction\",\"target\":{\"@type\":\"EntryPoint\",\"urlTemplate\":\"https:\\\/\\\/miroir-iv.mis-amigos-los-arboles.org\\\/?s={search_term_string}\"},\"query-input\":{\"@type\":\"PropertyValueSpecification\",\"valueRequired\":true,\"valueName\":\"search_term_string\"}}],\"inLanguage\":\"fr-FR\"}]}<\/script>\n<!-- \/ Yoast SEO plugin. -->","yoast_head_json":{"title":"Camilo Boh\u00f3rquez - Impulsoverde.org - Miroir IV","description":"Agronome avec 25 ans d'exp\u00e9rience dans le secteur agricole avec un accent sur l'agro\u00e9cologie, le travail communautaire et la construction rurale.","robots":{"index":"noindex","follow":"follow","max-snippet":"max-snippet:-1","max-image-preview":"max-image-preview:large","max-video-preview":"max-video-preview:-1"},"og_locale":"fr_FR","og_type":"article","og_title":"Camilo Boh\u00f3rquez - Impulsoverde.org - Miroir IV","og_description":"Agronome avec 25 ans d'exp\u00e9rience dans le secteur agricole avec un accent sur l'agro\u00e9cologie, le travail communautaire et la construction rurale.","og_url":"https:\/\/miroir-iv.mis-amigos-los-arboles.org\/fr\/dt_team\/camilo-bohorquez\/","og_site_name":"Impulsoverde.org - Miroir IV","article_modified_time":"2023-02-14T16:23:28+00:00","og_image":[{"width":300,"height":300,"url":"https:\/\/miroir-iv.mis-amigos-los-arboles.org\/wp-content\/uploads\/2020\/01\/Camilo-Bohorquez-300x300-1.png","type":"image\/png"}],"twitter_card":"summary_large_image","twitter_misc":{"Dur\u00e9e de lecture estim\u00e9e":"1 minute"},"schema":{"@context":"https:\/\/schema.org","@graph":[{"@type":"WebPage","@id":"https:\/\/miroir-iv.mis-amigos-los-arboles.org\/fr\/dt_team\/camilo-bohorquez\/","url":"https:\/\/miroir-iv.mis-amigos-los-arboles.org\/fr\/dt_team\/camilo-bohorquez\/","name":"Camilo Boh\u00f3rquez - Impulsoverde.org - Miroir IV","isPartOf":{"@id":"https:\/\/miroir-iv.mis-amigos-los-arboles.org\/#website"},"primaryImageOfPage":{"@id":"https:\/\/miroir-iv.mis-amigos-los-arboles.org\/fr\/dt_team\/camilo-bohorquez\/#primaryimage"},"image":{"@id":"https:\/\/miroir-iv.mis-amigos-los-arboles.org\/fr\/dt_team\/camilo-bohorquez\/#primaryimage"},"thumbnailUrl":"https:\/\/miroir-iv.mis-amigos-los-arboles.org\/wp-content\/uploads\/2020\/01\/Camilo-Bohorquez-300x300-1.png","datePublished":"2020-01-25T11:29:29+00:00","dateModified":"2023-02-14T16:23:28+00:00","description":"Agronome avec 25 ans d'exp\u00e9rience dans le secteur agricole avec un accent sur l'agro\u00e9cologie, le travail communautaire et la construction rurale.","breadcrumb":{"@id":"https:\/\/miroir-iv.mis-amigos-los-arboles.org\/fr\/dt_team\/camilo-bohorquez\/#breadcrumb"},"inLanguage":"fr-FR","potentialAction":[{"@type":"ReadAction","target":["https:\/\/miroir-iv.mis-amigos-los-arboles.org\/fr\/dt_team\/camilo-bohorquez\/"]}]},{"@type":"ImageObject","inLanguage":"fr-FR","@id":"https:\/\/miroir-iv.mis-amigos-los-arboles.org\/fr\/dt_team\/camilo-bohorquez\/#primaryimage","url":"https:\/\/miroir-iv.mis-amigos-los-arboles.org\/wp-content\/uploads\/2020\/01\/Camilo-Bohorquez-300x300-1.png","contentUrl":"https:\/\/miroir-iv.mis-amigos-los-arboles.org\/wp-content\/uploads\/2020\/01\/Camilo-Bohorquez-300x300-1.png","width":300,"height":300},{"@type":"BreadcrumbList","@id":"https:\/\/miroir-iv.mis-amigos-los-arboles.org\/fr\/dt_team\/camilo-bohorquez\/#breadcrumb","itemListElement":[{"@type":"ListItem","position":1,"name":"Portada","item":"https:\/\/miroir-iv.mis-amigos-los-arboles.org\/fr\/la-fondation\/"},{"@type":"ListItem","position":2,"name":"Equipo","item":"https:\/\/miroir-iv.mis-amigos-los-arboles.org\/dt_team\/"},{"@type":"ListItem","position":3,"name":"Camilo Boh\u00f3rquez"}]},{"@type":"WebSite","@id":"https:\/\/miroir-iv.mis-amigos-los-arboles.org\/#website","url":"https:\/\/miroir-iv.mis-amigos-los-arboles.org\/","name":"Impulsoverde.org - Miroir IV","description":"Site miroir -Impulsoverde.org ","potentialAction":[{"@type":"SearchAction","target":{"@type":"EntryPoint","urlTemplate":"https:\/\/miroir-iv.mis-amigos-los-arboles.org\/?s={search_term_string}"},"query-input":{"@type":"PropertyValueSpecification","valueRequired":true,"valueName":"search_term_string"}}],"inLanguage":"fr-FR"}]}},"_links":{"self":[{"href":"https:\/\/miroir-iv.mis-amigos-los-arboles.org\/fr\/wp-json\/wp\/v2\/dt_team\/13590","targetHints":{"allow":["GET"]}}],"collection":[{"href":"https:\/\/miroir-iv.mis-amigos-los-arboles.org\/fr\/wp-json\/wp\/v2\/dt_team"}],"about":[{"href":"https:\/\/miroir-iv.mis-amigos-los-arboles.org\/fr\/wp-json\/wp\/v2\/types\/dt_team"}],"replies":[{"embeddable":true,"href":"https:\/\/miroir-iv.mis-amigos-los-arboles.org\/fr\/wp-json\/wp\/v2\/comments?post=13590"}],"wp:featuredmedia":[{"embeddable":true,"href":"https:\/\/miroir-iv.mis-amigos-los-arboles.org\/fr\/wp-json\/wp\/v2\/media\/12071"}],"wp:attachment":[{"href":"https:\/\/miroir-iv.mis-amigos-los-arboles.org\/fr\/wp-json\/wp\/v2\/media?parent=13590"}],"wp:term":[{"taxonomy":"dt_team_category","embeddable":true,"href":"https:\/\/miroir-iv.mis-amigos-los-arboles.org\/fr\/wp-json\/wp\/v2\/dt_team_category?post=13590"}],"curies":[{"name":"wp","href":"https:\/\/api.w.org\/{rel}","templated":true}]}}