{"id":13581,"date":"2013-10-28T14:54:52","date_gmt":"2013-10-28T13:54:52","guid":{"rendered":"https:\/\/miroir-iv.mis-amigos-los-arboles.org\/dt_team\/yoselin-garzon\/"},"modified":"2023-02-14T14:39:17","modified_gmt":"2023-02-14T13:39:17","slug":"yoselin-garzon","status":"publish","type":"dt_team","link":"https:\/\/miroir-iv.mis-amigos-los-arboles.org\/fr\/dt_team\/yoselin-garzon\/","title":{"rendered":"Yoselin Garzon"},"content":{"rendered":"<div class=\"wpb-content-wrapper\"><p>[vc_row bg_type=\u00a0\u00bbbg_color\u00a0\u00bb bg_override=\u00a0\u00bbex-full\u00a0\u00bb bg_color_value=\u00a0\u00bb#056e04&Prime;][vc_column][vc_empty_space height=\u00a0\u00bb15px\u00a0\u00bb]<style type=\"text\/css\" data-type=\"the7_shortcodes-inline-css\">#default-btn-9dc6c692a79a7a9f86fda8ab36654ce7 {\n  font-size: 14px;\n  line-height: 16px;\n  padding: 4px 0px 4px 0px;\n}\n#default-btn-9dc6c692a79a7a9f86fda8ab36654ce7.ico-right-side > i {\n  margin-right: 0px;\n  margin-left: 8px;\n}\n#default-btn-9dc6c692a79a7a9f86fda8ab36654ce7:after {\n  height: 2px;\n  background: #ffffff !important;\n}\n#default-btn-9dc6c692a79a7a9f86fda8ab36654ce7 > i {\n  margin-right: 8px;\n  font-size: 14px;\n}\n#default-btn-9dc6c692a79a7a9f86fda8ab36654ce7:not(:hover),\n#default-btn-9dc6c692a79a7a9f86fda8ab36654ce7.link-hover-off:hover {\n  color: #ffffff;\n  background: none;\n}\n#default-btn-9dc6c692a79a7a9f86fda8ab36654ce7:not(:hover) *,\n#default-btn-9dc6c692a79a7a9f86fda8ab36654ce7.link-hover-off:hover * {\n  color: #ffffff;\n  background: none;\n}\n#default-btn-9dc6c692a79a7a9f86fda8ab36654ce7:not(.link-hover-off):hover {\n  color: #ffffff;\n  background: none;\n}\n#default-btn-9dc6c692a79a7a9f86fda8ab36654ce7:not(.link-hover-off):hover * {\n  color: #ffffff;\n  background: none;\n}\n#default-btn-9dc6c692a79a7a9f86fda8ab36654ce7.ico-right-side > i {\n  margin-right: 0px;\n  margin-left: 8px;\n}\n#default-btn-9dc6c692a79a7a9f86fda8ab36654ce7 > i {\n  margin-right: 8px;\n}\n<\/style><div class=\"btn-align-center\"><a href=\"https:\/\/miroir-iv.mis-amigos-los-arboles.org\/la-fundacion\/quienes-somos\/\" class=\"default-btn-shortcode dt-btn-link upwards-line \" id=\"default-btn-9dc6c692a79a7a9f86fda8ab36654ce7\" title=\"Regreso\"><i class=\"dt-icon-the7-misc-099\"><\/i><span>Retour<\/span><\/a><\/div>[vc_empty_space height=\u00a0\u00bb15px\u00a0\u00bb][\/vc_column][\/vc_row][vc_row gap=\u00a0\u00bb3&Prime; content_placement=\u00a0\u00bbtop\u00a0\u00bb][vc_column][vc_single_image image=\u00a0\u00bb11754&Prime; img_size=\u00a0\u00bblarge\u00a0\u00bb alignment=\u00a0\u00bbcenter\u00a0\u00bb image_hovers=\u00a0\u00bbfalse\u00a0\u00bb][vc_empty_space height=\u00a0\u00bb30px\u00a0\u00bb][vc_column_text]<\/p>\n<h2 style=\"text-align: center;\"><span style=\"color: #056e04;\">Yoselin Garzon &#8211; B\u00e9n\u00e9vole, Sensibilisation<\/span><\/h2>\n<p>[\/vc_column_text][vc_empty_space height=\u00a0\u00bb30px\u00a0\u00bb][\/vc_column][\/vc_row][vc_row gap=\u00a0\u00bb35&Prime; content_placement=\u00a0\u00bbmiddle\u00a0\u00bb][vc_column width=\u00a0\u00bb2\/3&Prime;][vc_column_text]<\/p>\n<p style=\"text-align: justify;\">Yoselin est \u00e9tudiante \u00e0 l&rsquo;Universidad del Valle au 6\u00e8me semestre de technologie en \u00e9cologie et gestion environnementale.<\/p>\n<p style=\"text-align: justify;\">Elle a commenc\u00e9 \u00e0 soutenir la Fundaci\u00f3n Impulso Verde en tant que b\u00e9n\u00e9vole il y a un an et demi avec le festival sumate al bosque 2021 et a continu\u00e9 \u00e0 la soutenir dans le domaine de la sensibilisation et de l&rsquo;\u00e9ducation \u00e0 l&rsquo;environnement.<\/p>\n<p style=\"text-align: justify;\">Elle a rejoint la Fondation en tant que b\u00e9n\u00e9vole parce qu&rsquo;elle est passionn\u00e9e d&rsquo;\u00e9cologie et qu&rsquo;elle souhaite contribuer et agir pour l&rsquo;environnement. Elle se sent \u00e9galement proche de l&rsquo;\u00e9quipe et de l&rsquo;approche de la Fondation.<\/p>\n<p>[\/vc_column_text][\/vc_column][vc_column width=\u00a0\u00bb1\/3&Prime;][vc_single_image image=\u00a0\u00bb12094&Prime; img_size=\u00a0\u00bbmedium\u00a0\u00bb alignment=\u00a0\u00bbcenter\u00a0\u00bb image_hovers=\u00a0\u00bbfalse\u00a0\u00bb][\/vc_column][\/vc_row]<\/p>\n<\/div>","protected":false},"excerpt":{"rendered":"<p>Yoselin est \u00e9tudiante \u00e0 l&rsquo;Universidad del Valle en technologie \u00e9cologique et gestion environnementale. Elle a rejoint la Fondation Impulso Verde en tant que volontaire dans l&rsquo;organisation (&#8230;)<\/p>\n<p><a href=\"https:\/\/miroir-iv.mis-amigos-los-arboles.org\/la-fundacion\/quienes-somos\/\"><strong>En savoir plus<\/strong><\/a><\/p>\n","protected":false},"featured_media":12094,"comment_status":"closed","ping_status":"closed","template":"","dt_team_category":[52],"class_list":["post-13581","dt_team","type-dt_team","status-publish","has-post-thumbnail","hentry","dt_team_category-equipe-fr","dt_team_category-52","description-off"],"yoast_head":"<!-- This site is optimized with the Yoast SEO plugin v27.5 - https:\/\/yoast.com\/product\/yoast-seo-wordpress\/ -->\n<title>Yoselin Garzon - Impulsoverde.org - Miroir IV<\/title>\n<meta name=\"description\" content=\"Yoselin est une \u00e9tudiante de l&#039;Universidad del Valle dans son 6\u00e8me semestre de Technologie en \u00e9cologie et gestion de l&#039;environnement, elle a commenc\u00e9 \u00e0 soutenir la Fundaci\u00f3n Impulso Verde en tant que b\u00e9n\u00e9vole il y a un an et demi avec le festival &quot;sumate al bosque 2021&quot;. Elle a rejoint la Fondation en tant que b\u00e9n\u00e9vole parce qu&#039;elle est passionn\u00e9e par l&#039;\u00e9cologie et veut contribuer et agir pour l&#039;environnement, elle se sent \u00e9galement connect\u00e9e avec l&#039;\u00e9quipe et l&#039;approche de la Fondation.\" \/>\n<meta name=\"robots\" content=\"noindex, follow, max-snippet:-1, max-image-preview:large, max-video-preview:-1\" \/>\n<meta property=\"og:locale\" content=\"fr_FR\" \/>\n<meta property=\"og:type\" content=\"article\" \/>\n<meta property=\"og:title\" content=\"Yoselin Garzon - Impulsoverde.org - Miroir IV\" \/>\n<meta property=\"og:description\" content=\"Yoselin est une \u00e9tudiante de l&#039;Universidad del Valle dans son 6\u00e8me semestre de Technologie en \u00e9cologie et gestion de l&#039;environnement, elle a commenc\u00e9 \u00e0 soutenir la Fundaci\u00f3n Impulso Verde en tant que b\u00e9n\u00e9vole il y a un an et demi avec le festival &quot;sumate al bosque 2021&quot;. Elle a rejoint la Fondation en tant que b\u00e9n\u00e9vole parce qu&#039;elle est passionn\u00e9e par l&#039;\u00e9cologie et veut contribuer et agir pour l&#039;environnement, elle se sent \u00e9galement connect\u00e9e avec l&#039;\u00e9quipe et l&#039;approche de la Fondation.\" \/>\n<meta property=\"og:url\" content=\"https:\/\/miroir-iv.mis-amigos-los-arboles.org\/fr\/dt_team\/yoselin-garzon\/\" \/>\n<meta property=\"og:site_name\" content=\"Impulsoverde.org - Miroir IV\" \/>\n<meta property=\"article:modified_time\" content=\"2023-02-14T13:39:17+00:00\" \/>\n<meta property=\"og:image\" content=\"https:\/\/miroir-iv.mis-amigos-los-arboles.org\/wp-content\/uploads\/2013\/10\/Yoselin-Garzon-300x292-1.png\" \/>\n\t<meta property=\"og:image:width\" content=\"300\" \/>\n\t<meta property=\"og:image:height\" content=\"292\" \/>\n\t<meta property=\"og:image:type\" content=\"image\/png\" \/>\n<meta name=\"twitter:card\" content=\"summary_large_image\" \/>\n<meta name=\"twitter:label1\" content=\"Dur\u00e9e de lecture estim\u00e9e\" \/>\n\t<meta name=\"twitter:data1\" content=\"1 minute\" \/>\n<script type=\"application\/ld+json\" class=\"yoast-schema-graph\">{\"@context\":\"https:\\\/\\\/schema.org\",\"@graph\":[{\"@type\":\"WebPage\",\"@id\":\"https:\\\/\\\/miroir-iv.mis-amigos-los-arboles.org\\\/fr\\\/dt_team\\\/yoselin-garzon\\\/\",\"url\":\"https:\\\/\\\/miroir-iv.mis-amigos-los-arboles.org\\\/fr\\\/dt_team\\\/yoselin-garzon\\\/\",\"name\":\"Yoselin Garzon - Impulsoverde.org - Miroir IV\",\"isPartOf\":{\"@id\":\"https:\\\/\\\/miroir-iv.mis-amigos-los-arboles.org\\\/#website\"},\"primaryImageOfPage\":{\"@id\":\"https:\\\/\\\/miroir-iv.mis-amigos-los-arboles.org\\\/fr\\\/dt_team\\\/yoselin-garzon\\\/#primaryimage\"},\"image\":{\"@id\":\"https:\\\/\\\/miroir-iv.mis-amigos-los-arboles.org\\\/fr\\\/dt_team\\\/yoselin-garzon\\\/#primaryimage\"},\"thumbnailUrl\":\"https:\\\/\\\/miroir-iv.mis-amigos-los-arboles.org\\\/wp-content\\\/uploads\\\/2013\\\/10\\\/Yoselin-Garzon-300x292-1.png\",\"datePublished\":\"2013-10-28T13:54:52+00:00\",\"dateModified\":\"2023-02-14T13:39:17+00:00\",\"description\":\"Yoselin est une \u00e9tudiante de l'Universidad del Valle dans son 6\u00e8me semestre de Technologie en \u00e9cologie et gestion de l'environnement, elle a commenc\u00e9 \u00e0 soutenir la Fundaci\u00f3n Impulso Verde en tant que b\u00e9n\u00e9vole il y a un an et demi avec le festival \\\"sumate al bosque 2021\\\". Elle a rejoint la Fondation en tant que b\u00e9n\u00e9vole parce qu'elle est passionn\u00e9e par l'\u00e9cologie et veut contribuer et agir pour l'environnement, elle se sent \u00e9galement connect\u00e9e avec l'\u00e9quipe et l'approche de la Fondation.\",\"breadcrumb\":{\"@id\":\"https:\\\/\\\/miroir-iv.mis-amigos-los-arboles.org\\\/fr\\\/dt_team\\\/yoselin-garzon\\\/#breadcrumb\"},\"inLanguage\":\"fr-FR\",\"potentialAction\":[{\"@type\":\"ReadAction\",\"target\":[\"https:\\\/\\\/miroir-iv.mis-amigos-los-arboles.org\\\/fr\\\/dt_team\\\/yoselin-garzon\\\/\"]}]},{\"@type\":\"ImageObject\",\"inLanguage\":\"fr-FR\",\"@id\":\"https:\\\/\\\/miroir-iv.mis-amigos-los-arboles.org\\\/fr\\\/dt_team\\\/yoselin-garzon\\\/#primaryimage\",\"url\":\"https:\\\/\\\/miroir-iv.mis-amigos-los-arboles.org\\\/wp-content\\\/uploads\\\/2013\\\/10\\\/Yoselin-Garzon-300x292-1.png\",\"contentUrl\":\"https:\\\/\\\/miroir-iv.mis-amigos-los-arboles.org\\\/wp-content\\\/uploads\\\/2013\\\/10\\\/Yoselin-Garzon-300x292-1.png\",\"width\":300,\"height\":292},{\"@type\":\"BreadcrumbList\",\"@id\":\"https:\\\/\\\/miroir-iv.mis-amigos-los-arboles.org\\\/fr\\\/dt_team\\\/yoselin-garzon\\\/#breadcrumb\",\"itemListElement\":[{\"@type\":\"ListItem\",\"position\":1,\"name\":\"Portada\",\"item\":\"https:\\\/\\\/miroir-iv.mis-amigos-los-arboles.org\\\/fr\\\/la-fondation\\\/\"},{\"@type\":\"ListItem\",\"position\":2,\"name\":\"Equipo\",\"item\":\"https:\\\/\\\/miroir-iv.mis-amigos-los-arboles.org\\\/dt_team\\\/\"},{\"@type\":\"ListItem\",\"position\":3,\"name\":\"Yoselin Garzon\"}]},{\"@type\":\"WebSite\",\"@id\":\"https:\\\/\\\/miroir-iv.mis-amigos-los-arboles.org\\\/#website\",\"url\":\"https:\\\/\\\/miroir-iv.mis-amigos-los-arboles.org\\\/\",\"name\":\"Impulsoverde.org - Miroir IV\",\"description\":\"Site miroir -Impulsoverde.org \",\"potentialAction\":[{\"@type\":\"SearchAction\",\"target\":{\"@type\":\"EntryPoint\",\"urlTemplate\":\"https:\\\/\\\/miroir-iv.mis-amigos-los-arboles.org\\\/?s={search_term_string}\"},\"query-input\":{\"@type\":\"PropertyValueSpecification\",\"valueRequired\":true,\"valueName\":\"search_term_string\"}}],\"inLanguage\":\"fr-FR\"}]}<\/script>\n<!-- \/ Yoast SEO plugin. -->","yoast_head_json":{"title":"Yoselin Garzon - Impulsoverde.org - Miroir IV","description":"Yoselin est une \u00e9tudiante de l'Universidad del Valle dans son 6\u00e8me semestre de Technologie en \u00e9cologie et gestion de l'environnement, elle a commenc\u00e9 \u00e0 soutenir la Fundaci\u00f3n Impulso Verde en tant que b\u00e9n\u00e9vole il y a un an et demi avec le festival \"sumate al bosque 2021\". Elle a rejoint la Fondation en tant que b\u00e9n\u00e9vole parce qu'elle est passionn\u00e9e par l'\u00e9cologie et veut contribuer et agir pour l'environnement, elle se sent \u00e9galement connect\u00e9e avec l'\u00e9quipe et l'approche de la Fondation.","robots":{"index":"noindex","follow":"follow","max-snippet":"max-snippet:-1","max-image-preview":"max-image-preview:large","max-video-preview":"max-video-preview:-1"},"og_locale":"fr_FR","og_type":"article","og_title":"Yoselin Garzon - Impulsoverde.org - Miroir IV","og_description":"Yoselin est une \u00e9tudiante de l'Universidad del Valle dans son 6\u00e8me semestre de Technologie en \u00e9cologie et gestion de l'environnement, elle a commenc\u00e9 \u00e0 soutenir la Fundaci\u00f3n Impulso Verde en tant que b\u00e9n\u00e9vole il y a un an et demi avec le festival \"sumate al bosque 2021\". Elle a rejoint la Fondation en tant que b\u00e9n\u00e9vole parce qu'elle est passionn\u00e9e par l'\u00e9cologie et veut contribuer et agir pour l'environnement, elle se sent \u00e9galement connect\u00e9e avec l'\u00e9quipe et l'approche de la Fondation.","og_url":"https:\/\/miroir-iv.mis-amigos-los-arboles.org\/fr\/dt_team\/yoselin-garzon\/","og_site_name":"Impulsoverde.org - Miroir IV","article_modified_time":"2023-02-14T13:39:17+00:00","og_image":[{"width":300,"height":292,"url":"https:\/\/miroir-iv.mis-amigos-los-arboles.org\/wp-content\/uploads\/2013\/10\/Yoselin-Garzon-300x292-1.png","type":"image\/png"}],"twitter_card":"summary_large_image","twitter_misc":{"Dur\u00e9e de lecture estim\u00e9e":"1 minute"},"schema":{"@context":"https:\/\/schema.org","@graph":[{"@type":"WebPage","@id":"https:\/\/miroir-iv.mis-amigos-los-arboles.org\/fr\/dt_team\/yoselin-garzon\/","url":"https:\/\/miroir-iv.mis-amigos-los-arboles.org\/fr\/dt_team\/yoselin-garzon\/","name":"Yoselin Garzon - Impulsoverde.org - Miroir IV","isPartOf":{"@id":"https:\/\/miroir-iv.mis-amigos-los-arboles.org\/#website"},"primaryImageOfPage":{"@id":"https:\/\/miroir-iv.mis-amigos-los-arboles.org\/fr\/dt_team\/yoselin-garzon\/#primaryimage"},"image":{"@id":"https:\/\/miroir-iv.mis-amigos-los-arboles.org\/fr\/dt_team\/yoselin-garzon\/#primaryimage"},"thumbnailUrl":"https:\/\/miroir-iv.mis-amigos-los-arboles.org\/wp-content\/uploads\/2013\/10\/Yoselin-Garzon-300x292-1.png","datePublished":"2013-10-28T13:54:52+00:00","dateModified":"2023-02-14T13:39:17+00:00","description":"Yoselin est une \u00e9tudiante de l'Universidad del Valle dans son 6\u00e8me semestre de Technologie en \u00e9cologie et gestion de l'environnement, elle a commenc\u00e9 \u00e0 soutenir la Fundaci\u00f3n Impulso Verde en tant que b\u00e9n\u00e9vole il y a un an et demi avec le festival \"sumate al bosque 2021\". Elle a rejoint la Fondation en tant que b\u00e9n\u00e9vole parce qu'elle est passionn\u00e9e par l'\u00e9cologie et veut contribuer et agir pour l'environnement, elle se sent \u00e9galement connect\u00e9e avec l'\u00e9quipe et l'approche de la Fondation.","breadcrumb":{"@id":"https:\/\/miroir-iv.mis-amigos-los-arboles.org\/fr\/dt_team\/yoselin-garzon\/#breadcrumb"},"inLanguage":"fr-FR","potentialAction":[{"@type":"ReadAction","target":["https:\/\/miroir-iv.mis-amigos-los-arboles.org\/fr\/dt_team\/yoselin-garzon\/"]}]},{"@type":"ImageObject","inLanguage":"fr-FR","@id":"https:\/\/miroir-iv.mis-amigos-los-arboles.org\/fr\/dt_team\/yoselin-garzon\/#primaryimage","url":"https:\/\/miroir-iv.mis-amigos-los-arboles.org\/wp-content\/uploads\/2013\/10\/Yoselin-Garzon-300x292-1.png","contentUrl":"https:\/\/miroir-iv.mis-amigos-los-arboles.org\/wp-content\/uploads\/2013\/10\/Yoselin-Garzon-300x292-1.png","width":300,"height":292},{"@type":"BreadcrumbList","@id":"https:\/\/miroir-iv.mis-amigos-los-arboles.org\/fr\/dt_team\/yoselin-garzon\/#breadcrumb","itemListElement":[{"@type":"ListItem","position":1,"name":"Portada","item":"https:\/\/miroir-iv.mis-amigos-los-arboles.org\/fr\/la-fondation\/"},{"@type":"ListItem","position":2,"name":"Equipo","item":"https:\/\/miroir-iv.mis-amigos-los-arboles.org\/dt_team\/"},{"@type":"ListItem","position":3,"name":"Yoselin Garzon"}]},{"@type":"WebSite","@id":"https:\/\/miroir-iv.mis-amigos-los-arboles.org\/#website","url":"https:\/\/miroir-iv.mis-amigos-los-arboles.org\/","name":"Impulsoverde.org - Miroir IV","description":"Site miroir -Impulsoverde.org ","potentialAction":[{"@type":"SearchAction","target":{"@type":"EntryPoint","urlTemplate":"https:\/\/miroir-iv.mis-amigos-los-arboles.org\/?s={search_term_string}"},"query-input":{"@type":"PropertyValueSpecification","valueRequired":true,"valueName":"search_term_string"}}],"inLanguage":"fr-FR"}]}},"_links":{"self":[{"href":"https:\/\/miroir-iv.mis-amigos-los-arboles.org\/fr\/wp-json\/wp\/v2\/dt_team\/13581","targetHints":{"allow":["GET"]}}],"collection":[{"href":"https:\/\/miroir-iv.mis-amigos-los-arboles.org\/fr\/wp-json\/wp\/v2\/dt_team"}],"about":[{"href":"https:\/\/miroir-iv.mis-amigos-los-arboles.org\/fr\/wp-json\/wp\/v2\/types\/dt_team"}],"replies":[{"embeddable":true,"href":"https:\/\/miroir-iv.mis-amigos-los-arboles.org\/fr\/wp-json\/wp\/v2\/comments?post=13581"}],"wp:featuredmedia":[{"embeddable":true,"href":"https:\/\/miroir-iv.mis-amigos-los-arboles.org\/fr\/wp-json\/wp\/v2\/media\/12094"}],"wp:attachment":[{"href":"https:\/\/miroir-iv.mis-amigos-los-arboles.org\/fr\/wp-json\/wp\/v2\/media?parent=13581"}],"wp:term":[{"taxonomy":"dt_team_category","embeddable":true,"href":"https:\/\/miroir-iv.mis-amigos-los-arboles.org\/fr\/wp-json\/wp\/v2\/dt_team_category?post=13581"}],"curies":[{"name":"wp","href":"https:\/\/api.w.org\/{rel}","templated":true}]}}