{"id":13565,"date":"2020-07-30T09:46:12","date_gmt":"2020-07-30T07:46:12","guid":{"rendered":"https:\/\/miroir-iv.mis-amigos-los-arboles.org\/dt_team\/katherine-masso-munoz\/"},"modified":"2023-02-14T14:40:44","modified_gmt":"2023-02-14T13:40:44","slug":"katherine-masso-munoz","status":"publish","type":"dt_team","link":"https:\/\/miroir-iv.mis-amigos-los-arboles.org\/fr\/dt_team\/katherine-masso-munoz\/","title":{"rendered":"Katherine Masso Mu\u00f1oz"},"content":{"rendered":"<div class=\"wpb-content-wrapper\"><p>[vc_row bg_type=\u00a0\u00bbbg_color\u00a0\u00bb bg_override=\u00a0\u00bbex-full\u00a0\u00bb bg_color_value=\u00a0\u00bb#056e04&Prime;][vc_column][vc_empty_space height=\u00a0\u00bb15px\u00a0\u00bb]<style type=\"text\/css\" data-type=\"the7_shortcodes-inline-css\">#default-btn-69ae8d7cf37c0b26cd17dc7930419022 {\n  font-size: 14px;\n  line-height: 16px;\n  padding: 4px 0px 4px 0px;\n}\n#default-btn-69ae8d7cf37c0b26cd17dc7930419022.ico-right-side > i {\n  margin-right: 0px;\n  margin-left: 8px;\n}\n#default-btn-69ae8d7cf37c0b26cd17dc7930419022:after {\n  height: 2px;\n  background: #ffffff !important;\n}\n#default-btn-69ae8d7cf37c0b26cd17dc7930419022 > i {\n  margin-right: 8px;\n  font-size: 14px;\n}\n#default-btn-69ae8d7cf37c0b26cd17dc7930419022:not(:hover),\n#default-btn-69ae8d7cf37c0b26cd17dc7930419022.link-hover-off:hover {\n  color: #ffffff;\n  background: none;\n}\n#default-btn-69ae8d7cf37c0b26cd17dc7930419022:not(:hover) *,\n#default-btn-69ae8d7cf37c0b26cd17dc7930419022.link-hover-off:hover * {\n  color: #ffffff;\n  background: none;\n}\n#default-btn-69ae8d7cf37c0b26cd17dc7930419022:not(.link-hover-off):hover {\n  color: #ffffff;\n  background: none;\n}\n#default-btn-69ae8d7cf37c0b26cd17dc7930419022:not(.link-hover-off):hover * {\n  color: #ffffff;\n  background: none;\n}\n#default-btn-69ae8d7cf37c0b26cd17dc7930419022.ico-right-side > i {\n  margin-right: 0px;\n  margin-left: 8px;\n}\n#default-btn-69ae8d7cf37c0b26cd17dc7930419022 > i {\n  margin-right: 8px;\n}\n<\/style><div class=\"btn-align-center\"><a href=\"https:\/\/miroir-iv.mis-amigos-los-arboles.org\/la-fundacion\/quienes-somos\/\" class=\"default-btn-shortcode dt-btn-link upwards-line \" id=\"default-btn-69ae8d7cf37c0b26cd17dc7930419022\" title=\"Return\"><i class=\"dt-icon-the7-misc-099\"><\/i><span>Retour<\/span><\/a><\/div>[vc_empty_space height=\u00a0\u00bb15px\u00a0\u00bb][\/vc_column][\/vc_row][vc_row gap=\u00a0\u00bb3&Prime; content_placement=\u00a0\u00bbtop\u00a0\u00bb][vc_column][vc_single_image image=\u00a0\u00bb11754&Prime; img_size=\u00a0\u00bblarge\u00a0\u00bb alignment=\u00a0\u00bbcenter\u00a0\u00bb image_hovers=\u00a0\u00bbfalse\u00a0\u00bb][vc_empty_space height=\u00a0\u00bb30px\u00a0\u00bb][vc_column_text]<\/p>\n<h2 style=\"text-align: center;\"><span style=\"color: #056e04;\">Katherine Masso Mu\u00f1oz &#8211; Directrice<\/span><\/h2>\n<p>[\/vc_column_text][vc_empty_space height=\u00a0\u00bb30px\u00a0\u00bb][\/vc_column][\/vc_row][vc_row gap=\u00a0\u00bb35&Prime; content_placement=\u00a0\u00bbmiddle\u00a0\u00bb][vc_column width=\u00a0\u00bb2\/3&Prime;][vc_column_text]<\/p>\n<p style=\"text-align: justify;\">Professionnel en \u00e9conomie avec une sp\u00e9cialisation en contr\u00f4le de gestion et audit. Il a plus de dix ans d&rsquo;exp\u00e9rience dans le domaine financier des entreprises : planification et gestion des proc\u00e9dures pour la r\u00e9alisation des objectifs strat\u00e9giques et op\u00e9rationnels, plans d&rsquo;optimisation des co\u00fbts, il a \u00e9galement dirig\u00e9 la mise en \u0153uvre de projets transversaux. Il a v\u00e9cu 17 ans en France o\u00f9 il a \u00e9tudi\u00e9 et acquis toute son exp\u00e9rience professionnelle.<\/p>\n<p style=\"text-align: justify;\">Il a d\u00e9cid\u00e9 de retourner en Colombie en 2017 pour retrouver sa famille et \u00eatre en contact avec sa culture et ses montagnes. En 2019, elle a particip\u00e9 activement \u00e0 la cr\u00e9ation de la fondation et s&rsquo;est form\u00e9e \u00e0 l&rsquo;apiculture et \u00e0 la m\u00e9liponiculture pour concevoir et mettre en \u0153uvre des projets communautaires avec des associations partenaires.<\/p>\n<p style=\"text-align: justify;\">Katherine appr\u00e9cie et valorise le travail d&rsquo;\u00e9quipe avec les membres des associations.<\/p>\n<p>[\/vc_column_text][\/vc_column][vc_column width=\u00a0\u00bb1\/3&Prime;][vc_single_image image=\u00a0\u00bb12022&Prime; img_size=\u00a0\u00bbmedium\u00a0\u00bb alignment=\u00a0\u00bbcenter\u00a0\u00bb image_hovers=\u00a0\u00bbfalse\u00a0\u00bb][\/vc_column][\/vc_row]<\/p>\n<\/div>","protected":false},"excerpt":{"rendered":"<p>Professionnel en \u00e9conomie avec une sp\u00e9cialisation en contr\u00f4le de gestion et audit. Il a plus de dix ans d&rsquo;exp\u00e9rience dans le domaine de la finance d&rsquo;entreprise : planification et gestion des (&#8230;)<\/p>\n<p><a href=\"https:\/\/miroir-iv.mis-amigos-los-arboles.org\/dt_team\/katherine-masso-munoz\/\"><strong>En savoir plus<\/strong><\/a><\/p>\n","protected":false},"featured_media":12022,"comment_status":"closed","ping_status":"closed","template":"","dt_team_category":[52],"class_list":["post-13565","dt_team","type-dt_team","status-publish","has-post-thumbnail","hentry","dt_team_category-equipe-fr","dt_team_category-52","description-off"],"yoast_head":"<!-- This site is optimized with the Yoast SEO plugin v27.5 - https:\/\/yoast.com\/product\/yoast-seo-wordpress\/ -->\n<title>Katherine Masso Mu\u00f1oz - Impulsoverde.org - Miroir IV<\/title>\n<meta name=\"description\" content=\"Professionnel en \u00e9conomie avec une sp\u00e9cialisation en contr\u00f4le de gestion et audit. Il a plus de dix ans d&#039;exp\u00e9rience dans le domaine financier des entreprises : planification et gestion des proc\u00e9dures pour la r\u00e9alisation des objectifs strat\u00e9giques et op\u00e9rationnels, plans d&#039;optimisation des co\u00fbts, il a \u00e9galement dirig\u00e9 la mise en \u0153uvre de projets transversaux. Il a v\u00e9cu 17 ans en France o\u00f9 il a \u00e9tudi\u00e9 et acquis toute son exp\u00e9rience professionnelle.\" \/>\n<meta name=\"robots\" content=\"noindex, follow, max-snippet:-1, max-image-preview:large, max-video-preview:-1\" \/>\n<meta property=\"og:locale\" content=\"fr_FR\" \/>\n<meta property=\"og:type\" content=\"article\" \/>\n<meta property=\"og:title\" content=\"Katherine Masso Mu\u00f1oz - Impulsoverde.org - Miroir IV\" \/>\n<meta property=\"og:description\" content=\"Professionnel en \u00e9conomie avec une sp\u00e9cialisation en contr\u00f4le de gestion et audit. Il a plus de dix ans d&#039;exp\u00e9rience dans le domaine financier des entreprises : planification et gestion des proc\u00e9dures pour la r\u00e9alisation des objectifs strat\u00e9giques et op\u00e9rationnels, plans d&#039;optimisation des co\u00fbts, il a \u00e9galement dirig\u00e9 la mise en \u0153uvre de projets transversaux. Il a v\u00e9cu 17 ans en France o\u00f9 il a \u00e9tudi\u00e9 et acquis toute son exp\u00e9rience professionnelle.\" \/>\n<meta property=\"og:url\" content=\"https:\/\/miroir-iv.mis-amigos-los-arboles.org\/fr\/dt_team\/katherine-masso-munoz\/\" \/>\n<meta property=\"og:site_name\" content=\"Impulsoverde.org - Miroir IV\" \/>\n<meta property=\"article:modified_time\" content=\"2023-02-14T13:40:44+00:00\" \/>\n<meta property=\"og:image\" content=\"https:\/\/miroir-iv.mis-amigos-los-arboles.org\/wp-content\/uploads\/2020\/07\/portrait_katherine-300x300-1.png\" \/>\n\t<meta property=\"og:image:width\" content=\"300\" \/>\n\t<meta property=\"og:image:height\" content=\"300\" \/>\n\t<meta property=\"og:image:type\" content=\"image\/png\" \/>\n<meta name=\"twitter:card\" content=\"summary_large_image\" \/>\n<meta name=\"twitter:label1\" content=\"Dur\u00e9e de lecture estim\u00e9e\" \/>\n\t<meta name=\"twitter:data1\" content=\"1 minute\" \/>\n<script type=\"application\/ld+json\" class=\"yoast-schema-graph\">{\"@context\":\"https:\\\/\\\/schema.org\",\"@graph\":[{\"@type\":\"WebPage\",\"@id\":\"https:\\\/\\\/miroir-iv.mis-amigos-los-arboles.org\\\/fr\\\/dt_team\\\/katherine-masso-munoz\\\/\",\"url\":\"https:\\\/\\\/miroir-iv.mis-amigos-los-arboles.org\\\/fr\\\/dt_team\\\/katherine-masso-munoz\\\/\",\"name\":\"Katherine Masso Mu\u00f1oz - Impulsoverde.org - Miroir IV\",\"isPartOf\":{\"@id\":\"https:\\\/\\\/miroir-iv.mis-amigos-los-arboles.org\\\/#website\"},\"primaryImageOfPage\":{\"@id\":\"https:\\\/\\\/miroir-iv.mis-amigos-los-arboles.org\\\/fr\\\/dt_team\\\/katherine-masso-munoz\\\/#primaryimage\"},\"image\":{\"@id\":\"https:\\\/\\\/miroir-iv.mis-amigos-los-arboles.org\\\/fr\\\/dt_team\\\/katherine-masso-munoz\\\/#primaryimage\"},\"thumbnailUrl\":\"https:\\\/\\\/miroir-iv.mis-amigos-los-arboles.org\\\/wp-content\\\/uploads\\\/2020\\\/07\\\/portrait_katherine-300x300-1.png\",\"datePublished\":\"2020-07-30T07:46:12+00:00\",\"dateModified\":\"2023-02-14T13:40:44+00:00\",\"description\":\"Professionnel en \u00e9conomie avec une sp\u00e9cialisation en contr\u00f4le de gestion et audit. Il a plus de dix ans d'exp\u00e9rience dans le domaine financier des entreprises : planification et gestion des proc\u00e9dures pour la r\u00e9alisation des objectifs strat\u00e9giques et op\u00e9rationnels, plans d'optimisation des co\u00fbts, il a \u00e9galement dirig\u00e9 la mise en \u0153uvre de projets transversaux. Il a v\u00e9cu 17 ans en France o\u00f9 il a \u00e9tudi\u00e9 et acquis toute son exp\u00e9rience professionnelle.\",\"breadcrumb\":{\"@id\":\"https:\\\/\\\/miroir-iv.mis-amigos-los-arboles.org\\\/fr\\\/dt_team\\\/katherine-masso-munoz\\\/#breadcrumb\"},\"inLanguage\":\"fr-FR\",\"potentialAction\":[{\"@type\":\"ReadAction\",\"target\":[\"https:\\\/\\\/miroir-iv.mis-amigos-los-arboles.org\\\/fr\\\/dt_team\\\/katherine-masso-munoz\\\/\"]}]},{\"@type\":\"ImageObject\",\"inLanguage\":\"fr-FR\",\"@id\":\"https:\\\/\\\/miroir-iv.mis-amigos-los-arboles.org\\\/fr\\\/dt_team\\\/katherine-masso-munoz\\\/#primaryimage\",\"url\":\"https:\\\/\\\/miroir-iv.mis-amigos-los-arboles.org\\\/wp-content\\\/uploads\\\/2020\\\/07\\\/portrait_katherine-300x300-1.png\",\"contentUrl\":\"https:\\\/\\\/miroir-iv.mis-amigos-los-arboles.org\\\/wp-content\\\/uploads\\\/2020\\\/07\\\/portrait_katherine-300x300-1.png\",\"width\":300,\"height\":300},{\"@type\":\"BreadcrumbList\",\"@id\":\"https:\\\/\\\/miroir-iv.mis-amigos-los-arboles.org\\\/fr\\\/dt_team\\\/katherine-masso-munoz\\\/#breadcrumb\",\"itemListElement\":[{\"@type\":\"ListItem\",\"position\":1,\"name\":\"Portada\",\"item\":\"https:\\\/\\\/miroir-iv.mis-amigos-los-arboles.org\\\/fr\\\/la-fondation\\\/\"},{\"@type\":\"ListItem\",\"position\":2,\"name\":\"Equipo\",\"item\":\"https:\\\/\\\/miroir-iv.mis-amigos-los-arboles.org\\\/dt_team\\\/\"},{\"@type\":\"ListItem\",\"position\":3,\"name\":\"Katherine Masso Mu\u00f1oz\"}]},{\"@type\":\"WebSite\",\"@id\":\"https:\\\/\\\/miroir-iv.mis-amigos-los-arboles.org\\\/#website\",\"url\":\"https:\\\/\\\/miroir-iv.mis-amigos-los-arboles.org\\\/\",\"name\":\"Impulsoverde.org - Miroir IV\",\"description\":\"Site miroir -Impulsoverde.org \",\"potentialAction\":[{\"@type\":\"SearchAction\",\"target\":{\"@type\":\"EntryPoint\",\"urlTemplate\":\"https:\\\/\\\/miroir-iv.mis-amigos-los-arboles.org\\\/?s={search_term_string}\"},\"query-input\":{\"@type\":\"PropertyValueSpecification\",\"valueRequired\":true,\"valueName\":\"search_term_string\"}}],\"inLanguage\":\"fr-FR\"}]}<\/script>\n<!-- \/ Yoast SEO plugin. -->","yoast_head_json":{"title":"Katherine Masso Mu\u00f1oz - Impulsoverde.org - Miroir IV","description":"Professionnel en \u00e9conomie avec une sp\u00e9cialisation en contr\u00f4le de gestion et audit. Il a plus de dix ans d'exp\u00e9rience dans le domaine financier des entreprises : planification et gestion des proc\u00e9dures pour la r\u00e9alisation des objectifs strat\u00e9giques et op\u00e9rationnels, plans d'optimisation des co\u00fbts, il a \u00e9galement dirig\u00e9 la mise en \u0153uvre de projets transversaux. Il a v\u00e9cu 17 ans en France o\u00f9 il a \u00e9tudi\u00e9 et acquis toute son exp\u00e9rience professionnelle.","robots":{"index":"noindex","follow":"follow","max-snippet":"max-snippet:-1","max-image-preview":"max-image-preview:large","max-video-preview":"max-video-preview:-1"},"og_locale":"fr_FR","og_type":"article","og_title":"Katherine Masso Mu\u00f1oz - Impulsoverde.org - Miroir IV","og_description":"Professionnel en \u00e9conomie avec une sp\u00e9cialisation en contr\u00f4le de gestion et audit. Il a plus de dix ans d'exp\u00e9rience dans le domaine financier des entreprises : planification et gestion des proc\u00e9dures pour la r\u00e9alisation des objectifs strat\u00e9giques et op\u00e9rationnels, plans d'optimisation des co\u00fbts, il a \u00e9galement dirig\u00e9 la mise en \u0153uvre de projets transversaux. Il a v\u00e9cu 17 ans en France o\u00f9 il a \u00e9tudi\u00e9 et acquis toute son exp\u00e9rience professionnelle.","og_url":"https:\/\/miroir-iv.mis-amigos-los-arboles.org\/fr\/dt_team\/katherine-masso-munoz\/","og_site_name":"Impulsoverde.org - Miroir IV","article_modified_time":"2023-02-14T13:40:44+00:00","og_image":[{"width":300,"height":300,"url":"https:\/\/miroir-iv.mis-amigos-los-arboles.org\/wp-content\/uploads\/2020\/07\/portrait_katherine-300x300-1.png","type":"image\/png"}],"twitter_card":"summary_large_image","twitter_misc":{"Dur\u00e9e de lecture estim\u00e9e":"1 minute"},"schema":{"@context":"https:\/\/schema.org","@graph":[{"@type":"WebPage","@id":"https:\/\/miroir-iv.mis-amigos-los-arboles.org\/fr\/dt_team\/katherine-masso-munoz\/","url":"https:\/\/miroir-iv.mis-amigos-los-arboles.org\/fr\/dt_team\/katherine-masso-munoz\/","name":"Katherine Masso Mu\u00f1oz - Impulsoverde.org - Miroir IV","isPartOf":{"@id":"https:\/\/miroir-iv.mis-amigos-los-arboles.org\/#website"},"primaryImageOfPage":{"@id":"https:\/\/miroir-iv.mis-amigos-los-arboles.org\/fr\/dt_team\/katherine-masso-munoz\/#primaryimage"},"image":{"@id":"https:\/\/miroir-iv.mis-amigos-los-arboles.org\/fr\/dt_team\/katherine-masso-munoz\/#primaryimage"},"thumbnailUrl":"https:\/\/miroir-iv.mis-amigos-los-arboles.org\/wp-content\/uploads\/2020\/07\/portrait_katherine-300x300-1.png","datePublished":"2020-07-30T07:46:12+00:00","dateModified":"2023-02-14T13:40:44+00:00","description":"Professionnel en \u00e9conomie avec une sp\u00e9cialisation en contr\u00f4le de gestion et audit. Il a plus de dix ans d'exp\u00e9rience dans le domaine financier des entreprises : planification et gestion des proc\u00e9dures pour la r\u00e9alisation des objectifs strat\u00e9giques et op\u00e9rationnels, plans d'optimisation des co\u00fbts, il a \u00e9galement dirig\u00e9 la mise en \u0153uvre de projets transversaux. Il a v\u00e9cu 17 ans en France o\u00f9 il a \u00e9tudi\u00e9 et acquis toute son exp\u00e9rience professionnelle.","breadcrumb":{"@id":"https:\/\/miroir-iv.mis-amigos-los-arboles.org\/fr\/dt_team\/katherine-masso-munoz\/#breadcrumb"},"inLanguage":"fr-FR","potentialAction":[{"@type":"ReadAction","target":["https:\/\/miroir-iv.mis-amigos-los-arboles.org\/fr\/dt_team\/katherine-masso-munoz\/"]}]},{"@type":"ImageObject","inLanguage":"fr-FR","@id":"https:\/\/miroir-iv.mis-amigos-los-arboles.org\/fr\/dt_team\/katherine-masso-munoz\/#primaryimage","url":"https:\/\/miroir-iv.mis-amigos-los-arboles.org\/wp-content\/uploads\/2020\/07\/portrait_katherine-300x300-1.png","contentUrl":"https:\/\/miroir-iv.mis-amigos-los-arboles.org\/wp-content\/uploads\/2020\/07\/portrait_katherine-300x300-1.png","width":300,"height":300},{"@type":"BreadcrumbList","@id":"https:\/\/miroir-iv.mis-amigos-los-arboles.org\/fr\/dt_team\/katherine-masso-munoz\/#breadcrumb","itemListElement":[{"@type":"ListItem","position":1,"name":"Portada","item":"https:\/\/miroir-iv.mis-amigos-los-arboles.org\/fr\/la-fondation\/"},{"@type":"ListItem","position":2,"name":"Equipo","item":"https:\/\/miroir-iv.mis-amigos-los-arboles.org\/dt_team\/"},{"@type":"ListItem","position":3,"name":"Katherine Masso Mu\u00f1oz"}]},{"@type":"WebSite","@id":"https:\/\/miroir-iv.mis-amigos-los-arboles.org\/#website","url":"https:\/\/miroir-iv.mis-amigos-los-arboles.org\/","name":"Impulsoverde.org - Miroir IV","description":"Site miroir -Impulsoverde.org ","potentialAction":[{"@type":"SearchAction","target":{"@type":"EntryPoint","urlTemplate":"https:\/\/miroir-iv.mis-amigos-los-arboles.org\/?s={search_term_string}"},"query-input":{"@type":"PropertyValueSpecification","valueRequired":true,"valueName":"search_term_string"}}],"inLanguage":"fr-FR"}]}},"_links":{"self":[{"href":"https:\/\/miroir-iv.mis-amigos-los-arboles.org\/fr\/wp-json\/wp\/v2\/dt_team\/13565","targetHints":{"allow":["GET"]}}],"collection":[{"href":"https:\/\/miroir-iv.mis-amigos-los-arboles.org\/fr\/wp-json\/wp\/v2\/dt_team"}],"about":[{"href":"https:\/\/miroir-iv.mis-amigos-los-arboles.org\/fr\/wp-json\/wp\/v2\/types\/dt_team"}],"replies":[{"embeddable":true,"href":"https:\/\/miroir-iv.mis-amigos-los-arboles.org\/fr\/wp-json\/wp\/v2\/comments?post=13565"}],"wp:featuredmedia":[{"embeddable":true,"href":"https:\/\/miroir-iv.mis-amigos-los-arboles.org\/fr\/wp-json\/wp\/v2\/media\/12022"}],"wp:attachment":[{"href":"https:\/\/miroir-iv.mis-amigos-los-arboles.org\/fr\/wp-json\/wp\/v2\/media?parent=13565"}],"wp:term":[{"taxonomy":"dt_team_category","embeddable":true,"href":"https:\/\/miroir-iv.mis-amigos-los-arboles.org\/fr\/wp-json\/wp\/v2\/dt_team_category?post=13565"}],"curies":[{"name":"wp","href":"https:\/\/api.w.org\/{rel}","templated":true}]}}